{"id":362,"date":"2019-02-04T14:35:30","date_gmt":"2019-02-04T13:35:30","guid":{"rendered":"http:\/\/lacyclerie-leon.fr\/?page_id=362"},"modified":"2021-02-18T15:16:47","modified_gmt":"2021-02-18T14:16:47","slug":"cgv","status":"publish","type":"page","link":"http:\/\/lacyclerie-leon.fr\/es\/cgv\/","title":{"rendered":"CGV"},"content":{"rendered":"<div data-elementor-type=\"wp-post\" data-elementor-id=\"362\" class=\"elementor elementor-362\" data-elementor-post-type=\"page\">\n\t\t\t\t\t\t<section class=\"elementor-section elementor-top-section elementor-element elementor-element-9cb2446 elementor-section-full_width elementor-section-height-default elementor-section-height-default\" data-id=\"9cb2446\" data-element_type=\"section\" data-e-type=\"section\" data-settings=\"{&quot;background_background&quot;:&quot;classic&quot;}\">\n\t\t\t\t\t\t<div class=\"elementor-container elementor-column-gap-default\">\n\t\t\t\t\t<div class=\"elementor-column elementor-col-100 elementor-top-column elementor-element elementor-element-0fcf7b1\" data-id=\"0fcf7b1\" data-element_type=\"column\" data-e-type=\"column\">\n\t\t\t<div class=\"elementor-widget-wrap elementor-element-populated\">\n\t\t\t\t\t\t<div class=\"elementor-element elementor-element-f026628 elementor-widget elementor-widget-heading\" data-id=\"f026628\" data-element_type=\"widget\" data-e-type=\"widget\" data-widget_type=\"heading.default\">\n\t\t\t\t<div class=\"elementor-widget-container\">\n\t\t\t\t\t<h2 class=\"elementor-heading-title elementor-size-default\">CONDICIONES GENERALES <\/h2>\t\t\t\t<\/div>\n\t\t\t\t<\/div>\n\t\t\t\t\t<\/div>\n\t\t<\/div>\n\t\t\t\t\t<\/div>\n\t\t<\/section>\n\t\t\t\t<section class=\"elementor-section elementor-top-section elementor-element elementor-element-8a8a2bc elementor-section-boxed elementor-section-height-default elementor-section-height-default\" data-id=\"8a8a2bc\" data-element_type=\"section\" data-e-type=\"section\">\n\t\t\t\t\t\t<div class=\"elementor-container elementor-column-gap-default\">\n\t\t\t\t\t<div class=\"elementor-column elementor-col-100 elementor-top-column elementor-element elementor-element-4744828\" data-id=\"4744828\" data-element_type=\"column\" data-e-type=\"column\">\n\t\t\t<div class=\"elementor-widget-wrap elementor-element-populated\">\n\t\t\t\t\t\t<div class=\"elementor-element elementor-element-a4fc3c9 elementor-widget elementor-widget-heading\" data-id=\"a4fc3c9\" data-element_type=\"widget\" data-e-type=\"widget\" data-widget_type=\"heading.default\">\n\t\t\t\t<div class=\"elementor-widget-container\">\n\t\t\t\t\t<h3 class=\"elementor-heading-title elementor-size-default\">Choisissez votre langue \/ Choose your language \/ Elige tu idioma<\/h3>\t\t\t\t<\/div>\n\t\t\t\t<\/div>\n\t\t\t\t\t<\/div>\n\t\t<\/div>\n\t\t\t\t\t<\/div>\n\t\t<\/section>\n\t\t\t\t<section class=\"elementor-section elementor-top-section elementor-element elementor-element-7f8122ed elementor-section-boxed elementor-section-height-default elementor-section-height-default\" data-id=\"7f8122ed\" data-element_type=\"section\" data-e-type=\"section\">\n\t\t\t\t\t\t<div class=\"elementor-container elementor-column-gap-default\">\n\t\t\t\t\t<div class=\"elementor-column elementor-col-33 elementor-top-column elementor-element elementor-element-43b7c3da\" data-id=\"43b7c3da\" data-element_type=\"column\" data-e-type=\"column\">\n\t\t\t<div class=\"elementor-widget-wrap elementor-element-populated\">\n\t\t\t\t\t\t<div class=\"elementor-element elementor-element-4a1c1eca elementor-align-center elementor-invisible elementor-widget elementor-widget-button\" data-id=\"4a1c1eca\" data-element_type=\"widget\" data-e-type=\"widget\" data-settings=\"{&quot;_animation&quot;:&quot;bounceIn&quot;}\" data-widget_type=\"button.default\">\n\t\t\t\t<div class=\"elementor-widget-container\">\n\t\t\t\t\t\t\t\t\t<div class=\"elementor-button-wrapper\">\n\t\t\t\t\t<a class=\"elementor-button elementor-button-link elementor-size-sm\" href=\"#francais\">\n\t\t\t\t\t\t<span class=\"elementor-button-content-wrapper\">\n\t\t\t\t\t\t<span class=\"elementor-button-icon\">\n\t\t\t\t<i aria-hidden=\"true\" class=\"fas fa-bicycle\"><\/i>\t\t\t<\/span>\n\t\t\t\t\t\t\t\t\t<span class=\"elementor-button-text\">Franc\u00e9s<\/span>\n\t\t\t\t\t<\/span>\n\t\t\t\t\t<\/a>\n\t\t\t\t<\/div>\n\t\t\t\t\t\t\t\t<\/div>\n\t\t\t\t<\/div>\n\t\t\t\t\t<\/div>\n\t\t<\/div>\n\t\t\t\t<div class=\"elementor-column elementor-col-33 elementor-top-column elementor-element elementor-element-749490fc\" data-id=\"749490fc\" data-element_type=\"column\" data-e-type=\"column\">\n\t\t\t<div class=\"elementor-widget-wrap elementor-element-populated\">\n\t\t\t\t\t\t<div class=\"elementor-element elementor-element-784e773 elementor-align-center elementor-invisible elementor-widget elementor-widget-button\" data-id=\"784e773\" data-element_type=\"widget\" data-e-type=\"widget\" data-settings=\"{&quot;_animation&quot;:&quot;bounceIn&quot;}\" data-widget_type=\"button.default\">\n\t\t\t\t<div class=\"elementor-widget-container\">\n\t\t\t\t\t\t\t\t\t<div class=\"elementor-button-wrapper\">\n\t\t\t\t\t<a class=\"elementor-button elementor-button-link elementor-size-sm\" href=\"#english\">\n\t\t\t\t\t\t<span class=\"elementor-button-content-wrapper\">\n\t\t\t\t\t\t<span class=\"elementor-button-icon\">\n\t\t\t\t<i aria-hidden=\"true\" class=\"fas fa-bicycle\"><\/i>\t\t\t<\/span>\n\t\t\t\t\t\t\t\t\t<span class=\"elementor-button-text\">Ingl\u00e9s<\/span>\n\t\t\t\t\t<\/span>\n\t\t\t\t\t<\/a>\n\t\t\t\t<\/div>\n\t\t\t\t\t\t\t\t<\/div>\n\t\t\t\t<\/div>\n\t\t\t\t\t<\/div>\n\t\t<\/div>\n\t\t\t\t<div class=\"elementor-column elementor-col-33 elementor-top-column elementor-element elementor-element-7433bfe1\" data-id=\"7433bfe1\" data-element_type=\"column\" data-e-type=\"column\">\n\t\t\t<div class=\"elementor-widget-wrap elementor-element-populated\">\n\t\t\t\t\t\t<div class=\"elementor-element elementor-element-6bc795fe elementor-align-center elementor-invisible elementor-widget elementor-widget-button\" data-id=\"6bc795fe\" data-element_type=\"widget\" data-e-type=\"widget\" data-settings=\"{&quot;_animation&quot;:&quot;bounceIn&quot;}\" data-widget_type=\"button.default\">\n\t\t\t\t<div class=\"elementor-widget-container\">\n\t\t\t\t\t\t\t\t\t<div class=\"elementor-button-wrapper\">\n\t\t\t\t\t<a class=\"elementor-button elementor-button-link elementor-size-sm\" href=\"#espanol\">\n\t\t\t\t\t\t<span class=\"elementor-button-content-wrapper\">\n\t\t\t\t\t\t<span class=\"elementor-button-icon\">\n\t\t\t\t<i aria-hidden=\"true\" class=\"fas fa-bicycle\"><\/i>\t\t\t<\/span>\n\t\t\t\t\t\t\t\t\t<span class=\"elementor-button-text\">Espa\u00f1ol<\/span>\n\t\t\t\t\t<\/span>\n\t\t\t\t\t<\/a>\n\t\t\t\t<\/div>\n\t\t\t\t\t\t\t\t<\/div>\n\t\t\t\t<\/div>\n\t\t\t\t\t<\/div>\n\t\t<\/div>\n\t\t\t\t\t<\/div>\n\t\t<\/section>\n\t\t\t\t<section class=\"elementor-section elementor-top-section elementor-element elementor-element-548e7f2b elementor-section-boxed elementor-section-height-default elementor-section-height-default\" data-id=\"548e7f2b\" data-element_type=\"section\" data-e-type=\"section\">\n\t\t\t\t\t\t<div class=\"elementor-container elementor-column-gap-wide\">\n\t\t\t\t\t<div class=\"elementor-column elementor-col-100 elementor-top-column elementor-element elementor-element-32c1315b\" data-id=\"32c1315b\" data-element_type=\"column\" data-e-type=\"column\">\n\t\t\t<div class=\"elementor-widget-wrap elementor-element-populated\">\n\t\t\t\t\t\t<div class=\"elementor-element elementor-element-a8f37e8 elementor-widget elementor-widget-menu-anchor\" data-id=\"a8f37e8\" data-element_type=\"widget\" data-e-type=\"widget\" data-widget_type=\"menu-anchor.default\">\n\t\t\t\t<div class=\"elementor-widget-container\">\n\t\t\t\t\t\t\t<div class=\"elementor-menu-anchor\" id=\"francais\"><\/div>\n\t\t\t\t\t\t<\/div>\n\t\t\t\t<\/div>\n\t\t\t\t<div class=\"elementor-element elementor-element-47e6b773 elementor-widget elementor-widget-heading\" data-id=\"47e6b773\" data-element_type=\"widget\" data-e-type=\"widget\" data-widget_type=\"heading.default\">\n\t\t\t\t<div class=\"elementor-widget-container\">\n\t\t\t\t\t<h1 class=\"elementor-heading-title elementor-size-large\">Condiciones generales de venta y alquiler<\/h1>\t\t\t\t<\/div>\n\t\t\t\t<\/div>\n\t\t\t\t<div class=\"elementor-element elementor-element-5418e798 elementor-widget elementor-widget-spacer\" data-id=\"5418e798\" data-element_type=\"widget\" data-e-type=\"widget\" data-widget_type=\"spacer.default\">\n\t\t\t\t<div class=\"elementor-widget-container\">\n\t\t\t\t\t\t\t<div class=\"elementor-spacer\">\n\t\t\t<div class=\"elementor-spacer-inner\"><\/div>\n\t\t<\/div>\n\t\t\t\t\t\t<\/div>\n\t\t\t\t<\/div>\n\t\t\t\t<div class=\"elementor-element elementor-element-d7bb0b0 elementor-widget elementor-widget-toggle\" data-id=\"d7bb0b0\" data-element_type=\"widget\" data-e-type=\"widget\" data-widget_type=\"toggle.default\">\n\t\t\t\t<div class=\"elementor-widget-container\">\n\t\t\t\t\t\t\t<div class=\"elementor-toggle\">\n\t\t\t\t\t\t\t<div class=\"elementor-toggle-item\">\n\t\t\t\t\t<div id=\"elementor-tab-title-2261\" class=\"elementor-tab-title\" data-tab=\"1\" role=\"button\" aria-controls=\"elementor-tab-content-2261\" aria-expanded=\"false\">\n\t\t\t\t\t\t\t\t\t\t\t\t<span class=\"elementor-toggle-icon elementor-toggle-icon-left\" aria-hidden=\"true\">\n\t\t\t\t\t\t\t\t\t\t\t\t\t\t\t<span class=\"elementor-toggle-icon-closed\"><i class=\"fas fa-caret-right\"><\/i><\/span>\n\t\t\t\t\t\t\t\t<span class=\"elementor-toggle-icon-opened\"><i class=\"elementor-toggle-icon-opened fas fa-caret-up\"><\/i><\/span>\n\t\t\t\t\t\t\t\t\t\t\t\t\t<\/span>\n\t\t\t\t\t\t\t\t\t\t\t\t<a class=\"elementor-toggle-title\" tabindex=\"0\">Art\u00edculo 1 - Objeto<\/a>\n\t\t\t\t\t<\/div>\n\n\t\t\t\t\t<div id=\"elementor-tab-content-2261\" class=\"elementor-tab-content elementor-clearfix\" data-tab=\"1\" role=\"region\" aria-labelledby=\"elementor-tab-title-2261\"><p>El presente documento tiene por objeto precisar las condiciones de alquiler de las bicicletas propuestas por La Cyclerie.<\/p><p>En el resto del documento, el titular del contrato se denominar\u00e1 \"usuario\".<\/p><\/div>\n\t\t\t\t<\/div>\n\t\t\t\t\t\t\t<div class=\"elementor-toggle-item\">\n\t\t\t\t\t<div id=\"elementor-tab-title-2262\" class=\"elementor-tab-title\" data-tab=\"2\" role=\"button\" aria-controls=\"elementor-tab-content-2262\" aria-expanded=\"false\">\n\t\t\t\t\t\t\t\t\t\t\t\t<span class=\"elementor-toggle-icon elementor-toggle-icon-left\" aria-hidden=\"true\">\n\t\t\t\t\t\t\t\t\t\t\t\t\t\t\t<span class=\"elementor-toggle-icon-closed\"><i class=\"fas fa-caret-right\"><\/i><\/span>\n\t\t\t\t\t\t\t\t<span class=\"elementor-toggle-icon-opened\"><i class=\"elementor-toggle-icon-opened fas fa-caret-up\"><\/i><\/span>\n\t\t\t\t\t\t\t\t\t\t\t\t\t<\/span>\n\t\t\t\t\t\t\t\t\t\t\t\t<a class=\"elementor-toggle-title\" tabindex=\"0\">Art\u00edculo 2 - Usuario de bicicletas<\/a>\n\t\t\t\t\t<\/div>\n\n\t\t\t\t\t<div id=\"elementor-tab-content-2262\" class=\"elementor-tab-content elementor-clearfix\" data-tab=\"2\" role=\"region\" aria-labelledby=\"elementor-tab-title-2262\"><p>El usuario de la bicicleta declara que es apto para montar en bicicleta y que no conoce ninguna contraindicaci\u00f3n m\u00e9dica.<\/p><p>Los menores de edad deben presentar una autorizaci\u00f3n firmada por su representante legal que les permita alquilar una bicicleta. La empresa de alquiler no se hace responsable de los da\u00f1os causados por la inaptitud del usuario.<\/p><\/div>\n\t\t\t\t<\/div>\n\t\t\t\t\t\t\t<div class=\"elementor-toggle-item\">\n\t\t\t\t\t<div id=\"elementor-tab-title-2263\" class=\"elementor-tab-title\" data-tab=\"3\" role=\"button\" aria-controls=\"elementor-tab-content-2263\" aria-expanded=\"false\">\n\t\t\t\t\t\t\t\t\t\t\t\t<span class=\"elementor-toggle-icon elementor-toggle-icon-left\" aria-hidden=\"true\">\n\t\t\t\t\t\t\t\t\t\t\t\t\t\t\t<span class=\"elementor-toggle-icon-closed\"><i class=\"fas fa-caret-right\"><\/i><\/span>\n\t\t\t\t\t\t\t\t<span class=\"elementor-toggle-icon-opened\"><i class=\"elementor-toggle-icon-opened fas fa-caret-up\"><\/i><\/span>\n\t\t\t\t\t\t\t\t\t\t\t\t\t<\/span>\n\t\t\t\t\t\t\t\t\t\t\t\t<a class=\"elementor-toggle-title\" tabindex=\"0\">Art\u00edculo 3 - Responsabilidad y compromisos del usuario<\/a>\n\t\t\t\t\t<\/div>\n\n\t\t\t\t\t<div id=\"elementor-tab-content-2263\" class=\"elementor-tab-content elementor-clearfix\" data-tab=\"3\" role=\"region\" aria-labelledby=\"elementor-tab-title-2263\"><p>Las bicicletas, el equipamiento y los accesorios se consideran conformes a la normativa vigente en el momento del alquiler y en buen estado de funcionamiento. El equipo y los accesorios est\u00e1n fijados de acuerdo con las normas de seguridad. El usuario debe estar<\/p><p>cubiertos por un seguro de responsabilidad civil. El arrendatario exime a La Cyclerie de cualquier responsabilidad derivada del uso del material alquilado. En particular con respecto a los accidentes y da\u00f1os causados a terceros como consecuencia del uso de la bicicleta. El material alquilado sigue siendo propiedad exclusiva de La Cyclerie durante la duraci\u00f3n del pr\u00e9stamo. El usuario no podr\u00e1 subarrendarlo a terceros. El usuario es el \u00fanico responsable de los da\u00f1os causados al material alquilado o como consecuencia de su uso. El usuario reconoce que el material prestado est\u00e1 en perfecto estado de funcionamiento. El usuario se compromete a utilizar el material con cuidado y dentro de los l\u00edmites de su capacidad, a respetar las instrucciones de uso y seguridad que le facilite la empresa de alquiler, a utilizar la bicicleta prestada en sus condiciones normales y a no transportar una persona o una carga superior a 25 kilos en el portaequipajes. El usuario se compromete a devolver la bicicleta en su estado original en las fechas acordadas en el contrato. El usuario declara que respetar\u00e1 la normativa vigente del C\u00f3digo de Circulaci\u00f3n. En caso de que el usuario contravenga las leyes y reglamentos vigentes durante el periodo de alquiler, La Cyclerie no podr\u00e1 ser considerada responsable en ning\u00fan caso. El usuario se compromete a hacer todo lo posible para evitar robos o da\u00f1os en la bicicleta alquilada. Para ello, independientemente del tiempo de estacionamiento de la bicicleta, el usuario se compromete a asegurarla a un punto fijo mediante el dispositivo antirrobo suministrado. En caso de aver\u00eda t\u00e9cnica de la bicicleta durante la vigencia del contrato, el usuario no podr\u00e1 realizar ninguna reparaci\u00f3n por su cuenta. Deber\u00e1 informar a la empresa de alquiler y devolver la bicicleta alquilada si es posible. A petici\u00f3n del usuario, se sustituir\u00e1 la bicicleta por otra del mismo tipo, seg\u00fan disponibilidad y en ausencia de culpa por parte del usuario, por el tiempo restante del contrato. El usuario no podr\u00e1 reclamar el reembolso de gastos o facturas, ni da\u00f1os e intereses.<\/p><p>Cualquier comportamiento agresivo o irrespetuoso o la negativa a cumplir estas normas dar\u00e1 lugar a la denegaci\u00f3n del alquiler.<\/p><\/div>\n\t\t\t\t<\/div>\n\t\t\t\t\t\t\t<div class=\"elementor-toggle-item\">\n\t\t\t\t\t<div id=\"elementor-tab-title-2264\" class=\"elementor-tab-title\" data-tab=\"4\" role=\"button\" aria-controls=\"elementor-tab-content-2264\" aria-expanded=\"false\">\n\t\t\t\t\t\t\t\t\t\t\t\t<span class=\"elementor-toggle-icon elementor-toggle-icon-left\" aria-hidden=\"true\">\n\t\t\t\t\t\t\t\t\t\t\t\t\t\t\t<span class=\"elementor-toggle-icon-closed\"><i class=\"fas fa-caret-right\"><\/i><\/span>\n\t\t\t\t\t\t\t\t<span class=\"elementor-toggle-icon-opened\"><i class=\"elementor-toggle-icon-opened fas fa-caret-up\"><\/i><\/span>\n\t\t\t\t\t\t\t\t\t\t\t\t\t<\/span>\n\t\t\t\t\t\t\t\t\t\t\t\t<a class=\"elementor-toggle-title\" tabindex=\"0\">Art\u00edculo 4 - Condiciones contractuales y de alquiler<\/a>\n\t\t\t\t\t<\/div>\n\n\t\t\t\t\t<div id=\"elementor-tab-content-2264\" class=\"elementor-tab-content elementor-clearfix\" data-tab=\"4\" role=\"region\" aria-labelledby=\"elementor-tab-title-2264\"><p>- Para suscribir un contrato de alquiler, el usuario debe presentar un documento de identidad (carn\u00e9 de identidad, permiso de conducir, pasaporte).<\/p><p>- Duraci\u00f3n del arrendamiento, pr\u00f3rroga, rescisi\u00f3n :<\/p><p>Todos los alquileres, independientemente de la duraci\u00f3n elegida al suscribir el contrato, se pagan en su totalidad. A la hora de devolver la bicicleta, el usuario deber\u00e1 presentarse como muy tarde 10 minutos antes del cierre del servicio de alquiler. A continuaci\u00f3n, podr\u00e1 renovar o prorrogar su alquiler si lo desea. En caso de renovaci\u00f3n, el usuario deber\u00e1 presentar la bicicleta alquilada. Para el paquete de 2 a 5 horas o de d\u00eda completo, la bicicleta debe devolverse el mismo d\u00eda en que se alquil\u00f3.<\/p><p>- Tarifas y condiciones de pago :<\/p><p>Se indican las tarifas de alquiler, los dep\u00f3sitos y las condiciones de pago. Los precios facturados son los vigentes el d\u00eda del alquiler. La empresa de alquiler se reserva el derecho de modificar sus precios en cualquier momento. En este caso, se informar\u00e1 al usuario con al menos un mes de antelaci\u00f3n por correo. Las nuevas tarifas s\u00f3lo se aplicar\u00e1n cuando el usuario inicie un nuevo periodo de alquiler. Los usuarios deber\u00e1n pagar su primer periodo de alquiler el primer d\u00eda del mismo. Si el usuario desea renovar su contrato, los segundos periodos de alquiler deber\u00e1n abonarse antes de su entrada en vigor. Los medios de pago aceptados por La Cyclerie son tarjeta de cr\u00e9dito, efectivo, cheques y cheques vacaciones.<\/p><\/div>\n\t\t\t\t<\/div>\n\t\t\t\t\t\t\t<div class=\"elementor-toggle-item\">\n\t\t\t\t\t<div id=\"elementor-tab-title-2265\" class=\"elementor-tab-title\" data-tab=\"5\" role=\"button\" aria-controls=\"elementor-tab-content-2265\" aria-expanded=\"false\">\n\t\t\t\t\t\t\t\t\t\t\t\t<span class=\"elementor-toggle-icon elementor-toggle-icon-left\" aria-hidden=\"true\">\n\t\t\t\t\t\t\t\t\t\t\t\t\t\t\t<span class=\"elementor-toggle-icon-closed\"><i class=\"fas fa-caret-right\"><\/i><\/span>\n\t\t\t\t\t\t\t\t<span class=\"elementor-toggle-icon-opened\"><i class=\"elementor-toggle-icon-opened fas fa-caret-up\"><\/i><\/span>\n\t\t\t\t\t\t\t\t\t\t\t\t\t<\/span>\n\t\t\t\t\t\t\t\t\t\t\t\t<a class=\"elementor-toggle-title\" tabindex=\"0\">Art\u00edculo 5 - Dep\u00f3sito y seguro<\/a>\n\t\t\t\t\t<\/div>\n\n\t\t\t\t\t<div id=\"elementor-tab-content-2265\" class=\"elementor-tab-content elementor-clearfix\" data-tab=\"5\" role=\"region\" aria-labelledby=\"elementor-tab-title-2265\"><p>Antes de entregar el material alquilado, el usuario deber\u00e1 facilitar los datos de su tarjeta bancaria. Al firmar el contrato de alquiler del equipo, el cliente puede optar por cubrir el riesgo de da\u00f1os mediante el pago de una p\u00f3liza de seguro (v\u00e9anse las condiciones expuestas en la tienda). Esta opci\u00f3n permite exonerar al cliente de la obligaci\u00f3n de reembolso en caso de da\u00f1os al material alquilado. Esta exoneraci\u00f3n est\u00e1 siempre sujeta a una franquicia (v\u00e9anse las condiciones expuestas en la tienda y las franquicias indicadas en el contrato de alquiler).<\/p><\/div>\n\t\t\t\t<\/div>\n\t\t\t\t\t\t\t<div class=\"elementor-toggle-item\">\n\t\t\t\t\t<div id=\"elementor-tab-title-2266\" class=\"elementor-tab-title\" data-tab=\"6\" role=\"button\" aria-controls=\"elementor-tab-content-2266\" aria-expanded=\"false\">\n\t\t\t\t\t\t\t\t\t\t\t\t<span class=\"elementor-toggle-icon elementor-toggle-icon-left\" aria-hidden=\"true\">\n\t\t\t\t\t\t\t\t\t\t\t\t\t\t\t<span class=\"elementor-toggle-icon-closed\"><i class=\"fas fa-caret-right\"><\/i><\/span>\n\t\t\t\t\t\t\t\t<span class=\"elementor-toggle-icon-opened\"><i class=\"elementor-toggle-icon-opened fas fa-caret-up\"><\/i><\/span>\n\t\t\t\t\t\t\t\t\t\t\t\t\t<\/span>\n\t\t\t\t\t\t\t\t\t\t\t\t<a class=\"elementor-toggle-title\" tabindex=\"0\">Art\u00edculo 6 - Restituci\u00f3n<\/a>\n\t\t\t\t\t<\/div>\n\n\t\t\t\t\t<div id=\"elementor-tab-content-2266\" class=\"elementor-tab-content elementor-clearfix\" data-tab=\"6\" role=\"region\" aria-labelledby=\"elementor-tab-title-2266\"><p>La bicicleta alquilada deber\u00e1 devolverse a m\u00e1s tardar en la fecha indicada en el contrato de alquiler. La fianza se devolver\u00e1 al usuario en el momento de la devoluci\u00f3n del material alquilado. No obstante, el usuario podr\u00e1 prorrogar el periodo de alquiler aplicando las tarifas vigentes. En caso de robo, el usuario deber\u00e1 demostrar a la empresa de alquiler, en las 24 horas siguientes al robo, que ha presentado una denuncia en una comisar\u00eda de polic\u00eda o en la gendarmer\u00eda. Si el usuario desea que su seguro le reembolse la fianza, podr\u00e1 solicitar un certificado de recogida. Si la bicicleta robada se devuelve a la empresa de alquiler, se reembolsar\u00e1 al usuario que haya cumplido el procedimiento anterior el importe de la fianza cobrada, menos los gastos de reparaci\u00f3n de la bicicleta (v\u00e9ase el art\u00edculo 7). Si el usuario no aporta la prueba de que se ha presentado una reclamaci\u00f3n, el pago del valor de la nueva bicicleta ser\u00e1 exigible inmediatamente. En caso de impago de los gastos de alquiler del material o de los gastos de reparaci\u00f3n o reembolso en la fecha de vencimiento del contrato, el cliente, al facilitar los datos de su tarjeta bancaria, autoriza y da mandato expreso a la tienda para que deduzca de su cuenta bancaria las sumas que queden pendientes de pago, de conformidad con el presupuesto (contrato de alquiler) que habr\u00e1 firmado al recibir el material y\/o los precios y condiciones expuestos en la tienda.<\/p><\/div>\n\t\t\t\t<\/div>\n\t\t\t\t\t\t\t<div class=\"elementor-toggle-item\">\n\t\t\t\t\t<div id=\"elementor-tab-title-2267\" class=\"elementor-tab-title\" data-tab=\"7\" role=\"button\" aria-controls=\"elementor-tab-content-2267\" aria-expanded=\"false\">\n\t\t\t\t\t\t\t\t\t\t\t\t<span class=\"elementor-toggle-icon elementor-toggle-icon-left\" aria-hidden=\"true\">\n\t\t\t\t\t\t\t\t\t\t\t\t\t\t\t<span class=\"elementor-toggle-icon-closed\"><i class=\"fas fa-caret-right\"><\/i><\/span>\n\t\t\t\t\t\t\t\t<span class=\"elementor-toggle-icon-opened\"><i class=\"elementor-toggle-icon-opened fas fa-caret-up\"><\/i><\/span>\n\t\t\t\t\t\t\t\t\t\t\t\t\t<\/span>\n\t\t\t\t\t\t\t\t\t\t\t\t<a class=\"elementor-toggle-title\" tabindex=\"0\">Art\u00edculo 7 - Facturaci\u00f3n al usuario<\/a>\n\t\t\t\t\t<\/div>\n\n\t\t\t\t\t<div id=\"elementor-tab-content-2267\" class=\"elementor-tab-content elementor-clearfix\" data-tab=\"7\" role=\"region\" aria-labelledby=\"elementor-tab-title-2267\"><p>En caso de incumplimiento de las cl\u00e1usulas anteriores del contrato de alquiler, o en caso de da\u00f1os en el material alquilado, el usuario deber\u00e1 abonar las siguientes facturas:<\/p><p>- Factura por el valor de reposici\u00f3n de la moto, en caso de no devolverla.<\/p><p>Valor del equipo si no se devuelve :<\/p><p>Bicicleta cl\u00e1sica: 250 euros. VTC, bicicleta de monta\u00f1a, beach cruiser: 350 euros. Remolque: 200 euros. Silla de ni\u00f1o: 80 euros. Bicicleta el\u00e9ctrica y t\u00e1ndem: 1000 euros. Fatbike el\u00e9ctrica y VTTAE: 2000 euros. Bicicletas infantiles de monta\u00f1a y crasy: 250 euros. Bicicletas infantiles sin cambios: 100 euros.<\/p><p>- Factura por un importe equivalente a la factura de reparaci\u00f3n correspondiente, en el caso de reparaciones posteriores a da\u00f1os o piezas faltantes.<\/p><p>Una vez recibido el pago, se entregar\u00e1 un recibo al usuario que lo solicite.<\/p><\/div>\n\t\t\t\t<\/div>\n\t\t\t\t\t\t\t<div class=\"elementor-toggle-item\">\n\t\t\t\t\t<div id=\"elementor-tab-title-2268\" class=\"elementor-tab-title\" data-tab=\"8\" role=\"button\" aria-controls=\"elementor-tab-content-2268\" aria-expanded=\"false\">\n\t\t\t\t\t\t\t\t\t\t\t\t<span class=\"elementor-toggle-icon elementor-toggle-icon-left\" aria-hidden=\"true\">\n\t\t\t\t\t\t\t\t\t\t\t\t\t\t\t<span class=\"elementor-toggle-icon-closed\"><i class=\"fas fa-caret-right\"><\/i><\/span>\n\t\t\t\t\t\t\t\t<span class=\"elementor-toggle-icon-opened\"><i class=\"elementor-toggle-icon-opened fas fa-caret-up\"><\/i><\/span>\n\t\t\t\t\t\t\t\t\t\t\t\t\t<\/span>\n\t\t\t\t\t\t\t\t\t\t\t\t<a class=\"elementor-toggle-title\" tabindex=\"0\">Art\u00edculo 8 - Horario y lugar<\/a>\n\t\t\t\t\t<\/div>\n\n\t\t\t\t\t<div id=\"elementor-tab-content-2268\" class=\"elementor-tab-content elementor-clearfix\" data-tab=\"8\" role=\"region\" aria-labelledby=\"elementor-tab-title-2268\"><p>Los horarios de apertura ser\u00e1n los de la tienda, que pueden consultarse en l\u00ednea o in situ.<\/p><\/div>\n\t\t\t\t<\/div>\n\t\t\t\t\t\t\t<div class=\"elementor-toggle-item\">\n\t\t\t\t\t<div id=\"elementor-tab-title-2269\" class=\"elementor-tab-title\" data-tab=\"9\" role=\"button\" aria-controls=\"elementor-tab-content-2269\" aria-expanded=\"false\">\n\t\t\t\t\t\t\t\t\t\t\t\t<span class=\"elementor-toggle-icon elementor-toggle-icon-left\" aria-hidden=\"true\">\n\t\t\t\t\t\t\t\t\t\t\t\t\t\t\t<span class=\"elementor-toggle-icon-closed\"><i class=\"fas fa-caret-right\"><\/i><\/span>\n\t\t\t\t\t\t\t\t<span class=\"elementor-toggle-icon-opened\"><i class=\"elementor-toggle-icon-opened fas fa-caret-up\"><\/i><\/span>\n\t\t\t\t\t\t\t\t\t\t\t\t\t<\/span>\n\t\t\t\t\t\t\t\t\t\t\t\t<a class=\"elementor-toggle-title\" tabindex=\"0\">Art\u00edculo 9 - Tecnolog\u00edas de la informaci\u00f3n y libertades civiles<\/a>\n\t\t\t\t\t<\/div>\n\n\t\t\t\t\t<div id=\"elementor-tab-content-2269\" class=\"elementor-tab-content elementor-clearfix\" data-tab=\"9\" role=\"region\" aria-labelledby=\"elementor-tab-title-2269\"><p>De conformidad con el Reglamento General de Protecci\u00f3n de Datos (RGPD) aprobado por el Parlamento Europeo el 14 de abril de 2016, y la Ley de Protecci\u00f3n de Datos de 6 de enero de<\/p><p>1978 relativos al tratamiento de datos, los ficheros de datos y las libertades individuales, toda persona tiene derecho a acceder a la informaci\u00f3n que le concierne y a rectificarla.<\/p><\/div>\n\t\t\t\t<\/div>\n\t\t\t\t\t\t\t\t<\/div>\n\t\t\t\t\t\t<\/div>\n\t\t\t\t<\/div>\n\t\t\t\t<div class=\"elementor-element elementor-element-193b3617 elementor-widget elementor-widget-heading\" data-id=\"193b3617\" data-element_type=\"widget\" data-e-type=\"widget\" data-widget_type=\"heading.default\">\n\t\t\t\t<div class=\"elementor-widget-container\">\n\t\t\t\t\t<h3 class=\"elementor-heading-title elementor-size-default\">No dude en consultar nuestras \"Preguntas frecuentes\" para m\u00e1s informaci\u00f3n.<\/h3>\t\t\t\t<\/div>\n\t\t\t\t<\/div>\n\t\t\t\t<div class=\"elementor-element elementor-element-1a0ef31e elementor-widget elementor-widget-ucaddon_gradient_button\" data-id=\"1a0ef31e\" data-element_type=\"widget\" data-e-type=\"widget\" data-widget_type=\"ucaddon_gradient_button.default\">\n\t\t\t\t<div class=\"elementor-widget-container\">\n\t\t\t\t\t\n<!-- start Gradient Button -->\n<style>\/* widget: Gradient Button *\/\n\n#uc_gradient_button_elementor_1a0ef31e a {\n  display:inline-block;\n  text-align: center;\n  transition: 0.5s;\n  background-size: 200% auto;\n  color: white;\n \/* text-shadow: 0px 0px 10px rgba(0,0,0,0.2);*\/\n  box-shadow: 0 5px 20px rgba(0,0,0,0.15);\n  border-radius: 100px;\n   background-image: linear-gradient(to right, #FBB800 0%, #fda085 51%, #FBB800 100%);\n  text-decoration:none\n }\n\n\n#uc_gradient_button_elementor_1a0ef31e a:hover {\n  background-position: right center; \/* change the direction of the change here *\/\n}\n\n<\/style>\n\n<div style=\"text-align:center;\" id=\"uc_gradient_button_elementor_1a0ef31e\">\n  <a href=\"https:\/\/lacyclerie-leon.fr\/es\/faq\/\"  class=\"gradient_button\">F A Q <\/a>\n<\/div>\n<!-- end Gradient Button -->\t\t\t\t<\/div>\n\t\t\t\t<\/div>\n\t\t\t\t\t<\/div>\n\t\t<\/div>\n\t\t\t\t\t<\/div>\n\t\t<\/section>\n\t\t\t\t<section class=\"elementor-section elementor-top-section elementor-element elementor-element-e8ba6c0 elementor-section-boxed elementor-section-height-default elementor-section-height-default\" data-id=\"e8ba6c0\" data-element_type=\"section\" data-e-type=\"section\">\n\t\t\t\t\t\t<div class=\"elementor-container elementor-column-gap-default\">\n\t\t\t\t\t<div class=\"elementor-column elementor-col-100 elementor-top-column elementor-element elementor-element-227bf7c\" data-id=\"227bf7c\" data-element_type=\"column\" data-e-type=\"column\">\n\t\t\t<div class=\"elementor-widget-wrap elementor-element-populated\">\n\t\t\t\t\t\t<div class=\"elementor-element elementor-element-4ec6ab7 elementor-widget elementor-widget-text-editor\" data-id=\"4ec6ab7\" data-element_type=\"widget\" data-e-type=\"widget\" data-widget_type=\"text-editor.default\">\n\t\t\t\t<div class=\"elementor-widget-container\">\n\t\t\t\t\t\t\t\t\t<h1 class=\"entry-title main_title\">En pocas palabras:<\/h1><div class=\"entry-content\"><p>Durante el periodo de alquiler, el arrendatario es responsable del material alquilado en cuanto a su estado general, accesorios y robo. En caso de robo, el arrendatario deber\u00e1 abonar el valor de la bicicleta. En caso de da\u00f1os sin tercero identificado, los gastos de reparaci\u00f3n correr\u00e1n a cargo del arrendatario.<\/p><p><strong>Seguros y responsabilidad civil<\/strong><\/p><p>El arrendatario es siempre responsable de cualquier da\u00f1o personal o material causado por el uso de la bicicleta alquilada a su cargo. El material est\u00e1 asegurado por \"responsabilidad civil de la empresa de alquiler\". El arrendatario s\u00f3lo es responsable en caso de negligencia profesional. No se reembolsar\u00e1n los gastos de alquiler. En caso de accidente: anote los datos del tercero y, si es posible, rellene un parte de accidente.<\/p><p><strong>Garant\u00eda de robo y rotura<\/strong><\/p><p>Esta cobertura debe contratarse el d\u00eda del alquiler. En caso de robo o rotura, s\u00f3lo tendr\u00e1 que pagar una franquicia de 30% del valor venal del modelo alquilado, excluidas las bicicletas el\u00e9ctricas, que no son asegurables. Esta cobertura s\u00f3lo es v\u00e1lida previa presentaci\u00f3n de la denuncia policial. Valor del material en caso de rotura\/robo Classic: 250 euros. VTC, VTT, BEACH: 350 euros. Remolque: 200 euros. Silla de ni\u00f1o: 80 euros. Bicicleta el\u00e9ctrica: 1000 euros. Fatbike el\u00e9ctrica y VTTAE: 2000 euros. Bicicleta de monta\u00f1a para ni\u00f1os: 250 euros. Bicicletas infantiles sin marchas: 100 euros.<\/p><\/div>\t\t\t\t\t\t\t\t<\/div>\n\t\t\t\t<\/div>\n\t\t\t\t<div class=\"elementor-element elementor-element-6dc95c5 elementor-widget-divider--view-line elementor-widget elementor-widget-divider\" data-id=\"6dc95c5\" data-element_type=\"widget\" data-e-type=\"widget\" data-widget_type=\"divider.default\">\n\t\t\t\t<div class=\"elementor-widget-container\">\n\t\t\t\t\t\t\t<div class=\"elementor-divider\">\n\t\t\t<span class=\"elementor-divider-separator\">\n\t\t\t\t\t\t<\/span>\n\t\t<\/div>\n\t\t\t\t\t\t<\/div>\n\t\t\t\t<\/div>\n\t\t\t\t\t<\/div>\n\t\t<\/div>\n\t\t\t\t\t<\/div>\n\t\t<\/section>\n\t\t\t\t<section class=\"elementor-section elementor-top-section elementor-element elementor-element-12fce15 elementor-section-boxed elementor-section-height-default elementor-section-height-default\" data-id=\"12fce15\" data-element_type=\"section\" data-e-type=\"section\">\n\t\t\t\t\t\t<div class=\"elementor-container elementor-column-gap-wide\">\n\t\t\t\t\t<div class=\"elementor-column elementor-col-100 elementor-top-column elementor-element elementor-element-69b6062\" data-id=\"69b6062\" data-element_type=\"column\" data-e-type=\"column\">\n\t\t\t<div class=\"elementor-widget-wrap elementor-element-populated\">\n\t\t\t\t\t\t<div class=\"elementor-element elementor-element-2757627 elementor-widget elementor-widget-menu-anchor\" data-id=\"2757627\" data-element_type=\"widget\" data-e-type=\"widget\" data-widget_type=\"menu-anchor.default\">\n\t\t\t\t<div class=\"elementor-widget-container\">\n\t\t\t\t\t\t\t<div class=\"elementor-menu-anchor\" id=\"english\"><\/div>\n\t\t\t\t\t\t<\/div>\n\t\t\t\t<\/div>\n\t\t\t\t<div class=\"elementor-element elementor-element-2f0e3e8 elementor-widget elementor-widget-heading\" data-id=\"2f0e3e8\" data-element_type=\"widget\" data-e-type=\"widget\" data-widget_type=\"heading.default\">\n\t\t\t\t<div class=\"elementor-widget-container\">\n\t\t\t\t\t<h1 class=\"elementor-heading-title elementor-size-large\">\nCondiciones generales de venta y alquiler<\/h1>\t\t\t\t<\/div>\n\t\t\t\t<\/div>\n\t\t\t\t<div class=\"elementor-element elementor-element-56684c1 elementor-widget elementor-widget-spacer\" data-id=\"56684c1\" data-element_type=\"widget\" data-e-type=\"widget\" data-widget_type=\"spacer.default\">\n\t\t\t\t<div class=\"elementor-widget-container\">\n\t\t\t\t\t\t\t<div class=\"elementor-spacer\">\n\t\t\t<div class=\"elementor-spacer-inner\"><\/div>\n\t\t<\/div>\n\t\t\t\t\t\t<\/div>\n\t\t\t\t<\/div>\n\t\t\t\t<div class=\"elementor-element elementor-element-6d5d6ed elementor-widget elementor-widget-toggle\" data-id=\"6d5d6ed\" data-element_type=\"widget\" data-e-type=\"widget\" data-widget_type=\"toggle.default\">\n\t\t\t\t<div class=\"elementor-widget-container\">\n\t\t\t\t\t\t\t<div class=\"elementor-toggle\">\n\t\t\t\t\t\t\t<div class=\"elementor-toggle-item\">\n\t\t\t\t\t<div id=\"elementor-tab-title-1141\" class=\"elementor-tab-title\" data-tab=\"1\" role=\"button\" aria-controls=\"elementor-tab-content-1141\" aria-expanded=\"false\">\n\t\t\t\t\t\t\t\t\t\t\t\t<span class=\"elementor-toggle-icon elementor-toggle-icon-left\" aria-hidden=\"true\">\n\t\t\t\t\t\t\t\t\t\t\t\t\t\t\t<span class=\"elementor-toggle-icon-closed\"><i class=\"fas fa-caret-right\"><\/i><\/span>\n\t\t\t\t\t\t\t\t<span class=\"elementor-toggle-icon-opened\"><i class=\"elementor-toggle-icon-opened fas fa-caret-up\"><\/i><\/span>\n\t\t\t\t\t\t\t\t\t\t\t\t\t<\/span>\n\t\t\t\t\t\t\t\t\t\t\t\t<a class=\"elementor-toggle-title\" tabindex=\"0\">Art\u00edculo 1: objeto<\/a>\n\t\t\t\t\t<\/div>\n\n\t\t\t\t\t<div id=\"elementor-tab-content-1141\" class=\"elementor-tab-content elementor-clearfix\" data-tab=\"1\" role=\"region\" aria-labelledby=\"elementor-tab-title-1141\"><p id=\"tw-target-text\" class=\"tw-data-text tw-text-large tw-ta\" dir=\"ltr\" data-placeholder=\"Traduction\"><span lang=\"en\">El presente documento tiene por objeto fijar las modalidades de localizaci\u00f3n de las bicicletas ofrecidas por La Cyclerie. En el resto del documento, el suscriptor del contrato se denominar\u00e1 \" el usuario \".<\/span><\/p><\/div>\n\t\t\t\t<\/div>\n\t\t\t\t\t\t\t<div class=\"elementor-toggle-item\">\n\t\t\t\t\t<div id=\"elementor-tab-title-1142\" class=\"elementor-tab-title\" data-tab=\"2\" role=\"button\" aria-controls=\"elementor-tab-content-1142\" aria-expanded=\"false\">\n\t\t\t\t\t\t\t\t\t\t\t\t<span class=\"elementor-toggle-icon elementor-toggle-icon-left\" aria-hidden=\"true\">\n\t\t\t\t\t\t\t\t\t\t\t\t\t\t\t<span class=\"elementor-toggle-icon-closed\"><i class=\"fas fa-caret-right\"><\/i><\/span>\n\t\t\t\t\t\t\t\t<span class=\"elementor-toggle-icon-opened\"><i class=\"elementor-toggle-icon-opened fas fa-caret-up\"><\/i><\/span>\n\t\t\t\t\t\t\t\t\t\t\t\t\t<\/span>\n\t\t\t\t\t\t\t\t\t\t\t\t<a class=\"elementor-toggle-title\" tabindex=\"0\">Art\u00edculo 2 - Usuario de bicicletas<\/a>\n\t\t\t\t\t<\/div>\n\n\t\t\t\t\t<div id=\"elementor-tab-content-1142\" class=\"elementor-tab-content elementor-clearfix\" data-tab=\"2\" role=\"region\" aria-labelledby=\"elementor-tab-title-1142\"><p id=\"tw-target-text\" class=\"tw-data-text tw-text-large tw-ta\" dir=\"ltr\" data-placeholder=\"Traduction\"><span lang=\"en\">El usuario de la bicicleta declara que est\u00e1 en condiciones de practicar el ciclismo y que no conoce ninguna contraindicaci\u00f3n m\u00e9dica. Los menores de edad deben presentar una autorizaci\u00f3n firmada por su representante legal que les permita alquilar una bicicleta. El arrendador no se hace responsable de los da\u00f1os o inhabilitaciones del usuario.<\/span><\/p><\/div>\n\t\t\t\t<\/div>\n\t\t\t\t\t\t\t<div class=\"elementor-toggle-item\">\n\t\t\t\t\t<div id=\"elementor-tab-title-1143\" class=\"elementor-tab-title\" data-tab=\"3\" role=\"button\" aria-controls=\"elementor-tab-content-1143\" aria-expanded=\"false\">\n\t\t\t\t\t\t\t\t\t\t\t\t<span class=\"elementor-toggle-icon elementor-toggle-icon-left\" aria-hidden=\"true\">\n\t\t\t\t\t\t\t\t\t\t\t\t\t\t\t<span class=\"elementor-toggle-icon-closed\"><i class=\"fas fa-caret-right\"><\/i><\/span>\n\t\t\t\t\t\t\t\t<span class=\"elementor-toggle-icon-opened\"><i class=\"elementor-toggle-icon-opened fas fa-caret-up\"><\/i><\/span>\n\t\t\t\t\t\t\t\t\t\t\t\t\t<\/span>\n\t\t\t\t\t\t\t\t\t\t\t\t<a class=\"elementor-toggle-title\" tabindex=\"0\">Art\u00edculo 3 - Responsabilidad y compromisos del usuario<\/a>\n\t\t\t\t\t<\/div>\n\n\t\t\t\t\t<div id=\"elementor-tab-content-1143\" class=\"elementor-tab-content elementor-clearfix\" data-tab=\"3\" role=\"region\" aria-labelledby=\"elementor-tab-title-1143\"><p id=\"tw-target-text\" class=\"tw-data-text tw-text-large tw-ta\" dir=\"ltr\" data-placeholder=\"Traduction\"><span lang=\"en\">Las bicicletas, el equipo y los accesorios se consideran conformes a la normativa vigente en el momento de su alquiler y en buen estado de funcionamiento. El equipo y los accesorios se fijan de acuerdo con las normas de seguridad. El usuario debe estar cubierto por un seguro de responsabilidad civil. Exime a la empresa de alquiler La Cyclerie de cualquier responsabilidad derivada del uso del material de alquiler. Especialmente con respecto a accidentes y da\u00f1os causados a terceros debido al uso de la bicicleta. El material alquilado sigue siendo propiedad exclusiva de La Cyclerie durante toda la duraci\u00f3n del pr\u00e9stamo. El usuario no puede subarrendarlos a terceros. El usuario es el \u00fanico responsable de los da\u00f1os causados al material alquilado o debidos a su uso. El usuario reconoce que el material prestado est\u00e1 en perfecto estado de funcionamiento. El usuario se compromete a utilizar el material con cuidado y dentro de los l\u00edmites de sus capacidades, a respetar las instrucciones de uso y seguridad que le ser\u00e1n enviadas por la empresa de alquiler, a utilizar la bicicleta prestada en sus condiciones normales y a no transportar una persona o una carga de m\u00e1s de 25 kg en el portaequipajes. Se compromete a devolver la bicicleta en su estado original en las fechas acordadas en el contrato.\u00a0<\/span><\/p><p id=\"tw-target-text\" class=\"tw-data-text tw-text-large tw-ta\" dir=\"ltr\" data-placeholder=\"Traduction\"><span lang=\"en\">El usuario declara someterse a las leyes de tr\u00e1fico. Si contraviene las leyes y reglamentos vigentes durante el alquiler, la empresa de alquiler La Cyclerie no podr\u00e1 ser considerada responsable. El usuario se compromete a hacer todo lo posible para evitar robos o da\u00f1os en la bicicleta alquilada. Para ello, sea cual sea la duraci\u00f3n del estacionamiento de la bicicleta, se compromete a aparcarla en un punto fijo utilizando el dispositivo antirrobo suministrado. En caso de aver\u00eda t\u00e9cnica de la bicicleta durante el contrato, el usuario no podr\u00e1 proceder a su reparaci\u00f3n por iniciativa propia. Deber\u00e1 informar al propietario y devolver la bicicleta alquilada si es posible. A petici\u00f3n suya, la bicicleta ser\u00e1 sustituida por otra del mismo tipo, en funci\u00f3n de la disponibilidad y en ausencia de responsabilidad culposa del usuario, por el periodo que quede por correr. El usuario no podr\u00e1 reclamar ni el reembolso de los gastos o factura, ni da\u00f1os y perjuicios. Cualquier comportamiento agresivo, irrespetuoso o negativa a cumplir con estas normas dar\u00e1 lugar a la denegaci\u00f3n del alquiler.<\/span><\/p><\/div>\n\t\t\t\t<\/div>\n\t\t\t\t\t\t\t<div class=\"elementor-toggle-item\">\n\t\t\t\t\t<div id=\"elementor-tab-title-1144\" class=\"elementor-tab-title\" data-tab=\"4\" role=\"button\" aria-controls=\"elementor-tab-content-1144\" aria-expanded=\"false\">\n\t\t\t\t\t\t\t\t\t\t\t\t<span class=\"elementor-toggle-icon elementor-toggle-icon-left\" aria-hidden=\"true\">\n\t\t\t\t\t\t\t\t\t\t\t\t\t\t\t<span class=\"elementor-toggle-icon-closed\"><i class=\"fas fa-caret-right\"><\/i><\/span>\n\t\t\t\t\t\t\t\t<span class=\"elementor-toggle-icon-opened\"><i class=\"elementor-toggle-icon-opened fas fa-caret-up\"><\/i><\/span>\n\t\t\t\t\t\t\t\t\t\t\t\t\t<\/span>\n\t\t\t\t\t\t\t\t\t\t\t\t<a class=\"elementor-toggle-title\" tabindex=\"0\">Art\u00edculo 4 - Suscripci\u00f3n del contrato y condiciones de alquiler<\/a>\n\t\t\t\t\t<\/div>\n\n\t\t\t\t\t<div id=\"elementor-tab-content-1144\" class=\"elementor-tab-content elementor-clearfix\" data-tab=\"4\" role=\"region\" aria-labelledby=\"elementor-tab-title-1144\"><p id=\"tw-target-text\" class=\"tw-data-text tw-text-large tw-ta\" dir=\"ltr\" data-placeholder=\"Traduction\"><span lang=\"en\">- Para suscribir un contrato de alquiler, el usuario deber\u00e1 presentar un documento de identidad (carn\u00e9 de identidad, permiso de conducir, pasaporte). <\/span><\/p><p class=\"tw-data-text tw-text-large tw-ta\" dir=\"ltr\" data-placeholder=\"Traduction\"><span lang=\"en\">- Duraci\u00f3n del alquiler, pr\u00f3rroga, rescisi\u00f3n: Todo alquiler, independientemente de la duraci\u00f3n elegida al suscribir el contrato, es pagadero en su totalidad. A la hora de devolver la bicicleta, el usuario deber\u00e1 presentarse como muy tarde 10 minutos antes del cierre del servicio de alquiler. Entonces podr\u00e1, si lo desea, renovar o prorrogar su alquiler. En caso de renovaci\u00f3n, el usuario deber\u00e1 presentar la bicicleta alquilada. Para la f\u00f3rmula 2 a 5 horas de tiempo o d\u00eda, la bicicleta debe devolverse el mismo d\u00eda de su alquiler. <\/span><\/p><p class=\"tw-data-text tw-text-large tw-ta\" dir=\"ltr\" data-placeholder=\"Traduction\"><span lang=\"en\">- Tarifas y formas de pago: Se indican los precios de alquiler, los dep\u00f3sitos y las condiciones de pago. Los precios facturados son los de las tarifas en vigor el d\u00eda del alquiler, el arrendador se reserva el derecho de modificar sus tarifas en cualquier momento. En este caso, se informar\u00e1 al usuario con al menos un mes de antelaci\u00f3n por correo. Las nuevas tarifas s\u00f3lo se aplicar\u00e1n cuando el usuario inicie un nuevo periodo de alquiler. El usuario deber\u00e1 abonar su primer periodo de alquiler el d\u00eda D de inicio del alquiler. Si el usuario desea renovar su contrato, los segundos periodos de alquiler deber\u00e1n abonarse antes de su entrada en vigor. <\/span><\/p><p class=\"tw-data-text tw-text-large tw-ta\" dir=\"ltr\" data-placeholder=\"Traduction\"><span lang=\"en\">Los medios de pago aceptados por La Cyclerie son tarjeta de cr\u00e9dito, efectivo, cheques y cheques vacaciones.<\/span><\/p><\/div>\n\t\t\t\t<\/div>\n\t\t\t\t\t\t\t<div class=\"elementor-toggle-item\">\n\t\t\t\t\t<div id=\"elementor-tab-title-1145\" class=\"elementor-tab-title\" data-tab=\"5\" role=\"button\" aria-controls=\"elementor-tab-content-1145\" aria-expanded=\"false\">\n\t\t\t\t\t\t\t\t\t\t\t\t<span class=\"elementor-toggle-icon elementor-toggle-icon-left\" aria-hidden=\"true\">\n\t\t\t\t\t\t\t\t\t\t\t\t\t\t\t<span class=\"elementor-toggle-icon-closed\"><i class=\"fas fa-caret-right\"><\/i><\/span>\n\t\t\t\t\t\t\t\t<span class=\"elementor-toggle-icon-opened\"><i class=\"elementor-toggle-icon-opened fas fa-caret-up\"><\/i><\/span>\n\t\t\t\t\t\t\t\t\t\t\t\t\t<\/span>\n\t\t\t\t\t\t\t\t\t\t\t\t<a class=\"elementor-toggle-title\" tabindex=\"0\">Art\u00edculo 5 - Fianza y seguro<\/a>\n\t\t\t\t\t<\/div>\n\n\t\t\t\t\t<div id=\"elementor-tab-content-1145\" class=\"elementor-tab-content elementor-clearfix\" data-tab=\"5\" role=\"region\" aria-labelledby=\"elementor-tab-title-1145\"><p id=\"tw-target-text\" class=\"tw-data-text tw-text-large tw-ta\" dir=\"ltr\" data-placeholder=\"Traduction\"><span lang=\"en\">Antes de la entrega del equipo alquilado, el usuario debe facilitar los datos de su tarjeta bancaria. A la firma del contrato de alquiler del equipo, el cliente puede optar por cubrir los riesgos de deterioro mediante el pago de un seguro (v\u00e9anse las condiciones expuestas en la tienda). Esta opci\u00f3n permite al cliente quedar exento de la obligaci\u00f3n de reembolso en caso de deterioro del material alquilado. Esta exenci\u00f3n adquirida siempre va acompa\u00f1ada de una franquicia (v\u00e9anse las condiciones expuestas en las tiendas y las franquicias indicadas en el contrato de alquiler).<\/span><\/p><\/div>\n\t\t\t\t<\/div>\n\t\t\t\t\t\t\t<div class=\"elementor-toggle-item\">\n\t\t\t\t\t<div id=\"elementor-tab-title-1146\" class=\"elementor-tab-title\" data-tab=\"6\" role=\"button\" aria-controls=\"elementor-tab-content-1146\" aria-expanded=\"false\">\n\t\t\t\t\t\t\t\t\t\t\t\t<span class=\"elementor-toggle-icon elementor-toggle-icon-left\" aria-hidden=\"true\">\n\t\t\t\t\t\t\t\t\t\t\t\t\t\t\t<span class=\"elementor-toggle-icon-closed\"><i class=\"fas fa-caret-right\"><\/i><\/span>\n\t\t\t\t\t\t\t\t<span class=\"elementor-toggle-icon-opened\"><i class=\"elementor-toggle-icon-opened fas fa-caret-up\"><\/i><\/span>\n\t\t\t\t\t\t\t\t\t\t\t\t\t<\/span>\n\t\t\t\t\t\t\t\t\t\t\t\t<a class=\"elementor-toggle-title\" tabindex=\"0\">Art\u00edculo 6 - Restituci\u00f3n<\/a>\n\t\t\t\t\t<\/div>\n\n\t\t\t\t\t<div id=\"elementor-tab-content-1146\" class=\"elementor-tab-content elementor-clearfix\" data-tab=\"6\" role=\"region\" aria-labelledby=\"elementor-tab-title-1146\"><p id=\"tw-target-text\" class=\"tw-data-text tw-text-large tw-ta\" dir=\"ltr\" data-placeholder=\"Traduction\"><span lang=\"en\">La bicicleta alquilada debe devolverse imperativamente a m\u00e1s tardar el d\u00eda indicado en el contrato de alquiler. La fianza se devolver\u00e1 al usuario en el momento de la devoluci\u00f3n del material alquilado. No obstante, el usuario podr\u00e1 prolongar su alquiler teniendo en cuenta los precios vigentes. En caso de robo, el usuario deber\u00e1 justificar ante el arrendador, en un plazo de 24 horas despu\u00e9s del vuelo, una denuncia presentada en un plazo de 24 horas ante una comisar\u00eda de polic\u00eda o de gendarmer\u00eda. Se le podr\u00e1 proporcionar, previa petici\u00f3n, un certificado de recogida si el usuario desea que su seguro le reembolse la fianza. Si la bicicleta robada se devuelve a la empresa de alquiler, se reembolsar\u00e1 al usuario que haya cumplido el procedimiento anterior el importe de la fianza cobrada, menos los gastos de reparaci\u00f3n de la bicicleta (v\u00e9ase el art\u00edculo 7). Si el usuario no justifica una reclamaci\u00f3n, la liquidaci\u00f3n del valor de la nueva bicicleta ser\u00e1 exigible inmediatamente. En caso de impago de los gastos de alquiler del material o de los gastos de reparaci\u00f3n o reembolso del mismo, al finalizar el contrato, el cliente, mediante el env\u00edo de los datos de su tarjeta bancaria, autoriza y da mandato expreso a la tienda para que cargue en su cuenta bancaria las cantidades que queden pendientes de pago, de acuerdo con el presupuesto (contrato de alquiler) que \u00e9l mismo habr\u00e1 firmado al recoger el material y\/o al precio y condiciones expuestos en la tienda.<\/span><\/p><\/div>\n\t\t\t\t<\/div>\n\t\t\t\t\t\t\t<div class=\"elementor-toggle-item\">\n\t\t\t\t\t<div id=\"elementor-tab-title-1147\" class=\"elementor-tab-title\" data-tab=\"7\" role=\"button\" aria-controls=\"elementor-tab-content-1147\" aria-expanded=\"false\">\n\t\t\t\t\t\t\t\t\t\t\t\t<span class=\"elementor-toggle-icon elementor-toggle-icon-left\" aria-hidden=\"true\">\n\t\t\t\t\t\t\t\t\t\t\t\t\t\t\t<span class=\"elementor-toggle-icon-closed\"><i class=\"fas fa-caret-right\"><\/i><\/span>\n\t\t\t\t\t\t\t\t<span class=\"elementor-toggle-icon-opened\"><i class=\"elementor-toggle-icon-opened fas fa-caret-up\"><\/i><\/span>\n\t\t\t\t\t\t\t\t\t\t\t\t\t<\/span>\n\t\t\t\t\t\t\t\t\t\t\t\t<a class=\"elementor-toggle-title\" tabindex=\"0\">Art\u00edculo 7 - Facturaci\u00f3n al usuario<\/a>\n\t\t\t\t\t<\/div>\n\n\t\t\t\t\t<div id=\"elementor-tab-content-1147\" class=\"elementor-tab-content elementor-clearfix\" data-tab=\"7\" role=\"region\" aria-labelledby=\"elementor-tab-title-1147\"><p id=\"tw-target-text\" class=\"tw-data-text tw-text-large tw-ta\" dir=\"ltr\" data-placeholder=\"Traduction\"><span lang=\"en\">En caso de incumplimiento de las cl\u00e1usulas anteriores del contrato de alquiler, o en caso de da\u00f1os en el material alquilado, el usuario deber\u00e1 abonar las siguientes facturas: - Factura del valor de mercado de la bicicleta, en caso de no devoluci\u00f3n de la bicicleta. Valor del material en caso de no devoluci\u00f3n: Bicicleta cl\u00e1sica: 250 euros. Bicicleta de monta\u00f1a, mountain bike, Beach cruiser: 350 euros. Remolque: 200 euros. Silla de ni\u00f1o: 80 euros. Bicicleta el\u00e9ctrica y t\u00e1ndem: 1000 euros. Fatbike el\u00e9ctrica y E Mountain Bike: 2000 euros. Bicicletas de monta\u00f1a para ni\u00f1os y crasy bikes: 250 euros. Bicicleta infantil sin velocidad: 100 euros - Factura por importe equivalente a la factura de reparaci\u00f3n correspondiente, en caso de reparaci\u00f3n por aver\u00eda o falta de piezas. Se entregar\u00e1 un recibo al usuario que lo solicite, una vez recibido el pago.<\/span><\/p><\/div>\n\t\t\t\t<\/div>\n\t\t\t\t\t\t\t<div class=\"elementor-toggle-item\">\n\t\t\t\t\t<div id=\"elementor-tab-title-1148\" class=\"elementor-tab-title\" data-tab=\"8\" role=\"button\" aria-controls=\"elementor-tab-content-1148\" aria-expanded=\"false\">\n\t\t\t\t\t\t\t\t\t\t\t\t<span class=\"elementor-toggle-icon elementor-toggle-icon-left\" aria-hidden=\"true\">\n\t\t\t\t\t\t\t\t\t\t\t\t\t\t\t<span class=\"elementor-toggle-icon-closed\"><i class=\"fas fa-caret-right\"><\/i><\/span>\n\t\t\t\t\t\t\t\t<span class=\"elementor-toggle-icon-opened\"><i class=\"elementor-toggle-icon-opened fas fa-caret-up\"><\/i><\/span>\n\t\t\t\t\t\t\t\t\t\t\t\t\t<\/span>\n\t\t\t\t\t\t\t\t\t\t\t\t<a class=\"elementor-toggle-title\" tabindex=\"0\">Art\u00edculo 8 - Horario y lugar<\/a>\n\t\t\t\t\t<\/div>\n\n\t\t\t\t\t<div id=\"elementor-tab-content-1148\" class=\"elementor-tab-content elementor-clearfix\" data-tab=\"8\" role=\"region\" aria-labelledby=\"elementor-tab-title-1148\"><p id=\"tw-target-text\" class=\"tw-data-text tw-text-large tw-ta\" dir=\"ltr\" data-placeholder=\"Traduction\"><span lang=\"en\">Los horarios ser\u00e1n los de la tienda, disponibles en l\u00ednea o in situ.<\/span><\/p><\/div>\n\t\t\t\t<\/div>\n\t\t\t\t\t\t\t<div class=\"elementor-toggle-item\">\n\t\t\t\t\t<div id=\"elementor-tab-title-1149\" class=\"elementor-tab-title\" data-tab=\"9\" role=\"button\" aria-controls=\"elementor-tab-content-1149\" aria-expanded=\"false\">\n\t\t\t\t\t\t\t\t\t\t\t\t<span class=\"elementor-toggle-icon elementor-toggle-icon-left\" aria-hidden=\"true\">\n\t\t\t\t\t\t\t\t\t\t\t\t\t\t\t<span class=\"elementor-toggle-icon-closed\"><i class=\"fas fa-caret-right\"><\/i><\/span>\n\t\t\t\t\t\t\t\t<span class=\"elementor-toggle-icon-opened\"><i class=\"elementor-toggle-icon-opened fas fa-caret-up\"><\/i><\/span>\n\t\t\t\t\t\t\t\t\t\t\t\t\t<\/span>\n\t\t\t\t\t\t\t\t\t\t\t\t<a class=\"elementor-toggle-title\" tabindex=\"0\">Art\u00edculo 9 - Inform\u00e1tica y libertades<\/a>\n\t\t\t\t\t<\/div>\n\n\t\t\t\t\t<div id=\"elementor-tab-content-1149\" class=\"elementor-tab-content elementor-clearfix\" data-tab=\"9\" role=\"region\" aria-labelledby=\"elementor-tab-title-1149\"><div id=\"tw-target-text-container\" class=\"tw-ta-container hide-focus-ring tw-nfl\" tabindex=\"0\"><p id=\"tw-target-text\" class=\"tw-data-text tw-text-large tw-ta\" dir=\"ltr\" data-placeholder=\"Traduction\"><span lang=\"en\">De conformidad con el Reglamento General de Protecci\u00f3n de Datos (RGPD) adoptado por el Parlamento Europeo el 14 de abril de 2016, y la Ley de Protecci\u00f3n de Datos de 6 de enero de 1978 relativa a la inform\u00e1tica, los archivos y las libertades, toda persona tiene derecho a acceder a la informaci\u00f3n que le concierne y a rectificarla.<\/span><\/p><\/div><div class=\"iYB33c\"><div id=\"tw-tmenu\" class=\"tw-menu\">\u00a0<\/div><\/div><div id=\"tw-images\">\u00a0<\/div><div class=\"dURPtb\"><div>\u00a0<\/div><\/div><\/div>\n\t\t\t\t<\/div>\n\t\t\t\t\t\t\t\t<\/div>\n\t\t\t\t\t\t<\/div>\n\t\t\t\t<\/div>\n\t\t\t\t<div class=\"elementor-element elementor-element-0a2039f elementor-widget elementor-widget-heading\" data-id=\"0a2039f\" data-element_type=\"widget\" data-e-type=\"widget\" data-widget_type=\"heading.default\">\n\t\t\t\t<div class=\"elementor-widget-container\">\n\t\t\t\t\t<h3 class=\"elementor-heading-title elementor-size-default\">No dude en consultar nuestras \"Preguntas frecuentes\" para m\u00e1s informaci\u00f3n.<\/h3>\t\t\t\t<\/div>\n\t\t\t\t<\/div>\n\t\t\t\t<div class=\"elementor-element elementor-element-8c82924 elementor-widget elementor-widget-ucaddon_gradient_button\" data-id=\"8c82924\" data-element_type=\"widget\" data-e-type=\"widget\" data-widget_type=\"ucaddon_gradient_button.default\">\n\t\t\t\t<div class=\"elementor-widget-container\">\n\t\t\t\t\t\n<!-- start Gradient Button -->\n<style>\/* widget: Gradient Button *\/\n\n#uc_gradient_button_elementor_8c82924 a {\n  display:inline-block;\n  text-align: center;\n  transition: 0.5s;\n  background-size: 200% auto;\n  color: white;\n \/* text-shadow: 0px 0px 10px rgba(0,0,0,0.2);*\/\n  box-shadow: 0 5px 20px rgba(0,0,0,0.15);\n  border-radius: 100px;\n   background-image: linear-gradient(to right, #FBB800 0%, #fda085 51%, #FBB800 100%);\n  text-decoration:none\n }\n\n\n#uc_gradient_button_elementor_8c82924 a:hover {\n  background-position: right center; \/* change the direction of the change here *\/\n}\n\n<\/style>\n\n<div style=\"text-align:center;\" id=\"uc_gradient_button_elementor_8c82924\">\n  <a href=\"https:\/\/lacyclerie-leon.fr\/es\/faq\/\"  class=\"gradient_button\">F A Q <\/a>\n<\/div>\n<!-- end Gradient Button -->\t\t\t\t<\/div>\n\t\t\t\t<\/div>\n\t\t\t\t\t<\/div>\n\t\t<\/div>\n\t\t\t\t\t<\/div>\n\t\t<\/section>\n\t\t\t\t<section class=\"elementor-section elementor-top-section elementor-element elementor-element-7a6e4ee elementor-section-boxed elementor-section-height-default elementor-section-height-default\" data-id=\"7a6e4ee\" data-element_type=\"section\" data-e-type=\"section\">\n\t\t\t\t\t\t<div class=\"elementor-container elementor-column-gap-default\">\n\t\t\t\t\t<div class=\"elementor-column elementor-col-100 elementor-top-column elementor-element elementor-element-60d0011\" data-id=\"60d0011\" data-element_type=\"column\" data-e-type=\"column\">\n\t\t\t<div class=\"elementor-widget-wrap elementor-element-populated\">\n\t\t\t\t\t\t<div class=\"elementor-element elementor-element-eee007b elementor-widget elementor-widget-text-editor\" data-id=\"eee007b\" data-element_type=\"widget\" data-e-type=\"widget\" data-widget_type=\"text-editor.default\">\n\t\t\t\t<div class=\"elementor-widget-container\">\n\t\t\t\t\t\t\t\t\t<h1 class=\"entry-title main_title\">Para reanudar :<\/h1><div class=\"entry-content\"><p><em><strong>Condiciones generales<\/strong><\/em><\/p><p><em>Durante el periodo de alquiler, el arrendatario es responsable del material alquilado: estado general de la bicicleta, accesorios y robo. En caso de robo, el arrendatario deber\u00e1 abonar el valor de la bicicleta. En caso de da\u00f1os sin terceros identificados, el arrendatario pagar\u00e1 las reparaciones.<\/em><\/p><p><strong><em>Seguros y responsabilidad<\/em><\/strong><\/p><p><em>El arrendatario es siempre responsable de las lesiones f\u00edsicas o los da\u00f1os materiales que haya causado al utilizar la bicicleta alquilada. El material est\u00e1 asegurado por la agencia de alquiler (en franc\u00e9s \"responsabilit\u00e9 civile du loueur\") en determinadas condiciones y el agente s\u00f3lo es responsable en caso de falta profesional. El pago de las bicicletas de alquiler no puede reembolsarse. En caso de accidente, inf\u00f3rmese sobre el nombre y la direcci\u00f3n del tercero y, si es posible, rellene una declaraci\u00f3n conjunta a efectos del seguro (en franc\u00e9s \"contrat \u00e0 l'amiable\").<\/em><\/p><p><strong><em>Garant\u00eda de robo y da\u00f1os<\/em><\/strong><\/p><p><em>Esta garant\u00eda deber\u00e1 suscribirse el d\u00eda del alquiler. En caso de robo o da\u00f1os, el arrendatario deber\u00e1 abonar un importe m\u00e1ximo de 30% del valor de la bicicleta (deducido de su fianza). Esta garant\u00eda s\u00f3lo es v\u00e1lida previa presentaci\u00f3n del formulario de denuncia y devoluci\u00f3n de las r\u00e9plicas de las llaves del candado. Lista de precios en caso de rotura y robo de bicicleta Clasiq : 250 euros. VTC, VTT, BEACH : 350 euros. Remolque para ni\u00f1o : 200 euros. Asiento para ni\u00f1o : 80 euros. Bicicleta el\u00e9ctrica : 1000 euros. Fatbike y E Mountain Bike : 2000 euros. Bicicleta de monta\u00f1a ni\u00f1os : 250 euros. Kids : 100 euros.<\/em><\/p><\/div>\t\t\t\t\t\t\t\t<\/div>\n\t\t\t\t<\/div>\n\t\t\t\t<div class=\"elementor-element elementor-element-291b3ec elementor-widget-divider--view-line elementor-widget elementor-widget-divider\" data-id=\"291b3ec\" data-element_type=\"widget\" data-e-type=\"widget\" data-widget_type=\"divider.default\">\n\t\t\t\t<div class=\"elementor-widget-container\">\n\t\t\t\t\t\t\t<div class=\"elementor-divider\">\n\t\t\t<span class=\"elementor-divider-separator\">\n\t\t\t\t\t\t<\/span>\n\t\t<\/div>\n\t\t\t\t\t\t<\/div>\n\t\t\t\t<\/div>\n\t\t\t\t\t<\/div>\n\t\t<\/div>\n\t\t\t\t\t<\/div>\n\t\t<\/section>\n\t\t\t\t<section class=\"elementor-section elementor-top-section elementor-element elementor-element-c6f5a19 elementor-section-boxed elementor-section-height-default elementor-section-height-default\" data-id=\"c6f5a19\" data-element_type=\"section\" data-e-type=\"section\">\n\t\t\t\t\t\t<div class=\"elementor-container elementor-column-gap-wide\">\n\t\t\t\t\t<div class=\"elementor-column elementor-col-100 elementor-top-column elementor-element elementor-element-a9b9341\" data-id=\"a9b9341\" data-element_type=\"column\" data-e-type=\"column\">\n\t\t\t<div class=\"elementor-widget-wrap elementor-element-populated\">\n\t\t\t\t\t\t<div class=\"elementor-element elementor-element-c813da3 elementor-widget elementor-widget-menu-anchor\" data-id=\"c813da3\" data-element_type=\"widget\" data-e-type=\"widget\" data-widget_type=\"menu-anchor.default\">\n\t\t\t\t<div class=\"elementor-widget-container\">\n\t\t\t\t\t\t\t<div class=\"elementor-menu-anchor\" id=\"espanol\"><\/div>\n\t\t\t\t\t\t<\/div>\n\t\t\t\t<\/div>\n\t\t\t\t<div class=\"elementor-element elementor-element-5b275a1 elementor-widget elementor-widget-heading\" data-id=\"5b275a1\" data-element_type=\"widget\" data-e-type=\"widget\" data-widget_type=\"heading.default\">\n\t\t\t\t<div class=\"elementor-widget-container\">\n\t\t\t\t\t<h1 class=\"elementor-heading-title elementor-size-large\">Condiciones generales de venta y alquiler.<\/h1>\t\t\t\t<\/div>\n\t\t\t\t<\/div>\n\t\t\t\t<div class=\"elementor-element elementor-element-87a97a3 elementor-widget elementor-widget-spacer\" data-id=\"87a97a3\" data-element_type=\"widget\" data-e-type=\"widget\" data-widget_type=\"spacer.default\">\n\t\t\t\t<div class=\"elementor-widget-container\">\n\t\t\t\t\t\t\t<div class=\"elementor-spacer\">\n\t\t\t<div class=\"elementor-spacer-inner\"><\/div>\n\t\t<\/div>\n\t\t\t\t\t\t<\/div>\n\t\t\t\t<\/div>\n\t\t\t\t<div class=\"elementor-element elementor-element-37902fc elementor-widget elementor-widget-toggle\" data-id=\"37902fc\" data-element_type=\"widget\" data-e-type=\"widget\" data-widget_type=\"toggle.default\">\n\t\t\t\t<div class=\"elementor-widget-container\">\n\t\t\t\t\t\t\t<div class=\"elementor-toggle\">\n\t\t\t\t\t\t\t<div class=\"elementor-toggle-item\">\n\t\t\t\t\t<div id=\"elementor-tab-title-5821\" class=\"elementor-tab-title\" data-tab=\"1\" role=\"button\" aria-controls=\"elementor-tab-content-5821\" aria-expanded=\"false\">\n\t\t\t\t\t\t\t\t\t\t\t\t<span class=\"elementor-toggle-icon elementor-toggle-icon-left\" aria-hidden=\"true\">\n\t\t\t\t\t\t\t\t\t\t\t\t\t\t\t<span class=\"elementor-toggle-icon-closed\"><i class=\"fas fa-caret-right\"><\/i><\/span>\n\t\t\t\t\t\t\t\t<span class=\"elementor-toggle-icon-opened\"><i class=\"elementor-toggle-icon-opened fas fa-caret-up\"><\/i><\/span>\n\t\t\t\t\t\t\t\t\t\t\t\t\t<\/span>\n\t\t\t\t\t\t\t\t\t\t\t\t<a class=\"elementor-toggle-title\" tabindex=\"0\">Art\u00edculo 1- Prop\u00f3sito<\/a>\n\t\t\t\t\t<\/div>\n\n\t\t\t\t\t<div id=\"elementor-tab-content-5821\" class=\"elementor-tab-content elementor-clearfix\" data-tab=\"1\" role=\"region\" aria-labelledby=\"elementor-tab-title-5821\"><p id=\"tw-target-text\" class=\"tw-data-text tw-text-large tw-ta\" dir=\"ltr\" data-placeholder=\"Traduction\"><span lang=\"es\">El presente documento tiene por objeto establecer las condiciones de compra de bicicletas por parte de La Cyclerie. En el resto del documento, la parte contratante se denominar\u00e1 \"el usuario\".<\/span><\/p><\/div>\n\t\t\t\t<\/div>\n\t\t\t\t\t\t\t<div class=\"elementor-toggle-item\">\n\t\t\t\t\t<div id=\"elementor-tab-title-5822\" class=\"elementor-tab-title\" data-tab=\"2\" role=\"button\" aria-controls=\"elementor-tab-content-5822\" aria-expanded=\"false\">\n\t\t\t\t\t\t\t\t\t\t\t\t<span class=\"elementor-toggle-icon elementor-toggle-icon-left\" aria-hidden=\"true\">\n\t\t\t\t\t\t\t\t\t\t\t\t\t\t\t<span class=\"elementor-toggle-icon-closed\"><i class=\"fas fa-caret-right\"><\/i><\/span>\n\t\t\t\t\t\t\t\t<span class=\"elementor-toggle-icon-opened\"><i class=\"elementor-toggle-icon-opened fas fa-caret-up\"><\/i><\/span>\n\t\t\t\t\t\t\t\t\t\t\t\t\t<\/span>\n\t\t\t\t\t\t\t\t\t\t\t\t<a class=\"elementor-toggle-title\" tabindex=\"0\">Art\u00edculo 2 - Usuario de bicicletas<\/a>\n\t\t\t\t\t<\/div>\n\n\t\t\t\t\t<div id=\"elementor-tab-content-5822\" class=\"elementor-tab-content elementor-clearfix\" data-tab=\"2\" role=\"region\" aria-labelledby=\"elementor-tab-title-5822\"><p id=\"tw-target-text\" class=\"tw-data-text tw-text-large tw-ta\" dir=\"ltr\" data-placeholder=\"Traduction\"><span lang=\"es\">El usuario de la bicicleta declara que puede practicar ciclismo y que no tiene conocimiento de ninguna contraindicaci\u00f3n m\u00e9dica. Los ni\u00f1os deben presentar una autorizaci\u00f3n firmada por su representante legal que les permita montar en bicicleta. El arrendatario no se hace responsable por da\u00f1os o descalificaci\u00f3n del usuario.<\/span><\/p><\/div>\n\t\t\t\t<\/div>\n\t\t\t\t\t\t\t<div class=\"elementor-toggle-item\">\n\t\t\t\t\t<div id=\"elementor-tab-title-5823\" class=\"elementor-tab-title\" data-tab=\"3\" role=\"button\" aria-controls=\"elementor-tab-content-5823\" aria-expanded=\"false\">\n\t\t\t\t\t\t\t\t\t\t\t\t<span class=\"elementor-toggle-icon elementor-toggle-icon-left\" aria-hidden=\"true\">\n\t\t\t\t\t\t\t\t\t\t\t\t\t\t\t<span class=\"elementor-toggle-icon-closed\"><i class=\"fas fa-caret-right\"><\/i><\/span>\n\t\t\t\t\t\t\t\t<span class=\"elementor-toggle-icon-opened\"><i class=\"elementor-toggle-icon-opened fas fa-caret-up\"><\/i><\/span>\n\t\t\t\t\t\t\t\t\t\t\t\t\t<\/span>\n\t\t\t\t\t\t\t\t\t\t\t\t<a class=\"elementor-toggle-title\" tabindex=\"0\">Art\u00edculo 3 - Responsabilidad y compromisos del usuario<\/a>\n\t\t\t\t\t<\/div>\n\n\t\t\t\t\t<div id=\"elementor-tab-content-5823\" class=\"elementor-tab-content elementor-clearfix\" data-tab=\"3\" role=\"region\" aria-labelledby=\"elementor-tab-title-5823\"><p id=\"tw-target-text\" class=\"tw-data-text tw-text-large tw-ta\" dir=\"ltr\" data-placeholder=\"Traduction\"><span lang=\"es\">Se considera que las bicicletas, los equipos y los accesorios cumplen con la normativa vigente en el momento de su alquiler y en buen estado de funcionamiento. Los equipos y accesorios se fijan de acuerdo con las normas de seguridad. El usuario debe estar cubierto por seguro de responsabilidad civil. Libera a la compa\u00f1\u00eda de alquiler La Cyclerie de cualquier responsabilidad derivada del uso del equipo de alquiler. Especialmente con respecto a accidentes y da\u00f1os causados a terceros por el uso de la bicicleta. El equipo alquilado sigue siendo propiedad exclusiva de La Cyclerie durante toda la duraci\u00f3n del pr\u00e9stamo. El usuario no puede subarrendarlos a un tercero. El usuario es el \u00fanico responsable de cualquier da\u00f1o causado al equipo alquilado o debido a su uso. El usuario reconoce que el equipo prestado est\u00e1 en perfecto estado de funcionamiento. El usuario se compromete a utilizar el equipo con cuidado y dentro de los l\u00edmites de sus capacidades, a respetar las instrucciones de uso y seguridad que le enviar\u00e1 la empresa de alquiler, a utilizar la bicicleta prestada en sus condiciones normales y no a No transportar una persona o una carga que pese m\u00e1s de 25 kg en el portaequipajes. Se compromete a devolver la bicicleta en su estado original en las fechas acordadas en el contrato. El usuario declara someterse a estas reglas de la carretera. Si contraviene las leyes y regulaciones vigentes durante el alquiler, la compa\u00f1\u00eda de alquiler La Cyclerie no puede ser considerada responsable. El usuario acepta hacer todo lo posible para evitar robos o da\u00f1os a la bicicleta alquilada. Para este prop\u00f3sito, cualquiera que sea la duraci\u00f3n del estacionamiento de la bicicleta, se compromete con el agregado en un punto fijo utilizando el dispositivo antirrobo provisto. En caso de aver\u00eda t\u00e9cnica de la bicicleta durante el periodo de vigencia del contrato, el usuario no podr\u00e1 llevar a cabo por su cuenta los trabajos de reparaci\u00f3n. Debe informar al propietario y devolver la bicicleta alquilada si es posible. A su solicitud, la bicicleta ser\u00e1 sustituida por otra del mismo tipo, seg\u00fan disponibilidad y en ausencia de responsabilidad culposa del usuario, durante el periodo restante de explotaci\u00f3n. El usuario no podr\u00e1 reclamar el reembolso de los costes o la factura, ni los da\u00f1os. Cualquier comportamiento agresivo, irrespetuoso o negativo a cumplir con estas reglas resultar\u00e1 en el rechazo del alquiler.<\/span><\/p><\/div>\n\t\t\t\t<\/div>\n\t\t\t\t\t\t\t<div class=\"elementor-toggle-item\">\n\t\t\t\t\t<div id=\"elementor-tab-title-5824\" class=\"elementor-tab-title\" data-tab=\"4\" role=\"button\" aria-controls=\"elementor-tab-content-5824\" aria-expanded=\"false\">\n\t\t\t\t\t\t\t\t\t\t\t\t<span class=\"elementor-toggle-icon elementor-toggle-icon-left\" aria-hidden=\"true\">\n\t\t\t\t\t\t\t\t\t\t\t\t\t\t\t<span class=\"elementor-toggle-icon-closed\"><i class=\"fas fa-caret-right\"><\/i><\/span>\n\t\t\t\t\t\t\t\t<span class=\"elementor-toggle-icon-opened\"><i class=\"elementor-toggle-icon-opened fas fa-caret-up\"><\/i><\/span>\n\t\t\t\t\t\t\t\t\t\t\t\t\t<\/span>\n\t\t\t\t\t\t\t\t\t\t\t\t<a class=\"elementor-toggle-title\" tabindex=\"0\">Art\u00edculo 4 - Suscripci\u00f3n del contrato y condiciones de alquiler.<\/a>\n\t\t\t\t\t<\/div>\n\n\t\t\t\t\t<div id=\"elementor-tab-content-5824\" class=\"elementor-tab-content elementor-clearfix\" data-tab=\"4\" role=\"region\" aria-labelledby=\"elementor-tab-title-5824\"><p id=\"tw-target-text\" class=\"tw-data-text tw-text-large tw-ta\" dir=\"ltr\" data-placeholder=\"Traduction\"><span lang=\"es\">- Para contratar un contrato de alquiler, el usuario debe presentar un comprobante de identidad (documento de identidad, permiso de conducir, pasaporte)<\/span><\/p><p id=\"tw-target-text\" class=\"tw-data-text tw-text-large tw-ta\" dir=\"ltr\" data-placeholder=\"Traduction\"><span lang=\"es\">\u00a0- Periodo de alquiler, pr\u00f3rroga, finalizaci\u00f3n: Cualquier alquiler, independientemente de la duraci\u00f3n elegida cuando se suscribe el contrato, debe pagarse en su totalidad. Al devolver la bicicleta, el usuario deber\u00e1 presentarse al menos 10 minutos antes del cierre del servicio de alquiler. \u00c9l puede entonces, si lo desea, renovar o ampliar su alquiler. En caso de renovaci\u00f3n, el usuario deber\u00e1 presentar la bicicleta terminada. Para la f\u00f3rmula de 2 a 5 horas de tiempo o d\u00eda, la bicicleta debe devolverse el mismo d\u00eda de su alquiler.\u00a0<\/span><\/p><p id=\"tw-target-text\" class=\"tw-data-text tw-text-large tw-ta\" dir=\"ltr\" data-placeholder=\"Traduction\"><span lang=\"es\">- Tarifas y formas de pago: Los precios facturados corresponden a las tarifas vigentes el d\u00eda del alquiler, el arrendador se reserva el derecho de modificar sus tarifas en cualquier momento. Los precios facturados corresponden a las tarifas vigentes el d\u00eda del alquiler, el arrendador se reserva el derecho de modificar sus tarifas en cualquier momento. En este caso, se informar\u00e1 al usuario con al menos un mes de antelaci\u00f3n mediante publicaci\u00f3n. Las nuevas tarifas se aplicar\u00e1n \u00fanicamente cuando el usuario inicie un nuevo periodo de facturaci\u00f3n. El usuario debe pagar su primer per\u00edodo de alquiler el d\u00eda D que comienza el alquiler. Si el usuario desea renovar su contrato, los segundos per\u00edodos de alquiler deben pagarse antes de su entrada en vigor.\u00a0<\/span><\/p><p id=\"tw-target-text\" class=\"tw-data-text tw-text-large tw-ta\" dir=\"ltr\" data-placeholder=\"Traduction\"><span lang=\"es\">Los m\u00e9todos de pago aceptados por La Cyclerie son tarjetas de cr\u00e9dito, efectivo, cheques y cheques vacaciones.<\/span><\/p><\/div>\n\t\t\t\t<\/div>\n\t\t\t\t\t\t\t<div class=\"elementor-toggle-item\">\n\t\t\t\t\t<div id=\"elementor-tab-title-5825\" class=\"elementor-tab-title\" data-tab=\"5\" role=\"button\" aria-controls=\"elementor-tab-content-5825\" aria-expanded=\"false\">\n\t\t\t\t\t\t\t\t\t\t\t\t<span class=\"elementor-toggle-icon elementor-toggle-icon-left\" aria-hidden=\"true\">\n\t\t\t\t\t\t\t\t\t\t\t\t\t\t\t<span class=\"elementor-toggle-icon-closed\"><i class=\"fas fa-caret-right\"><\/i><\/span>\n\t\t\t\t\t\t\t\t<span class=\"elementor-toggle-icon-opened\"><i class=\"elementor-toggle-icon-opened fas fa-caret-up\"><\/i><\/span>\n\t\t\t\t\t\t\t\t\t\t\t\t\t<\/span>\n\t\t\t\t\t\t\t\t\t\t\t\t<a class=\"elementor-toggle-title\" tabindex=\"0\">Art\u00edculo 5 - Fianzas y seguros<\/a>\n\t\t\t\t\t<\/div>\n\n\t\t\t\t\t<div id=\"elementor-tab-content-5825\" class=\"elementor-tab-content elementor-clearfix\" data-tab=\"5\" role=\"region\" aria-labelledby=\"elementor-tab-title-5825\"><p id=\"tw-target-text\" class=\"tw-data-text tw-text-large tw-ta\" dir=\"ltr\" data-placeholder=\"Traduction\"><span lang=\"es\">Antes de la entrega del equipo alquilado, el usuario debe proporcionar la informaci\u00f3n de su tarjeta bancaria. Al firmar el contrato de alquiler del equipo, el cliente puede elegir cubrir los riesgos de deterioro mediante el pago del seguro (consulte las condiciones que se muestran en la tienda). Esta opci\u00f3n permite al cliente quedar exento de la obligaci\u00f3n de reembolso en caso de deterioro del equipo. Esta exenci\u00f3n adquirida siempa\u00f1ada va acompa\u00f1ada de un deducible (consulte las condiciones que se muestran en las tiendas y los deducibles indicados en el contrato de alquiler).<\/span><\/p><\/div>\n\t\t\t\t<\/div>\n\t\t\t\t\t\t\t<div class=\"elementor-toggle-item\">\n\t\t\t\t\t<div id=\"elementor-tab-title-5826\" class=\"elementor-tab-title\" data-tab=\"6\" role=\"button\" aria-controls=\"elementor-tab-content-5826\" aria-expanded=\"false\">\n\t\t\t\t\t\t\t\t\t\t\t\t<span class=\"elementor-toggle-icon elementor-toggle-icon-left\" aria-hidden=\"true\">\n\t\t\t\t\t\t\t\t\t\t\t\t\t\t\t<span class=\"elementor-toggle-icon-closed\"><i class=\"fas fa-caret-right\"><\/i><\/span>\n\t\t\t\t\t\t\t\t<span class=\"elementor-toggle-icon-opened\"><i class=\"elementor-toggle-icon-opened fas fa-caret-up\"><\/i><\/span>\n\t\t\t\t\t\t\t\t\t\t\t\t\t<\/span>\n\t\t\t\t\t\t\t\t\t\t\t\t<a class=\"elementor-toggle-title\" tabindex=\"0\">Art\u00edculo 6 - Restituci\u00f3n<\/a>\n\t\t\t\t\t<\/div>\n\n\t\t\t\t\t<div id=\"elementor-tab-content-5826\" class=\"elementor-tab-content elementor-clearfix\" data-tab=\"6\" role=\"region\" aria-labelledby=\"elementor-tab-title-5826\"><p id=\"tw-target-text\" class=\"tw-data-text tw-text-large tw-ta\" dir=\"ltr\" data-placeholder=\"Traduction\"><span lang=\"es\">La bicicleta alquilada debe devolverse obligatoriamente a m\u00e1s tardar el d\u00eda indicado en el contrato de alquiler. El dep\u00f3sito ser\u00e1 devuelto al usuario cuando se devuelva el equipo alquilado. Sin embargo, el usuario puede extender su alquiler en vista de las tarifas vigentes. En caso de robo, el usuario debe justificar ante el arrendador, dentro de las 24 horas posteriores al vuelo, una queja presentada dentro de las 24 horas a una estaci\u00f3n de polic\u00eda o gendarmer\u00eda. Se le puede proporcionar, previa solicitud, un certificado de cobro si el usuario desea que el seguro reembolse el dep\u00f3sito. Si la bicicleta robada se devuelve a la empresa de alquiler, al usuario que haya cumplido con el procedimiento anterior se le reembolsar\u00e1 el importe del dep\u00f3sito cobrado, menos los costes de reparaci\u00f3n de la bicicleta (consulte el art\u00edculo 7). Si el usuario no justifica una queja, la liquidaci\u00f3n del valor de la nueva bicicleta se deber\u00e1 pagar de inmediato. En caso de falta de pago del coste de alquilar el equipo o los costes de repararlo o reembolsarlo, al final del contrato, el cliente, al enviar la informaci\u00f3n de su tarjeta bancaria, autoriza y otorga un mandato expreso a tienda para deducir de su cuenta bancaria las sumas pendientes de pago, de acuerdo con la estimaci\u00f3n (contrato de alquiler) que \u00e9l mismo habr\u00e1 firmado cuando tom\u00f3 el equipo y\/o al precio y condiciones que se muestran en la tienda.<\/span><\/p><\/div>\n\t\t\t\t<\/div>\n\t\t\t\t\t\t\t<div class=\"elementor-toggle-item\">\n\t\t\t\t\t<div id=\"elementor-tab-title-5827\" class=\"elementor-tab-title\" data-tab=\"7\" role=\"button\" aria-controls=\"elementor-tab-content-5827\" aria-expanded=\"false\">\n\t\t\t\t\t\t\t\t\t\t\t\t<span class=\"elementor-toggle-icon elementor-toggle-icon-left\" aria-hidden=\"true\">\n\t\t\t\t\t\t\t\t\t\t\t\t\t\t\t<span class=\"elementor-toggle-icon-closed\"><i class=\"fas fa-caret-right\"><\/i><\/span>\n\t\t\t\t\t\t\t\t<span class=\"elementor-toggle-icon-opened\"><i class=\"elementor-toggle-icon-opened fas fa-caret-up\"><\/i><\/span>\n\t\t\t\t\t\t\t\t\t\t\t\t\t<\/span>\n\t\t\t\t\t\t\t\t\t\t\t\t<a class=\"elementor-toggle-title\" tabindex=\"0\">Art\u00edculo 7 - Facturaci\u00f3n al usuario<\/a>\n\t\t\t\t\t<\/div>\n\n\t\t\t\t\t<div id=\"elementor-tab-content-5827\" class=\"elementor-tab-content elementor-clearfix\" data-tab=\"7\" role=\"region\" aria-labelledby=\"elementor-tab-title-5827\"><p>En caso de incumplimiento de las cl\u00e1usulas anteriores del contrato de alquiler, o en caso de da\u00f1os al equipo alquilado, el usuario deber\u00e1 pagar las siguientes facturas:<\/p><p>- Factura del valor de mercado de la bicicleta, en caso de no devoluci\u00f3n la bicicleta. Factura del valor de mercado de la bicicleta, en caso de no devoluci\u00f3n:<\/p><p>Bicicleta cl\u00e1sica: 250 \u20ac.<\/p><p>Bicicleta de monta\u00f1a, City bike, Beach Cruiser: 350 euros.<\/p><p>Remolque: 200 euros.<\/p><p>Asiento infantil: 80 euros.<\/p><p>Bicicleta el\u00e9ctrica y t\u00e1ndem :<span style=\"font-size: 14px;\">1.000 euros.<\/span><\/p><p><span style=\"font-size: 14px;\">Fatbike electrico y Bicicleta de montana electricas: 2.000 euros.\u00a0<\/span><\/p><p>Bicicletas de monta\u00f1a y bicis infantiles: 250 euros.<\/p><p>Bicicleta infantil sin velocidad 100<\/p><p>- Factura por un importe equivalente a la factura de reparaci\u00f3n correspondiente, en el caso de reparaciones posteriores a da\u00f1os o faltas de piezas. Se le entregar\u00e1 un recibo al usuario cuando lo solicite, una vez que se haya recibido el pago.<\/p><\/div>\n\t\t\t\t<\/div>\n\t\t\t\t\t\t\t<div class=\"elementor-toggle-item\">\n\t\t\t\t\t<div id=\"elementor-tab-title-5828\" class=\"elementor-tab-title\" data-tab=\"8\" role=\"button\" aria-controls=\"elementor-tab-content-5828\" aria-expanded=\"false\">\n\t\t\t\t\t\t\t\t\t\t\t\t<span class=\"elementor-toggle-icon elementor-toggle-icon-left\" aria-hidden=\"true\">\n\t\t\t\t\t\t\t\t\t\t\t\t\t\t\t<span class=\"elementor-toggle-icon-closed\"><i class=\"fas fa-caret-right\"><\/i><\/span>\n\t\t\t\t\t\t\t\t<span class=\"elementor-toggle-icon-opened\"><i class=\"elementor-toggle-icon-opened fas fa-caret-up\"><\/i><\/span>\n\t\t\t\t\t\t\t\t\t\t\t\t\t<\/span>\n\t\t\t\t\t\t\t\t\t\t\t\t<a class=\"elementor-toggle-title\" tabindex=\"0\">Art\u00edculo 8 - Tiempos y lugar<\/a>\n\t\t\t\t\t<\/div>\n\n\t\t\t\t\t<div id=\"elementor-tab-content-5828\" class=\"elementor-tab-content elementor-clearfix\" data-tab=\"8\" role=\"region\" aria-labelledby=\"elementor-tab-title-5828\"><p id=\"tw-target-text\" class=\"tw-data-text tw-text-large tw-ta\" dir=\"ltr\" data-placeholder=\"Traduction\"><span lang=\"es\">Las horas ser\u00e1n las de la tienda, disponibles en l\u00ednea o en el sitio.<\/span><\/p><\/div>\n\t\t\t\t<\/div>\n\t\t\t\t\t\t\t<div class=\"elementor-toggle-item\">\n\t\t\t\t\t<div id=\"elementor-tab-title-5829\" class=\"elementor-tab-title\" data-tab=\"9\" role=\"button\" aria-controls=\"elementor-tab-content-5829\" aria-expanded=\"false\">\n\t\t\t\t\t\t\t\t\t\t\t\t<span class=\"elementor-toggle-icon elementor-toggle-icon-left\" aria-hidden=\"true\">\n\t\t\t\t\t\t\t\t\t\t\t\t\t\t\t<span class=\"elementor-toggle-icon-closed\"><i class=\"fas fa-caret-right\"><\/i><\/span>\n\t\t\t\t\t\t\t\t<span class=\"elementor-toggle-icon-opened\"><i class=\"elementor-toggle-icon-opened fas fa-caret-up\"><\/i><\/span>\n\t\t\t\t\t\t\t\t\t\t\t\t\t<\/span>\n\t\t\t\t\t\t\t\t\t\t\t\t<a class=\"elementor-toggle-title\" tabindex=\"0\">Art\u00edculo 9 - Inform\u00e1tica y libertades<\/a>\n\t\t\t\t\t<\/div>\n\n\t\t\t\t\t<div id=\"elementor-tab-content-5829\" class=\"elementor-tab-content elementor-clearfix\" data-tab=\"9\" role=\"region\" aria-labelledby=\"elementor-tab-title-5829\"><p id=\"tw-target-text\" class=\"tw-data-text tw-text-large tw-ta\" dir=\"ltr\" data-placeholder=\"Traduction\"><span lang=\"es\">De conformidad con el Reglamento General de Protecci\u00f3n de Datos (GDPR) adoptado por el Parlamento Europeo el 14 de abril de 2016 y la Ley de Protecci\u00f3n de Datos del 6 de enero 1978 en relaci\u00f3n con las computadoras, los archivos y las libertades, todos tienen derecho a acceder y corregir la informaci\u00f3n que le concierne.<\/span><\/p><\/div>\n\t\t\t\t<\/div>\n\t\t\t\t\t\t\t\t<\/div>\n\t\t\t\t\t\t<\/div>\n\t\t\t\t<\/div>\n\t\t\t\t<div class=\"elementor-element elementor-element-c97ce9d elementor-widget elementor-widget-heading\" data-id=\"c97ce9d\" data-element_type=\"widget\" data-e-type=\"widget\" data-widget_type=\"heading.default\">\n\t\t\t\t<div class=\"elementor-widget-container\">\n\t\t\t\t\t<h3 class=\"elementor-heading-title elementor-size-default\">No dude en consultar nuestras \"Preguntas frecuentes\" para obtener m\u00e1s informaci\u00f3n.<\/h3>\t\t\t\t<\/div>\n\t\t\t\t<\/div>\n\t\t\t\t<div class=\"elementor-element elementor-element-85f0287 elementor-widget elementor-widget-ucaddon_gradient_button\" data-id=\"85f0287\" data-element_type=\"widget\" data-e-type=\"widget\" data-widget_type=\"ucaddon_gradient_button.default\">\n\t\t\t\t<div class=\"elementor-widget-container\">\n\t\t\t\t\t\n<!-- start Gradient Button -->\n<style>\/* widget: Gradient Button *\/\n\n#uc_gradient_button_elementor_85f0287 a {\n  display:inline-block;\n  text-align: center;\n  transition: 0.5s;\n  background-size: 200% auto;\n  color: white;\n \/* text-shadow: 0px 0px 10px rgba(0,0,0,0.2);*\/\n  box-shadow: 0 5px 20px rgba(0,0,0,0.15);\n  border-radius: 100px;\n   background-image: linear-gradient(to right, #FBB800 0%, #fda085 51%, #FBB800 100%);\n  text-decoration:none\n }\n\n\n#uc_gradient_button_elementor_85f0287 a:hover {\n  background-position: right center; \/* change the direction of the change here *\/\n}\n\n<\/style>\n\n<div style=\"text-align:center;\" id=\"uc_gradient_button_elementor_85f0287\">\n  <a href=\"https:\/\/lacyclerie-leon.fr\/es\/faq\/\"  class=\"gradient_button\">P F <\/a>\n<\/div>\n<!-- end Gradient Button -->\t\t\t\t<\/div>\n\t\t\t\t<\/div>\n\t\t\t\t\t<\/div>\n\t\t<\/div>\n\t\t\t\t\t<\/div>\n\t\t<\/section>\n\t\t\t\t<section class=\"elementor-section elementor-top-section elementor-element elementor-element-2f6e0ed elementor-section-boxed elementor-section-height-default elementor-section-height-default\" data-id=\"2f6e0ed\" data-element_type=\"section\" data-e-type=\"section\">\n\t\t\t\t\t\t<div class=\"elementor-container elementor-column-gap-default\">\n\t\t\t\t\t<div class=\"elementor-column elementor-col-100 elementor-top-column elementor-element elementor-element-cda899e\" data-id=\"cda899e\" data-element_type=\"column\" data-e-type=\"column\">\n\t\t\t<div class=\"elementor-widget-wrap elementor-element-populated\">\n\t\t\t\t\t\t<div class=\"elementor-element elementor-element-2357fa4 elementor-widget elementor-widget-text-editor\" data-id=\"2357fa4\" data-element_type=\"widget\" data-e-type=\"widget\" data-widget_type=\"text-editor.default\">\n\t\t\t\t<div class=\"elementor-widget-container\">\n\t\t\t\t\t\t\t\t\t<h1 id=\"tw-target-text\" class=\"tw-data-text tw-text-large tw-ta\" dir=\"ltr\" data-placeholder=\"Traduction\"><span lang=\"es\">Resumir :<\/span><\/h1>\n<p class=\"tw-data-text tw-text-large tw-ta\" dir=\"ltr\" data-placeholder=\"Traduction\"><em><span lang=\"es\"><strong>Condiciones generales<\/strong> <\/span><\/em><\/p>\n<p class=\"tw-data-text tw-text-large tw-ta\" dir=\"ltr\" data-placeholder=\"Traduction\"><span lang=\"es\">Durante el per\u00edodo de alquiler, el arrendatario es responsable del equipo alquilado: estado general de la bicicleta, accesorios y robo. En caso de da\u00f1os, el arrendatario deber\u00e1 abonar el valor de la bicicleta. En caso de da\u00f1os sin un tercero identificado, el arrendatario pagar\u00e1 las reparaciones.<\/span><\/p>\n<p class=\"tw-data-text tw-text-large tw-ta\" dir=\"ltr\" data-placeholder=\"Traduction\"><em><strong><span lang=\"es\">Seguros y responsabilidad<\/span><\/strong><\/em><\/p>\n<p class=\"tw-data-text tw-text-large tw-ta\" dir=\"ltr\" data-placeholder=\"Traduction\"><span lang=\"es\">El arrendatario siempre es responsable de las lesiones f\u00edsicas o los da\u00f1os materiales que ha causado cuando usa la bicicleta alquilada. El equipo est\u00e1 asegurado por la agencia de alquiler bajo ciertas condiciones y el agente es responsable \u00fanicamente de la mala conducta profesional. El pago de las bicicletas de alquiler no puede ser reembolsado. <\/span><span lang=\"es\">En caso de accidente, pregunte sobre el nombre y la direcci\u00f3n del tercero y, si es posible, complete una declaraci\u00f3n acordada conjuntamente para fines de seguro (franc\u00e9s \"contrat \u00e0 l'amiable\"). <\/span><\/p>\n<p class=\"tw-data-text tw-text-large tw-ta\" dir=\"ltr\" data-placeholder=\"Traduction\"><em><strong><span lang=\"es\">Garant\u00eda de robo y da\u00f1os<\/span><\/strong><\/em><\/p>\n<p class=\"tw-data-text tw-text-large tw-ta\" dir=\"ltr\" data-placeholder=\"Traduction\"><span lang=\"es\">Esta garant\u00eda debe suscribirse el d\u00eda del alquiler. En caso de robo o da\u00f1os, el arrendatario pagar\u00e1 una cantidad m\u00e1xima del 30% del valor de la bicicleta (deducida de su dep\u00f3sito de seguridad). Esta garant\u00eda solo es v\u00e1lida con la presentaci\u00f3n del formulario de queja y la devoluci\u00f3n de las replicas clave de la cerradura. Lista de precios en caso de rotaci\u00f3n y robo de la bicicleta Clasiq: 250 euros. VTC, VTT, PLAYA: 350 euros. Remolque para ni\u00f1o: 200 euros. Asiento para ni\u00f1o: 80 euros. Bicicleta el\u00e9ctrica: 1000 euros.&nbsp;<\/span><span style=\"font-family: Roboto, sans-serif; font-size: 14px; font-style: normal; font-variant-caps: normal; background-color: rgb(255, 255, 255); color: var( --e-global-color-text );\">Fatbike electrico y Bicicleta de montana electricas: 2.000 euros.&nbsp;<\/span><span style=\"font-size: 14px; color: var( --e-global-color-text );\">Bicicleta de monta\u00f1a para ni\u00f1os: 250 euros. Ni\u00f1os: 100 euros.<\/span><\/p>\t\t\t\t\t\t\t\t<\/div>\n\t\t\t\t<\/div>\n\t\t\t\t<div class=\"elementor-element elementor-element-5cb9dc3 elementor-widget-divider--view-line elementor-widget elementor-widget-divider\" data-id=\"5cb9dc3\" data-element_type=\"widget\" data-e-type=\"widget\" data-widget_type=\"divider.default\">\n\t\t\t\t<div class=\"elementor-widget-container\">\n\t\t\t\t\t\t\t<div class=\"elementor-divider\">\n\t\t\t<span class=\"elementor-divider-separator\">\n\t\t\t\t\t\t<\/span>\n\t\t<\/div>\n\t\t\t\t\t\t<\/div>\n\t\t\t\t<\/div>\n\t\t\t\t\t<\/div>\n\t\t<\/div>\n\t\t\t\t\t<\/div>\n\t\t<\/section>\n\t\t\t\t<\/div>","protected":false},"excerpt":{"rendered":"<p>CONDITIONS G\u00c9N\u00c9RALES Choisissez votre langue \/ Choose your language \/ Elige su idioma Fran\u00e7ais English Espanol Conditions g\u00e9n\u00e9rales de vente et de location Article 1- Objet Le pr\u00e9sent document a pour objet de fixer les modalit\u00e9s de location des v\u00e9los propos\u00e9s par La Cyclerie. Dans la suite du document, le souscripteur du contrat sera d\u00e9nomm\u00e9 [&hellip;]<\/p>\n","protected":false},"author":1,"featured_media":0,"parent":0,"menu_order":0,"comment_status":"closed","ping_status":"closed","template":"","meta":{"_monsterinsights_skip_tracking":false,"_monsterinsights_sitenote_active":false,"_monsterinsights_sitenote_note":"","_monsterinsights_sitenote_category":0,"footnotes":""},"class_list":["post-362","page","type-page","status-publish","hentry","entry","owp-thumbs-layout-horizontal","owp-btn-normal","owp-tabs-layout-horizontal","has-no-thumbnails","has-product-nav"],"yoast_head":"<!-- This site is optimized with the Yoast SEO plugin v27.5 - https:\/\/yoast.com\/product\/yoast-seo-wordpress\/ -->\n<title>CGV -<\/title>\n<meta name=\"description\" content=\"Pensez \u00e0 lire nos conditions de vente et de location. Je sais, c&#039;est long et fastidieux mais au moins vous \u00eates au courant de tout !\" \/>\n<meta name=\"robots\" content=\"index, follow, max-snippet:-1, max-image-preview:large, max-video-preview:-1\" \/>\n<link rel=\"canonical\" href=\"https:\/\/lacyclerie-leon.fr\/es\/cgv\/\" \/>\n<meta property=\"og:locale\" content=\"es_ES\" \/>\n<meta property=\"og:type\" content=\"article\" \/>\n<meta property=\"og:title\" content=\"CGV -\" \/>\n<meta property=\"og:description\" content=\"Pensez \u00e0 lire nos conditions de vente et de location. Je sais, c&#039;est long et fastidieux mais au moins vous \u00eates au courant de tout !\" \/>\n<meta property=\"og:url\" content=\"https:\/\/lacyclerie-leon.fr\/es\/cgv\/\" \/>\n<meta property=\"article:publisher\" content=\"https:\/\/www.facebook.com\/lacyclerieleon\" \/>\n<meta property=\"article:modified_time\" content=\"2021-02-18T14:16:47+00:00\" \/>\n<meta name=\"twitter:card\" content=\"summary_large_image\" \/>\n<meta name=\"twitter:label1\" content=\"Tiempo de lectura\" \/>\n\t<meta name=\"twitter:data1\" content=\"24 minutos\" \/>\n<script type=\"application\/ld+json\" class=\"yoast-schema-graph\">{\"@context\":\"https:\\\/\\\/schema.org\",\"@graph\":[{\"@type\":\"WebPage\",\"@id\":\"https:\\\/\\\/lacyclerie-leon.fr\\\/cgv\\\/\",\"url\":\"https:\\\/\\\/lacyclerie-leon.fr\\\/cgv\\\/\",\"name\":\"CGV -\",\"isPartOf\":{\"@id\":\"https:\\\/\\\/lacyclerie-leon.fr\\\/#website\"},\"datePublished\":\"2019-02-04T13:35:30+00:00\",\"dateModified\":\"2021-02-18T14:16:47+00:00\",\"description\":\"Pensez \u00e0 lire nos conditions de vente et de location. Je sais, c'est long et fastidieux mais au moins vous \u00eates au courant de tout !\",\"breadcrumb\":{\"@id\":\"https:\\\/\\\/lacyclerie-leon.fr\\\/cgv\\\/#breadcrumb\"},\"inLanguage\":\"es\",\"potentialAction\":[{\"@type\":\"ReadAction\",\"target\":[\"https:\\\/\\\/lacyclerie-leon.fr\\\/cgv\\\/\"]}]},{\"@type\":\"BreadcrumbList\",\"@id\":\"https:\\\/\\\/lacyclerie-leon.fr\\\/cgv\\\/#breadcrumb\",\"itemListElement\":[{\"@type\":\"ListItem\",\"position\":1,\"name\":\"Accueil\",\"item\":\"https:\\\/\\\/lacyclerie-leon.fr\\\/\"},{\"@type\":\"ListItem\",\"position\":2,\"name\":\"CGV\"}]},{\"@type\":\"WebSite\",\"@id\":\"https:\\\/\\\/lacyclerie-leon.fr\\\/#website\",\"url\":\"https:\\\/\\\/lacyclerie-leon.fr\\\/\",\"name\":\"\",\"description\":\"\",\"potentialAction\":[{\"@type\":\"SearchAction\",\"target\":{\"@type\":\"EntryPoint\",\"urlTemplate\":\"https:\\\/\\\/lacyclerie-leon.fr\\\/?s={search_term_string}\"},\"query-input\":{\"@type\":\"PropertyValueSpecification\",\"valueRequired\":true,\"valueName\":\"search_term_string\"}}],\"inLanguage\":\"es\"}]}<\/script>\n<!-- \/ Yoast SEO plugin. -->","yoast_head_json":{"title":"CGV -","description":"Pensez \u00e0 lire nos conditions de vente et de location. Je sais, c'est long et fastidieux mais au moins vous \u00eates au courant de tout !","robots":{"index":"index","follow":"follow","max-snippet":"max-snippet:-1","max-image-preview":"max-image-preview:large","max-video-preview":"max-video-preview:-1"},"canonical":"https:\/\/lacyclerie-leon.fr\/es\/cgv\/","og_locale":"es_ES","og_type":"article","og_title":"CGV -","og_description":"Pensez \u00e0 lire nos conditions de vente et de location. Je sais, c'est long et fastidieux mais au moins vous \u00eates au courant de tout !","og_url":"https:\/\/lacyclerie-leon.fr\/es\/cgv\/","article_publisher":"https:\/\/www.facebook.com\/lacyclerieleon","article_modified_time":"2021-02-18T14:16:47+00:00","twitter_card":"summary_large_image","twitter_misc":{"Tiempo de lectura":"24 minutos"},"schema":{"@context":"https:\/\/schema.org","@graph":[{"@type":"WebPage","@id":"https:\/\/lacyclerie-leon.fr\/cgv\/","url":"https:\/\/lacyclerie-leon.fr\/cgv\/","name":"CGV -","isPartOf":{"@id":"https:\/\/lacyclerie-leon.fr\/#website"},"datePublished":"2019-02-04T13:35:30+00:00","dateModified":"2021-02-18T14:16:47+00:00","description":"Pensez \u00e0 lire nos conditions de vente et de location. Je sais, c'est long et fastidieux mais au moins vous \u00eates au courant de tout !","breadcrumb":{"@id":"https:\/\/lacyclerie-leon.fr\/cgv\/#breadcrumb"},"inLanguage":"es","potentialAction":[{"@type":"ReadAction","target":["https:\/\/lacyclerie-leon.fr\/cgv\/"]}]},{"@type":"BreadcrumbList","@id":"https:\/\/lacyclerie-leon.fr\/cgv\/#breadcrumb","itemListElement":[{"@type":"ListItem","position":1,"name":"Accueil","item":"https:\/\/lacyclerie-leon.fr\/"},{"@type":"ListItem","position":2,"name":"CGV"}]},{"@type":"WebSite","@id":"https:\/\/lacyclerie-leon.fr\/#website","url":"https:\/\/lacyclerie-leon.fr\/","name":"","description":"","potentialAction":[{"@type":"SearchAction","target":{"@type":"EntryPoint","urlTemplate":"https:\/\/lacyclerie-leon.fr\/?s={search_term_string}"},"query-input":{"@type":"PropertyValueSpecification","valueRequired":true,"valueName":"search_term_string"}}],"inLanguage":"es"}]}},"_links":{"self":[{"href":"http:\/\/lacyclerie-leon.fr\/es\/wp-json\/wp\/v2\/pages\/362","targetHints":{"allow":["GET"]}}],"collection":[{"href":"http:\/\/lacyclerie-leon.fr\/es\/wp-json\/wp\/v2\/pages"}],"about":[{"href":"http:\/\/lacyclerie-leon.fr\/es\/wp-json\/wp\/v2\/types\/page"}],"author":[{"embeddable":true,"href":"http:\/\/lacyclerie-leon.fr\/es\/wp-json\/wp\/v2\/users\/1"}],"replies":[{"embeddable":true,"href":"http:\/\/lacyclerie-leon.fr\/es\/wp-json\/wp\/v2\/comments?post=362"}],"version-history":[{"count":22,"href":"http:\/\/lacyclerie-leon.fr\/es\/wp-json\/wp\/v2\/pages\/362\/revisions"}],"predecessor-version":[{"id":2271,"href":"http:\/\/lacyclerie-leon.fr\/es\/wp-json\/wp\/v2\/pages\/362\/revisions\/2271"}],"wp:attachment":[{"href":"http:\/\/lacyclerie-leon.fr\/es\/wp-json\/wp\/v2\/media?parent=362"}],"curies":[{"name":"wp","href":"https:\/\/api.w.org\/{rel}","templated":true}]}}