{"id":3318,"date":"2024-05-18T21:52:15","date_gmt":"2024-05-18T19:52:15","guid":{"rendered":"https:\/\/lacyclerie-leon.fr\/?page_id=3318"},"modified":"2024-06-06T19:53:55","modified_gmt":"2024-06-06T17:53:55","slug":"reservation-velo","status":"publish","type":"page","link":"https:\/\/lacyclerie-leon.fr\/en\/reservation-velo\/","title":{"rendered":"LOCUGO R\u00e9servation"},"content":{"rendered":"\t\t<div data-elementor-type=\"wp-page\" data-elementor-id=\"3318\" class=\"elementor elementor-3318\" data-elementor-post-type=\"page\">\n\t\t\t\t<div class=\"elementor-element elementor-element-77298d2 e-flex e-con-boxed e-con e-parent\" data-id=\"77298d2\" data-element_type=\"container\" data-e-type=\"container\">\n\t\t\t\t\t<div class=\"e-con-inner\">\n\t\t\t\t<div class=\"elementor-element elementor-element-019f9e0 elementor-widget elementor-widget-heading\" data-id=\"019f9e0\" data-element_type=\"widget\" data-e-type=\"widget\" data-widget_type=\"heading.default\">\n\t\t\t\t<div class=\"elementor-widget-container\">\n\t\t\t\t\t<h1 class=\"elementor-heading-title elementor-size-default\">R\u00e9servez votre location de v\u00e9los<\/h1>\t\t\t\t<\/div>\n\t\t\t\t<\/div>\n\t\t\t\t\t<\/div>\n\t\t\t\t<\/div>\n\t\t<div class=\"elementor-element elementor-element-58be4568 e-flex e-con-boxed e-con e-parent\" data-id=\"58be4568\" data-element_type=\"container\" data-e-type=\"container\" data-settings=\"{&quot;background_background&quot;:&quot;classic&quot;}\">\n\t\t\t\t\t<div class=\"e-con-inner\">\n\t\t<div class=\"elementor-element elementor-element-5478ea13 e-con-full elementor-col-33 e-flex e-con e-child\" data-id=\"5478ea13\" data-element_type=\"container\" data-e-type=\"container\" data-settings=\"{&quot;background_background&quot;:&quot;classic&quot;}\">\n\t\t\t\t<div class=\"elementor-element elementor-element-4b4f167 elementor-widget elementor-widget-heading\" data-id=\"4b4f167\" data-element_type=\"widget\" data-e-type=\"widget\" data-widget_type=\"heading.default\">\n\t\t\t\t<div class=\"elementor-widget-container\">\n\t\t\t\t\t<h2 class=\"elementor-heading-title elementor-size-default\">Renseignez  les dates de location souhait\u00e9es<br> \net cliquez sur Rechercher <\/h2>\t\t\t\t<\/div>\n\t\t\t\t<\/div>\n\t\t\t\t<div class=\"elementor-element elementor-element-743dacec elementor-widget elementor-widget-Locugo\" data-id=\"743dacec\" data-element_type=\"widget\" data-e-type=\"widget\" data-widget_type=\"Locugo.default\">\n\t\t\t\t<div class=\"elementor-widget-container\">\n\t\t\t\t\t\t\t\n\t\t<div class=\"elementor-container\">\n\t\t\t<h3 class=\"your-class\" style=\"text-align: center\"><\/h3>\n\t\t\t<form method=\"post\" action=\"\/reservation-liste-produit\">\n\t\t\t\t<input type=\"hidden\" name=\"form_id\" value=\"form1\">\n\t\t\t\t<input type=\"hidden\" name=\"cod_lang\" value=\"FRA\">\n\t\t\t\t<input type=\"hidden\" name=\"double_jour\" value=\"0\">\n\t\t\t\t<div class=\"\">\n\t\t\t\t\t<div >\n\t\t\t\t\t\t<div><label for=\"dateDebut\" style=\"line-height:50px\" class=\"date-label date-typo\">Date de d\u00e9but<\/label><\/div>\n\t\t\t\t\t\t<input style=\"width:300px\" type=\"date\" class=\"elementor-field elementor-form-control\" id=\"dateDebut\" name=\"dateDebut\" required>\n\t\t\t\t\t<\/div>\n\t\t\n\t\t\t\t\t<div class=\"\">\n\t\t\t\t\t\t<div><label for=\"dateFin\" style=\"line-height:50px\" class=\"date-label date-typo \">Date de fin<\/label><\/div>\n\t\t\t\t\t\t<input style=\"width:300px\" type=\"date\" class=\"elementor-field elementor-form-control\" id=\"dateFin\" name=\"dateFin\"  oninput=\"verifierDates()\" onchange=\"verifierDates()\" onfocus=\"enableDateValidation()\" required>\n\t\t\t\t\t\t<span id=\"erreurDate\" style=\"color: red;\"><\/span>\n\t\t\t\t\t<\/div>\n\t\t\t\t<\/div>\n\t\t\n\t\t\t\t<div class=\"form-group\">\n\t\t\t\t  <label for=\"arr_tardive\" class=\"phrase1-color phrase1 phrase1-spacing\">Comptez-vous r\u00e9cup\u00e9rer vos v\u00e9los apr\u00e8s 15h ?<\/label>\n\t\t\t\t<\/div>\n\t\t\t\t<div class=\"form-group\">\n\t\t\t\t\t<label class=\"form-check-label\" for=\"choixOui\">Non<\/label>\n\t\t\t\t\t<div class=\"form-check toggle-switch\">\n\t\t\t\t\t\t<input type=\"hidden\" name=\"arr_tardive\" value=\"non\"> <!-- Champ cach\u00e9 avec la valeur \"non\" par d\u00e9faut -->\n\t\t\t\t\t\t<input type=\"checkbox\" class=\"form-check-input\" id=\"choixOui\" name=\"arr_tardive\" value=\"oui\">\n\t\t\t\t\t\t<label class=\"toggle-label\" for=\"choixOui\"><\/label>\n\t\t\t\t\t<\/div>\n\t\t\t\t\t<p class=\"phrase2\">Si oui, votre dur\u00e9e de location sera r\u00e9duite d&#039;un jour, car nous vous offrons l&#039;apr\u00e8s-midi<\/p>\n\t\t\t\t<\/div>\n\t\t\t\t \n\t\t\t\t<!-- Champ suppl\u00e9mentaire pour la dur\u00e9e -->\n\t\t\t\t<div id=\"champDuree\" style=\"display: none;\">\n\t\t\t\t\t<label>D\u00e9sirez-vous garder vos v\u00e9los pour 2 jours ou 24h ?<\/label>\n\t\t\t\t\t<input type=\"radio\" id=\"aucun\" name=\"double_jour\" value=\"0\" checked> <br>\n\t\t\t\t\t<input type=\"radio\" id=\"2jours\" name=\"double_jour\" value=\"2\"> 2 jours\n\t\t\t\t\t<input type=\"radio\" id=\"24h\" name=\"double_jour\" value=\"1\"> 24h\n\t\t\t\t<\/div>\n\t\t\t\t<div class=\"rechercher\">\n\t\t\t\t<button type=\"submit\" class=\"elementor-button rechercher\" id=\"boutonSoumission\" name=\"locugo_form1\" >RECHERCHER<\/button>\n\t\t\t\t<\/div>\n\t\t\t<\/form>\n\t\t<\/div>\n\t\t<script>\t\n\t\tconst switchInput = document.getElementById('choixOui');\n\t\tconst hiddenInput = document.querySelector('input[name=\"arr_tardive\"]');\n\t\tconst labelOui = document.querySelector('label[for=\"choixOui\"]');\n\t\t\n\t\tfunction updateSwitch() {\n\t\t\tif (switchInput.checked) {\n\t\t\t\tlabelOui.textContent = \"Oui\";\n\t\t\t\tswitchInput.value = \"oui\";\n\t\t\t} else {\n\t\t\t\tlabelOui.textContent = \"Non\";\n\t\t\t\tswitchInput.value = \"non\";\n\t\t\t\tif (!switchInput.checked) {\n\t\t\t\t\thiddenInput.value = \"non\"; \/\/ Mettre \u00e0 jour la valeur du champ cach\u00e9 uniquement lorsque la case est d\u00e9coch\u00e9e\n\t\t\t\t}\n\t\t\t}\n\t\t}\n\t\t\n\t\tswitchInput.addEventListener('change', updateSwitch);\n\t\t\n\t\tdocument.addEventListener('DOMContentLoaded', function() {\n\t\t\tupdateSwitch(); \/\/ Assurez-vous que la valeur est correctement d\u00e9finie au chargement de la page\n\t\t});\n\t\t\t\n\t\t\t\/\/ Fonction pour v\u00e9rifier la validit\u00e9 des dates et g\u00e9rer l'affichage du champ suppl\u00e9mentaire\n\t\t\tfunction verifierDates() {\n\t\t\t\tvar dateDebut = document.getElementById('dateDebut').value;\n\t\t\t\tvar dateFin = document.getElementById('dateFin').value;\n\t\t\t\tvar erreurDate = document.getElementById('erreurDate');\n\t\t\t\tvar boutonSoumission = document.getElementById('boutonSoumission');\n\t\t\t\tvar champDuree = document.getElementById('champDuree');\n\t\t\n\t\t\t\t\/\/ Conversion des dates en objets Date\n\t\t\t\tvar debut = new Date(dateDebut);\n\t\t\t\tvar fin = new Date(dateFin);\n\t\t\n\t\t\t\t\/\/ V\u00e9rification si la date de fin est inf\u00e9rieure \u00e0 la date de d\u00e9but\n\t\t\t\tif (fin < debut) {\n\t\t\t\t\terreurDate.textContent = 'La date de fin doit \u00eatre sup\u00e9rieure \u00e0 la date de d\u00e9but.';\n\t\t\t\t\tboutonSoumission.disabled = true; \/\/ D\u00e9sactive le bouton de soumission\n\t\t\t\t\tchampDuree.style.display = 'none'; \/\/ Cache le champ de dur\u00e9e\n\t\t\t\t} else {\n\t\t\t\t\terreurDate.textContent = '';\n\t\t\t\t\tboutonSoumission.disabled = false; \/\/ Active le bouton de soumission\n\t\t\n\t\t\t\t\t\/\/ Calcul de la diff\u00e9rence en jours\n\t\t\t\t\tvar differenceEnJours = Math.ceil((fin - debut) \/ (1000 * 60 * 60 * 24));\n\t\t\t\t\tdeuxjoursBtn = document.getElementById('2jours');\n\t\t\t\t\taucunBtn = document.getElementById('aucun');\n\t\t\t\t\t\/\/ Affichage du champ de dur\u00e9e si la diff\u00e9rence est J+1\n\t\t\t\t\tif (differenceEnJours === 1) {\n\t\t\t\t\t\tchampDuree.style.display = 'block';\n\t\t\t\t\t\t\/\/ Set the radio button to checked\n\t\t\t\t\t\taucunBtn.style.display = 'none';\n\t\t\t\t\t\taucunBtn.checked = false;\n\t\t\t\t\t\tdeuxjoursBtn.checked = true;\n\t\t\t\t\t\t\n\t\t\t\t\t} else {\n\t\t\t\t\t\tchampDuree.style.display = 'none';\n\t\t\t\t\t\tdeuxjoursBtn.checked = false;\n\t\t\t\t\t\taucunBtn.checked = true;\n\t\t\t\t\t}\n\t\t\t\t}\n\t\t\t}\n\t\t\tfunction enableDateValidation() {\n\t\t\t\t\/\/ Activer la v\u00e9rification de la date lorsque l'utilisateur revient au champ de saisie\n\t\t\t\tverifierDates();\n\t\t\t}\n\t\t\t\/\/ Ex\u00e9cuter la v\u00e9rification de la date lors du chargement de la page\n\t\t\tdocument.addEventListener('DOMContentLoaded', function() {\n\t\t\t\t\/\/alert('test');\n\t\t\t\tverifierDates();\n\t\t\t});\n\t\t<\/script>\n\t\t\n\t\t\t\t\t\t<\/div>\n\t\t\t\t<\/div>\n\t\t\t\t<\/div>\n\t\t<div class=\"elementor-element elementor-element-51d1b76f e-con-full elementor-col-70 e-flex e-con e-child\" data-id=\"51d1b76f\" data-element_type=\"container\" data-e-type=\"container\" data-settings=\"{&quot;background_background&quot;:&quot;classic&quot;}\">\n\t\t\t\t<\/div>\n\t\t\t\t\t<\/div>\n\t\t\t\t<\/div>\n\t\t<div class=\"elementor-element elementor-element-7d625563 e-flex e-con-boxed e-con e-parent\" data-id=\"7d625563\" data-element_type=\"container\" data-e-type=\"container\">\n\t\t\t\t\t<div class=\"e-con-inner\">\n\t\t<div class=\"elementor-element elementor-element-3c5d6b02 e-con-full e-flex e-con e-child\" data-id=\"3c5d6b02\" data-element_type=\"container\" data-e-type=\"container\">\n\t\t\t\t<div class=\"elementor-element elementor-element-3cfa159f elementor-widget elementor-widget-image\" data-id=\"3cfa159f\" data-element_type=\"widget\" data-e-type=\"widget\" data-widget_type=\"image.default\">\n\t\t\t\t<div class=\"elementor-widget-container\">\n\t\t\t\t\t\t\t\t\t\t\t\t\t\t\t<img fetchpriority=\"high\" decoding=\"async\" width=\"1024\" height=\"683\" src=\"https:\/\/lacyclerie-leon.fr\/wp-content\/uploads\/2024\/05\/velo-lac.jpg\" class=\"attachment-large size-large wp-image-3296\" alt=\"\" srcset=\"https:\/\/lacyclerie-leon.fr\/wp-content\/uploads\/2024\/05\/velo-lac.jpg 1024w, https:\/\/lacyclerie-leon.fr\/wp-content\/uploads\/2024\/05\/velo-lac-300x200.jpg 300w, https:\/\/lacyclerie-leon.fr\/wp-content\/uploads\/2024\/05\/velo-lac-768x512.jpg 768w, https:\/\/lacyclerie-leon.fr\/wp-content\/uploads\/2024\/05\/velo-lac-600x400.jpg 600w\" sizes=\"(max-width: 1024px) 100vw, 1024px\" \/>\t\t\t\t\t\t\t\t\t\t\t\t\t\t\t<\/div>\n\t\t\t\t<\/div>\n\t\t\t\t<\/div>\n\t\t<div class=\"elementor-element elementor-element-53252d56 e-con-full e-flex e-con e-child\" data-id=\"53252d56\" data-element_type=\"container\" data-e-type=\"container\">\n\t\t\t\t<div class=\"elementor-element elementor-element-3ccd2ec3 elementor-widget elementor-widget-heading\" data-id=\"3ccd2ec3\" data-element_type=\"widget\" data-e-type=\"widget\" data-widget_type=\"heading.default\">\n\t\t\t\t<div class=\"elementor-widget-container\">\n\t\t\t\t\t<h2 class=\"elementor-heading-title elementor-size-default\">Bienvenue sur le moteur de r\u00e9servation <br>de La Cyclerie<\/h2>\t\t\t\t<\/div>\n\t\t\t\t<\/div>\n\t\t\t\t<div class=\"elementor-element elementor-element-4aa88500 elementor-widget elementor-widget-text-editor\" data-id=\"4aa88500\" data-element_type=\"widget\" data-e-type=\"widget\" data-widget_type=\"text-editor.default\">\n\t\t\t\t<div class=\"elementor-widget-container\">\n\t\t\t\t\t\t\t\t\t<p>Le choix qualit\u00e9 pour votre location de v\u00e9los \u00e0 L\u00e9on, Moliets-et-Maa et Vielle-St-Girons.<\/p><p>Choisissez les v\u00e9los de vos vacances parmi notre s\u00e9lection de v\u00e9los de qualit\u00e9 fran\u00e7aise ! Leur disponibilit\u00e9 est calcul\u00e9e en temps r\u00e9el en fonction de la date renseign\u00e9e.<\/p><p>Pour valider votre r\u00e9servation, un acompte de 10% vous sera demand\u00e9.<\/p><p>Merci beaucoup pour votre confiance <br \/>et \u00e0 tr\u00e8s vite dans les Landes !<\/p>\t\t\t\t\t\t\t\t<\/div>\n\t\t\t\t<\/div>\n\t\t\t\t<\/div>\n\t\t\t\t\t<\/div>\n\t\t\t\t<\/div>\n\t\t\t\t<section class=\"elementor-section elementor-top-section elementor-element elementor-element-27833108 elementor-section-boxed elementor-section-height-default elementor-section-height-default\" data-id=\"27833108\" data-element_type=\"section\" data-e-type=\"section\" data-settings=\"{&quot;background_background&quot;:&quot;classic&quot;}\">\n\t\t\t\t\t\t<div class=\"elementor-container elementor-column-gap-wide\">\n\t\t\t\t\t<div class=\"elementor-column elementor-col-100 elementor-top-column elementor-element elementor-element-ec7637c\" data-id=\"ec7637c\" data-element_type=\"column\" data-e-type=\"column\" data-settings=\"{&quot;background_background&quot;:&quot;classic&quot;}\">\n\t\t\t<div class=\"elementor-widget-wrap elementor-element-populated\">\n\t\t\t\t\t\t<div class=\"elementor-element elementor-element-3b7f5a03 elementor-widget elementor-widget-heading\" data-id=\"3b7f5a03\" data-element_type=\"widget\" data-e-type=\"widget\" data-widget_type=\"heading.default\">\n\t\t\t\t<div class=\"elementor-widget-container\">\n\t\t\t\t\t<h2 class=\"elementor-heading-title elementor-size-large\">Livraison \u00e0 Domicile<\/h2>\t\t\t\t<\/div>\n\t\t\t\t<\/div>\n\t\t\t\t<div class=\"elementor-element elementor-element-13ed57f4 elementor-view-default elementor-widget elementor-widget-icon\" data-id=\"13ed57f4\" data-element_type=\"widget\" data-e-type=\"widget\" data-widget_type=\"icon.default\">\n\t\t\t\t<div class=\"elementor-widget-container\">\n\t\t\t\t\t\t\t<div class=\"elementor-icon-wrapper\">\n\t\t\t<a class=\"elementor-icon\" href=\"https:\/\/lacyclerie-leon.fr\/livraison-de-velo\/\">\n\t\t\t<i aria-hidden=\"true\" class=\"fas fa-truck\"><\/i>\t\t\t<\/a>\n\t\t<\/div>\n\t\t\t\t\t\t<\/div>\n\t\t\t\t<\/div>\n\t\t\t\t<div class=\"elementor-element elementor-element-55539171 elementor-widget elementor-widget-text-editor\" data-id=\"55539171\" data-element_type=\"widget\" data-e-type=\"widget\" data-widget_type=\"text-editor.default\">\n\t\t\t\t<div class=\"elementor-widget-container\">\n\t\t\t\t\t\t\t\t\t<div class=\"et_pb_text et_pb_module et_pb_bg_layout_light et_pb_text_align_left et_pb_text_10\"><div class=\"et_pb_text_inner\"><p><strong>SERVICE DE LIVRAISON GRATUITE !\u00a0<\/strong><\/p><p>Si vous d\u00e9sirez profiter de <a href=\"https:\/\/lacyclerie-leon.fr\/livraison-de-velo\/\">la livraison \u00e0 domicile<\/a>, merci de cocher la case \u00ab\u00a0Livraison\u00a0\u00bb au d\u00e9but de votre r\u00e9servation. <strong>Prenez soin de v\u00e9rifier que vous remplissez bien les conditions pour b\u00e9n\u00e9ficier de ce service.<\/strong> Nous reviendrons vers vous d\u00e8s que possible pour convenir des modalit\u00e9s d\u2019organisation.\u00a0<\/p><p>Nous livrons \u00e0 <a href=\"https:\/\/lacyclerie-leon.fr\/louer-un-velo-a-vielle-saint-girons-40560\/\">Vielle-Saint-Girons<\/a>, Linxe, <a href=\"https:\/\/lacyclerie-leon.fr\/louer-un-velo-a-moliets-40660\/\" target=\"_blank\" rel=\"noopener\">Moliets-et-Maa<\/a> et Saint-Michel-Escalus. A <a href=\"https:\/\/lacyclerie-leon.fr\/leon-40550\/\" target=\"_blank\" rel=\"noopener\">L\u00e9on<\/a>, nous livrons aussi en hors saison au <a href=\"https:\/\/www.capfun.com\/camping-france-aquitaine-lou_puntaou-FR.html?referer=57505&amp;gclid=CjwKCAjw_YPnBRBREiwAIP6TJ0onslOVk6xEWD5qvYm4g3ZVbZe4LlFMqnNTO97myicm8Hv4pFp9UhoCZg0QAvD_BwE\" target=\"_blank\" rel=\"noopener\">camping Lou Puntaou<\/a>\u00a0ou au\u00a0<a href=\"http:\/\/www.villagesouslespins.fr\/\" target=\"_blank\" rel=\"noopener\">Village sous les pins<\/a>. Dans L\u00e9on pour les mois de Juillet et aout, nous ne livrons qu&rsquo;au Village sous les pins.\u00a0<\/p><p><strong>LIVRAISON DISPONIBLE D\u00c8S 3 JOURS DE LOCATION (Minimum deux v\u00e9los) !<\/strong><\/p><p>En pleine saison nous ne pourrons peut \u00eatre pas vous livrer au cr\u00e9neau qui vous convient le plus. Nous tacherons dans tous les cas de trouver une solution qui vous arrange nous et vous. \u00a0<\/p><p>N.B : Si \u00e0 la veille de votre arriv\u00e9e nous n&rsquo;\u00e9tions toujours pas revenu vers vous pour fixer un rendez-vous, alors n&rsquo;h\u00e9sitez pas \u00e0 nous appeler !<\/p><p>Vous avez des questions sur la livraison de v\u00e9lo ? Allez visiter notre page d\u00e9di\u00e9 de <a href=\"https:\/\/lacyclerie-leon.fr\/livraison-de-velo\/\">questions\/r\u00e9ponses.<\/a>\u00a0<\/p><\/div><\/div><div class=\"et_pb_text et_pb_module et_pb_bg_layout_light et_pb_text_align_left et_pb_text_11\"><div class=\"et_pb_text_inner\">\u00a0<\/div><\/div>\t\t\t\t\t\t\t\t<\/div>\n\t\t\t\t<\/div>\n\t\t\t\t\t<\/div>\n\t\t<\/div>\n\t\t\t\t\t<\/div>\n\t\t<\/section>\n\t\t\t\t<section class=\"elementor-section elementor-top-section elementor-element elementor-element-db73b14 elementor-section-boxed elementor-section-height-default elementor-section-height-default\" data-id=\"db73b14\" data-element_type=\"section\" data-e-type=\"section\">\n\t\t\t\t\t\t<div class=\"elementor-container elementor-column-gap-wide\">\n\t\t\t\t\t<div class=\"elementor-column elementor-col-100 elementor-top-column elementor-element elementor-element-2fd89cee\" data-id=\"2fd89cee\" data-element_type=\"column\" data-e-type=\"column\">\n\t\t\t<div class=\"elementor-widget-wrap elementor-element-populated\">\n\t\t\t\t\t\t<div class=\"elementor-element elementor-element-763c3e01 elementor-widget elementor-widget-heading\" data-id=\"763c3e01\" data-element_type=\"widget\" data-e-type=\"widget\" data-widget_type=\"heading.default\">\n\t\t\t\t<div class=\"elementor-widget-container\">\n\t\t\t\t\t<h2 class=\"elementor-heading-title elementor-size-large\">Questions fr\u00e9qentes<\/h2>\t\t\t\t<\/div>\n\t\t\t\t<\/div>\n\t\t\t\t<div class=\"elementor-element elementor-element-30a80fe4 elementor-widget elementor-widget-spacer\" data-id=\"30a80fe4\" data-element_type=\"widget\" data-e-type=\"widget\" data-widget_type=\"spacer.default\">\n\t\t\t\t<div class=\"elementor-widget-container\">\n\t\t\t\t\t\t\t<div class=\"elementor-spacer\">\n\t\t\t<div class=\"elementor-spacer-inner\"><\/div>\n\t\t<\/div>\n\t\t\t\t\t\t<\/div>\n\t\t\t\t<\/div>\n\t\t\t\t<div class=\"elementor-element elementor-element-4f01bad7 elementor-widget elementor-widget-toggle\" data-id=\"4f01bad7\" data-element_type=\"widget\" data-e-type=\"widget\" data-widget_type=\"toggle.default\">\n\t\t\t\t<div class=\"elementor-widget-container\">\n\t\t\t\t\t\t\t<div class=\"elementor-toggle\">\n\t\t\t\t\t\t\t<div class=\"elementor-toggle-item\">\n\t\t\t\t\t<div id=\"elementor-tab-title-1321\" class=\"elementor-tab-title\" data-tab=\"1\" role=\"button\" aria-controls=\"elementor-tab-content-1321\" aria-expanded=\"false\">\n\t\t\t\t\t\t\t\t\t\t\t\t<span class=\"elementor-toggle-icon elementor-toggle-icon-left\" aria-hidden=\"true\">\n\t\t\t\t\t\t\t\t\t\t\t\t\t\t\t<span class=\"elementor-toggle-icon-closed\"><i class=\"fas fa-caret-right\"><\/i><\/span>\n\t\t\t\t\t\t\t\t<span class=\"elementor-toggle-icon-opened\"><i class=\"elementor-toggle-icon-opened fas fa-caret-up\"><\/i><\/span>\n\t\t\t\t\t\t\t\t\t\t\t\t\t<\/span>\n\t\t\t\t\t\t\t\t\t\t\t\t<a class=\"elementor-toggle-title\" tabindex=\"0\">Quels types de paiement acceptez vous ?<\/a>\n\t\t\t\t\t<\/div>\n\n\t\t\t\t\t<div id=\"elementor-tab-content-1321\" class=\"elementor-tab-content elementor-clearfix\" data-tab=\"1\" role=\"region\" aria-labelledby=\"elementor-tab-title-1321\"><p>Nous acceptons les paiements en esp\u00e8ces, carte de cr\u00e9dit Visa ou mastercard, ch\u00e8ques bancaires et ch\u00e8que vacances ANCV.<\/p><\/div>\n\t\t\t\t<\/div>\n\t\t\t\t\t\t\t<div class=\"elementor-toggle-item\">\n\t\t\t\t\t<div id=\"elementor-tab-title-1322\" class=\"elementor-tab-title\" data-tab=\"2\" role=\"button\" aria-controls=\"elementor-tab-content-1322\" aria-expanded=\"false\">\n\t\t\t\t\t\t\t\t\t\t\t\t<span class=\"elementor-toggle-icon elementor-toggle-icon-left\" aria-hidden=\"true\">\n\t\t\t\t\t\t\t\t\t\t\t\t\t\t\t<span class=\"elementor-toggle-icon-closed\"><i class=\"fas fa-caret-right\"><\/i><\/span>\n\t\t\t\t\t\t\t\t<span class=\"elementor-toggle-icon-opened\"><i class=\"elementor-toggle-icon-opened fas fa-caret-up\"><\/i><\/span>\n\t\t\t\t\t\t\t\t\t\t\t\t\t<\/span>\n\t\t\t\t\t\t\t\t\t\t\t\t<a class=\"elementor-toggle-title\" tabindex=\"0\">Les accessoires sont-ils inclus dans le prix ?\u00a0<\/a>\n\t\t\t\t\t<\/div>\n\n\t\t\t\t\t<div id=\"elementor-tab-content-1322\" class=\"elementor-tab-content elementor-clearfix\" data-tab=\"2\" role=\"region\" aria-labelledby=\"elementor-tab-title-1322\"><p>Oui, tous les accessoires dont dispose La Cyclerie sont inclus \u00e0 l&rsquo;exception des si\u00e8ges enfants, paniers et support t\u00e9l\u00e9phone. Et si vous veniez \u00e0 crever une roue, la r\u00e9paration de la premi\u00e8re crevaison par v\u00e9lo est elle aussi\u00a0 inclue.\u00a0<\/p><\/div>\n\t\t\t\t<\/div>\n\t\t\t\t\t\t\t<div class=\"elementor-toggle-item\">\n\t\t\t\t\t<div id=\"elementor-tab-title-1323\" class=\"elementor-tab-title\" data-tab=\"3\" role=\"button\" aria-controls=\"elementor-tab-content-1323\" aria-expanded=\"false\">\n\t\t\t\t\t\t\t\t\t\t\t\t<span class=\"elementor-toggle-icon elementor-toggle-icon-left\" aria-hidden=\"true\">\n\t\t\t\t\t\t\t\t\t\t\t\t\t\t\t<span class=\"elementor-toggle-icon-closed\"><i class=\"fas fa-caret-right\"><\/i><\/span>\n\t\t\t\t\t\t\t\t<span class=\"elementor-toggle-icon-opened\"><i class=\"elementor-toggle-icon-opened fas fa-caret-up\"><\/i><\/span>\n\t\t\t\t\t\t\t\t\t\t\t\t\t<\/span>\n\t\t\t\t\t\t\t\t\t\t\t\t<a class=\"elementor-toggle-title\" tabindex=\"0\">Combien pr\u00e9levez vous lors de la r\u00e9servation ?\u00a0<\/a>\n\t\t\t\t\t<\/div>\n\n\t\t\t\t\t<div id=\"elementor-tab-content-1323\" class=\"elementor-tab-content elementor-clearfix\" data-tab=\"3\" role=\"region\" aria-labelledby=\"elementor-tab-title-1323\"><p>En cas de r\u00e9servation, nous ne pr\u00e9levons que 10% du montant total de votre r\u00e9servation en guise d&rsquo;acompte. Cela vous laisse la possibilit\u00e9 de solder le contrat lors du retrait des v\u00e9los en magasin ou lors de la livraison \u00e0 domicile, de la mani\u00e8re que vous voulez. En cas d&rsquo;annulation, nous nous engageons \u00e0 vous rembourser ces 10%, \u00a0sauf uniquement en cas d&rsquo;annulation tardive, c&rsquo;est \u00e0 dire, moins de 2 jours avant la date de retrait des v\u00e9los.\u00a0<\/p><\/div>\n\t\t\t\t<\/div>\n\t\t\t\t\t\t\t<div class=\"elementor-toggle-item\">\n\t\t\t\t\t<div id=\"elementor-tab-title-1324\" class=\"elementor-tab-title\" data-tab=\"4\" role=\"button\" aria-controls=\"elementor-tab-content-1324\" aria-expanded=\"false\">\n\t\t\t\t\t\t\t\t\t\t\t\t<span class=\"elementor-toggle-icon elementor-toggle-icon-left\" aria-hidden=\"true\">\n\t\t\t\t\t\t\t\t\t\t\t\t\t\t\t<span class=\"elementor-toggle-icon-closed\"><i class=\"fas fa-caret-right\"><\/i><\/span>\n\t\t\t\t\t\t\t\t<span class=\"elementor-toggle-icon-opened\"><i class=\"elementor-toggle-icon-opened fas fa-caret-up\"><\/i><\/span>\n\t\t\t\t\t\t\t\t\t\t\t\t\t<\/span>\n\t\t\t\t\t\t\t\t\t\t\t\t<a class=\"elementor-toggle-title\" tabindex=\"0\">Comment r\u00e9cup\u00e9rer mes v\u00e9los r\u00e9serv\u00e9s ?\u00a0<\/a>\n\t\t\t\t\t<\/div>\n\n\t\t\t\t\t<div id=\"elementor-tab-content-1324\" class=\"elementor-tab-content elementor-clearfix\" data-tab=\"4\" role=\"region\" aria-labelledby=\"elementor-tab-title-1324\"><p><strong>\u00a0<\/strong>Venez les retirer directement au magasin le jour J, \u00e0 L\u00e9on au 27 place du docteur Dufau, avec votre bon de r\u00e9servation ou une pi\u00e8ce d&rsquo;identit\u00e9.\u00a0<\/p><\/div>\n\t\t\t\t<\/div>\n\t\t\t\t\t\t\t<div class=\"elementor-toggle-item\">\n\t\t\t\t\t<div id=\"elementor-tab-title-1325\" class=\"elementor-tab-title\" data-tab=\"5\" role=\"button\" aria-controls=\"elementor-tab-content-1325\" aria-expanded=\"false\">\n\t\t\t\t\t\t\t\t\t\t\t\t<span class=\"elementor-toggle-icon elementor-toggle-icon-left\" aria-hidden=\"true\">\n\t\t\t\t\t\t\t\t\t\t\t\t\t\t\t<span class=\"elementor-toggle-icon-closed\"><i class=\"fas fa-caret-right\"><\/i><\/span>\n\t\t\t\t\t\t\t\t<span class=\"elementor-toggle-icon-opened\"><i class=\"elementor-toggle-icon-opened fas fa-caret-up\"><\/i><\/span>\n\t\t\t\t\t\t\t\t\t\t\t\t\t<\/span>\n\t\t\t\t\t\t\t\t\t\t\t\t<a class=\"elementor-toggle-title\" tabindex=\"0\">Et si j'ai choisi de me faire livrer ?\u00a0<\/a>\n\t\t\t\t\t<\/div>\n\n\t\t\t\t\t<div id=\"elementor-tab-content-1325\" class=\"elementor-tab-content elementor-clearfix\" data-tab=\"5\" role=\"region\" aria-labelledby=\"elementor-tab-title-1325\"><p>Lors de votre r\u00e9servation en ligne, vous sp\u00e9cifiez votre adresse de vacances ainsi que le cr\u00e9neau horaire de livraison souhait\u00e9 que nous validerons peu avant votre arriv\u00e9e. Lors de la livraison des v\u00e9los, vous convenez avec notre livreur d\u2019un rendez-vous pour la r\u00e9cup\u00e9ration du mat\u00e9riel en fin de s\u00e9jour.\u00a0<\/p><p>Attention nous livrons \u00e9norm\u00e9ment en \u00e9t\u00e9, vous ne serez peut \u00eatre pas livr\u00e9s en premier, d\u00e9sol\u00e9 :) Nous livrons \u00e0 Vielle-Saint-Girons, Linxe, Moliets-et -Maa et Saint Michel d&rsquo;Escalus.<\/p><\/div>\n\t\t\t\t<\/div>\n\t\t\t\t\t\t\t\t<\/div>\n\t\t\t\t\t\t<\/div>\n\t\t\t\t<\/div>\n\t\t\t\t<div class=\"elementor-element elementor-element-706cf948 elementor-widget elementor-widget-heading\" data-id=\"706cf948\" data-element_type=\"widget\" data-e-type=\"widget\" data-widget_type=\"heading.default\">\n\t\t\t\t<div class=\"elementor-widget-container\">\n\t\t\t\t\t<h3 class=\"elementor-heading-title elementor-size-default\">N'h\u00e9sitez pas \u00e0 consulter notre \"Foire aux questions\" pour plus de renseignements.<\/h3>\t\t\t\t<\/div>\n\t\t\t\t<\/div>\n\t\t\t\t<div class=\"elementor-element elementor-element-112d66d5 elementor-widget elementor-widget-ucaddon_gradient_button\" data-id=\"112d66d5\" data-element_type=\"widget\" data-e-type=\"widget\" data-widget_type=\"ucaddon_gradient_button.default\">\n\t\t\t\t<div class=\"elementor-widget-container\">\n\t\t\t\t\t\n<!-- start Gradient Button -->\n<style>\/* widget: Gradient Button *\/\n\n#uc_gradient_button_elementor_112d66d5 a {\n  display:inline-block;\n  text-align: center;\n  transition: 0.5s;\n  background-size: 200% auto;\n  color: white;\n \/* text-shadow: 0px 0px 10px rgba(0,0,0,0.2);*\/\n  box-shadow: 0 5px 20px rgba(0,0,0,0.15);\n  border-radius: 100px;\n   background-image: linear-gradient(to right, #FBB800 0%, #fda085 51%, #FBB800 100%);\n  text-decoration:none\n }\n\n\n#uc_gradient_button_elementor_112d66d5 a:hover {\n  background-position: right center; \/* change the direction of the change here *\/\n}\n\n<\/style>\n\n<div style=\"text-align:center;\" id=\"uc_gradient_button_elementor_112d66d5\">\n  <a href=\"https:\/\/lacyclerie-leon.fr\/faq\/\"  class=\"gradient_button\">F A Q <\/a>\n<\/div>\n<!-- end Gradient Button -->\t\t\t\t<\/div>\n\t\t\t\t<\/div>\n\t\t\t\t\t<\/div>\n\t\t<\/div>\n\t\t\t\t\t<\/div>\n\t\t<\/section>\n\t\t\t\t<\/div>\n\t\t","protected":false},"excerpt":{"rendered":"<p>R\u00e9servez votre location de v\u00e9los Renseignez les dates de location souhait\u00e9es et cliquez sur Rechercher Date de d\u00e9but Date de fin Comptez-vous r\u00e9cup\u00e9rer vos v\u00e9los apr\u00e8s 15h ? Non Si oui, votre dur\u00e9e de location sera r\u00e9duite d&#039;un jour, car nous vous offrons l&#039;apr\u00e8s-midi D\u00e9sirez-vous garder vos v\u00e9los pour 2 jours ou 24h ? 2 [&hellip;]<\/p>\n","protected":false},"author":1,"featured_media":0,"parent":0,"menu_order":0,"comment_status":"closed","ping_status":"closed","template":"","meta":{"_monsterinsights_skip_tracking":false,"_monsterinsights_sitenote_active":false,"_monsterinsights_sitenote_note":"","_monsterinsights_sitenote_category":0,"footnotes":""},"class_list":["post-3318","page","type-page","status-publish","hentry","entry","owp-thumbs-layout-horizontal","owp-btn-normal","owp-tabs-layout-horizontal","has-no-thumbnails","has-product-nav"],"yoast_head":"<!-- This site is optimized with the Yoast SEO plugin v27.5 - https:\/\/yoast.com\/product\/yoast-seo-wordpress\/ -->\n<title>R\u00e9servation en ligne - La Cyclerie de L\u00e9on<\/title>\n<meta name=\"robots\" content=\"noindex, nofollow\" \/>\n<meta property=\"og:locale\" content=\"en_GB\" \/>\n<meta property=\"og:type\" content=\"article\" \/>\n<meta property=\"og:title\" content=\"R\u00e9servation en ligne - La Cyclerie de L\u00e9on\" \/>\n<meta property=\"og:description\" content=\"R\u00e9servez votre location de v\u00e9los Renseignez les dates de location souhait\u00e9es et cliquez sur Rechercher Date de d\u00e9but Date de fin Comptez-vous r\u00e9cup\u00e9rer vos v\u00e9los apr\u00e8s 15h ? Non Si oui, votre dur\u00e9e de location sera r\u00e9duite d&#039;un jour, car nous vous offrons l&#039;apr\u00e8s-midi D\u00e9sirez-vous garder vos v\u00e9los pour 2 jours ou 24h ? 2 [&hellip;]\" \/>\n<meta property=\"og:url\" content=\"https:\/\/lacyclerie-leon.fr\/en\/reservation-velo\/\" \/>\n<meta property=\"article:publisher\" content=\"https:\/\/www.facebook.com\/lacyclerieleon\" \/>\n<meta property=\"article:modified_time\" content=\"2024-06-06T17:53:55+00:00\" \/>\n<meta property=\"og:image\" content=\"https:\/\/lacyclerie-leon.fr\/wp-content\/uploads\/2024\/05\/velo-lac.jpg\" \/>\n<meta name=\"twitter:card\" content=\"summary_large_image\" \/>\n<meta name=\"twitter:label1\" content=\"Estimated reading time\" \/>\n\t<meta name=\"twitter:data1\" content=\"4 minutes\" \/>\n<script type=\"application\/ld+json\" class=\"yoast-schema-graph\">{\"@context\":\"https:\\\/\\\/schema.org\",\"@graph\":[{\"@type\":\"WebPage\",\"@id\":\"https:\\\/\\\/lacyclerie-leon.fr\\\/reservation-velo\\\/\",\"url\":\"https:\\\/\\\/lacyclerie-leon.fr\\\/reservation-velo\\\/\",\"name\":\"R\u00e9servation en ligne - La Cyclerie de L\u00e9on\",\"isPartOf\":{\"@id\":\"https:\\\/\\\/lacyclerie-leon.fr\\\/#website\"},\"primaryImageOfPage\":{\"@id\":\"https:\\\/\\\/lacyclerie-leon.fr\\\/reservation-velo\\\/#primaryimage\"},\"image\":{\"@id\":\"https:\\\/\\\/lacyclerie-leon.fr\\\/reservation-velo\\\/#primaryimage\"},\"thumbnailUrl\":\"https:\\\/\\\/lacyclerie-leon.fr\\\/wp-content\\\/uploads\\\/2024\\\/05\\\/velo-lac.jpg\",\"datePublished\":\"2024-05-18T19:52:15+00:00\",\"dateModified\":\"2024-06-06T17:53:55+00:00\",\"breadcrumb\":{\"@id\":\"https:\\\/\\\/lacyclerie-leon.fr\\\/reservation-velo\\\/#breadcrumb\"},\"inLanguage\":\"en-GB\",\"potentialAction\":[{\"@type\":\"ReadAction\",\"target\":[\"https:\\\/\\\/lacyclerie-leon.fr\\\/reservation-velo\\\/\"]}]},{\"@type\":\"ImageObject\",\"inLanguage\":\"en-GB\",\"@id\":\"https:\\\/\\\/lacyclerie-leon.fr\\\/reservation-velo\\\/#primaryimage\",\"url\":\"https:\\\/\\\/lacyclerie-leon.fr\\\/wp-content\\\/uploads\\\/2024\\\/05\\\/velo-lac.jpg\",\"contentUrl\":\"https:\\\/\\\/lacyclerie-leon.fr\\\/wp-content\\\/uploads\\\/2024\\\/05\\\/velo-lac.jpg\"},{\"@type\":\"BreadcrumbList\",\"@id\":\"https:\\\/\\\/lacyclerie-leon.fr\\\/reservation-velo\\\/#breadcrumb\",\"itemListElement\":[{\"@type\":\"ListItem\",\"position\":1,\"name\":\"Accueil\",\"item\":\"https:\\\/\\\/lacyclerie-leon.fr\\\/\"},{\"@type\":\"ListItem\",\"position\":2,\"name\":\"LOCUGO R\u00e9servation\"}]},{\"@type\":\"WebSite\",\"@id\":\"https:\\\/\\\/lacyclerie-leon.fr\\\/#website\",\"url\":\"https:\\\/\\\/lacyclerie-leon.fr\\\/\",\"name\":\"\",\"description\":\"\",\"potentialAction\":[{\"@type\":\"SearchAction\",\"target\":{\"@type\":\"EntryPoint\",\"urlTemplate\":\"https:\\\/\\\/lacyclerie-leon.fr\\\/?s={search_term_string}\"},\"query-input\":{\"@type\":\"PropertyValueSpecification\",\"valueRequired\":true,\"valueName\":\"search_term_string\"}}],\"inLanguage\":\"en-GB\"}]}<\/script>\n<!-- \/ Yoast SEO plugin. -->","yoast_head_json":{"title":"R\u00e9servation en ligne - La Cyclerie de L\u00e9on","robots":{"index":"noindex","follow":"nofollow"},"og_locale":"en_GB","og_type":"article","og_title":"R\u00e9servation en ligne - La Cyclerie de L\u00e9on","og_description":"R\u00e9servez votre location de v\u00e9los Renseignez les dates de location souhait\u00e9es et cliquez sur Rechercher Date de d\u00e9but Date de fin Comptez-vous r\u00e9cup\u00e9rer vos v\u00e9los apr\u00e8s 15h ? Non Si oui, votre dur\u00e9e de location sera r\u00e9duite d&#039;un jour, car nous vous offrons l&#039;apr\u00e8s-midi D\u00e9sirez-vous garder vos v\u00e9los pour 2 jours ou 24h ? 2 [&hellip;]","og_url":"https:\/\/lacyclerie-leon.fr\/en\/reservation-velo\/","article_publisher":"https:\/\/www.facebook.com\/lacyclerieleon","article_modified_time":"2024-06-06T17:53:55+00:00","og_image":[{"url":"https:\/\/lacyclerie-leon.fr\/wp-content\/uploads\/2024\/05\/velo-lac.jpg","type":"","width":"","height":""}],"twitter_card":"summary_large_image","twitter_misc":{"Estimated reading time":"4 minutes"},"schema":{"@context":"https:\/\/schema.org","@graph":[{"@type":"WebPage","@id":"https:\/\/lacyclerie-leon.fr\/reservation-velo\/","url":"https:\/\/lacyclerie-leon.fr\/reservation-velo\/","name":"R\u00e9servation en ligne - La Cyclerie de L\u00e9on","isPartOf":{"@id":"https:\/\/lacyclerie-leon.fr\/#website"},"primaryImageOfPage":{"@id":"https:\/\/lacyclerie-leon.fr\/reservation-velo\/#primaryimage"},"image":{"@id":"https:\/\/lacyclerie-leon.fr\/reservation-velo\/#primaryimage"},"thumbnailUrl":"https:\/\/lacyclerie-leon.fr\/wp-content\/uploads\/2024\/05\/velo-lac.jpg","datePublished":"2024-05-18T19:52:15+00:00","dateModified":"2024-06-06T17:53:55+00:00","breadcrumb":{"@id":"https:\/\/lacyclerie-leon.fr\/reservation-velo\/#breadcrumb"},"inLanguage":"en-GB","potentialAction":[{"@type":"ReadAction","target":["https:\/\/lacyclerie-leon.fr\/reservation-velo\/"]}]},{"@type":"ImageObject","inLanguage":"en-GB","@id":"https:\/\/lacyclerie-leon.fr\/reservation-velo\/#primaryimage","url":"https:\/\/lacyclerie-leon.fr\/wp-content\/uploads\/2024\/05\/velo-lac.jpg","contentUrl":"https:\/\/lacyclerie-leon.fr\/wp-content\/uploads\/2024\/05\/velo-lac.jpg"},{"@type":"BreadcrumbList","@id":"https:\/\/lacyclerie-leon.fr\/reservation-velo\/#breadcrumb","itemListElement":[{"@type":"ListItem","position":1,"name":"Accueil","item":"https:\/\/lacyclerie-leon.fr\/"},{"@type":"ListItem","position":2,"name":"LOCUGO R\u00e9servation"}]},{"@type":"WebSite","@id":"https:\/\/lacyclerie-leon.fr\/#website","url":"https:\/\/lacyclerie-leon.fr\/","name":"","description":"","potentialAction":[{"@type":"SearchAction","target":{"@type":"EntryPoint","urlTemplate":"https:\/\/lacyclerie-leon.fr\/?s={search_term_string}"},"query-input":{"@type":"PropertyValueSpecification","valueRequired":true,"valueName":"search_term_string"}}],"inLanguage":"en-GB"}]}},"_links":{"self":[{"href":"https:\/\/lacyclerie-leon.fr\/en\/wp-json\/wp\/v2\/pages\/3318","targetHints":{"allow":["GET"]}}],"collection":[{"href":"https:\/\/lacyclerie-leon.fr\/en\/wp-json\/wp\/v2\/pages"}],"about":[{"href":"https:\/\/lacyclerie-leon.fr\/en\/wp-json\/wp\/v2\/types\/page"}],"author":[{"embeddable":true,"href":"https:\/\/lacyclerie-leon.fr\/en\/wp-json\/wp\/v2\/users\/1"}],"replies":[{"embeddable":true,"href":"https:\/\/lacyclerie-leon.fr\/en\/wp-json\/wp\/v2\/comments?post=3318"}],"version-history":[{"count":66,"href":"https:\/\/lacyclerie-leon.fr\/en\/wp-json\/wp\/v2\/pages\/3318\/revisions"}],"predecessor-version":[{"id":3648,"href":"https:\/\/lacyclerie-leon.fr\/en\/wp-json\/wp\/v2\/pages\/3318\/revisions\/3648"}],"wp:attachment":[{"href":"https:\/\/lacyclerie-leon.fr\/en\/wp-json\/wp\/v2\/media?parent=3318"}],"curies":[{"name":"wp","href":"https:\/\/api.w.org\/{rel}","templated":true}]}}