{"id":1028,"date":"2019-05-09T18:09:23","date_gmt":"2019-05-09T16:09:23","guid":{"rendered":"https:\/\/lacyclerie-leon.fr\/?page_id=1028"},"modified":"2022-10-11T21:30:33","modified_gmt":"2022-10-11T19:30:33","slug":"location-velo-a-moliets-et-maa","status":"publish","type":"page","link":"https:\/\/lacyclerie-leon.fr\/es\/location-velo-a-moliets-et-maa\/","title":{"rendered":"Location v\u00e9lo \u00e0 Moliets et Maa (40660)"},"content":{"rendered":"<div data-elementor-type=\"wp-post\" data-elementor-id=\"1028\" class=\"elementor elementor-1028\" data-elementor-post-type=\"page\">\n\t\t\t\t\t\t<section class=\"elementor-section elementor-top-section elementor-element elementor-element-17d74e1b elementor-section-height-min-height elementor-section-boxed elementor-section-height-default elementor-section-items-middle\" data-id=\"17d74e1b\" data-element_type=\"section\" data-e-type=\"section\" data-settings=\"{&quot;background_background&quot;:&quot;classic&quot;}\">\n\t\t\t\t\t\t\t<div class=\"elementor-background-overlay\"><\/div>\n\t\t\t\t\t\t\t<div class=\"elementor-container elementor-column-gap-no\">\n\t\t\t\t\t<div class=\"elementor-column elementor-col-100 elementor-top-column elementor-element elementor-element-123e3e37\" data-id=\"123e3e37\" data-element_type=\"column\" data-e-type=\"column\">\n\t\t\t<div class=\"elementor-widget-wrap elementor-element-populated\">\n\t\t\t\t\t\t<div class=\"elementor-element elementor-element-36fe3e3d elementor-widget elementor-widget-heading\" data-id=\"36fe3e3d\" data-element_type=\"widget\" data-e-type=\"widget\" data-widget_type=\"heading.default\">\n\t\t\t\t<div class=\"elementor-widget-container\">\n\t\t\t\t\t<h1 class=\"elementor-heading-title elementor-size-large\">Alquiler de bicicletas en Moliets<\/h1>\t\t\t\t<\/div>\n\t\t\t\t<\/div>\n\t\t\t\t<div class=\"elementor-element elementor-element-1d6a1b57 elementor-widget elementor-widget-heading\" data-id=\"1d6a1b57\" data-element_type=\"widget\" data-e-type=\"widget\" data-widget_type=\"heading.default\">\n\t\t\t\t<div class=\"elementor-widget-container\">\n\t\t\t\t\t<h2 class=\"elementor-heading-title elementor-size-large\">Alquile su bicicleta en Moliets con Cyclerie, \u00a1la forma m\u00e1s c\u00f3moda de pedalear por las Landas!<br><\/h2>\t\t\t\t<\/div>\n\t\t\t\t<\/div>\n\t\t\t\t\t<\/div>\n\t\t<\/div>\n\t\t\t\t\t<\/div>\n\t\t<\/section>\n\t\t\t\t<section class=\"elementor-section elementor-top-section elementor-element elementor-element-3b3ac19 elementor-section-boxed elementor-section-height-default elementor-section-height-default\" data-id=\"3b3ac19\" data-element_type=\"section\" data-e-type=\"section\">\n\t\t\t\t\t\t<div class=\"elementor-container elementor-column-gap-default\">\n\t\t\t\t\t<div class=\"elementor-column elementor-col-100 elementor-top-column elementor-element elementor-element-b4b5604\" data-id=\"b4b5604\" data-element_type=\"column\" data-e-type=\"column\">\n\t\t\t<div class=\"elementor-widget-wrap\">\n\t\t\t\t\t\t\t<\/div>\n\t\t<\/div>\n\t\t\t\t\t<\/div>\n\t\t<\/section>\n\t\t\t\t<section class=\"elementor-section elementor-top-section elementor-element elementor-element-1fd7dafa elementor-section-content-middle elementor-section-boxed elementor-section-height-default elementor-section-height-default\" data-id=\"1fd7dafa\" data-element_type=\"section\" data-e-type=\"section\">\n\t\t\t\t\t\t<div class=\"elementor-container elementor-column-gap-no\">\n\t\t\t\t\t<div class=\"elementor-column elementor-col-50 elementor-top-column elementor-element elementor-element-3eb9012d elementor-hidden-phone\" data-id=\"3eb9012d\" data-element_type=\"column\" data-e-type=\"column\" data-settings=\"{&quot;background_background&quot;:&quot;classic&quot;}\">\n\t\t\t<div class=\"elementor-widget-wrap elementor-element-populated\">\n\t\t\t\t\t\t<div class=\"elementor-element elementor-element-1493ca46 elementor-skin-coverflow elementor-arrows-yes elementor-widget elementor-widget-media-carousel\" data-id=\"1493ca46\" data-element_type=\"widget\" data-e-type=\"widget\" data-settings=\"{&quot;slides_per_view&quot;:&quot;3&quot;,&quot;skin&quot;:&quot;coverflow&quot;,&quot;slides_per_view_mobile&quot;:&quot;1&quot;,&quot;show_arrows&quot;:&quot;yes&quot;,&quot;speed&quot;:500,&quot;autoplay&quot;:&quot;yes&quot;,&quot;autoplay_speed&quot;:5000,&quot;loop&quot;:&quot;yes&quot;,&quot;pause_on_hover&quot;:&quot;yes&quot;,&quot;pause_on_interaction&quot;:&quot;yes&quot;,&quot;space_between&quot;:{&quot;unit&quot;:&quot;px&quot;,&quot;size&quot;:10,&quot;sizes&quot;:[]},&quot;space_between_tablet&quot;:{&quot;unit&quot;:&quot;px&quot;,&quot;size&quot;:10,&quot;sizes&quot;:[]},&quot;space_between_mobile&quot;:{&quot;unit&quot;:&quot;px&quot;,&quot;size&quot;:10,&quot;sizes&quot;:[]}}\" data-widget_type=\"media-carousel.default\">\n\t\t\t\t<div class=\"elementor-widget-container\">\n\t\t\t\t\t\t\t\t\t<div class=\"elementor-swiper\">\n\t\t\t\t\t<div class=\"elementor-main-swiper swiper\" role=\"region\" aria-roledescription=\"carousel\" aria-label=\"Diapositives\">\n\t\t\t\t<div class=\"swiper-wrapper\">\n\t\t\t\t\t\t\t\t\t\t\t<div class=\"swiper-slide\" role=\"group\" aria-roledescription=\"slide\">\n\t\t\t\t\t\t\t\t\t<div class=\"elementor-carousel-image\" role=\"img\" aria-label=\"Los propietarios de alquiler de bicicletas en L\u00e9on\" style=\"background-image: url(&#039;https:\/\/lacyclerie-leon.fr\/wp-content\/uploads\/2019\/07\/65989583_455422918631040_6181663338695491584_n.jpg&#039;)\">\n\n\t\t\t\n\t\t\t\t\t<\/div>\n\t\t\t\t\t<div class=\"elementor-carousel-image-overlay e-overlay-animation-fade\">\n\t\t\t\t<i class=\"fas fa-eye\"><\/i>\t\t\t<\/div>\n\t\t\t\t\t\t\t\t\t<\/div>\n\t\t\t\t\t\t\t\t\t\t\t<div class=\"swiper-slide\" role=\"group\" aria-roledescription=\"slide\">\n\t\t\t\t\t\t\t\t\t<div class=\"elementor-carousel-image\" role=\"img\" aria-label=\"Ciclismo en el Lago de Le\u00f3n\" style=\"background-image: url(&#039;https:\/\/lacyclerie-leon.fr\/wp-content\/uploads\/2019\/07\/65907166_2115518528741105_5288398054813073408_n.jpg&#039;)\">\n\n\t\t\t\n\t\t\t\t\t<\/div>\n\t\t\t\t\t<div class=\"elementor-carousel-image-overlay e-overlay-animation-fade\">\n\t\t\t\t<i class=\"fas fa-eye\"><\/i>\t\t\t<\/div>\n\t\t\t\t\t\t\t\t\t<\/div>\n\t\t\t\t\t\t\t\t\t\t\t<div class=\"swiper-slide\" role=\"group\" aria-roledescription=\"slide\">\n\t\t\t\t\t\t\t\t\t<div class=\"elementor-carousel-image\" role=\"img\" aria-label=\"En bicicleta por la V\u00e9lodyss\u00e9e en L\u00e9on\" style=\"background-image: url(&#039;https:\/\/lacyclerie-leon.fr\/wp-content\/uploads\/2020\/04\/Balade-v\u00e9lo-sur-la-V\u00e9lodyss\u00e9e\u00e0-L\u00e9on-1.jpg&#039;)\">\n\n\t\t\t\n\t\t\t\t\t<\/div>\n\t\t\t\t\t<div class=\"elementor-carousel-image-overlay e-overlay-animation-fade\">\n\t\t\t\t<i class=\"fas fa-eye\"><\/i>\t\t\t<\/div>\n\t\t\t\t\t\t\t\t\t<\/div>\n\t\t\t\t\t\t\t\t\t\t\t<div class=\"swiper-slide\" role=\"group\" aria-roledescription=\"slide\">\n\t\t\t\t\t\t\t\t\t<div class=\"elementor-carousel-image\" role=\"img\" aria-label=\"Alquiler de bicicletas en la playa de Lette-blanche\" style=\"background-image: url(&#039;https:\/\/lacyclerie-leon.fr\/wp-content\/uploads\/2019\/01\/sandis-helvigs-102777-unsplash.jpg&#039;)\">\n\n\t\t\t\n\t\t\t\t\t<\/div>\n\t\t\t\t\t<div class=\"elementor-carousel-image-overlay e-overlay-animation-fade\">\n\t\t\t\t<i class=\"fas fa-eye\"><\/i>\t\t\t<\/div>\n\t\t\t\t\t\t\t\t\t<\/div>\n\t\t\t\t\t\t\t\t\t\t\t<div class=\"swiper-slide\" role=\"group\" aria-roledescription=\"slide\">\n\t\t\t\t\t\t\t\t\t<div class=\"elementor-carousel-image\" role=\"img\" aria-label=\"fatbike en Moliets\" style=\"background-image: url(&#039;https:\/\/lacyclerie-leon.fr\/wp-content\/uploads\/2021\/02\/Capture-d\u2019\u00e9cran-2021-02-07-\u00e0-19.34.59.png&#039;)\">\n\n\t\t\t\n\t\t\t\t\t<\/div>\n\t\t\t\t\t<div class=\"elementor-carousel-image-overlay e-overlay-animation-fade\">\n\t\t\t\t<i class=\"fas fa-eye\"><\/i>\t\t\t<\/div>\n\t\t\t\t\t\t\t\t\t<\/div>\n\t\t\t\t\t\t\t\t\t<\/div>\n\t\t\t\t\t\t\t\t\t\t\t\t\t\t\t<div class=\"elementor-swiper-button elementor-swiper-button-prev\" role=\"button\" tabindex=\"0\" aria-label=\"Pr\u00e9c\u00e9dent\">\n\t\t\t\t\t\t\t<i aria-hidden=\"true\" class=\"eicon-chevron-left\"><\/i>\t\t\t\t\t\t<\/div>\n\t\t\t\t\t\t<div class=\"elementor-swiper-button elementor-swiper-button-next\" role=\"button\" tabindex=\"0\" aria-label=\"Suivant\">\n\t\t\t\t\t\t\t<i aria-hidden=\"true\" class=\"eicon-chevron-right\"><\/i>\t\t\t\t\t\t<\/div>\n\t\t\t\t\t\t\t\t\t\t\t\t\t\t\t\t\t<\/div>\n\t\t\t\t<\/div>\n\t\t\t\t\t\t\t\t<\/div>\n\t\t\t\t<\/div>\n\t\t\t\t\t<\/div>\n\t\t<\/div>\n\t\t\t\t<div class=\"elementor-column elementor-col-50 elementor-top-column elementor-element elementor-element-5b71242c\" data-id=\"5b71242c\" data-element_type=\"column\" data-e-type=\"column\">\n\t\t\t<div class=\"elementor-widget-wrap elementor-element-populated\">\n\t\t\t\t\t\t<div class=\"elementor-element elementor-element-28e7f496 elementor-widget elementor-widget-heading\" data-id=\"28e7f496\" data-element_type=\"widget\" data-e-type=\"widget\" data-widget_type=\"heading.default\">\n\t\t\t\t<div class=\"elementor-widget-container\">\n\t\t\t\t\t<h3 class=\"elementor-heading-title elementor-size-large\">\u00bfDesea alquilar una bicicleta en Moliets-et-Maa? <\/h3>\t\t\t\t<\/div>\n\t\t\t\t<\/div>\n\t\t\t\t<div class=\"elementor-element elementor-element-6573c1a5 elementor-widget-divider--view-line elementor-widget elementor-widget-divider\" data-id=\"6573c1a5\" data-element_type=\"widget\" data-e-type=\"widget\" data-widget_type=\"divider.default\">\n\t\t\t\t<div class=\"elementor-widget-container\">\n\t\t\t\t\t\t\t<div class=\"elementor-divider\">\n\t\t\t<span class=\"elementor-divider-separator\">\n\t\t\t\t\t\t<\/span>\n\t\t<\/div>\n\t\t\t\t\t\t<\/div>\n\t\t\t\t<\/div>\n\t\t\t\t<div class=\"elementor-element elementor-element-1190cd6d elementor-widget elementor-widget-text-editor\" data-id=\"1190cd6d\" data-element_type=\"widget\" data-e-type=\"widget\" data-widget_type=\"text-editor.default\">\n\t\t\t\t<div class=\"elementor-widget-container\">\n\t\t\t\t\t\t\t\t\t<p>\u00a1Elija calidad y confort con Cyclerie! Le garantizamos <strong>entrega de bicicletas<\/strong> directamente a su destino de vacaciones, <strong>gratis<\/strong> !<\/p><p>Nuestro credo: ofrecerle un servicio de alquiler de bicicletas adaptado a sus necesidades, para que su estancia en las Landas sea excepcional.\u00a0<\/p><p><span style=\"font-size: 18px; letter-spacing: 0px;\">\u00a1Nos vemos pronto en tu moto!<\/span><\/p>\t\t\t\t\t\t\t\t<\/div>\n\t\t\t\t<\/div>\n\t\t\t\t<div class=\"elementor-element elementor-element-d95022b elementor-widget elementor-widget-ucaddon_gradient_button\" data-id=\"d95022b\" data-element_type=\"widget\" data-e-type=\"widget\" data-widget_type=\"ucaddon_gradient_button.default\">\n\t\t\t\t<div class=\"elementor-widget-container\">\n\t\t\t\t\t\n<!-- start Gradient Button -->\n<style>\/* widget: Gradient Button *\/\n\n#uc_gradient_button_elementor_d95022b a {\n  display:inline-block;\n  text-align: center;\n  transition: 0.5s;\n  background-size: 200% auto;\n  color: white;\n \/* text-shadow: 0px 0px 10px rgba(0,0,0,0.2);*\/\n  box-shadow: 0 5px 20px rgba(0,0,0,0.15);\n  border-radius: 100px;\n   background-image: linear-gradient(to right, #f6d365 0%, #fda085 51%, #f6d365 100%);\n  text-decoration:none\n }\n\n\n#uc_gradient_button_elementor_d95022b a:hover {\n  background-position: right center; \/* change the direction of the change here *\/\n}\n\n<\/style>\n\n<div style=\"text-align:center;\" id=\"uc_gradient_button_elementor_d95022b\">\n  <a href=\"https:\/\/lacyclerie-leon.fr\/es\/je-reserve\/\"  class=\"gradient_button\">Reservar mis bicicletas <\/a>\n<\/div>\n<!-- end Gradient Button -->\t\t\t\t<\/div>\n\t\t\t\t<\/div>\n\t\t\t\t\t<\/div>\n\t\t<\/div>\n\t\t\t\t\t<\/div>\n\t\t<\/section>\n\t\t\t\t<section class=\"elementor-section elementor-top-section elementor-element elementor-element-e579606 elementor-section-content-middle elementor-reverse-mobile elementor-section-boxed elementor-section-height-default elementor-section-height-default\" data-id=\"e579606\" data-element_type=\"section\" data-e-type=\"section\">\n\t\t\t\t\t\t<div class=\"elementor-container elementor-column-gap-no\">\n\t\t\t\t\t<div class=\"elementor-column elementor-col-50 elementor-top-column elementor-element elementor-element-7d172cfb\" data-id=\"7d172cfb\" data-element_type=\"column\" data-e-type=\"column\">\n\t\t\t<div class=\"elementor-widget-wrap elementor-element-populated\">\n\t\t\t\t\t\t<div class=\"elementor-element elementor-element-54bfc03b elementor-widget elementor-widget-heading\" data-id=\"54bfc03b\" data-element_type=\"widget\" data-e-type=\"widget\" data-widget_type=\"heading.default\">\n\t\t\t\t<div class=\"elementor-widget-container\">\n\t\t\t\t\t<h3 class=\"elementor-heading-title elementor-size-large\">Para su alquiler de bicicletas en Moliets, \u00a1conf\u00ede en La Cyclerie!<\/h3>\t\t\t\t<\/div>\n\t\t\t\t<\/div>\n\t\t\t\t<div class=\"elementor-element elementor-element-68c254f3 elementor-widget-divider--view-line elementor-widget elementor-widget-divider\" data-id=\"68c254f3\" data-element_type=\"widget\" data-e-type=\"widget\" data-widget_type=\"divider.default\">\n\t\t\t\t<div class=\"elementor-widget-container\">\n\t\t\t\t\t\t\t<div class=\"elementor-divider\">\n\t\t\t<span class=\"elementor-divider-separator\">\n\t\t\t\t\t\t<\/span>\n\t\t<\/div>\n\t\t\t\t\t\t<\/div>\n\t\t\t\t<\/div>\n\t\t\t\t<section class=\"elementor-section elementor-inner-section elementor-element elementor-element-aa53d86 elementor-section-boxed elementor-section-height-default elementor-section-height-default\" data-id=\"aa53d86\" data-element_type=\"section\" data-e-type=\"section\">\n\t\t\t\t\t\t<div class=\"elementor-container elementor-column-gap-default\">\n\t\t\t\t\t<div class=\"elementor-column elementor-col-100 elementor-inner-column elementor-element elementor-element-9c9c1cf\" data-id=\"9c9c1cf\" data-element_type=\"column\" data-e-type=\"column\">\n\t\t\t<div class=\"elementor-widget-wrap elementor-element-populated\">\n\t\t\t\t\t\t<div class=\"elementor-element elementor-element-b5360d4 elementor-widget elementor-widget-text-editor\" data-id=\"b5360d4\" data-element_type=\"widget\" data-e-type=\"widget\" data-widget_type=\"text-editor.default\">\n\t\t\t\t<div class=\"elementor-widget-container\">\n\t\t\t\t\t\t\t\t\t<p>Descubra aqu\u00ed nuestra gama de bicicletas para ni\u00f1os, bicicletas para adultos y bicicletas el\u00e9ctricas.\u00a0<\/p>\t\t\t\t\t\t\t\t<\/div>\n\t\t\t\t<\/div>\n\t\t\t\t<div class=\"elementor-element elementor-element-9e32f54 elementor-widget elementor-widget-ucaddon_gradient_button\" data-id=\"9e32f54\" data-element_type=\"widget\" data-e-type=\"widget\" data-widget_type=\"ucaddon_gradient_button.default\">\n\t\t\t\t<div class=\"elementor-widget-container\">\n\t\t\t\t\t\n<!-- start Gradient Button -->\n<style>\/* widget: Gradient Button *\/\n\n#uc_gradient_button_elementor_9e32f54 a {\n  display:inline-block;\n  text-align: center;\n  transition: 0.5s;\n  background-size: 200% auto;\n  color: white;\n \/* text-shadow: 0px 0px 10px rgba(0,0,0,0.2);*\/\n  box-shadow: 0 5px 20px rgba(0,0,0,0.15);\n  border-radius: 100px;\n   background-image: linear-gradient(to right, #f6d365 0%, #fda085 51%, #f6d365 100%);\n  text-decoration:none\n }\n\n\n#uc_gradient_button_elementor_9e32f54 a:hover {\n  background-position: right center; \/* change the direction of the change here *\/\n}\n\n<\/style>\n\n<div style=\"text-align:center;\" id=\"uc_gradient_button_elementor_9e32f54\">\n  <a href=\"https:\/\/lacyclerie-leon.fr\/es\/velos-et-tarifs\/\"  class=\"gradient_button\">Nuestros precios y bicicletas<\/a>\n<\/div>\n<!-- end Gradient Button -->\t\t\t\t<\/div>\n\t\t\t\t<\/div>\n\t\t\t\t\t<\/div>\n\t\t<\/div>\n\t\t\t\t\t<\/div>\n\t\t<\/section>\n\t\t\t\t<section class=\"elementor-section elementor-inner-section elementor-element elementor-element-38bf62e elementor-section-boxed elementor-section-height-default elementor-section-height-default\" data-id=\"38bf62e\" data-element_type=\"section\" data-e-type=\"section\">\n\t\t\t\t\t\t<div class=\"elementor-container elementor-column-gap-default\">\n\t\t\t\t\t<div class=\"elementor-column elementor-col-100 elementor-inner-column elementor-element elementor-element-fd4e6e9\" data-id=\"fd4e6e9\" data-element_type=\"column\" data-e-type=\"column\">\n\t\t\t<div class=\"elementor-widget-wrap elementor-element-populated\">\n\t\t\t\t\t\t<div class=\"elementor-element elementor-element-8e5d59f elementor-widget elementor-widget-text-editor\" data-id=\"8e5d59f\" data-element_type=\"widget\" data-e-type=\"widget\" data-widget_type=\"text-editor.default\">\n\t\t\t\t<div class=\"elementor-widget-container\">\n\t\t\t\t\t\t\t\t\t<p>Nuestras bicicletas est\u00e1n disponibles en tiempo real, por lo que la reserva est\u00e1 a s\u00f3lo unos clics de distancia.\u00a0<\/p>\t\t\t\t\t\t\t\t<\/div>\n\t\t\t\t<\/div>\n\t\t\t\t<div class=\"elementor-element elementor-element-163b8a7 elementor-widget elementor-widget-ucaddon_gradient_button\" data-id=\"163b8a7\" data-element_type=\"widget\" data-e-type=\"widget\" data-widget_type=\"ucaddon_gradient_button.default\">\n\t\t\t\t<div class=\"elementor-widget-container\">\n\t\t\t\t\t\n<!-- start Gradient Button -->\n<style>\/* widget: Gradient Button *\/\n\n#uc_gradient_button_elementor_163b8a7 a {\n  display:inline-block;\n  text-align: center;\n  transition: 0.5s;\n  background-size: 200% auto;\n  color: white;\n \/* text-shadow: 0px 0px 10px rgba(0,0,0,0.2);*\/\n  box-shadow: 0 5px 20px rgba(0,0,0,0.15);\n  border-radius: 100px;\n   background-image: linear-gradient(to right, #f6d365 0%, #fda085 51%, #f6d365 100%);\n  text-decoration:none\n }\n\n\n#uc_gradient_button_elementor_163b8a7 a:hover {\n  background-position: right center; \/* change the direction of the change here *\/\n}\n\n<\/style>\n\n<div style=\"text-align:center;\" id=\"uc_gradient_button_elementor_163b8a7\">\n  <a href=\"https:\/\/lacyclerie-leon.fr\/es\/je-reserve\/\"  class=\"gradient_button\">Reservar mis bicicletas <\/a>\n<\/div>\n<!-- end Gradient Button -->\t\t\t\t<\/div>\n\t\t\t\t<\/div>\n\t\t\t\t\t<\/div>\n\t\t<\/div>\n\t\t\t\t\t<\/div>\n\t\t<\/section>\n\t\t\t\t<section class=\"elementor-section elementor-inner-section elementor-element elementor-element-ef9e55c elementor-section-boxed elementor-section-height-default elementor-section-height-default\" data-id=\"ef9e55c\" data-element_type=\"section\" data-e-type=\"section\">\n\t\t\t\t\t\t<div class=\"elementor-container elementor-column-gap-default\">\n\t\t\t\t\t<div class=\"elementor-column elementor-col-100 elementor-inner-column elementor-element elementor-element-59b67bf\" data-id=\"59b67bf\" data-element_type=\"column\" data-e-type=\"column\">\n\t\t\t<div class=\"elementor-widget-wrap elementor-element-populated\">\n\t\t\t\t\t\t<div class=\"elementor-element elementor-element-303d4f5 elementor-widget elementor-widget-text-editor\" data-id=\"303d4f5\" data-element_type=\"widget\" data-e-type=\"widget\" data-widget_type=\"text-editor.default\">\n\t\t\t\t<div class=\"elementor-widget-container\">\n\t\t\t\t\t\t\t\t\t<p>Entregamos estas residencias con regularidad:\u00a0<\/p><ul><li>Residencia Madame Vacances<\/li><li>Club Royal Oc\u00e9an<\/li><li>Residencia Pierre et Vacances<\/li><li>Residencia Golf Oc\u00e9an<\/li><li>Camping Les cigales<\/li><li>Camping Le Saint-Martin<\/li><li>VVF : Les plages des Landes<\/li><li>Alquiler de La Clairi\u00e8re aux Chevreuils\u00a0<\/li><\/ul>\t\t\t\t\t\t\t\t<\/div>\n\t\t\t\t<\/div>\n\t\t\t\t\t<\/div>\n\t\t<\/div>\n\t\t\t\t\t<\/div>\n\t\t<\/section>\n\t\t\t\t\t<\/div>\n\t\t<\/div>\n\t\t\t\t<div class=\"elementor-column elementor-col-50 elementor-top-column elementor-element elementor-element-4619ca85\" data-id=\"4619ca85\" data-element_type=\"column\" data-e-type=\"column\">\n\t\t\t<div class=\"elementor-widget-wrap elementor-element-populated\">\n\t\t\t\t\t\t<div class=\"elementor-element elementor-element-262de22 elementor-widget elementor-widget-video\" data-id=\"262de22\" data-element_type=\"widget\" data-e-type=\"widget\" data-settings=\"{&quot;youtube_url&quot;:&quot;https:\\\/\\\/youtu.be\\\/SPx7-wyprnc&quot;,&quot;autoplay&quot;:&quot;yes&quot;,&quot;lazy_load&quot;:&quot;yes&quot;,&quot;video_type&quot;:&quot;youtube&quot;,&quot;controls&quot;:&quot;yes&quot;}\" data-widget_type=\"video.default\">\n\t\t\t\t<div class=\"elementor-widget-container\">\n\t\t\t\t\t\t\t<div class=\"elementor-wrapper elementor-open-inline\">\n\t\t\t<div class=\"elementor-video\"><\/div>\t\t<\/div>\n\t\t\t\t\t\t<\/div>\n\t\t\t\t<\/div>\n\t\t\t\t<div class=\"elementor-element elementor-element-688fb3da elementor-hidden-tablet elementor-hidden-mobile elementor-widget elementor-widget-image\" data-id=\"688fb3da\" data-element_type=\"widget\" data-e-type=\"widget\" data-widget_type=\"image.default\">\n\t\t\t\t<div class=\"elementor-widget-container\">\n\t\t\t\t\t\t\t\t\t\t\t\t\t\t\t<img fetchpriority=\"high\" decoding=\"async\" width=\"1024\" height=\"683\" src=\"https:\/\/lacyclerie-leon.fr\/wp-content\/uploads\/2019\/07\/65989583_455422918631040_6181663338695491584_n.jpg\" class=\"attachment-full size-full wp-image-1200\" alt=\"Les propri\u00e9taires de la location de v\u00e9lo \u00e0 L\u00e9on\" srcset=\"https:\/\/lacyclerie-leon.fr\/wp-content\/uploads\/2019\/07\/65989583_455422918631040_6181663338695491584_n.jpg 1024w, https:\/\/lacyclerie-leon.fr\/wp-content\/uploads\/2019\/07\/65989583_455422918631040_6181663338695491584_n-600x400.jpg 600w, https:\/\/lacyclerie-leon.fr\/wp-content\/uploads\/2019\/07\/65989583_455422918631040_6181663338695491584_n-300x200.jpg 300w, https:\/\/lacyclerie-leon.fr\/wp-content\/uploads\/2019\/07\/65989583_455422918631040_6181663338695491584_n-768x512.jpg 768w\" sizes=\"(max-width: 1024px) 100vw, 1024px\" \/>\t\t\t\t\t\t\t\t\t\t\t\t\t\t\t<\/div>\n\t\t\t\t<\/div>\n\t\t\t\t\t<\/div>\n\t\t<\/div>\n\t\t\t\t\t<\/div>\n\t\t<\/section>\n\t\t\t\t<section class=\"elementor-section elementor-top-section elementor-element elementor-element-33333ea elementor-section-boxed elementor-section-height-default elementor-section-height-default\" data-id=\"33333ea\" data-element_type=\"section\" data-e-type=\"section\">\n\t\t\t\t\t\t<div class=\"elementor-container elementor-column-gap-default\">\n\t\t\t\t\t<div class=\"elementor-column elementor-col-100 elementor-top-column elementor-element elementor-element-6aa565c\" data-id=\"6aa565c\" data-element_type=\"column\" data-e-type=\"column\">\n\t\t\t<div class=\"elementor-widget-wrap elementor-element-populated\">\n\t\t\t\t\t\t<div class=\"elementor-element elementor-element-de0297c elementor-widget-divider--view-line elementor-widget elementor-widget-divider\" data-id=\"de0297c\" data-element_type=\"widget\" data-e-type=\"widget\" data-widget_type=\"divider.default\">\n\t\t\t\t<div class=\"elementor-widget-container\">\n\t\t\t\t\t\t\t<div class=\"elementor-divider\">\n\t\t\t<span class=\"elementor-divider-separator\">\n\t\t\t\t\t\t<\/span>\n\t\t<\/div>\n\t\t\t\t\t\t<\/div>\n\t\t\t\t<\/div>\n\t\t\t\t<div class=\"elementor-element elementor-element-b6da1dc elementor-widget elementor-widget-heading\" data-id=\"b6da1dc\" data-element_type=\"widget\" data-e-type=\"widget\" data-widget_type=\"heading.default\">\n\t\t\t\t<div class=\"elementor-widget-container\">\n\t\t\t\t\t<h2 class=\"elementor-heading-title elementor-size-default\">El roadbook de Moliets-et-Maa<\/h2>\t\t\t\t<\/div>\n\t\t\t\t<\/div>\n\t\t\t\t<div class=\"elementor-element elementor-element-9d03e04 elementor-widget elementor-widget-text-editor\" data-id=\"9d03e04\" data-element_type=\"widget\" data-e-type=\"widget\" data-widget_type=\"text-editor.default\">\n\t\t\t\t<div class=\"elementor-widget-container\">\n\t\t\t\t\t\t\t\t\t<p>Acaba de llegar a Moliets-et-Maa, \u00a1y con raz\u00f3n! El oc\u00e9ano Atl\u00e1ntico le mira a la cara, el sol aprieta y las ganas de saciar la sed son cada vez m\u00e1s fuertes... \u00a1Lo sabemos! En Moliets, todo se puede hacer en bicicleta: ir de compras, ir a la playa, \u00a1todo! Descubra la desembocadura del r\u00edo y la reserva natural de Courants d'H\u00fbchet, las numerosas rutas ciclistas y disfrute del encanto de las Landas.<\/p>\t\t\t\t\t\t\t\t<\/div>\n\t\t\t\t<\/div>\n\t\t\t\t<div class=\"elementor-element elementor-element-f8adff3 elementor-widget elementor-widget-text-editor\" data-id=\"f8adff3\" data-element_type=\"widget\" data-e-type=\"widget\" data-widget_type=\"text-editor.default\">\n\t\t\t\t<div class=\"elementor-widget-container\">\n\t\t\t\t\t\t\t\t\t<p>Siga leyendo nuestros consejos para disfrutar al m\u00e1ximo de sus vacaciones en bicicleta en Moliets-et-Maa y sus alrededores.\u00a0<\/p>\t\t\t\t\t\t\t\t<\/div>\n\t\t\t\t<\/div>\n\t\t\t\t\t<\/div>\n\t\t<\/div>\n\t\t\t\t\t<\/div>\n\t\t<\/section>\n\t\t\t\t<section class=\"elementor-section elementor-top-section elementor-element elementor-element-1e74f4f5 elementor-section-content-middle elementor-section-boxed elementor-section-height-default elementor-section-height-default\" data-id=\"1e74f4f5\" data-element_type=\"section\" data-e-type=\"section\" data-settings=\"{&quot;background_background&quot;:&quot;classic&quot;}\">\n\t\t\t\t\t\t<div class=\"elementor-container elementor-column-gap-default\">\n\t\t\t\t\t<div class=\"elementor-column elementor-col-50 elementor-top-column elementor-element elementor-element-150a4259\" data-id=\"150a4259\" data-element_type=\"column\" data-e-type=\"column\">\n\t\t\t<div class=\"elementor-widget-wrap elementor-element-populated\">\n\t\t\t\t\t\t<div class=\"elementor-element elementor-element-2fffa8ed elementor-widget elementor-widget-heading\" data-id=\"2fffa8ed\" data-element_type=\"widget\" data-e-type=\"widget\" data-widget_type=\"heading.default\">\n\t\t\t\t<div class=\"elementor-widget-container\">\n\t\t\t\t\t<h2 class=\"elementor-heading-title elementor-size-default\">Nuestros consejos ciclistas para Moliets: <\/h2>\t\t\t\t<\/div>\n\t\t\t\t<\/div>\n\t\t\t\t\t<\/div>\n\t\t<\/div>\n\t\t\t\t<div class=\"elementor-column elementor-col-50 elementor-top-column elementor-element elementor-element-4c71e189\" data-id=\"4c71e189\" data-element_type=\"column\" data-e-type=\"column\">\n\t\t\t<div class=\"elementor-widget-wrap elementor-element-populated\">\n\t\t\t\t\t\t<div class=\"elementor-element elementor-element-7e18377e elementor-view-default elementor-widget elementor-widget-icon\" data-id=\"7e18377e\" data-element_type=\"widget\" data-e-type=\"widget\" data-widget_type=\"icon.default\">\n\t\t\t\t<div class=\"elementor-widget-container\">\n\t\t\t\t\t\t\t<div class=\"elementor-icon-wrapper\">\n\t\t\t<div class=\"elementor-icon\">\n\t\t\t<i aria-hidden=\"true\" class=\"fas fa-bicycle\"><\/i>\t\t\t<\/div>\n\t\t<\/div>\n\t\t\t\t\t\t<\/div>\n\t\t\t\t<\/div>\n\t\t\t\t\t<\/div>\n\t\t<\/div>\n\t\t\t\t\t<\/div>\n\t\t<\/section>\n\t\t\t\t<section class=\"elementor-section elementor-top-section elementor-element elementor-element-75d8090a elementor-section-content-middle elementor-reverse-mobile elementor-section-boxed elementor-section-height-default elementor-section-height-default\" data-id=\"75d8090a\" data-element_type=\"section\" data-e-type=\"section\">\n\t\t\t\t\t\t<div class=\"elementor-container elementor-column-gap-default\">\n\t\t\t\t\t<div class=\"elementor-column elementor-col-50 elementor-top-column elementor-element elementor-element-c567aae\" data-id=\"c567aae\" data-element_type=\"column\" data-e-type=\"column\">\n\t\t\t<div class=\"elementor-widget-wrap elementor-element-populated\">\n\t\t\t\t\t\t<div class=\"elementor-element elementor-element-61ae126 elementor-widget elementor-widget-heading\" data-id=\"61ae126\" data-element_type=\"widget\" data-e-type=\"widget\" data-widget_type=\"heading.default\">\n\t\t\t\t<div class=\"elementor-widget-container\">\n\t\t\t\t\t<h3 class=\"elementor-heading-title elementor-size-default\">Al\u00e9jese de las multitudes y explore el V\u00e9lodyss\u00e9e<\/h3>\t\t\t\t<\/div>\n\t\t\t\t<\/div>\n\t\t\t\t<div class=\"elementor-element elementor-element-1f02d392 elementor-widget elementor-widget-text-editor\" data-id=\"1f02d392\" data-element_type=\"widget\" data-e-type=\"widget\" data-widget_type=\"text-editor.default\">\n\t\t\t\t<div class=\"elementor-widget-container\">\n\t\t\t\t\t\t\t\t\t<p>Vaya hasta L\u00e9on, una peque\u00f1a ciudad de la regi\u00f3n de Las Landas, escala del <a href=\"https:\/\/www.lavelodyssee.com\/\" target=\"_blank\" rel=\"noopener\">V\u00e9lodyss\u00e9e<\/a> y descubrir su arquitectura t\u00edpica <a href=\"http:\/\/www.cotelandesnaturetourisme.com\/Decouvrir\/Nos-marches\" target=\"_blank\" rel=\"noopener\">mercado<\/a> y la amabilidad de sus comerciantes. La ruta est\u00e1 protegida por el bosque, y puede tener la suerte de avistar ciervos, ardillas y conejos si madruga lo suficiente.\u00a0\u00a0<\/p><p>Por supuesto, nos encontrar\u00e1s en la plaza de la iglesia, \u00a1y no olvides saludarnos! (Aprovecha para volver a inflar tu bici, el compresor est\u00e1 disponible \ud83d\ude09 )<\/p><p>Si se aloja en Moliets, le aconsejamos que vaya en bicicleta. Podemos entregarle la bicicleta en la puerta de su casa sin coste alguno. El ciclismo es una actividad imprescindible en la zona. Aqu\u00ed, las vacaciones riman con deporte y naturaleza. \u00a0<\/p>\t\t\t\t\t\t\t\t<\/div>\n\t\t\t\t<\/div>\n\t\t\t\t<div class=\"elementor-element elementor-element-806319b elementor-widget elementor-widget-ucaddon_gradient_button\" data-id=\"806319b\" data-element_type=\"widget\" data-e-type=\"widget\" data-widget_type=\"ucaddon_gradient_button.default\">\n\t\t\t\t<div class=\"elementor-widget-container\">\n\t\t\t\t\t\n<!-- start Gradient Button -->\n<style>\/* widget: Gradient Button *\/\n\n#uc_gradient_button_elementor_806319b a {\n  display:inline-block;\n  text-align: center;\n  transition: 0.5s;\n  background-size: 200% auto;\n  color: white;\n \/* text-shadow: 0px 0px 10px rgba(0,0,0,0.2);*\/\n  box-shadow: 0 5px 20px rgba(0,0,0,0.15);\n  border-radius: 100px;\n   background-image: linear-gradient(to right, #f6d365 0%, #fda085 51%, #f6d365 100%);\n  text-decoration:none\n }\n\n\n#uc_gradient_button_elementor_806319b a:hover {\n  background-position: right center; \/* change the direction of the change here *\/\n}\n\n<\/style>\n\n<div style=\"text-align:center;\" id=\"uc_gradient_button_elementor_806319b\">\n  <a href=\"https:\/\/lacyclerie-leon.fr\/wp-content\/uploads\/2020\/04\/cartes-pistes-cyclables-Soustons-\u00e0-Moliets.pdf\"  class=\"gradient_button\">Mapa de pistas <\/a>\n<\/div>\n<!-- end Gradient Button -->\t\t\t\t<\/div>\n\t\t\t\t<\/div>\n\t\t\t\t\t<\/div>\n\t\t<\/div>\n\t\t\t\t<div class=\"elementor-column elementor-col-50 elementor-top-column elementor-element elementor-element-498e33fb\" data-id=\"498e33fb\" data-element_type=\"column\" data-e-type=\"column\">\n\t\t\t<div class=\"elementor-widget-wrap elementor-element-populated\">\n\t\t\t\t\t\t<div class=\"elementor-element elementor-element-32597736 elementor-widget elementor-widget-image\" data-id=\"32597736\" data-element_type=\"widget\" data-e-type=\"widget\" data-widget_type=\"image.default\">\n\t\t\t\t<div class=\"elementor-widget-container\">\n\t\t\t\t\t\t\t\t\t\t\t\t\t\t\t<img decoding=\"async\" width=\"640\" height=\"343\" src=\"https:\/\/lacyclerie-leon.fr\/wp-content\/uploads\/2019\/01\/La_V\u00e9lodyss\u00e9e_vers_Cap_de_LHomy_dans_un_paysage_de_pin\u00e8de.jpg\" class=\"attachment-full size-full wp-image-238\" alt=\"La v\u00e9lodyss\u00e9e \u00e0 L\u00e9on\" srcset=\"https:\/\/lacyclerie-leon.fr\/wp-content\/uploads\/2019\/01\/La_V\u00e9lodyss\u00e9e_vers_Cap_de_LHomy_dans_un_paysage_de_pin\u00e8de.jpg 640w, https:\/\/lacyclerie-leon.fr\/wp-content\/uploads\/2019\/01\/La_V\u00e9lodyss\u00e9e_vers_Cap_de_LHomy_dans_un_paysage_de_pin\u00e8de-600x322.jpg 600w, https:\/\/lacyclerie-leon.fr\/wp-content\/uploads\/2019\/01\/La_V\u00e9lodyss\u00e9e_vers_Cap_de_LHomy_dans_un_paysage_de_pin\u00e8de-300x161.jpg 300w\" sizes=\"(max-width: 640px) 100vw, 640px\" \/>\t\t\t\t\t\t\t\t\t\t\t\t\t\t\t<\/div>\n\t\t\t\t<\/div>\n\t\t\t\t<div class=\"elementor-element elementor-element-d43d857 elementor-widget elementor-widget-text-editor\" data-id=\"d43d857\" data-element_type=\"widget\" data-e-type=\"widget\" data-widget_type=\"text-editor.default\">\n\t\t\t\t<div class=\"elementor-widget-container\">\n\t\t\t\t\t\t\t\t\t<p>Tambi\u00e9n puede explorar tramos de la V\u00e9lodyss\u00e9e en direcci\u00f3n sur hacia Messanges y Vieux Boucau. Si va en familia, no lo dude, este carril bici es realmente seguro. Limite sus desplazamientos por las carreteras departamentales, ya que casi siempre existe un itinerario secundario accesible en bicicleta.\u00a0<\/p><p>Para los ciclistas de monta\u00f1a, recomendamos explorar las pistas forestales cercanas a la Chapelle de M\u00e2a. \u00a1Cuidado con las roderas de arena!\u00a0<\/p>\t\t\t\t\t\t\t\t<\/div>\n\t\t\t\t<\/div>\n\t\t\t\t\t<\/div>\n\t\t<\/div>\n\t\t\t\t\t<\/div>\n\t\t<\/section>\n\t\t\t\t<section class=\"elementor-section elementor-top-section elementor-element elementor-element-2d6360ca elementor-section-boxed elementor-section-height-default elementor-section-height-default\" data-id=\"2d6360ca\" data-element_type=\"section\" data-e-type=\"section\">\n\t\t\t\t\t\t<div class=\"elementor-container elementor-column-gap-default\">\n\t\t\t\t\t<div class=\"elementor-column elementor-col-100 elementor-top-column elementor-element elementor-element-34c41b7e\" data-id=\"34c41b7e\" data-element_type=\"column\" data-e-type=\"column\">\n\t\t\t<div class=\"elementor-widget-wrap elementor-element-populated\">\n\t\t\t\t\t\t<div class=\"elementor-element elementor-element-f23af63 elementor-widget elementor-widget-heading\" data-id=\"f23af63\" data-element_type=\"widget\" data-e-type=\"widget\" data-widget_type=\"heading.default\">\n\t\t\t\t<div class=\"elementor-widget-container\">\n\t\t\t\t\t<h2 class=\"elementor-heading-title elementor-size-default\">Idea para un paseo en bicicleta por Moliets<\/h2>\t\t\t\t<\/div>\n\t\t\t\t<\/div>\n\t\t\t\t<div class=\"elementor-element elementor-element-2971b1f5 elementor-widget elementor-widget-heading\" data-id=\"2971b1f5\" data-element_type=\"widget\" data-e-type=\"widget\" data-widget_type=\"heading.default\">\n\t\t\t\t<div class=\"elementor-widget-container\">\n\t\t\t\t\t<h3 class=\"elementor-heading-title elementor-size-default\">Etang de la Prade y la Nasse (bicicleta de monta\u00f1a o bicicleta de monta\u00f1a el\u00e9ctrica):<\/h3>\t\t\t\t<\/div>\n\t\t\t\t<\/div>\n\t\t\t\t<div class=\"elementor-element elementor-element-21379ad1 elementor-widget elementor-widget-text-editor\" data-id=\"21379ad1\" data-element_type=\"widget\" data-e-type=\"widget\" data-widget_type=\"text-editor.default\">\n\t\t\t\t<div class=\"elementor-widget-container\">\n\t\t\t\t\t\t\t\t\t<p>Rutas en bicicleta de monta\u00f1a, de 12 a 30 km, nivel intermedio. \u00a0<\/p><p>Le espera una excursi\u00f3n por la naturaleza. D\u00e9 un paseo por el Etang de la Prade, en Moliets, y descubra este bello paraje. A continuaci\u00f3n, contin\u00fae hasta la solitaria capilla de Maa y el <a href=\"https:\/\/www.capfun.com\/camping-france-aquitaine-landisland-FR.html\" target=\"_blank\" rel=\"noopener\">camping Capfun Landisland<\/a> para adentrarse en el Nasse. Un n\u00famero astron\u00f3mico de bicicletas de monta\u00f1a individuales en medio del bosque te esperan. \u00a1Por fin algunas colinas! Por fin llegar\u00e1 a L\u00e9on. Podr\u00e1 regresar por la V\u00e9lodyss\u00e9e. Ten cuidado, esta ruta tiene muchos tramos arenosos, as\u00ed que utiliza s\u00f3lo bicicletas de monta\u00f1a.\u00a0<\/p>\t\t\t\t\t\t\t\t<\/div>\n\t\t\t\t<\/div>\n\t\t\t\t<div class=\"elementor-element elementor-element-44c24fd0 elementor-widget elementor-widget-heading\" data-id=\"44c24fd0\" data-element_type=\"widget\" data-e-type=\"widget\" data-widget_type=\"heading.default\">\n\t\t\t\t<div class=\"elementor-widget-container\">\n\t\t\t\t\t<h3 class=\"elementor-heading-title elementor-size-default\">Itinerarios por la V\u00e9lodyss\u00e9e (Moliets, Messanges, Vieux Boucau, Soustons, Azur) :<\/h3>\t\t\t\t<\/div>\n\t\t\t\t<\/div>\n\t\t\t\t<div class=\"elementor-element elementor-element-1e5f5b72 elementor-widget elementor-widget-text-editor\" data-id=\"1e5f5b72\" data-element_type=\"widget\" data-e-type=\"widget\" data-widget_type=\"text-editor.default\">\n\t\t\t\t<div class=\"elementor-widget-container\">\n\t\t\t\t\t\t\t\t\t<p class=\"tw-data-text tw-text-large tw-ta\" dir=\"ltr\" data-placeholder=\"Traduction\"><span lang=\"en\">Rutas ciclistas, de 15 a 50 km, todos los niveles.<\/span><\/p><p class=\"tw-data-text tw-text-large tw-ta\" dir=\"ltr\" data-placeholder=\"Traduction\"><span lang=\"en\">La V\u00e9lodyss\u00e9e... Todos han o\u00eddo hablar bien de ella, \u00a1y entender\u00e1n por qu\u00e9! Esta ruta ciclista de gran calidad es perfecta para disfrutar de un paseo en familia. Llano y perfectamente se\u00f1alizado, no dude en llevar a sus hijos. El carril bici se coge en el restaurante Tibou, en el centro de Moliets, y hay varias rutas disponibles para seguir hacia el sur:<\/span><\/p><p class=\"tw-data-text tw-text-large tw-ta\" dir=\"ltr\" data-placeholder=\"Traduction\"><span lang=\"en\">- Moliets, Messanges, Vieux-Boucau (20 km ida y vuelta): Ruta f\u00e1cil que culmina con un paseo alrededor del lago marino de Vieux Boucau. Un magn\u00edfico paseo en bicicleta a trav\u00e9s de campos y bosques, con la posibilidad de hacer una pausa gastron\u00f3mica alrededor del lago marino. Desde el punto de vista de la seguridad, s\u00f3lo tendr\u00e1 que cruzar la carretera una vez en Vieux Boucau para llegar al lago.\u00a0<\/span><\/p><p class=\"tw-data-text tw-text-large tw-ta\" dir=\"ltr\" data-placeholder=\"Traduction\"><span lang=\"en\">- Moliets, Vieux-Boucau, Soustons, Azur, Messanges (bucle de 50 km): Si busca un paseo en bicicleta m\u00e1s largo, contin\u00fae por el tramo de pista que lleva a la ciudad de Soustons. Bordee el lago hasta Azur y vuelva a Messanges. Entre Azur y Messanges le esperan algunas subidas cortas. El recorrido es totalmente ciclable y merece la pena.\u00a0<\/span><\/p><p class=\"tw-data-text tw-text-large tw-ta\" dir=\"ltr\" data-placeholder=\"Traduction\">M\u00e1s ideas para pasear en bicicleta en la web de <a href=\"https:\/\/www.moliets.com\/a-faire\/loisirs-et-sports\/\" target=\"_blank\" rel=\"noopener\">Oficina de Turismo de Moliets-et-Maa<\/a>.\u00a0<\/p>\t\t\t\t\t\t\t\t<\/div>\n\t\t\t\t<\/div>\n\t\t\t\t\t<\/div>\n\t\t<\/div>\n\t\t\t\t\t<\/div>\n\t\t<\/section>\n\t\t\t\t<section class=\"elementor-section elementor-top-section elementor-element elementor-element-5047ae27 elementor-section-content-middle elementor-section-boxed elementor-section-height-default elementor-section-height-default\" data-id=\"5047ae27\" data-element_type=\"section\" data-e-type=\"section\">\n\t\t\t\t\t\t<div class=\"elementor-container elementor-column-gap-default\">\n\t\t\t\t\t<div class=\"elementor-column elementor-col-50 elementor-top-column elementor-element elementor-element-433a0a63\" data-id=\"433a0a63\" data-element_type=\"column\" data-e-type=\"column\">\n\t\t\t<div class=\"elementor-widget-wrap elementor-element-populated\">\n\t\t\t\t\t\t<div class=\"elementor-element elementor-element-c2fee69 elementor-widget elementor-widget-image\" data-id=\"c2fee69\" data-element_type=\"widget\" data-e-type=\"widget\" data-widget_type=\"image.default\">\n\t\t\t\t<div class=\"elementor-widget-container\">\n\t\t\t\t\t\t\t\t\t\t\t\t\t\t\t<img decoding=\"async\" width=\"1024\" height=\"685\" src=\"https:\/\/lacyclerie-leon.fr\/wp-content\/uploads\/2019\/01\/filios-sazeides-106953-unsplash.jpg\" class=\"attachment-full size-full wp-image-40\" alt=\"Surf en famille \u00e0 la plage de la Lette-blanche\" srcset=\"https:\/\/lacyclerie-leon.fr\/wp-content\/uploads\/2019\/01\/filios-sazeides-106953-unsplash.jpg 1024w, https:\/\/lacyclerie-leon.fr\/wp-content\/uploads\/2019\/01\/filios-sazeides-106953-unsplash-600x401.jpg 600w, https:\/\/lacyclerie-leon.fr\/wp-content\/uploads\/2019\/01\/filios-sazeides-106953-unsplash-300x201.jpg 300w, https:\/\/lacyclerie-leon.fr\/wp-content\/uploads\/2019\/01\/filios-sazeides-106953-unsplash-768x514.jpg 768w\" sizes=\"(max-width: 1024px) 100vw, 1024px\" \/>\t\t\t\t\t\t\t\t\t\t\t\t\t\t\t<\/div>\n\t\t\t\t<\/div>\n\t\t\t\t\t<\/div>\n\t\t<\/div>\n\t\t\t\t<div class=\"elementor-column elementor-col-50 elementor-top-column elementor-element elementor-element-690067f2\" data-id=\"690067f2\" data-element_type=\"column\" data-e-type=\"column\">\n\t\t\t<div class=\"elementor-widget-wrap elementor-element-populated\">\n\t\t\t\t\t\t<div class=\"elementor-element elementor-element-4e651e08 elementor-widget elementor-widget-heading\" data-id=\"4e651e08\" data-element_type=\"widget\" data-e-type=\"widget\" data-widget_type=\"heading.default\">\n\t\t\t\t<div class=\"elementor-widget-container\">\n\t\t\t\t\t<h3 class=\"elementor-heading-title elementor-size-default\">El oc\u00e9ano y el surf<\/h3>\t\t\t\t<\/div>\n\t\t\t\t<\/div>\n\t\t\t\t<div class=\"elementor-element elementor-element-20b78374 elementor-widget elementor-widget-text-editor\" data-id=\"20b78374\" data-element_type=\"widget\" data-e-type=\"widget\" data-widget_type=\"text-editor.default\">\n\t\t\t\t<div class=\"elementor-widget-container\">\n\t\t\t\t\t\t\t\t\t<p>No te decimos nada, Moliets es el destino local del surf. No deje de probar este divertido deporte. Las sensaciones durar\u00e1n toda la vida. Las numerosas escuelas de surf de <a href=\"http:\/\/www.silverlandes.com\" target=\"_blank\" rel=\"noopener\">L\u00e9on<\/a> o Moliets est\u00e1n a su servicio.\u00a0<\/p><p>Tambi\u00e9n puede beneficiarse de <a href=\"https:\/\/www.google.com\/search?rlz=1C1CHBF_frFR816FR816&amp;ei=CkfUXOG6LPiZjLsP8uGjkAI&amp;q=embouchure%20du%20courant%20d%27huchet&amp;oq=embouchure+du+courant+d%27huche&amp;gs_l=psy-ab.3..35i39j0j0i22i30j38.9618.9618..10035...0.0..0.125.125.0j1......0....1..gws-wiz.mmEErqXvvfg&amp;npsic=0&amp;rflfq=1&amp;rlha=0&amp;rllag=43872442,-1354550,3116&amp;tbm=lcl&amp;rldimm=2059610536573117351&amp;phdesc=NwaPNnqeRrk&amp;ved=2ahUKEwjIrdbN4Y7iAhUR7eAKHUXmB8kQvS4wAXoECAkQKA&amp;rldoc=1&amp;tbs=lrf:!2m1!1e2!2m1!1e3!3sIAE,lf:1,lf_ui:1#rlfi=hd:;si:2059610536573117351,y,NwaPNnqeRrk;mv:!1m2!1d43.8878598!2d-1.3165939!2m2!1d43.857026!2d-1.3925075999999998;tbs:lrf:!2m1!1e2!2m1!1e3!3sIAE,lf:1,lf_ui:1\" target=\"_blank\" rel=\"noopener\">la desembocadura del arroyo H\u00fbchet<\/a>. Este paraje virgen marca el punto en el que el curso de agua de la reserva termina su recorrido para desembocar en el oc\u00e9ano. Una peque\u00f1a carretera a la derecha, en direcci\u00f3n a la playa, le llevar\u00e1 hasta all\u00ed. Es accesible en bicicleta. Le garantizamos que podr\u00e1 hacer sus mejores fotos al atardecer.\u00a0<\/p>\t\t\t\t\t\t\t\t<\/div>\n\t\t\t\t<\/div>\n\t\t\t\t\t<\/div>\n\t\t<\/div>\n\t\t\t\t\t<\/div>\n\t\t<\/section>\n\t\t\t\t<section class=\"elementor-section elementor-top-section elementor-element elementor-element-408a8bc9 elementor-section-content-middle elementor-reverse-mobile elementor-section-boxed elementor-section-height-default elementor-section-height-default\" data-id=\"408a8bc9\" data-element_type=\"section\" data-e-type=\"section\">\n\t\t\t\t\t\t<div class=\"elementor-container elementor-column-gap-default\">\n\t\t\t\t\t<div class=\"elementor-column elementor-col-50 elementor-top-column elementor-element elementor-element-73e5eca5\" data-id=\"73e5eca5\" data-element_type=\"column\" data-e-type=\"column\">\n\t\t\t<div class=\"elementor-widget-wrap elementor-element-populated\">\n\t\t\t\t\t\t<div class=\"elementor-element elementor-element-2819f737 elementor-widget elementor-widget-heading\" data-id=\"2819f737\" data-element_type=\"widget\" data-e-type=\"widget\" data-widget_type=\"heading.default\">\n\t\t\t\t<div class=\"elementor-widget-container\">\n\t\t\t\t\t<h3 class=\"elementor-heading-title elementor-size-default\">\u00bfD\u00f3nde comer en Moliets? <\/h3>\t\t\t\t<\/div>\n\t\t\t\t<\/div>\n\t\t\t\t<div class=\"elementor-element elementor-element-24591b7b elementor-widget elementor-widget-text-editor\" data-id=\"24591b7b\" data-element_type=\"widget\" data-e-type=\"widget\" data-widget_type=\"text-editor.default\">\n\t\t\t\t<div class=\"elementor-widget-container\">\n\t\t\t\t\t\t\t\t\t<p>Nuestro consejo para gourmets <a href=\"http:\/\/www.tibou-moliets.fr\/\" target=\"_blank\" rel=\"noopener\">Ti bou<\/a> y <a href=\"https:\/\/www.tripadvisor.fr\/Restaurant_Review-g562709-d1333635-Reviews-Un_Singe_en_Hiver-Moliets_et_Maa_Landes_Nouvelle_Aquitaine.html\" target=\"_blank\" rel=\"noopener\">Mono en invierno<\/a> \u00a1! En Moliets, le servir\u00e1n una cocina refinada en un marco de ensue\u00f1o. Tambi\u00e9n le encantar\u00e1 el <a href=\"https:\/\/www.l-ocean.fr\/fr\/restaurant-moliets-et-maa\" target=\"_blank\" rel=\"noopener\">Grill de l'oc\u00e9an<\/a> en la orilla de la playa.<\/p>\t\t\t\t\t\t\t\t<\/div>\n\t\t\t\t<\/div>\n\t\t\t\t<div class=\"elementor-element elementor-element-7eb281f elementor-widget elementor-widget-heading\" data-id=\"7eb281f\" data-element_type=\"widget\" data-e-type=\"widget\" data-widget_type=\"heading.default\">\n\t\t\t\t<div class=\"elementor-widget-container\">\n\t\t\t\t\t<h3 class=\"elementor-heading-title elementor-size-default\">\u00bfY para divertirse?  <\/h3>\t\t\t\t<\/div>\n\t\t\t\t<\/div>\n\t\t\t\t<div class=\"elementor-element elementor-element-d6a6a32 elementor-widget elementor-widget-text-editor\" data-id=\"d6a6a32\" data-element_type=\"widget\" data-e-type=\"widget\" data-widget_type=\"text-editor.default\">\n\t\t\t\t<div class=\"elementor-widget-container\">\n\t\t\t\t\t\t\t\t\t<p>El parque de accrobranche <a href=\"http:\/\/www.adrenalineparc.fr\/\" target=\"_blank\" rel=\"noopener\">Parque de adrenalina<\/a> es sin duda la actividad m\u00e1s divertida para una tarde en familia. \u00bfBuscas m\u00e1s emoci\u00f3n? Pruebe con el paintball.\u00a0<\/p>\t\t\t\t\t\t\t\t<\/div>\n\t\t\t\t<\/div>\n\t\t\t\t\t<\/div>\n\t\t<\/div>\n\t\t\t\t<div class=\"elementor-column elementor-col-50 elementor-top-column elementor-element elementor-element-75a7bf44\" data-id=\"75a7bf44\" data-element_type=\"column\" data-e-type=\"column\">\n\t\t\t<div class=\"elementor-widget-wrap elementor-element-populated\">\n\t\t\t\t\t\t<div class=\"elementor-element elementor-element-e5dc92d elementor-widget elementor-widget-image\" data-id=\"e5dc92d\" data-element_type=\"widget\" data-e-type=\"widget\" data-widget_type=\"image.default\">\n\t\t\t\t<div class=\"elementor-widget-container\">\n\t\t\t\t\t\t\t\t\t\t\t\t\t\t\t<img decoding=\"async\" src=\"https:\/\/lacyclerie-leon.fr\/wp-content\/uploads\/elementor\/thumbs\/foodiesfeed.com_homemade-pizza-pe8ktckt7tzgl20rakm2ntuel68xvojzk0negsvxcw.jpg\" title=\"foodiesfeed.com_homemade-pizza.jpg\" alt=\"bien manger \u00e0 Moliets\" loading=\"lazy\" \/>\t\t\t\t\t\t\t\t\t\t\t\t\t\t\t<\/div>\n\t\t\t\t<\/div>\n\t\t\t\t\t<\/div>\n\t\t<\/div>\n\t\t\t\t\t<\/div>\n\t\t<\/section>\n\t\t\t\t<section class=\"elementor-section elementor-top-section elementor-element elementor-element-4ce96420 elementor-section-full_width elementor-section-height-default elementor-section-height-default\" data-id=\"4ce96420\" data-element_type=\"section\" data-e-type=\"section\" data-settings=\"{&quot;background_background&quot;:&quot;classic&quot;}\">\n\t\t\t\t\t\t<div class=\"elementor-container elementor-column-gap-no\">\n\t\t\t\t\t<div class=\"elementor-column elementor-col-100 elementor-top-column elementor-element elementor-element-17e99cc\" data-id=\"17e99cc\" data-element_type=\"column\" data-e-type=\"column\">\n\t\t\t<div class=\"elementor-widget-wrap elementor-element-populated\">\n\t\t\t\t\t\t<div class=\"elementor-element elementor-element-58b07e0 elementor-widget elementor-widget-spacer\" data-id=\"58b07e0\" data-element_type=\"widget\" data-e-type=\"widget\" data-widget_type=\"spacer.default\">\n\t\t\t\t<div class=\"elementor-widget-container\">\n\t\t\t\t\t\t\t<div class=\"elementor-spacer\">\n\t\t\t<div class=\"elementor-spacer-inner\"><\/div>\n\t\t<\/div>\n\t\t\t\t\t\t<\/div>\n\t\t\t\t<\/div>\n\t\t\t\t\t<\/div>\n\t\t<\/div>\n\t\t\t\t\t<\/div>\n\t\t<\/section>\n\t\t\t\t<section class=\"elementor-section elementor-top-section elementor-element elementor-element-4bd0e507 elementor-section-content-middle elementor-section-boxed elementor-section-height-default elementor-section-height-default\" data-id=\"4bd0e507\" data-element_type=\"section\" data-e-type=\"section\">\n\t\t\t\t\t\t<div class=\"elementor-container elementor-column-gap-no\">\n\t\t\t\t\t<div class=\"elementor-column elementor-col-33 elementor-top-column elementor-element elementor-element-2ef47f8e\" data-id=\"2ef47f8e\" data-element_type=\"column\" data-e-type=\"column\">\n\t\t\t<div class=\"elementor-widget-wrap elementor-element-populated\">\n\t\t\t\t\t\t<div class=\"elementor-element elementor-element-a5b0ea9 elementor-view-default elementor-position-block-start elementor-mobile-position-block-start elementor-widget elementor-widget-icon-box\" data-id=\"a5b0ea9\" data-element_type=\"widget\" data-e-type=\"widget\" data-widget_type=\"icon-box.default\">\n\t\t\t\t<div class=\"elementor-widget-container\">\n\t\t\t\t\t\t\t<div class=\"elementor-icon-box-wrapper\">\n\n\t\t\t\t\t\t<div class=\"elementor-icon-box-icon\">\n\t\t\t\t<a href=\"https:\/\/www.camping-les-cigales.fr\/\/\" class=\"elementor-icon elementor-animation-grow\" tabindex=\"-1\" aria-label=\"Alojamiento\">\n\t\t\t\t<i aria-hidden=\"true\" class=\"fas fa-home\"><\/i>\t\t\t\t<\/a>\n\t\t\t<\/div>\n\t\t\t\n\t\t\t\t\t\t<div class=\"elementor-icon-box-content\">\n\n\t\t\t\t\t\t\t\t\t<h4 class=\"elementor-icon-box-title\">\n\t\t\t\t\t\t<a href=\"https:\/\/www.camping-les-cigales.fr\/\/\" >\n\t\t\t\t\t\t\tAlojamiento\t\t\t\t\t\t<\/a>\n\t\t\t\t\t<\/h4>\n\t\t\t\t\n\t\t\t\t\t\t\t\t\t<p class=\"elementor-icon-box-description\">\n\t\t\t\t\t\tCamping Les Cigales <br>Camping Capfun - Landisland<br>Residencia Golf Oc\u00e9an<br>Hotel Ocean<br>...\t\t\t\t\t<\/p>\n\t\t\t\t\n\t\t\t<\/div>\n\t\t\t\n\t\t<\/div>\n\t\t\t\t\t\t<\/div>\n\t\t\t\t<\/div>\n\t\t\t\t\t<\/div>\n\t\t<\/div>\n\t\t\t\t<div class=\"elementor-column elementor-col-33 elementor-top-column elementor-element elementor-element-6f22be2c\" data-id=\"6f22be2c\" data-element_type=\"column\" data-e-type=\"column\">\n\t\t\t<div class=\"elementor-widget-wrap elementor-element-populated\">\n\t\t\t\t\t\t<div class=\"elementor-element elementor-element-19153b0a elementor-view-default elementor-position-block-start elementor-mobile-position-block-start elementor-widget elementor-widget-icon-box\" data-id=\"19153b0a\" data-element_type=\"widget\" data-e-type=\"widget\" data-widget_type=\"icon-box.default\">\n\t\t\t\t<div class=\"elementor-widget-container\">\n\t\t\t\t\t\t\t<div class=\"elementor-icon-box-wrapper\">\n\n\t\t\t\t\t\t<div class=\"elementor-icon-box-icon\">\n\t\t\t\t<span  class=\"elementor-icon elementor-animation-grow\">\n\t\t\t\t<i aria-hidden=\"true\" class=\"fab fa-apple\"><\/i>\t\t\t\t<\/span>\n\t\t\t<\/div>\n\t\t\t\n\t\t\t\t\t\t<div class=\"elementor-icon-box-content\">\n\n\t\t\t\t\t\t\t\t\t<h4 class=\"elementor-icon-box-title\">\n\t\t\t\t\t\t<span  >\n\t\t\t\t\t\t\tCome\t\t\t\t\t\t<\/span>\n\t\t\t\t\t<\/h4>\n\t\t\t\t\n\t\t\t\t\t\t\t\t\t<p class=\"elementor-icon-box-description\">\n\t\t\t\t\t\tTi bou<br>Bistrot gourmand<br>Un mono en invierno<br>El K-bane<br>...\t\t\t\t\t<\/p>\n\t\t\t\t\n\t\t\t<\/div>\n\t\t\t\n\t\t<\/div>\n\t\t\t\t\t\t<\/div>\n\t\t\t\t<\/div>\n\t\t\t\t\t<\/div>\n\t\t<\/div>\n\t\t\t\t<div class=\"elementor-column elementor-col-33 elementor-top-column elementor-element elementor-element-20c2e4b3\" data-id=\"20c2e4b3\" data-element_type=\"column\" data-e-type=\"column\">\n\t\t\t<div class=\"elementor-widget-wrap elementor-element-populated\">\n\t\t\t\t\t\t<div class=\"elementor-element elementor-element-17785eb8 elementor-view-default elementor-position-block-start elementor-mobile-position-block-start elementor-widget elementor-widget-icon-box\" data-id=\"17785eb8\" data-element_type=\"widget\" data-e-type=\"widget\" data-widget_type=\"icon-box.default\">\n\t\t\t\t<div class=\"elementor-widget-container\">\n\t\t\t\t\t\t\t<div class=\"elementor-icon-box-wrapper\">\n\n\t\t\t\t\t\t<div class=\"elementor-icon-box-icon\">\n\t\t\t\t<span  class=\"elementor-icon elementor-animation-grow\">\n\t\t\t\t<i aria-hidden=\"true\" class=\"far fa-futbol\"><\/i>\t\t\t\t<\/span>\n\t\t\t<\/div>\n\t\t\t\n\t\t\t\t\t\t<div class=\"elementor-icon-box-content\">\n\n\t\t\t\t\t\t\t\t\t<h4 class=\"elementor-icon-box-title\">\n\t\t\t\t\t\t<span  >\n\t\t\t\t\t\t\tDivertirse\t\t\t\t\t\t<\/span>\n\t\t\t\t\t<\/h4>\n\t\t\t\t\n\t\t\t\t\t\t\t\t\t<p class=\"elementor-icon-box-description\">\n\t\t\t\t\t\tParque Adr\u00e9naline<br>Escuela de surf ByTheWave<br>Playa de Moliets<br>Centro cultural <br>...\t\t\t\t\t<\/p>\n\t\t\t\t\n\t\t\t<\/div>\n\t\t\t\n\t\t<\/div>\n\t\t\t\t\t\t<\/div>\n\t\t\t\t<\/div>\n\t\t\t\t\t<\/div>\n\t\t<\/div>\n\t\t\t\t\t<\/div>\n\t\t<\/section>\n\t\t\t\t<section class=\"elementor-section elementor-top-section elementor-element elementor-element-9f9a3a4 elementor-section-content-middle elementor-section-boxed elementor-section-height-default elementor-section-height-default\" data-id=\"9f9a3a4\" data-element_type=\"section\" data-e-type=\"section\" data-settings=\"{&quot;background_background&quot;:&quot;classic&quot;}\">\n\t\t\t\t\t\t<div class=\"elementor-container elementor-column-gap-default\">\n\t\t\t\t\t<div class=\"elementor-column elementor-col-50 elementor-top-column elementor-element elementor-element-50901fc\" data-id=\"50901fc\" data-element_type=\"column\" data-e-type=\"column\">\n\t\t\t<div class=\"elementor-widget-wrap elementor-element-populated\">\n\t\t\t\t\t\t<div class=\"elementor-element elementor-element-f294f5a elementor-widget elementor-widget-heading\" data-id=\"f294f5a\" data-element_type=\"widget\" data-e-type=\"widget\" data-widget_type=\"heading.default\">\n\t\t\t\t<div class=\"elementor-widget-container\">\n\t\t\t\t\t<h2 class=\"elementor-heading-title elementor-size-default\">Conf\u00ede en nosotros para su alquiler de bicicletas en Moliets. Ver\u00e1s que las vacaciones son mucho m\u00e1s agradables en bicicleta...<\/h2>\t\t\t\t<\/div>\n\t\t\t\t<\/div>\n\t\t\t\t<div class=\"elementor-element elementor-element-220c8ac elementor-view-default elementor-widget elementor-widget-icon\" data-id=\"220c8ac\" data-element_type=\"widget\" data-e-type=\"widget\" data-widget_type=\"icon.default\">\n\t\t\t\t<div class=\"elementor-widget-container\">\n\t\t\t\t\t\t\t<div class=\"elementor-icon-wrapper\">\n\t\t\t<a class=\"elementor-icon\" href=\"https:\/\/lacyclerie-leon.fr\/es\/roadbook\/\">\n\t\t\t<i aria-hidden=\"true\" class=\"fas fa-bicycle\"><\/i>\t\t\t<\/a>\n\t\t<\/div>\n\t\t\t\t\t\t<\/div>\n\t\t\t\t<\/div>\n\t\t\t\t<div class=\"elementor-element elementor-element-851d927 elementor-widget elementor-widget-text-editor\" data-id=\"851d927\" data-element_type=\"widget\" data-e-type=\"widget\" data-widget_type=\"text-editor.default\">\n\t\t\t\t<div class=\"elementor-widget-container\">\n\t\t\t\t\t\t\t\t\t<p><a href=\"https:\/\/lacyclerie-leon.fr\/es\/roadbook\/\">Volver al roadbook<\/a><\/p>\t\t\t\t\t\t\t\t<\/div>\n\t\t\t\t<\/div>\n\t\t\t\t\t<\/div>\n\t\t<\/div>\n\t\t\t\t<div class=\"elementor-column elementor-col-50 elementor-top-column elementor-element elementor-element-c6cd784\" data-id=\"c6cd784\" data-element_type=\"column\" data-e-type=\"column\">\n\t\t\t<div class=\"elementor-widget-wrap elementor-element-populated\">\n\t\t\t\t\t\t<div class=\"elementor-element elementor-element-f6de1a9 elementor-widget elementor-widget-ucaddon_gradient_button\" data-id=\"f6de1a9\" data-element_type=\"widget\" data-e-type=\"widget\" data-widget_type=\"ucaddon_gradient_button.default\">\n\t\t\t\t<div class=\"elementor-widget-container\">\n\t\t\t\t\t\n<!-- start Gradient Button -->\n<style>\/* widget: Gradient Button *\/\n\n#uc_gradient_button_elementor_f6de1a9 a {\n  display:inline-block;\n  text-align: center;\n  transition: 0.5s;\n  background-size: 200% auto;\n  color: white;\n \/* text-shadow: 0px 0px 10px rgba(0,0,0,0.2);*\/\n  box-shadow: 0 5px 20px rgba(0,0,0,0.15);\n  border-radius: 100px;\n   background-image: linear-gradient(to right, #f6d365 0%, #fda085 51%, #f6d365 100%);\n  text-decoration:none\n }\n\n\n#uc_gradient_button_elementor_f6de1a9 a:hover {\n  background-position: right center; \/* change the direction of the change here *\/\n}\n\n<\/style>\n\n<div style=\"text-align:center;\" id=\"uc_gradient_button_elementor_f6de1a9\">\n  <a href=\"https:\/\/lacyclerie-leon.fr\/es\/je-reserve\/\"  class=\"gradient_button\">Reservo mi moto<\/a>\n<\/div>\n<!-- end Gradient Button -->\t\t\t\t<\/div>\n\t\t\t\t<\/div>\n\t\t\t\t\t<\/div>\n\t\t<\/div>\n\t\t\t\t\t<\/div>\n\t\t<\/section>\n\t\t\t\t<\/div>","protected":false},"excerpt":{"rendered":"<p>Location de v\u00e9lo \u00e0 Moliets Louez votre v\u00e9lo \u00e0 Moliets avec la Cyclerie, votre solution confort pour p\u00e9daler dans les Landes ! Pr\u00e9c\u00e9dent Suivant Vous souhaitez louer un v\u00e9lo \u00e0 Moliets-et-Maa ? Choisissez la qualit\u00e9 et le confort avec la Cyclerie ! Nous vous assurons la livraison de v\u00e9lo directement sur votre lieu de vacances, [&hellip;]<\/p>\n","protected":false},"author":2,"featured_media":1201,"parent":0,"menu_order":0,"comment_status":"closed","ping_status":"closed","template":"","meta":{"_monsterinsights_skip_tracking":false,"_monsterinsights_sitenote_active":false,"_monsterinsights_sitenote_note":"","_monsterinsights_sitenote_category":0,"footnotes":""},"class_list":["post-1028","page","type-page","status-publish","has-post-thumbnail","hentry","entry","has-media","owp-thumbs-layout-horizontal","owp-btn-normal","owp-tabs-layout-horizontal","has-no-thumbnails","has-product-nav"],"yoast_head":"<!-- This site is optimized with the Yoast SEO plugin v27.5 - https:\/\/yoast.com\/product\/yoast-seo-wordpress\/ -->\n<title>Location de v\u00e9lo \u00e0 Moliets : La Cyclerie vous livre \u00e0 domicile<\/title>\n<meta name=\"description\" content=\"Louez votre v\u00e9lo \u00e0 Moliets avec La Cyclerie ! Chez nous, la qualit\u00e9 est partout, de nos v\u00e9lo made in France, jusqu&#039;\u00e0 la livraison gratuite !\" \/>\n<meta name=\"robots\" content=\"index, follow, max-snippet:-1, max-image-preview:large, max-video-preview:-1\" \/>\n<link rel=\"canonical\" href=\"https:\/\/lacyclerie-leon.fr\/es\/location-velo-a-moliets-et-maa\/\" \/>\n<meta property=\"og:locale\" content=\"es_ES\" \/>\n<meta property=\"og:type\" content=\"article\" \/>\n<meta property=\"og:title\" content=\"Location de v\u00e9lo \u00e0 Moliets : La Cyclerie vous livre \u00e0 domicile\" \/>\n<meta property=\"og:description\" content=\"Louez votre v\u00e9lo \u00e0 Moliets avec La Cyclerie ! Chez nous, la qualit\u00e9 est partout, de nos v\u00e9lo made in France, jusqu&#039;\u00e0 la livraison gratuite !\" \/>\n<meta property=\"og:url\" content=\"https:\/\/lacyclerie-leon.fr\/es\/location-velo-a-moliets-et-maa\/\" \/>\n<meta property=\"article:publisher\" content=\"https:\/\/www.facebook.com\/lacyclerieleon\" \/>\n<meta property=\"article:modified_time\" content=\"2022-10-11T19:30:33+00:00\" \/>\n<meta property=\"og:image\" content=\"https:\/\/lacyclerie-leon.fr\/wp-content\/uploads\/2019\/07\/66325517_1092722404449483_5920344222598168576_n.jpg\" \/>\n\t<meta property=\"og:image:width\" content=\"2048\" \/>\n\t<meta property=\"og:image:height\" content=\"1365\" \/>\n\t<meta property=\"og:image:type\" content=\"image\/jpeg\" \/>\n<meta name=\"twitter:card\" content=\"summary_large_image\" \/>\n<meta name=\"twitter:label1\" content=\"Tiempo de lectura\" \/>\n\t<meta name=\"twitter:data1\" content=\"8 minutos\" \/>\n<script type=\"application\/ld+json\" class=\"yoast-schema-graph\">{\"@context\":\"https:\\\/\\\/schema.org\",\"@graph\":[{\"@type\":\"WebPage\",\"@id\":\"https:\\\/\\\/lacyclerie-leon.fr\\\/location-velo-a-moliets-et-maa\\\/\",\"url\":\"https:\\\/\\\/lacyclerie-leon.fr\\\/location-velo-a-moliets-et-maa\\\/\",\"name\":\"Location de v\u00e9lo \u00e0 Moliets : La Cyclerie vous livre \u00e0 domicile\",\"isPartOf\":{\"@id\":\"https:\\\/\\\/lacyclerie-leon.fr\\\/#website\"},\"primaryImageOfPage\":{\"@id\":\"https:\\\/\\\/lacyclerie-leon.fr\\\/location-velo-a-moliets-et-maa\\\/#primaryimage\"},\"image\":{\"@id\":\"https:\\\/\\\/lacyclerie-leon.fr\\\/location-velo-a-moliets-et-maa\\\/#primaryimage\"},\"thumbnailUrl\":\"https:\\\/\\\/lacyclerie-leon.fr\\\/wp-content\\\/uploads\\\/2019\\\/07\\\/66325517_1092722404449483_5920344222598168576_n.jpg\",\"datePublished\":\"2019-05-09T16:09:23+00:00\",\"dateModified\":\"2022-10-11T19:30:33+00:00\",\"description\":\"Louez votre v\u00e9lo \u00e0 Moliets avec La Cyclerie ! Chez nous, la qualit\u00e9 est partout, de nos v\u00e9lo made in France, jusqu'\u00e0 la livraison gratuite !\",\"breadcrumb\":{\"@id\":\"https:\\\/\\\/lacyclerie-leon.fr\\\/location-velo-a-moliets-et-maa\\\/#breadcrumb\"},\"inLanguage\":\"es\",\"potentialAction\":[{\"@type\":\"ReadAction\",\"target\":[\"https:\\\/\\\/lacyclerie-leon.fr\\\/location-velo-a-moliets-et-maa\\\/\"]}]},{\"@type\":\"ImageObject\",\"inLanguage\":\"es\",\"@id\":\"https:\\\/\\\/lacyclerie-leon.fr\\\/location-velo-a-moliets-et-maa\\\/#primaryimage\",\"url\":\"https:\\\/\\\/lacyclerie-leon.fr\\\/wp-content\\\/uploads\\\/2019\\\/07\\\/66325517_1092722404449483_5920344222598168576_n.jpg\",\"contentUrl\":\"https:\\\/\\\/lacyclerie-leon.fr\\\/wp-content\\\/uploads\\\/2019\\\/07\\\/66325517_1092722404449483_5920344222598168576_n.jpg\",\"width\":2048,\"height\":1365,\"caption\":\"V\u00e9lo \u00e0 louer \u00e0 L\u00e9on au camping Lou Puntaou\"},{\"@type\":\"BreadcrumbList\",\"@id\":\"https:\\\/\\\/lacyclerie-leon.fr\\\/location-velo-a-moliets-et-maa\\\/#breadcrumb\",\"itemListElement\":[{\"@type\":\"ListItem\",\"position\":1,\"name\":\"Accueil\",\"item\":\"https:\\\/\\\/lacyclerie-leon.fr\\\/\"},{\"@type\":\"ListItem\",\"position\":2,\"name\":\"Location v\u00e9lo \u00e0 Moliets et Maa (40660)\"}]},{\"@type\":\"WebSite\",\"@id\":\"https:\\\/\\\/lacyclerie-leon.fr\\\/#website\",\"url\":\"https:\\\/\\\/lacyclerie-leon.fr\\\/\",\"name\":\"\",\"description\":\"\",\"potentialAction\":[{\"@type\":\"SearchAction\",\"target\":{\"@type\":\"EntryPoint\",\"urlTemplate\":\"https:\\\/\\\/lacyclerie-leon.fr\\\/?s={search_term_string}\"},\"query-input\":{\"@type\":\"PropertyValueSpecification\",\"valueRequired\":true,\"valueName\":\"search_term_string\"}}],\"inLanguage\":\"es\"}]}<\/script>\n<!-- \/ Yoast SEO plugin. -->","yoast_head_json":{"title":"Location de v\u00e9lo \u00e0 Moliets : La Cyclerie vous livre \u00e0 domicile","description":"Louez votre v\u00e9lo \u00e0 Moliets avec La Cyclerie ! Chez nous, la qualit\u00e9 est partout, de nos v\u00e9lo made in France, jusqu'\u00e0 la livraison gratuite !","robots":{"index":"index","follow":"follow","max-snippet":"max-snippet:-1","max-image-preview":"max-image-preview:large","max-video-preview":"max-video-preview:-1"},"canonical":"https:\/\/lacyclerie-leon.fr\/es\/location-velo-a-moliets-et-maa\/","og_locale":"es_ES","og_type":"article","og_title":"Location de v\u00e9lo \u00e0 Moliets : La Cyclerie vous livre \u00e0 domicile","og_description":"Louez votre v\u00e9lo \u00e0 Moliets avec La Cyclerie ! Chez nous, la qualit\u00e9 est partout, de nos v\u00e9lo made in France, jusqu'\u00e0 la livraison gratuite !","og_url":"https:\/\/lacyclerie-leon.fr\/es\/location-velo-a-moliets-et-maa\/","article_publisher":"https:\/\/www.facebook.com\/lacyclerieleon","article_modified_time":"2022-10-11T19:30:33+00:00","og_image":[{"width":2048,"height":1365,"url":"https:\/\/lacyclerie-leon.fr\/wp-content\/uploads\/2019\/07\/66325517_1092722404449483_5920344222598168576_n.jpg","type":"image\/jpeg"}],"twitter_card":"summary_large_image","twitter_misc":{"Tiempo de lectura":"8 minutos"},"schema":{"@context":"https:\/\/schema.org","@graph":[{"@type":"WebPage","@id":"https:\/\/lacyclerie-leon.fr\/location-velo-a-moliets-et-maa\/","url":"https:\/\/lacyclerie-leon.fr\/location-velo-a-moliets-et-maa\/","name":"Location de v\u00e9lo \u00e0 Moliets : La Cyclerie vous livre \u00e0 domicile","isPartOf":{"@id":"https:\/\/lacyclerie-leon.fr\/#website"},"primaryImageOfPage":{"@id":"https:\/\/lacyclerie-leon.fr\/location-velo-a-moliets-et-maa\/#primaryimage"},"image":{"@id":"https:\/\/lacyclerie-leon.fr\/location-velo-a-moliets-et-maa\/#primaryimage"},"thumbnailUrl":"https:\/\/lacyclerie-leon.fr\/wp-content\/uploads\/2019\/07\/66325517_1092722404449483_5920344222598168576_n.jpg","datePublished":"2019-05-09T16:09:23+00:00","dateModified":"2022-10-11T19:30:33+00:00","description":"Louez votre v\u00e9lo \u00e0 Moliets avec La Cyclerie ! Chez nous, la qualit\u00e9 est partout, de nos v\u00e9lo made in France, jusqu'\u00e0 la livraison gratuite !","breadcrumb":{"@id":"https:\/\/lacyclerie-leon.fr\/location-velo-a-moliets-et-maa\/#breadcrumb"},"inLanguage":"es","potentialAction":[{"@type":"ReadAction","target":["https:\/\/lacyclerie-leon.fr\/location-velo-a-moliets-et-maa\/"]}]},{"@type":"ImageObject","inLanguage":"es","@id":"https:\/\/lacyclerie-leon.fr\/location-velo-a-moliets-et-maa\/#primaryimage","url":"https:\/\/lacyclerie-leon.fr\/wp-content\/uploads\/2019\/07\/66325517_1092722404449483_5920344222598168576_n.jpg","contentUrl":"https:\/\/lacyclerie-leon.fr\/wp-content\/uploads\/2019\/07\/66325517_1092722404449483_5920344222598168576_n.jpg","width":2048,"height":1365,"caption":"V\u00e9lo \u00e0 louer \u00e0 L\u00e9on au camping Lou Puntaou"},{"@type":"BreadcrumbList","@id":"https:\/\/lacyclerie-leon.fr\/location-velo-a-moliets-et-maa\/#breadcrumb","itemListElement":[{"@type":"ListItem","position":1,"name":"Accueil","item":"https:\/\/lacyclerie-leon.fr\/"},{"@type":"ListItem","position":2,"name":"Location v\u00e9lo \u00e0 Moliets et Maa (40660)"}]},{"@type":"WebSite","@id":"https:\/\/lacyclerie-leon.fr\/#website","url":"https:\/\/lacyclerie-leon.fr\/","name":"","description":"","potentialAction":[{"@type":"SearchAction","target":{"@type":"EntryPoint","urlTemplate":"https:\/\/lacyclerie-leon.fr\/?s={search_term_string}"},"query-input":{"@type":"PropertyValueSpecification","valueRequired":true,"valueName":"search_term_string"}}],"inLanguage":"es"}]}},"_links":{"self":[{"href":"https:\/\/lacyclerie-leon.fr\/es\/wp-json\/wp\/v2\/pages\/1028","targetHints":{"allow":["GET"]}}],"collection":[{"href":"https:\/\/lacyclerie-leon.fr\/es\/wp-json\/wp\/v2\/pages"}],"about":[{"href":"https:\/\/lacyclerie-leon.fr\/es\/wp-json\/wp\/v2\/types\/page"}],"author":[{"embeddable":true,"href":"https:\/\/lacyclerie-leon.fr\/es\/wp-json\/wp\/v2\/users\/2"}],"replies":[{"embeddable":true,"href":"https:\/\/lacyclerie-leon.fr\/es\/wp-json\/wp\/v2\/comments?post=1028"}],"version-history":[{"count":92,"href":"https:\/\/lacyclerie-leon.fr\/es\/wp-json\/wp\/v2\/pages\/1028\/revisions"}],"predecessor-version":[{"id":2862,"href":"https:\/\/lacyclerie-leon.fr\/es\/wp-json\/wp\/v2\/pages\/1028\/revisions\/2862"}],"wp:featuredmedia":[{"embeddable":true,"href":"https:\/\/lacyclerie-leon.fr\/es\/wp-json\/wp\/v2\/media\/1201"}],"wp:attachment":[{"href":"https:\/\/lacyclerie-leon.fr\/es\/wp-json\/wp\/v2\/media?parent=1028"}],"curies":[{"name":"wp","href":"https:\/\/api.w.org\/{rel}","templated":true}]}}