{"id":1225,"date":"2019-07-23T15:29:36","date_gmt":"2019-07-23T13:29:36","guid":{"rendered":"https:\/\/lacyclerie-leon.fr\/?page_id=1225"},"modified":"2026-01-24T19:11:12","modified_gmt":"2026-01-24T18:11:12","slug":"groupe-velo","status":"publish","type":"page","link":"https:\/\/lacyclerie-leon.fr\/es\/groupe-velo\/","title":{"rendered":"Location de v\u00e9lo groupe"},"content":{"rendered":"<div data-elementor-type=\"wp-post\" data-elementor-id=\"1225\" class=\"elementor elementor-1225\" data-elementor-post-type=\"page\">\n\t\t\t\t\t\t<section class=\"elementor-section elementor-top-section elementor-element elementor-element-9964abc elementor-section-full_width elementor-section-height-min-height elementor-section-items-bottom elementor-section-stretched elementor-section-height-default\" data-id=\"9964abc\" data-element_type=\"section\" data-e-type=\"section\" data-settings=\"{&quot;background_background&quot;:&quot;classic&quot;,&quot;stretch_section&quot;:&quot;section-stretched&quot;}\">\n\t\t\t\t\t\t<div class=\"elementor-container elementor-column-gap-no\">\n\t\t\t\t\t<div class=\"elementor-column elementor-col-100 elementor-top-column elementor-element elementor-element-eac0cf7\" data-id=\"eac0cf7\" data-element_type=\"column\" data-e-type=\"column\">\n\t\t\t<div class=\"elementor-widget-wrap elementor-element-populated\">\n\t\t\t\t\t\t<div class=\"elementor-element elementor-element-a671015 elementor-widget elementor-widget-heading\" data-id=\"a671015\" data-element_type=\"widget\" data-e-type=\"widget\" data-widget_type=\"heading.default\">\n\t\t\t\t<div class=\"elementor-widget-container\">\n\t\t\t\t\t<h2 class=\"elementor-heading-title elementor-size-default\">Alquiler de bicicletas para grupos<\/h2>\t\t\t\t<\/div>\n\t\t\t\t<\/div>\n\t\t\t\t<section class=\"elementor-section elementor-inner-section elementor-element elementor-element-b64aed8 elementor-section-full_width elementor-section-height-default elementor-section-content-middle elementor-section-height-default\" data-id=\"b64aed8\" data-element_type=\"section\" data-e-type=\"section\" data-settings=\"{&quot;background_background&quot;:&quot;classic&quot;}\">\n\t\t\t\t\t\t<div class=\"elementor-container elementor-column-gap-default\">\n\t\t\t\t\t<div class=\"elementor-column elementor-col-50 elementor-inner-column elementor-element elementor-element-1a9107e\" data-id=\"1a9107e\" data-element_type=\"column\" data-e-type=\"column\">\n\t\t\t<div class=\"elementor-widget-wrap elementor-element-populated\">\n\t\t\t\t\t\t<div class=\"elementor-element elementor-element-99cdb93 elementor-widget elementor-widget-heading\" data-id=\"99cdb93\" data-element_type=\"widget\" data-e-type=\"widget\" data-widget_type=\"heading.default\">\n\t\t\t\t<div class=\"elementor-widget-container\">\n\t\t\t\t\t<h2 class=\"elementor-heading-title elementor-size-large\">Descubra nuestras ofertas de alquiler de bicicletas para grupos.  \u00a1La Cyclerie a su servicio para sus eventos en las Landas!<\/h2>\t\t\t\t<\/div>\n\t\t\t\t<\/div>\n\t\t\t\t\t<\/div>\n\t\t<\/div>\n\t\t\t\t<div class=\"elementor-column elementor-col-50 elementor-inner-column elementor-element elementor-element-724c127\" data-id=\"724c127\" data-element_type=\"column\" data-e-type=\"column\">\n\t\t\t<div class=\"elementor-widget-wrap elementor-element-populated\">\n\t\t\t\t\t\t<div class=\"elementor-element elementor-element-25b5a7a elementor-widget elementor-widget-ucaddon_gradient_button\" data-id=\"25b5a7a\" data-element_type=\"widget\" data-e-type=\"widget\" data-widget_type=\"ucaddon_gradient_button.default\">\n\t\t\t\t<div class=\"elementor-widget-container\">\n\t\t\t\t\t\n<!-- start Gradient Button -->\n<style>\/* widget: Gradient Button *\/\n\n#uc_gradient_button_elementor_25b5a7a a {\n  display:inline-block;\n  text-align: center;\n  transition: 0.5s;\n  background-size: 200% auto;\n  color: white;\n \/* text-shadow: 0px 0px 10px rgba(0,0,0,0.2);*\/\n  box-shadow: 0 5px 20px rgba(0,0,0,0.15);\n  border-radius: 100px;\n   background-image: linear-gradient(to right, #FBB800 0%, #fda085 51%, #FBB800 100%);\n  text-decoration:none\n }\n\n\n#uc_gradient_button_elementor_25b5a7a a:hover {\n  background-position: right center; \/* change the direction of the change here *\/\n}\n\n<\/style>\n\n<div style=\"text-align:right;\" id=\"uc_gradient_button_elementor_25b5a7a\">\n  <a href=\"https:\/\/lacyclerie-leon.fr\/es\/contact-la-cyclerie\/\"  class=\"gradient_button\">Solicitar un presupuesto<\/a>\n<\/div>\n<!-- end Gradient Button -->\t\t\t\t<\/div>\n\t\t\t\t<\/div>\n\t\t\t\t\t<\/div>\n\t\t<\/div>\n\t\t\t\t\t<\/div>\n\t\t<\/section>\n\t\t\t\t\t<\/div>\n\t\t<\/div>\n\t\t\t\t\t<\/div>\n\t\t<\/section>\n\t\t\t\t<section class=\"elementor-section elementor-top-section elementor-element elementor-element-199b98ee elementor-section-height-min-height elementor-section-boxed elementor-section-height-default elementor-section-items-middle\" data-id=\"199b98ee\" data-element_type=\"section\" data-e-type=\"section\" data-settings=\"{&quot;background_background&quot;:&quot;classic&quot;}\">\n\t\t\t\t\t\t\t<div class=\"elementor-background-overlay\"><\/div>\n\t\t\t\t\t\t\t<div class=\"elementor-container elementor-column-gap-default\">\n\t\t\t\t\t<div class=\"elementor-column elementor-col-50 elementor-top-column elementor-element elementor-element-782128f7\" data-id=\"782128f7\" data-element_type=\"column\" data-e-type=\"column\" data-settings=\"{&quot;background_background&quot;:&quot;classic&quot;}\">\n\t\t\t<div class=\"elementor-widget-wrap elementor-element-populated\">\n\t\t\t\t\t\t<div class=\"elementor-element elementor-element-5e63bff gallery-spacing-custom elementor-widget elementor-widget-image-gallery\" data-id=\"5e63bff\" data-element_type=\"widget\" data-e-type=\"widget\" data-widget_type=\"image-gallery.default\">\n\t\t\t\t<div class=\"elementor-widget-container\">\n\t\t\t\t\t\t\t<div class=\"elementor-image-gallery\">\n\t\t\t<div id='gallery-1' class='gallery galleryid-1225 gallery-columns-1 gallery-size-medium'><figure class='gallery-item'>\n\t\t\t<div class='gallery-icon landscape'>\n\t\t\t\t<a data-elementor-open-lightbox=\"yes\" data-elementor-lightbox-slideshow=\"5e63bff\" data-elementor-lightbox-title=\"Louer un v\u00e9lo \u00e0 Vielle-St-Girons\" data-elementor-lightbox-description=\"V\u00e9los made in France et de qualit\u00e9 au meilleur prix \u00e0 Vielle-St- girons\" data-e-action-hash=\"#elementor-action%3Aaction%3Dlightbox%26settings%3DeyJpZCI6MTE5OCwidXJsIjoiaHR0cHM6XC9cL2xhY3ljbGVyaWUtbGVvbi5mclwvd3AtY29udGVudFwvdXBsb2Fkc1wvMjAxOVwvMDdcLzY1ODA1MjU1XzQxMzQwNjU4MjcxOTA5N180MzM1NzA3MDQ1MDc3NDUwNzUyX24uanBnIiwic2xpZGVzaG93IjoiNWU2M2JmZiJ9\" href='https:\/\/lacyclerie-leon.fr\/wp-content\/uploads\/2019\/07\/65805255_413406582719097_4335707045077450752_n.jpg'><img fetchpriority=\"high\" decoding=\"async\" width=\"300\" height=\"200\" src=\"https:\/\/lacyclerie-leon.fr\/wp-content\/uploads\/2019\/07\/65805255_413406582719097_4335707045077450752_n-300x200.jpg\" class=\"attachment-medium size-medium\" alt=\"Location de v\u00e9lo \u00e0 Vielle-St-Girons\" srcset=\"https:\/\/lacyclerie-leon.fr\/wp-content\/uploads\/2019\/07\/65805255_413406582719097_4335707045077450752_n-300x200.jpg 300w, https:\/\/lacyclerie-leon.fr\/wp-content\/uploads\/2019\/07\/65805255_413406582719097_4335707045077450752_n-600x400.jpg 600w, https:\/\/lacyclerie-leon.fr\/wp-content\/uploads\/2019\/07\/65805255_413406582719097_4335707045077450752_n-768x512.jpg 768w, https:\/\/lacyclerie-leon.fr\/wp-content\/uploads\/2019\/07\/65805255_413406582719097_4335707045077450752_n.jpg 1024w\" sizes=\"(max-width: 300px) 100vw, 300px\" \/><\/a>\n\t\t\t<\/div><\/figure><figure class='gallery-item'>\n\t\t\t<div class='gallery-icon landscape'>\n\t\t\t\t<a data-elementor-open-lightbox=\"yes\" data-elementor-lightbox-slideshow=\"5e63bff\" data-elementor-lightbox-title=\"Location de v\u00e9lo L\u00e9on\" data-elementor-lightbox-description=\"Vue sur le lac de Vielle au couch\u00e9 du soleil dans les landes. \" data-e-action-hash=\"#elementor-action%3Aaction%3Dlightbox%26settings%3DeyJpZCI6MTIwMiwidXJsIjoiaHR0cHM6XC9cL2xhY3ljbGVyaWUtbGVvbi5mclwvd3AtY29udGVudFwvdXBsb2Fkc1wvMjAxOVwvMDdcLzY2NDQ1MjgzXzM0MzAyNzE0OTcwOTE4MV84MDc0OTQyNDc5NjI5MDI1MjgwX24uanBnIiwic2xpZGVzaG93IjoiNWU2M2JmZiJ9\" href='https:\/\/lacyclerie-leon.fr\/wp-content\/uploads\/2019\/07\/66445283_343027149709181_8074942479629025280_n.jpg'><img decoding=\"async\" width=\"300\" height=\"200\" src=\"https:\/\/lacyclerie-leon.fr\/wp-content\/uploads\/2019\/07\/66445283_343027149709181_8074942479629025280_n-300x200.jpg\" class=\"attachment-medium size-medium\" alt=\"Location de v\u00e9lo \u00e0 L\u00e9on et Vielle st girons\" srcset=\"https:\/\/lacyclerie-leon.fr\/wp-content\/uploads\/2019\/07\/66445283_343027149709181_8074942479629025280_n-300x200.jpg 300w, https:\/\/lacyclerie-leon.fr\/wp-content\/uploads\/2019\/07\/66445283_343027149709181_8074942479629025280_n-600x400.jpg 600w, https:\/\/lacyclerie-leon.fr\/wp-content\/uploads\/2019\/07\/66445283_343027149709181_8074942479629025280_n-768x512.jpg 768w, https:\/\/lacyclerie-leon.fr\/wp-content\/uploads\/2019\/07\/66445283_343027149709181_8074942479629025280_n.jpg 1024w\" sizes=\"(max-width: 300px) 100vw, 300px\" \/><\/a>\n\t\t\t<\/div><\/figure><figure class='gallery-item'>\n\t\t\t<div class='gallery-icon landscape'>\n\t\t\t\t<a data-elementor-open-lightbox=\"yes\" data-elementor-lightbox-slideshow=\"5e63bff\" data-elementor-lightbox-title=\"Promenade_\u00e0_v\u00e9lo_sur_la_plage_de_L\u00e9on-Dunes\" data-elementor-lightbox-description=\"promenade en famille \u00e0 Vielle-saint-Girons et Linxe\" data-e-action-hash=\"#elementor-action%3Aaction%3Dlightbox%26settings%3DeyJpZCI6MzQsInVybCI6Imh0dHBzOlwvXC9sYWN5Y2xlcmllLWxlb24uZnJcL3dwLWNvbnRlbnRcL3VwbG9hZHNcLzIwMTlcLzAxXC9Qcm9tZW5hZGVfXHUwMGUwX3ZcdTAwZTlsb19zdXJfbGFfcGxhZ2VfZGVfTFx1MDBlOW9uLUR1bmVzLmpwZyIsInNsaWRlc2hvdyI6IjVlNjNiZmYifQ%3D%3D\" href='https:\/\/lacyclerie-leon.fr\/wp-content\/uploads\/2019\/01\/Promenade_\u00e0_v\u00e9lo_sur_la_plage_de_L\u00e9on-Dunes.jpg'><img decoding=\"async\" width=\"300\" height=\"199\" src=\"https:\/\/lacyclerie-leon.fr\/wp-content\/uploads\/2019\/01\/Promenade_\u00e0_v\u00e9lo_sur_la_plage_de_L\u00e9on-Dunes-300x199.jpg\" class=\"attachment-medium size-medium\" alt=\"v\u00e9lo de location \u00e0 la plage de Moliets\" srcset=\"https:\/\/lacyclerie-leon.fr\/wp-content\/uploads\/2019\/01\/Promenade_\u00e0_v\u00e9lo_sur_la_plage_de_L\u00e9on-Dunes-300x199.jpg 300w, https:\/\/lacyclerie-leon.fr\/wp-content\/uploads\/2019\/01\/Promenade_\u00e0_v\u00e9lo_sur_la_plage_de_L\u00e9on-Dunes-600x398.jpg 600w, https:\/\/lacyclerie-leon.fr\/wp-content\/uploads\/2019\/01\/Promenade_\u00e0_v\u00e9lo_sur_la_plage_de_L\u00e9on-Dunes-768x510.jpg 768w, https:\/\/lacyclerie-leon.fr\/wp-content\/uploads\/2019\/01\/Promenade_\u00e0_v\u00e9lo_sur_la_plage_de_L\u00e9on-Dunes.jpg 1024w\" sizes=\"(max-width: 300px) 100vw, 300px\" \/><\/a>\n\t\t\t<\/div><\/figure>\n\t\t<\/div>\n\t\t<\/div>\n\t\t\t\t\t\t<\/div>\n\t\t\t\t<\/div>\n\t\t\t\t\t<\/div>\n\t\t<\/div>\n\t\t\t\t<div class=\"elementor-column elementor-col-50 elementor-top-column elementor-element elementor-element-43f13c86\" data-id=\"43f13c86\" data-element_type=\"column\" data-e-type=\"column\">\n\t\t\t<div class=\"elementor-widget-wrap elementor-element-populated\">\n\t\t\t\t\t\t<div class=\"elementor-element elementor-element-439a6dab elementor-widget elementor-widget-heading\" data-id=\"439a6dab\" data-element_type=\"widget\" data-e-type=\"widget\" data-widget_type=\"heading.default\">\n\t\t\t\t<div class=\"elementor-widget-container\">\n\t\t\t\t\t<h3 class=\"elementor-heading-title elementor-size-large\">Elige, contrata, \u00a1pedalea!<\/h3>\t\t\t\t<\/div>\n\t\t\t\t<\/div>\n\t\t\t\t<section class=\"elementor-section elementor-inner-section elementor-element elementor-element-2a222e18 elementor-section-boxed elementor-section-height-default elementor-section-height-default\" data-id=\"2a222e18\" data-element_type=\"section\" data-e-type=\"section\">\n\t\t\t\t\t\t<div class=\"elementor-container elementor-column-gap-wider\">\n\t\t\t\t\t<div class=\"elementor-column elementor-col-50 elementor-inner-column elementor-element elementor-element-257cf24\" data-id=\"257cf24\" data-element_type=\"column\" data-e-type=\"column\" data-settings=\"{&quot;background_background&quot;:&quot;classic&quot;}\">\n\t\t\t<div class=\"elementor-widget-wrap elementor-element-populated\">\n\t\t\t\t\t\t<div class=\"elementor-element elementor-element-49995cbe elementor-view-default elementor-widget elementor-widget-icon\" data-id=\"49995cbe\" data-element_type=\"widget\" data-e-type=\"widget\" data-widget_type=\"icon.default\">\n\t\t\t\t<div class=\"elementor-widget-container\">\n\t\t\t\t\t\t\t<div class=\"elementor-icon-wrapper\">\n\t\t\t<div class=\"elementor-icon\">\n\t\t\t<i aria-hidden=\"true\" class=\"fas fa-calendar-alt\"><\/i>\t\t\t<\/div>\n\t\t<\/div>\n\t\t\t\t\t\t<\/div>\n\t\t\t\t<\/div>\n\t\t\t\t<div class=\"elementor-element elementor-element-7113d432 elementor-widget elementor-widget-heading\" data-id=\"7113d432\" data-element_type=\"widget\" data-e-type=\"widget\" data-widget_type=\"heading.default\">\n\t\t\t\t<div class=\"elementor-widget-container\">\n\t\t\t\t\t<h3 class=\"elementor-heading-title elementor-size-large\">Un calendario abierto<\/h3>\t\t\t\t<\/div>\n\t\t\t\t<\/div>\n\t\t\t\t<div class=\"elementor-element elementor-element-32b4f1e9 elementor-widget elementor-widget-text-editor\" data-id=\"32b4f1e9\" data-element_type=\"widget\" data-e-type=\"widget\" data-widget_type=\"text-editor.default\">\n\t\t\t\t<div class=\"elementor-widget-container\">\n\t\t\t\t\t\t\t\t\t<p>Entre semana, en fin de semana o de vacaciones, elija el momento que m\u00e1s le convenga.&nbsp;<\/p>\t\t\t\t\t\t\t\t<\/div>\n\t\t\t\t<\/div>\n\t\t\t\t<div class=\"elementor-element elementor-element-220eaf89 elementor-view-default elementor-widget elementor-widget-icon\" data-id=\"220eaf89\" data-element_type=\"widget\" data-e-type=\"widget\" data-widget_type=\"icon.default\">\n\t\t\t\t<div class=\"elementor-widget-container\">\n\t\t\t\t\t\t\t<div class=\"elementor-icon-wrapper\">\n\t\t\t<div class=\"elementor-icon\">\n\t\t\t<i aria-hidden=\"true\" class=\"far fa-lemon\"><\/i>\t\t\t<\/div>\n\t\t<\/div>\n\t\t\t\t\t\t<\/div>\n\t\t\t\t<\/div>\n\t\t\t\t<div class=\"elementor-element elementor-element-4d56bd71 elementor-widget elementor-widget-heading\" data-id=\"4d56bd71\" data-element_type=\"widget\" data-e-type=\"widget\" data-widget_type=\"heading.default\">\n\t\t\t\t<div class=\"elementor-widget-container\">\n\t\t\t\t\t<h3 class=\"elementor-heading-title elementor-size-large\">Precios de grupo <\/h3>\t\t\t\t<\/div>\n\t\t\t\t<\/div>\n\t\t\t\t<div class=\"elementor-element elementor-element-44f7d4b6 elementor-widget elementor-widget-text-editor\" data-id=\"44f7d4b6\" data-element_type=\"widget\" data-e-type=\"widget\" data-widget_type=\"text-editor.default\">\n\t\t\t\t<div class=\"elementor-widget-container\">\n\t\t\t\t\t\t\t\t\t<p>La Cyclerie vous offre jusqu&rsquo;\u00e0 20% de r\u00e9duction pour tous groupe de plus de 10 personnes hors vacances scolaires. Demandez nous un devis !<\/p>\t\t\t\t\t\t\t\t<\/div>\n\t\t\t\t<\/div>\n\t\t\t\t\t<\/div>\n\t\t<\/div>\n\t\t\t\t<div class=\"elementor-column elementor-col-50 elementor-inner-column elementor-element elementor-element-62d7772f\" data-id=\"62d7772f\" data-element_type=\"column\" data-e-type=\"column\">\n\t\t\t<div class=\"elementor-widget-wrap elementor-element-populated\">\n\t\t\t\t\t\t<div class=\"elementor-element elementor-element-31868a18 elementor-view-default elementor-widget elementor-widget-icon\" data-id=\"31868a18\" data-element_type=\"widget\" data-e-type=\"widget\" data-widget_type=\"icon.default\">\n\t\t\t\t<div class=\"elementor-widget-container\">\n\t\t\t\t\t\t\t<div class=\"elementor-icon-wrapper\">\n\t\t\t<div class=\"elementor-icon\">\n\t\t\t<i aria-hidden=\"true\" class=\"fas fa-biking\"><\/i>\t\t\t<\/div>\n\t\t<\/div>\n\t\t\t\t\t\t<\/div>\n\t\t\t\t<\/div>\n\t\t\t\t<div class=\"elementor-element elementor-element-5bfe5589 elementor-widget elementor-widget-heading\" data-id=\"5bfe5589\" data-element_type=\"widget\" data-e-type=\"widget\" data-widget_type=\"heading.default\">\n\t\t\t\t<div class=\"elementor-widget-container\">\n\t\t\t\t\t<h3 class=\"elementor-heading-title elementor-size-large\">Bicicletas adaptadas<\/h3>\t\t\t\t<\/div>\n\t\t\t\t<\/div>\n\t\t\t\t<div class=\"elementor-element elementor-element-315fc696 elementor-widget elementor-widget-text-editor\" data-id=\"315fc696\" data-element_type=\"widget\" data-e-type=\"widget\" data-widget_type=\"text-editor.default\">\n\t\t\t\t<div class=\"elementor-widget-container\">\n\t\t\t\t\t\t\t\t\t<p>Bicicletas de <a href=\"https:\/\/www.o2feel.com\" target=\"_blank\" rel=\"noopener\">Calidad francesa<\/a>adaptado a sus necesidades y deseos. \u00bfSu grupo es mixto? \u00a1Mezcle estilos!<\/p>\t\t\t\t\t\t\t\t<\/div>\n\t\t\t\t<\/div>\n\t\t\t\t<div class=\"elementor-element elementor-element-39736bbc elementor-view-default elementor-widget elementor-widget-icon\" data-id=\"39736bbc\" data-element_type=\"widget\" data-e-type=\"widget\" data-widget_type=\"icon.default\">\n\t\t\t\t<div class=\"elementor-widget-container\">\n\t\t\t\t\t\t\t<div class=\"elementor-icon-wrapper\">\n\t\t\t<div class=\"elementor-icon\">\n\t\t\t<i aria-hidden=\"true\" class=\"far fa-map\"><\/i>\t\t\t<\/div>\n\t\t<\/div>\n\t\t\t\t\t\t<\/div>\n\t\t\t\t<\/div>\n\t\t\t\t<div class=\"elementor-element elementor-element-7580f1db elementor-widget elementor-widget-heading\" data-id=\"7580f1db\" data-element_type=\"widget\" data-e-type=\"widget\" data-widget_type=\"heading.default\">\n\t\t\t\t<div class=\"elementor-widget-container\">\n\t\t\t\t\t<h3 class=\"elementor-heading-title elementor-size-large\">Accesorios e itinerarios<\/h3>\t\t\t\t<\/div>\n\t\t\t\t<\/div>\n\t\t\t\t<div class=\"elementor-element elementor-element-420b5a0f elementor-widget elementor-widget-text-editor\" data-id=\"420b5a0f\" data-element_type=\"widget\" data-e-type=\"widget\" data-widget_type=\"text-editor.default\">\n\t\t\t\t<div class=\"elementor-widget-container\">\n\t\t\t\t\t\t\t\t\t<p>Todos los accesorios est\u00e1n incluidos. Tambi\u00e9n ofrecemos itinerarios personalizados e ideas para viajes a medida.\u00a0<\/p>\t\t\t\t\t\t\t\t<\/div>\n\t\t\t\t<\/div>\n\t\t\t\t\t<\/div>\n\t\t<\/div>\n\t\t\t\t\t<\/div>\n\t\t<\/section>\n\t\t\t\t\t<\/div>\n\t\t<\/div>\n\t\t\t\t\t<\/div>\n\t\t<\/section>\n\t\t\t\t<section class=\"elementor-section elementor-top-section elementor-element elementor-element-3060769f elementor-section-full_width elementor-section-height-default elementor-section-height-default\" data-id=\"3060769f\" data-element_type=\"section\" data-e-type=\"section\" data-settings=\"{&quot;background_background&quot;:&quot;gradient&quot;,&quot;shape_divider_bottom&quot;:&quot;tilt&quot;}\">\n\t\t\t\t\t<div class=\"elementor-shape elementor-shape-bottom\" aria-hidden=\"true\" data-negative=\"false\">\n\t\t\t<svg xmlns=\"http:\/\/www.w3.org\/2000\/svg\" viewbox=\"0 0 1000 100\" preserveaspectratio=\"none\">\n\t<path class=\"elementor-shape-fill\" d=\"M0,6V0h1000v100L0,6z\"\/>\n<\/svg>\t\t<\/div>\n\t\t\t\t\t<div class=\"elementor-container elementor-column-gap-default\">\n\t\t\t\t\t<div class=\"elementor-column elementor-col-100 elementor-top-column elementor-element elementor-element-26378834\" data-id=\"26378834\" data-element_type=\"column\" data-e-type=\"column\">\n\t\t\t<div class=\"elementor-widget-wrap elementor-element-populated\">\n\t\t\t\t\t\t<div class=\"elementor-element elementor-element-349dd24f elementor-widget elementor-widget-heading\" data-id=\"349dd24f\" data-element_type=\"widget\" data-e-type=\"widget\" data-widget_type=\"heading.default\">\n\t\t\t\t<div class=\"elementor-widget-container\">\n\t\t\t\t\t<h2 class=\"elementor-heading-title elementor-size-large\">Su salida ciclista en grupo a medida<\/h2>\t\t\t\t<\/div>\n\t\t\t\t<\/div>\n\t\t\t\t<section class=\"elementor-section elementor-inner-section elementor-element elementor-element-54a67ec7 elementor-section-boxed elementor-section-height-default elementor-section-height-default\" data-id=\"54a67ec7\" data-element_type=\"section\" data-e-type=\"section\">\n\t\t\t\t\t\t<div class=\"elementor-container elementor-column-gap-default\">\n\t\t\t\t\t<div class=\"elementor-column elementor-col-33 elementor-inner-column elementor-element elementor-element-54240a3\" data-id=\"54240a3\" data-element_type=\"column\" data-e-type=\"column\" data-settings=\"{&quot;background_background&quot;:&quot;classic&quot;}\">\n\t\t\t<div class=\"elementor-widget-wrap elementor-element-populated\">\n\t\t\t\t\t\t<div class=\"elementor-element elementor-element-ec1b7d7 elementor-widget elementor-widget-image\" data-id=\"ec1b7d7\" data-element_type=\"widget\" data-e-type=\"widget\" data-widget_type=\"image.default\">\n\t\t\t\t<div class=\"elementor-widget-container\">\n\t\t\t\t\t\t\t\t\t\t\t\t\t\t\t<img loading=\"lazy\" decoding=\"async\" width=\"768\" height=\"576\" src=\"https:\/\/lacyclerie-leon.fr\/wp-content\/uploads\/2019\/07\/Groupe-DDTM-768x576.jpg\" class=\"attachment-medium_large size-medium_large wp-image-1243\" alt=\"\" srcset=\"https:\/\/lacyclerie-leon.fr\/wp-content\/uploads\/2019\/07\/Groupe-DDTM-768x576.jpg 768w, https:\/\/lacyclerie-leon.fr\/wp-content\/uploads\/2019\/07\/Groupe-DDTM-600x450.jpg 600w, https:\/\/lacyclerie-leon.fr\/wp-content\/uploads\/2019\/07\/Groupe-DDTM-300x225.jpg 300w, https:\/\/lacyclerie-leon.fr\/wp-content\/uploads\/2019\/07\/Groupe-DDTM.jpg 960w\" sizes=\"(max-width: 768px) 100vw, 768px\" \/>\t\t\t\t\t\t\t\t\t\t\t\t\t\t\t<\/div>\n\t\t\t\t<\/div>\n\t\t\t\t<div class=\"elementor-element elementor-element-7df34dd9 elementor-widget elementor-widget-text-editor\" data-id=\"7df34dd9\" data-element_type=\"widget\" data-e-type=\"widget\" data-widget_type=\"text-editor.default\">\n\t\t\t\t<div class=\"elementor-widget-container\">\n\t\t\t\t\t\t\t\t\t<p>Estaremos encantados de asesorarte sobre la elecci\u00f3n de las bicicletas y las rutas. Elige entre recoger las bicicletas en la tienda o pedir que te las entreguemos en el lugar que elijas (sujeto a viabilidad).\u00a0<\/p>\t\t\t\t\t\t\t\t<\/div>\n\t\t\t\t<\/div>\n\t\t\t\t<div class=\"elementor-element elementor-element-3c40aa96 elementor-widget elementor-widget-heading\" data-id=\"3c40aa96\" data-element_type=\"widget\" data-e-type=\"widget\" data-widget_type=\"heading.default\">\n\t\t\t\t<div class=\"elementor-widget-container\">\n\t\t\t\t\t<h3 class=\"elementor-heading-title elementor-size-large\">Nuestras soluciones de grupo<\/h3>\t\t\t\t<\/div>\n\t\t\t\t<\/div>\n\t\t\t\t\t<\/div>\n\t\t<\/div>\n\t\t\t\t<div class=\"elementor-column elementor-col-33 elementor-inner-column elementor-element elementor-element-6976ff1\" data-id=\"6976ff1\" data-element_type=\"column\" data-e-type=\"column\" data-settings=\"{&quot;background_background&quot;:&quot;classic&quot;}\">\n\t\t\t<div class=\"elementor-widget-wrap elementor-element-populated\">\n\t\t\t\t\t\t<div class=\"elementor-element elementor-element-754ad87a elementor-widget elementor-widget-image\" data-id=\"754ad87a\" data-element_type=\"widget\" data-e-type=\"widget\" data-widget_type=\"image.default\">\n\t\t\t\t<div class=\"elementor-widget-container\">\n\t\t\t\t\t\t\t\t\t\t\t\t\t\t\t<img loading=\"lazy\" decoding=\"async\" width=\"768\" height=\"576\" src=\"https:\/\/lacyclerie-leon.fr\/wp-content\/uploads\/2019\/07\/ESL-groupe-v\u00e9lo-768x576.jpg\" class=\"attachment-medium_large size-medium_large wp-image-1242\" alt=\"\" srcset=\"https:\/\/lacyclerie-leon.fr\/wp-content\/uploads\/2019\/07\/ESL-groupe-v\u00e9lo-768x576.jpg 768w, https:\/\/lacyclerie-leon.fr\/wp-content\/uploads\/2019\/07\/ESL-groupe-v\u00e9lo-600x450.jpg 600w, https:\/\/lacyclerie-leon.fr\/wp-content\/uploads\/2019\/07\/ESL-groupe-v\u00e9lo-300x225.jpg 300w, https:\/\/lacyclerie-leon.fr\/wp-content\/uploads\/2019\/07\/ESL-groupe-v\u00e9lo.jpg 960w\" sizes=\"(max-width: 768px) 100vw, 768px\" \/>\t\t\t\t\t\t\t\t\t\t\t\t\t\t\t<\/div>\n\t\t\t\t<\/div>\n\t\t\t\t<div class=\"elementor-element elementor-element-1c86270c elementor-widget elementor-widget-text-editor\" data-id=\"1c86270c\" data-element_type=\"widget\" data-e-type=\"widget\" data-widget_type=\"text-editor.default\">\n\t\t\t\t<div class=\"elementor-widget-container\">\n\t\t\t\t\t\t\t\t\t<p>Complemente sus salidas en bicicleta con las ofertas de nuestros colaboradores. Paintball, accrobranche, iniciaci\u00f3n al Foilsurf, surf, karting, etc... \u00a1Aumenta tu adrenalina y aprovecha los precios reducidos!\u00a0<\/p>\t\t\t\t\t\t\t\t<\/div>\n\t\t\t\t<\/div>\n\t\t\t\t<div class=\"elementor-element elementor-element-2881487d elementor-widget elementor-widget-heading\" data-id=\"2881487d\" data-element_type=\"widget\" data-e-type=\"widget\" data-widget_type=\"heading.default\">\n\t\t\t\t<div class=\"elementor-widget-container\">\n\t\t\t\t\t<h3 class=\"elementor-heading-title elementor-size-large\">No s\u00f3lo ciclismo... <\/h3>\t\t\t\t<\/div>\n\t\t\t\t<\/div>\n\t\t\t\t\t<\/div>\n\t\t<\/div>\n\t\t\t\t<div class=\"elementor-column elementor-col-33 elementor-inner-column elementor-element elementor-element-32c99c8\" data-id=\"32c99c8\" data-element_type=\"column\" data-e-type=\"column\" data-settings=\"{&quot;background_background&quot;:&quot;classic&quot;}\">\n\t\t\t<div class=\"elementor-widget-wrap elementor-element-populated\">\n\t\t\t\t\t\t<div class=\"elementor-element elementor-element-3cf55092 elementor-widget elementor-widget-image\" data-id=\"3cf55092\" data-element_type=\"widget\" data-e-type=\"widget\" data-widget_type=\"image.default\">\n\t\t\t\t<div class=\"elementor-widget-container\">\n\t\t\t\t\t\t\t\t\t\t\t\t\t\t\t<img decoding=\"async\" src=\"https:\/\/lacyclerie-leon.fr\/wp-content\/uploads\/elementor\/thumbs\/65989583_455422918631040_6181663338695491584_n-pe8ktckn4k2rq6b8hsum9wsmeh5pw7mgw3zwzhgqps.jpg\" title=\"paseo en bicicleta por Moliets\" alt=\"Les propri\u00e9taires de la location de v\u00e9lo \u00e0 L\u00e9on\" loading=\"lazy\" \/>\t\t\t\t\t\t\t\t\t\t\t\t\t\t\t<\/div>\n\t\t\t\t<\/div>\n\t\t\t\t<div class=\"elementor-element elementor-element-23f66998 elementor-widget elementor-widget-text-editor\" data-id=\"23f66998\" data-element_type=\"widget\" data-e-type=\"widget\" data-widget_type=\"text-editor.default\">\n\t\t\t\t<div class=\"elementor-widget-container\">\n\t\t\t\t\t\t\t\t\t<p>Benef\u00edciese de un paquete de seguro y asistencia en carretera desde 50 euros que cubre hasta 20 bicicletas. Incluso te ayudaremos en medio del bosque si algo sale mal. Se aplica una franquicia de 10% en caso de rotura.\u00a0<\/p>\t\t\t\t\t\t\t\t<\/div>\n\t\t\t\t<\/div>\n\t\t\t\t<div class=\"elementor-element elementor-element-314b1ac3 elementor-widget elementor-widget-heading\" data-id=\"314b1ac3\" data-element_type=\"widget\" data-e-type=\"widget\" data-widget_type=\"heading.default\">\n\t\t\t\t<div class=\"elementor-widget-container\">\n\t\t\t\t\t<h3 class=\"elementor-heading-title elementor-size-large\">Pedalea con tranquilidad<\/h3>\t\t\t\t<\/div>\n\t\t\t\t<\/div>\n\t\t\t\t\t<\/div>\n\t\t<\/div>\n\t\t\t\t\t<\/div>\n\t\t<\/section>\n\t\t\t\t\t<\/div>\n\t\t<\/div>\n\t\t\t\t\t<\/div>\n\t\t<\/section>\n\t\t\t\t<section class=\"elementor-section elementor-top-section elementor-element elementor-element-24f925a8 elementor-section-boxed elementor-section-height-default elementor-section-height-default\" data-id=\"24f925a8\" data-element_type=\"section\" data-e-type=\"section\" data-settings=\"{&quot;background_background&quot;:&quot;classic&quot;,&quot;shape_divider_top&quot;:&quot;tilt&quot;}\">\n\t\t\t\t\t\t\t<div class=\"elementor-background-overlay\"><\/div>\n\t\t\t\t\t\t<div class=\"elementor-shape elementor-shape-top\" aria-hidden=\"true\" data-negative=\"false\">\n\t\t\t<svg xmlns=\"http:\/\/www.w3.org\/2000\/svg\" viewbox=\"0 0 1000 100\" preserveaspectratio=\"none\">\n\t<path class=\"elementor-shape-fill\" d=\"M0,6V0h1000v100L0,6z\"\/>\n<\/svg>\t\t<\/div>\n\t\t\t\t\t<div class=\"elementor-container elementor-column-gap-default\">\n\t\t\t\t\t<div class=\"elementor-column elementor-col-100 elementor-top-column elementor-element elementor-element-1aae6877\" data-id=\"1aae6877\" data-element_type=\"column\" data-e-type=\"column\">\n\t\t\t<div class=\"elementor-widget-wrap elementor-element-populated\">\n\t\t\t\t\t\t<div class=\"elementor-element elementor-element-2ae4d87a elementor-view-default elementor-widget elementor-widget-icon\" data-id=\"2ae4d87a\" data-element_type=\"widget\" data-e-type=\"widget\" data-widget_type=\"icon.default\">\n\t\t\t\t<div class=\"elementor-widget-container\">\n\t\t\t\t\t\t\t<div class=\"elementor-icon-wrapper\">\n\t\t\t<div class=\"elementor-icon\">\n\t\t\t<i aria-hidden=\"true\" class=\"fas fa-chess-queen\"><\/i>\t\t\t<\/div>\n\t\t<\/div>\n\t\t\t\t\t\t<\/div>\n\t\t\t\t<\/div>\n\t\t\t\t<div class=\"elementor-element elementor-element-1396bde9 elementor-widget elementor-widget-text-editor\" data-id=\"1396bde9\" data-element_type=\"widget\" data-e-type=\"widget\" data-widget_type=\"text-editor.default\">\n\t\t\t\t<div class=\"elementor-widget-container\">\n\t\t\t\t\t\t\t\t\t<p><b>\"Queremos agradecerles una vez m\u00e1s su profesionalidad y disponibilidad\".\u00a0<\/b><\/p><p><b>\u00a0<\/b><\/p><p><b>Direcci\u00f3n General del Territorio y del Mar<\/b><\/p>\t\t\t\t\t\t\t\t<\/div>\n\t\t\t\t<\/div>\n\t\t\t\t\t<\/div>\n\t\t<\/div>\n\t\t\t\t\t<\/div>\n\t\t<\/section>\n\t\t\t\t<section class=\"elementor-section elementor-top-section elementor-element elementor-element-2d700662 elementor-section-boxed elementor-section-height-default elementor-section-height-default\" data-id=\"2d700662\" data-element_type=\"section\" data-e-type=\"section\">\n\t\t\t\t\t\t<div class=\"elementor-container elementor-column-gap-default\">\n\t\t\t\t\t<div class=\"elementor-column elementor-col-100 elementor-top-column elementor-element elementor-element-3718a826\" data-id=\"3718a826\" data-element_type=\"column\" data-e-type=\"column\">\n\t\t\t<div class=\"elementor-widget-wrap elementor-element-populated\">\n\t\t\t\t\t\t<section class=\"elementor-section elementor-inner-section elementor-element elementor-element-2a4d249f elementor-section-boxed elementor-section-height-default elementor-section-height-default\" data-id=\"2a4d249f\" data-element_type=\"section\" data-e-type=\"section\">\n\t\t\t\t\t\t<div class=\"elementor-container elementor-column-gap-wider\">\n\t\t\t\t\t<div class=\"elementor-column elementor-col-25 elementor-inner-column elementor-element elementor-element-aa5016c elementor-sm-50\" data-id=\"aa5016c\" data-element_type=\"column\" data-e-type=\"column\">\n\t\t\t<div class=\"elementor-widget-wrap elementor-element-populated\">\n\t\t\t\t\t\t<div class=\"elementor-element elementor-element-22544c63 elementor-widget elementor-widget-image\" data-id=\"22544c63\" data-element_type=\"widget\" data-e-type=\"widget\" data-widget_type=\"image.default\">\n\t\t\t\t<div class=\"elementor-widget-container\">\n\t\t\t\t\t\t\t\t\t\t\t\t\t\t\t<img decoding=\"async\" src=\"https:\/\/lacyclerie-leon.fr\/wp-content\/uploads\/elementor\/thumbs\/Groupe-DDTM-pe8ktckmrefr6a9h0psed0rm174llsv2qjsou4cbum.jpg\" title=\"Grupo DDTM\" alt=\"Groupe DDTM\" loading=\"lazy\" \/>\t\t\t\t\t\t\t\t\t\t\t\t\t\t\t<\/div>\n\t\t\t\t<\/div>\n\t\t\t\t\t<\/div>\n\t\t<\/div>\n\t\t\t\t<div class=\"elementor-column elementor-col-25 elementor-inner-column elementor-element elementor-element-bbf0fb0 elementor-sm-50\" data-id=\"bbf0fb0\" data-element_type=\"column\" data-e-type=\"column\">\n\t\t\t<div class=\"elementor-widget-wrap elementor-element-populated\">\n\t\t\t\t\t\t<div class=\"elementor-element elementor-element-11c5a31a elementor-widget elementor-widget-image\" data-id=\"11c5a31a\" data-element_type=\"widget\" data-e-type=\"widget\" data-widget_type=\"image.default\">\n\t\t\t\t<div class=\"elementor-widget-container\">\n\t\t\t\t\t\t\t\t\t\t\t\t\t\t\t<img decoding=\"async\" src=\"https:\/\/lacyclerie-leon.fr\/wp-content\/uploads\/elementor\/thumbs\/65907166_2115518528741105_5288398054813073408_n-pe8ktckmrefr6a9h0psed0rm174llsv2qjsou4cbum.jpg\" title=\"Crucero de playa\" alt=\"V\u00e9lo au lac de L\u00e9on\" loading=\"lazy\" \/>\t\t\t\t\t\t\t\t\t\t\t\t\t\t\t<\/div>\n\t\t\t\t<\/div>\n\t\t\t\t\t<\/div>\n\t\t<\/div>\n\t\t\t\t<div class=\"elementor-column elementor-col-25 elementor-inner-column elementor-element elementor-element-19fb5a4 elementor-sm-50\" data-id=\"19fb5a4\" data-element_type=\"column\" data-e-type=\"column\">\n\t\t\t<div class=\"elementor-widget-wrap elementor-element-populated\">\n\t\t\t\t\t\t<div class=\"elementor-element elementor-element-76f7b87f elementor-widget elementor-widget-image\" data-id=\"76f7b87f\" data-element_type=\"widget\" data-e-type=\"widget\" data-widget_type=\"image.default\">\n\t\t\t\t<div class=\"elementor-widget-container\">\n\t\t\t\t\t\t\t\t\t\t\t\t\t\t\t<img decoding=\"async\" src=\"https:\/\/lacyclerie-leon.fr\/wp-content\/uploads\/elementor\/thumbs\/ESL-groupe-v\u00e9lo-pe8ktckmrefr6a9h0psed0rm174llsv2qjsou4cbum.jpg\" title=\"Grupo ciclista ESL\" alt=\"ESL groupe v\u00e9lo\" loading=\"lazy\" \/>\t\t\t\t\t\t\t\t\t\t\t\t\t\t\t<\/div>\n\t\t\t\t<\/div>\n\t\t\t\t\t<\/div>\n\t\t<\/div>\n\t\t\t\t<div class=\"elementor-column elementor-col-25 elementor-inner-column elementor-element elementor-element-15746e2e elementor-sm-50\" data-id=\"15746e2e\" data-element_type=\"column\" data-e-type=\"column\">\n\t\t\t<div class=\"elementor-widget-wrap elementor-element-populated\">\n\t\t\t\t\t\t<div class=\"elementor-element elementor-element-42585459 elementor-widget elementor-widget-image\" data-id=\"42585459\" data-element_type=\"widget\" data-e-type=\"widget\" data-widget_type=\"image.default\">\n\t\t\t\t<div class=\"elementor-widget-container\">\n\t\t\t\t\t\t\t\t\t\t\t\t\t\t\t<img decoding=\"async\" src=\"https:\/\/lacyclerie-leon.fr\/wp-content\/uploads\/elementor\/thumbs\/sandis-helvigs-102777-unsplash-pe8ktckmrefr6a9h0psed0rm174llsv2qjsou4cbum.jpg\" title=\"En bicicleta hasta la playa de Moliets\" alt=\"Location de v\u00e9los \u00e0 la plage de la Lette-blanche\" loading=\"lazy\" \/>\t\t\t\t\t\t\t\t\t\t\t\t\t\t\t<\/div>\n\t\t\t\t<\/div>\n\t\t\t\t\t<\/div>\n\t\t<\/div>\n\t\t\t\t\t<\/div>\n\t\t<\/section>\n\t\t\t\t<section class=\"elementor-section elementor-inner-section elementor-element elementor-element-22fb564c elementor-section-boxed elementor-section-height-default elementor-section-height-default\" data-id=\"22fb564c\" data-element_type=\"section\" data-e-type=\"section\">\n\t\t\t\t\t\t<div class=\"elementor-container elementor-column-gap-wider\">\n\t\t\t\t\t<div class=\"elementor-column elementor-col-25 elementor-inner-column elementor-element elementor-element-3cc077d4 elementor-sm-50\" data-id=\"3cc077d4\" data-element_type=\"column\" data-e-type=\"column\">\n\t\t\t<div class=\"elementor-widget-wrap elementor-element-populated\">\n\t\t\t\t\t\t<div class=\"elementor-element elementor-element-2c3c7d97 elementor-widget elementor-widget-image\" data-id=\"2c3c7d97\" data-element_type=\"widget\" data-e-type=\"widget\" data-widget_type=\"image.default\">\n\t\t\t\t<div class=\"elementor-widget-container\">\n\t\t\t\t\t\t\t\t\t\t\t\t\t\t\t<img decoding=\"async\" src=\"https:\/\/lacyclerie-leon.fr\/wp-content\/uploads\/elementor\/thumbs\/66325517_1092722404449483_5920344222598168576_n-pe8ktckmref3n7bjj8b2juk3l9wrn137r1h6i7u4tm.jpg\" title=\"La Cyclerie, alquiler de bicicletas en L\u00e9on\" alt=\"V\u00e9lo \u00e0 louer \u00e0 L\u00e9on au camping Lou Puntaou\" loading=\"lazy\" \/>\t\t\t\t\t\t\t\t\t\t\t\t\t\t\t<\/div>\n\t\t\t\t<\/div>\n\t\t\t\t\t<\/div>\n\t\t<\/div>\n\t\t\t\t<div class=\"elementor-column elementor-col-25 elementor-inner-column elementor-element elementor-element-4d013152 elementor-sm-50\" data-id=\"4d013152\" data-element_type=\"column\" data-e-type=\"column\">\n\t\t\t<div class=\"elementor-widget-wrap elementor-element-populated\">\n\t\t\t\t\t\t<div class=\"elementor-element elementor-element-54fb0d34 elementor-widget elementor-widget-image\" data-id=\"54fb0d34\" data-element_type=\"widget\" data-e-type=\"widget\" data-widget_type=\"image.default\">\n\t\t\t\t<div class=\"elementor-widget-container\">\n\t\t\t\t\t\t\t\t\t\t\t\t\t\t\t<img decoding=\"async\" src=\"https:\/\/lacyclerie-leon.fr\/wp-content\/uploads\/elementor\/thumbs\/ethan-robertson-134952-unsplash-pe8ktckmref3n7bjj8b2juk3l9wrn137r1h6i7u4tm.jpg\" title=\"ethan-robertson-134952-unsplash\" alt=\"plage de moliets-et-maa\" loading=\"lazy\" \/>\t\t\t\t\t\t\t\t\t\t\t\t\t\t\t<\/div>\n\t\t\t\t<\/div>\n\t\t\t\t\t<\/div>\n\t\t<\/div>\n\t\t\t\t<div class=\"elementor-column elementor-col-25 elementor-inner-column elementor-element elementor-element-2c5a66eb elementor-sm-50\" data-id=\"2c5a66eb\" data-element_type=\"column\" data-e-type=\"column\">\n\t\t\t<div class=\"elementor-widget-wrap elementor-element-populated\">\n\t\t\t\t\t\t<div class=\"elementor-element elementor-element-49017950 elementor-widget elementor-widget-image\" data-id=\"49017950\" data-element_type=\"widget\" data-e-type=\"widget\" data-widget_type=\"image.default\">\n\t\t\t\t<div class=\"elementor-widget-container\">\n\t\t\t\t\t\t\t\t\t\t\t\t\t\t\t\t<a href=\"https:\/\/www.ecole-surf-camp-landes.com\">\n\t\t\t\t\t\t\t<img decoding=\"async\" src=\"https:\/\/lacyclerie-leon.fr\/wp-content\/uploads\/elementor\/thumbs\/Une_\u00e9cole_de_surf_\u00e0_l\u00e9on-pe8ktckmref3n7bjj8b2juk3l9wrn137r1h6i7u4tm.jpg\" title=\"Una escuela de surf en Le\u00f3n\" alt=\"Une_\u00e9cole_de_surf_\u00e0_l\u00e9on\" loading=\"lazy\" \/>\t\t\t\t\t\t\t\t<\/a>\n\t\t\t\t\t\t\t\t\t\t\t\t\t\t\t<\/div>\n\t\t\t\t<\/div>\n\t\t\t\t\t<\/div>\n\t\t<\/div>\n\t\t\t\t<div class=\"elementor-column elementor-col-25 elementor-inner-column elementor-element elementor-element-7bf9a98a elementor-sm-50\" data-id=\"7bf9a98a\" data-element_type=\"column\" data-e-type=\"column\">\n\t\t\t<div class=\"elementor-widget-wrap elementor-element-populated\">\n\t\t\t\t\t\t<div class=\"elementor-element elementor-element-400de8f elementor-widget elementor-widget-image\" data-id=\"400de8f\" data-element_type=\"widget\" data-e-type=\"widget\" data-widget_type=\"image.default\">\n\t\t\t\t<div class=\"elementor-widget-container\">\n\t\t\t\t\t\t\t\t\t\t\t\t\t\t\t<img decoding=\"async\" src=\"https:\/\/lacyclerie-leon.fr\/wp-content\/uploads\/elementor\/thumbs\/Promenade_\u00e0_v\u00e9lo_sur_la_plage_de_L\u00e9on-Dunes-pe8ktckmref3n7bjj8b2juk3l9wrn137r1h6i7u4tc.jpg\" title=\"Paseo_en_bicicleta_por_la_playa_de_L\u00e9on-Dunes\" alt=\"v\u00e9lo de location \u00e0 la plage de Moliets\" loading=\"lazy\" \/>\t\t\t\t\t\t\t\t\t\t\t\t\t\t\t<\/div>\n\t\t\t\t<\/div>\n\t\t\t\t\t<\/div>\n\t\t<\/div>\n\t\t\t\t\t<\/div>\n\t\t<\/section>\n\t\t\t\t\t<\/div>\n\t\t<\/div>\n\t\t\t\t\t<\/div>\n\t\t<\/section>\n\t\t\t\t<section class=\"elementor-section elementor-top-section elementor-element elementor-element-76a5ee6 elementor-section-boxed elementor-section-height-default elementor-section-height-default\" data-id=\"76a5ee6\" data-element_type=\"section\" data-e-type=\"section\" data-settings=\"{&quot;background_background&quot;:&quot;classic&quot;,&quot;shape_divider_top&quot;:&quot;tilt&quot;}\">\n\t\t\t\t\t<div class=\"elementor-shape elementor-shape-top\" aria-hidden=\"true\" data-negative=\"false\">\n\t\t\t<svg xmlns=\"http:\/\/www.w3.org\/2000\/svg\" viewbox=\"0 0 1000 100\" preserveaspectratio=\"none\">\n\t<path class=\"elementor-shape-fill\" d=\"M0,6V0h1000v100L0,6z\"\/>\n<\/svg>\t\t<\/div>\n\t\t\t\t\t<div class=\"elementor-container elementor-column-gap-wider\">\n\t\t\t\t\t<div class=\"elementor-column elementor-col-33 elementor-top-column elementor-element elementor-element-6786c845\" data-id=\"6786c845\" data-element_type=\"column\" data-e-type=\"column\">\n\t\t\t<div class=\"elementor-widget-wrap elementor-element-populated\">\n\t\t\t\t\t\t<div class=\"elementor-element elementor-element-291a4ae elementor-widget elementor-widget-heading\" data-id=\"291a4ae\" data-element_type=\"widget\" data-e-type=\"widget\" data-widget_type=\"heading.default\">\n\t\t\t\t<div class=\"elementor-widget-container\">\n\t\t\t\t\t<h2 class=\"elementor-heading-title elementor-size-large\">\u00bfPor qu\u00e9 contratar un grupo ciclista de La Cyclerie? <\/h2>\t\t\t\t<\/div>\n\t\t\t\t<\/div>\n\t\t\t\t<div class=\"elementor-element elementor-element-2b01c2ad elementor-icon-list--layout-traditional elementor-list-item-link-full_width elementor-widget elementor-widget-icon-list\" data-id=\"2b01c2ad\" data-element_type=\"widget\" data-e-type=\"widget\" data-widget_type=\"icon-list.default\">\n\t\t\t\t<div class=\"elementor-widget-container\">\n\t\t\t\t\t\t\t<ul class=\"elementor-icon-list-items\">\n\t\t\t\t\t\t\t<li class=\"elementor-icon-list-item\">\n\t\t\t\t\t\t\t\t\t\t\t<span class=\"elementor-icon-list-icon\">\n\t\t\t\t\t\t\t<i aria-hidden=\"true\" class=\"far fa-dot-circle\"><\/i>\t\t\t\t\t\t<\/span>\n\t\t\t\t\t\t\t\t\t\t<span class=\"elementor-icon-list-text\">Ven cuando quieras<\/span>\n\t\t\t\t\t\t\t\t\t<\/li>\n\t\t\t\t\t\t\t\t<li class=\"elementor-icon-list-item\">\n\t\t\t\t\t\t\t\t\t\t\t<span class=\"elementor-icon-list-icon\">\n\t\t\t\t\t\t\t<i aria-hidden=\"true\" class=\"far fa-dot-circle\"><\/i>\t\t\t\t\t\t<\/span>\n\t\t\t\t\t\t\t\t\t\t<span class=\"elementor-icon-list-text\">Benef\u00edciese de bicicletas de calidad adaptadas a sus necesidades<\/span>\n\t\t\t\t\t\t\t\t\t<\/li>\n\t\t\t\t\t\t\t\t<li class=\"elementor-icon-list-item\">\n\t\t\t\t\t\t\t\t\t\t\t<span class=\"elementor-icon-list-icon\">\n\t\t\t\t\t\t\t<i aria-hidden=\"true\" class=\"far fa-dot-circle\"><\/i>\t\t\t\t\t\t<\/span>\n\t\t\t\t\t\t\t\t\t\t<span class=\"elementor-icon-list-text\">Pedalee tranquilo con nuestras soluciones para grupos. <\/span>\n\t\t\t\t\t\t\t\t\t<\/li>\n\t\t\t\t\t\t<\/ul>\n\t\t\t\t\t\t<\/div>\n\t\t\t\t<\/div>\n\t\t\t\t\t<\/div>\n\t\t<\/div>\n\t\t\t\t<div class=\"elementor-column elementor-col-33 elementor-top-column elementor-element elementor-element-3b9b1f63\" data-id=\"3b9b1f63\" data-element_type=\"column\" data-e-type=\"column\">\n\t\t\t<div class=\"elementor-widget-wrap elementor-element-populated\">\n\t\t\t\t\t\t<div class=\"elementor-element elementor-element-1e0e57dd elementor-widget elementor-widget-heading\" data-id=\"1e0e57dd\" data-element_type=\"widget\" data-e-type=\"widget\" data-widget_type=\"heading.default\">\n\t\t\t\t<div class=\"elementor-widget-container\">\n\t\t\t\t\t<h3 class=\"elementor-heading-title elementor-size-large\">Qui\u00e9nes somos<\/h3>\t\t\t\t<\/div>\n\t\t\t\t<\/div>\n\t\t\t\t<div class=\"elementor-element elementor-element-68d23f6e elementor-widget elementor-widget-text-editor\" data-id=\"68d23f6e\" data-element_type=\"widget\" data-e-type=\"widget\" data-widget_type=\"text-editor.default\">\n\t\t\t\t<div class=\"elementor-widget-container\">\n\t\t\t\t\t\t\t\t\t<p>Nuestro nicho es la calidad.\u00a0<\/p><p>Desde nuestras bicicletas Made in France hasta nuestra bienvenida en la tienda, nos esforzamos por ofrecer a su grupo la mejor experiencia ciclista posible.\u00a0 \u00a0\u00a0<\/p>\t\t\t\t\t\t\t\t<\/div>\n\t\t\t\t<\/div>\n\t\t\t\t<div class=\"elementor-element elementor-element-1192ba8 elementor-widget elementor-widget-ucaddon_gradient_button\" data-id=\"1192ba8\" data-element_type=\"widget\" data-e-type=\"widget\" data-widget_type=\"ucaddon_gradient_button.default\">\n\t\t\t\t<div class=\"elementor-widget-container\">\n\t\t\t\t\t\n<!-- start Gradient Button -->\n<style>\/* widget: Gradient Button *\/\n\n#uc_gradient_button_elementor_1192ba8 a {\n  display:inline-block;\n  text-align: center;\n  transition: 0.5s;\n  background-size: 200% auto;\n  color: white;\n \/* text-shadow: 0px 0px 10px rgba(0,0,0,0.2);*\/\n  box-shadow: 0 5px 20px rgba(0,0,0,0.15);\n  border-radius: 100px;\n   background-image: linear-gradient(to right, #f6d365 0%, #fda085 51%, #f6d365 100%);\n  text-decoration:none\n }\n\n\n#uc_gradient_button_elementor_1192ba8 a:hover {\n  background-position: right center; \/* change the direction of the change here *\/\n}\n\n<\/style>\n\n<div style=\"text-align:center;\" id=\"uc_gradient_button_elementor_1192ba8\">\n  <a href=\"https:\/\/lacyclerie-leon.fr\/es\/contact-la-cyclerie\/\"  class=\"gradient_button\">CONTACTO<\/a>\n<\/div>\n<!-- end Gradient Button -->\t\t\t\t<\/div>\n\t\t\t\t<\/div>\n\t\t\t\t\t<\/div>\n\t\t<\/div>\n\t\t\t\t<div class=\"elementor-column elementor-col-33 elementor-top-column elementor-element elementor-element-6b257f48\" data-id=\"6b257f48\" data-element_type=\"column\" data-e-type=\"column\">\n\t\t\t<div class=\"elementor-widget-wrap elementor-element-populated\">\n\t\t\t\t\t\t<div class=\"elementor-element elementor-element-78590e51 elementor-widget elementor-widget-heading\" data-id=\"78590e51\" data-element_type=\"widget\" data-e-type=\"widget\" data-widget_type=\"heading.default\">\n\t\t\t\t<div class=\"elementor-widget-container\">\n\t\t\t\t\t<h3 class=\"elementor-heading-title elementor-size-large\">Nuestro compromiso<\/h3>\t\t\t\t<\/div>\n\t\t\t\t<\/div>\n\t\t\t\t<div class=\"elementor-element elementor-element-3f573719 elementor-widget elementor-widget-text-editor\" data-id=\"3f573719\" data-element_type=\"widget\" data-e-type=\"widget\" data-widget_type=\"text-editor.default\">\n\t\t\t\t<div class=\"elementor-widget-container\">\n\t\t\t\t\t\t\t\t\t<p>Un compromiso responsable con nuestros socios asociativos. Inf\u00f3rmate sobre ellos en el sitio web o en nuestra tienda, \u00a1y juntos marcaremos la diferencia!\u00a0<\/p>\t\t\t\t\t\t\t\t<\/div>\n\t\t\t\t<\/div>\n\t\t\t\t\t<\/div>\n\t\t<\/div>\n\t\t\t\t\t<\/div>\n\t\t<\/section>\n\t\t\t\t<\/div>","protected":false},"excerpt":{"rendered":"<p>Location de v\u00e9lo en groupe D\u00e9couvrez nos offres de location de v\u00e9lo en groupe. La Cyclerie \u00e0 votre service pour vos \u00e9v\u00e8nements dans les Landes ! Je demande un devis Choisissez, louez, p\u00e9dalez ! Un calendrier ouvert En semaine, en weekend ou en vacances, choisissez le moment qui vous convient le mieux.&nbsp; Prix de groupe [&hellip;]<\/p>\n","protected":false},"author":2,"featured_media":0,"parent":0,"menu_order":0,"comment_status":"closed","ping_status":"closed","template":"","meta":{"_monsterinsights_skip_tracking":false,"_monsterinsights_sitenote_active":false,"_monsterinsights_sitenote_note":"","_monsterinsights_sitenote_category":0,"footnotes":""},"class_list":["post-1225","page","type-page","status-publish","hentry","entry","owp-thumbs-layout-horizontal","owp-btn-normal","owp-tabs-layout-horizontal","has-no-thumbnails","has-product-nav"],"yoast_head":"<!-- This site is optimized with the Yoast SEO plugin v27.5 - https:\/\/yoast.com\/product\/yoast-seo-wordpress\/ -->\n<title>Location de v\u00e9lo groupe - Location et tarifs de groupe<\/title>\n<meta name=\"description\" content=\"Profitez de nos offres et tarifs de groupe pour explorer les Landes en v\u00e9lo. Organisez d\u00e8s maintenant votre sortie v\u00e9lo en groupe avec la Cyclerie !\" \/>\n<meta name=\"robots\" content=\"index, follow, max-snippet:-1, max-image-preview:large, max-video-preview:-1\" \/>\n<link rel=\"canonical\" href=\"https:\/\/lacyclerie-leon.fr\/es\/groupe-velo\/\" \/>\n<meta property=\"og:locale\" content=\"es_ES\" \/>\n<meta property=\"og:type\" content=\"article\" \/>\n<meta property=\"og:title\" content=\"Location de v\u00e9lo groupe - Location et tarifs de groupe\" \/>\n<meta property=\"og:description\" content=\"Profitez de nos offres et tarifs de groupe pour explorer les Landes en v\u00e9lo. Organisez d\u00e8s maintenant votre sortie v\u00e9lo en groupe avec la Cyclerie !\" \/>\n<meta property=\"og:url\" content=\"https:\/\/lacyclerie-leon.fr\/es\/groupe-velo\/\" \/>\n<meta property=\"article:publisher\" content=\"https:\/\/www.facebook.com\/lacyclerieleon\" \/>\n<meta property=\"article:modified_time\" content=\"2026-01-24T18:11:12+00:00\" \/>\n<meta property=\"og:image\" content=\"https:\/\/lacyclerie-leon.fr\/wp-content\/uploads\/2019\/07\/65805255_413406582719097_4335707045077450752_n-300x200.jpg\" \/>\n<meta name=\"twitter:card\" content=\"summary_large_image\" \/>\n<meta name=\"twitter:label1\" content=\"Tiempo de lectura\" \/>\n\t<meta name=\"twitter:data1\" content=\"5 minutos\" \/>\n<script type=\"application\/ld+json\" class=\"yoast-schema-graph\">{\"@context\":\"https:\\\/\\\/schema.org\",\"@graph\":[{\"@type\":\"WebPage\",\"@id\":\"https:\\\/\\\/lacyclerie-leon.fr\\\/groupe-velo\\\/\",\"url\":\"https:\\\/\\\/lacyclerie-leon.fr\\\/groupe-velo\\\/\",\"name\":\"Location de v\u00e9lo groupe - Location et tarifs de groupe\",\"isPartOf\":{\"@id\":\"https:\\\/\\\/lacyclerie-leon.fr\\\/#website\"},\"primaryImageOfPage\":{\"@id\":\"https:\\\/\\\/lacyclerie-leon.fr\\\/groupe-velo\\\/#primaryimage\"},\"image\":{\"@id\":\"https:\\\/\\\/lacyclerie-leon.fr\\\/groupe-velo\\\/#primaryimage\"},\"thumbnailUrl\":\"https:\\\/\\\/lacyclerie-leon.fr\\\/wp-content\\\/uploads\\\/2019\\\/07\\\/65805255_413406582719097_4335707045077450752_n-300x200.jpg\",\"datePublished\":\"2019-07-23T13:29:36+00:00\",\"dateModified\":\"2026-01-24T18:11:12+00:00\",\"description\":\"Profitez de nos offres et tarifs de groupe pour explorer les Landes en v\u00e9lo. Organisez d\u00e8s maintenant votre sortie v\u00e9lo en groupe avec la Cyclerie !\",\"breadcrumb\":{\"@id\":\"https:\\\/\\\/lacyclerie-leon.fr\\\/groupe-velo\\\/#breadcrumb\"},\"inLanguage\":\"es\",\"potentialAction\":[{\"@type\":\"ReadAction\",\"target\":[\"https:\\\/\\\/lacyclerie-leon.fr\\\/groupe-velo\\\/\"]}]},{\"@type\":\"ImageObject\",\"inLanguage\":\"es\",\"@id\":\"https:\\\/\\\/lacyclerie-leon.fr\\\/groupe-velo\\\/#primaryimage\",\"url\":\"https:\\\/\\\/lacyclerie-leon.fr\\\/wp-content\\\/uploads\\\/2019\\\/07\\\/65805255_413406582719097_4335707045077450752_n-300x200.jpg\",\"contentUrl\":\"https:\\\/\\\/lacyclerie-leon.fr\\\/wp-content\\\/uploads\\\/2019\\\/07\\\/65805255_413406582719097_4335707045077450752_n-300x200.jpg\"},{\"@type\":\"BreadcrumbList\",\"@id\":\"https:\\\/\\\/lacyclerie-leon.fr\\\/groupe-velo\\\/#breadcrumb\",\"itemListElement\":[{\"@type\":\"ListItem\",\"position\":1,\"name\":\"Accueil\",\"item\":\"https:\\\/\\\/lacyclerie-leon.fr\\\/\"},{\"@type\":\"ListItem\",\"position\":2,\"name\":\"Location de v\u00e9lo groupe\"}]},{\"@type\":\"WebSite\",\"@id\":\"https:\\\/\\\/lacyclerie-leon.fr\\\/#website\",\"url\":\"https:\\\/\\\/lacyclerie-leon.fr\\\/\",\"name\":\"\",\"description\":\"\",\"potentialAction\":[{\"@type\":\"SearchAction\",\"target\":{\"@type\":\"EntryPoint\",\"urlTemplate\":\"https:\\\/\\\/lacyclerie-leon.fr\\\/?s={search_term_string}\"},\"query-input\":{\"@type\":\"PropertyValueSpecification\",\"valueRequired\":true,\"valueName\":\"search_term_string\"}}],\"inLanguage\":\"es\"}]}<\/script>\n<!-- \/ Yoast SEO plugin. -->","yoast_head_json":{"title":"Location de v\u00e9lo groupe - Location et tarifs de groupe","description":"Profitez de nos offres et tarifs de groupe pour explorer les Landes en v\u00e9lo. Organisez d\u00e8s maintenant votre sortie v\u00e9lo en groupe avec la Cyclerie !","robots":{"index":"index","follow":"follow","max-snippet":"max-snippet:-1","max-image-preview":"max-image-preview:large","max-video-preview":"max-video-preview:-1"},"canonical":"https:\/\/lacyclerie-leon.fr\/es\/groupe-velo\/","og_locale":"es_ES","og_type":"article","og_title":"Location de v\u00e9lo groupe - Location et tarifs de groupe","og_description":"Profitez de nos offres et tarifs de groupe pour explorer les Landes en v\u00e9lo. Organisez d\u00e8s maintenant votre sortie v\u00e9lo en groupe avec la Cyclerie !","og_url":"https:\/\/lacyclerie-leon.fr\/es\/groupe-velo\/","article_publisher":"https:\/\/www.facebook.com\/lacyclerieleon","article_modified_time":"2026-01-24T18:11:12+00:00","og_image":[{"url":"https:\/\/lacyclerie-leon.fr\/wp-content\/uploads\/2019\/07\/65805255_413406582719097_4335707045077450752_n-300x200.jpg","type":"","width":"","height":""}],"twitter_card":"summary_large_image","twitter_misc":{"Tiempo de lectura":"5 minutos"},"schema":{"@context":"https:\/\/schema.org","@graph":[{"@type":"WebPage","@id":"https:\/\/lacyclerie-leon.fr\/groupe-velo\/","url":"https:\/\/lacyclerie-leon.fr\/groupe-velo\/","name":"Location de v\u00e9lo groupe - Location et tarifs de groupe","isPartOf":{"@id":"https:\/\/lacyclerie-leon.fr\/#website"},"primaryImageOfPage":{"@id":"https:\/\/lacyclerie-leon.fr\/groupe-velo\/#primaryimage"},"image":{"@id":"https:\/\/lacyclerie-leon.fr\/groupe-velo\/#primaryimage"},"thumbnailUrl":"https:\/\/lacyclerie-leon.fr\/wp-content\/uploads\/2019\/07\/65805255_413406582719097_4335707045077450752_n-300x200.jpg","datePublished":"2019-07-23T13:29:36+00:00","dateModified":"2026-01-24T18:11:12+00:00","description":"Profitez de nos offres et tarifs de groupe pour explorer les Landes en v\u00e9lo. Organisez d\u00e8s maintenant votre sortie v\u00e9lo en groupe avec la Cyclerie !","breadcrumb":{"@id":"https:\/\/lacyclerie-leon.fr\/groupe-velo\/#breadcrumb"},"inLanguage":"es","potentialAction":[{"@type":"ReadAction","target":["https:\/\/lacyclerie-leon.fr\/groupe-velo\/"]}]},{"@type":"ImageObject","inLanguage":"es","@id":"https:\/\/lacyclerie-leon.fr\/groupe-velo\/#primaryimage","url":"https:\/\/lacyclerie-leon.fr\/wp-content\/uploads\/2019\/07\/65805255_413406582719097_4335707045077450752_n-300x200.jpg","contentUrl":"https:\/\/lacyclerie-leon.fr\/wp-content\/uploads\/2019\/07\/65805255_413406582719097_4335707045077450752_n-300x200.jpg"},{"@type":"BreadcrumbList","@id":"https:\/\/lacyclerie-leon.fr\/groupe-velo\/#breadcrumb","itemListElement":[{"@type":"ListItem","position":1,"name":"Accueil","item":"https:\/\/lacyclerie-leon.fr\/"},{"@type":"ListItem","position":2,"name":"Location de v\u00e9lo groupe"}]},{"@type":"WebSite","@id":"https:\/\/lacyclerie-leon.fr\/#website","url":"https:\/\/lacyclerie-leon.fr\/","name":"","description":"","potentialAction":[{"@type":"SearchAction","target":{"@type":"EntryPoint","urlTemplate":"https:\/\/lacyclerie-leon.fr\/?s={search_term_string}"},"query-input":{"@type":"PropertyValueSpecification","valueRequired":true,"valueName":"search_term_string"}}],"inLanguage":"es"}]}},"_links":{"self":[{"href":"https:\/\/lacyclerie-leon.fr\/es\/wp-json\/wp\/v2\/pages\/1225","targetHints":{"allow":["GET"]}}],"collection":[{"href":"https:\/\/lacyclerie-leon.fr\/es\/wp-json\/wp\/v2\/pages"}],"about":[{"href":"https:\/\/lacyclerie-leon.fr\/es\/wp-json\/wp\/v2\/types\/page"}],"author":[{"embeddable":true,"href":"https:\/\/lacyclerie-leon.fr\/es\/wp-json\/wp\/v2\/users\/2"}],"replies":[{"embeddable":true,"href":"https:\/\/lacyclerie-leon.fr\/es\/wp-json\/wp\/v2\/comments?post=1225"}],"version-history":[{"count":23,"href":"https:\/\/lacyclerie-leon.fr\/es\/wp-json\/wp\/v2\/pages\/1225\/revisions"}],"predecessor-version":[{"id":4610,"href":"https:\/\/lacyclerie-leon.fr\/es\/wp-json\/wp\/v2\/pages\/1225\/revisions\/4610"}],"wp:attachment":[{"href":"https:\/\/lacyclerie-leon.fr\/es\/wp-json\/wp\/v2\/media?parent=1225"}],"curies":[{"name":"wp","href":"https:\/\/api.w.org\/{rel}","templated":true}]}}