{"id":1270,"date":"2019-09-28T12:03:52","date_gmt":"2019-09-28T10:03:52","guid":{"rendered":"https:\/\/lacyclerie-leon.fr\/?page_id=1270"},"modified":"2026-01-24T19:04:01","modified_gmt":"2026-01-24T18:04:01","slug":"o2feel-landes-vae","status":"publish","type":"page","link":"https:\/\/lacyclerie-leon.fr\/es\/o2feel-landes-vae\/","title":{"rendered":"O2feel landes VAE"},"content":{"rendered":"<div data-elementor-type=\"wp-page\" data-elementor-id=\"1270\" class=\"elementor elementor-1270\" data-elementor-post-type=\"page\">\n\t\t\t\t\t\t<section class=\"elementor-section elementor-top-section elementor-element elementor-element-1e79d333 elementor-section-height-min-height elementor-section-boxed elementor-section-height-default elementor-section-items-middle\" data-id=\"1e79d333\" data-element_type=\"section\" data-e-type=\"section\" data-settings=\"{&quot;background_background&quot;:&quot;classic&quot;}\">\n\t\t\t\t\t\t\t<div class=\"elementor-background-overlay\"><\/div>\n\t\t\t\t\t\t\t<div class=\"elementor-container elementor-column-gap-default\">\n\t\t\t\t\t<div class=\"elementor-column elementor-col-50 elementor-top-column elementor-element elementor-element-5a7d96e0\" data-id=\"5a7d96e0\" data-element_type=\"column\" data-e-type=\"column\">\n\t\t\t<div class=\"elementor-widget-wrap elementor-element-populated\">\n\t\t\t\t\t\t<div class=\"elementor-element elementor-element-666eed34 elementor-widget elementor-widget-heading\" data-id=\"666eed34\" data-element_type=\"widget\" data-e-type=\"widget\" data-widget_type=\"heading.default\">\n\t\t\t\t<div class=\"elementor-widget-container\">\n\t\t\t\t\t<h1 class=\"elementor-heading-title elementor-size-small\">Choisissez la qualit\u00e9 fran\u00e7aise pour votre v\u00e9lo \u00e0 assistance \u00e9lectrique avec O2feel ! <\/h1>\t\t\t\t<\/div>\n\t\t\t\t<\/div>\n\t\t\t\t<div class=\"elementor-element elementor-element-193547bb elementor-widget elementor-widget-ucaddon_gradient_button\" data-id=\"193547bb\" data-element_type=\"widget\" data-e-type=\"widget\" data-widget_type=\"ucaddon_gradient_button.default\">\n\t\t\t\t<div class=\"elementor-widget-container\">\n\t\t\t\t\t\n<!-- start Gradient Button -->\n<style>\/* widget: Gradient Button *\/\n\n#uc_gradient_button_elementor_193547bb a {\n  display:inline-block;\n  text-align: center;\n  transition: 0.5s;\n  background-size: 200% auto;\n  color: white;\n \/* text-shadow: 0px 0px 10px rgba(0,0,0,0.2);*\/\n  box-shadow: 0 5px 20px rgba(0,0,0,0.15);\n  border-radius: 100px;\n   background-image: linear-gradient(to right, #FBB800 0%, #fda085 51%, #FBB800 100%);\n  text-decoration:none\n }\n\n\n#uc_gradient_button_elementor_193547bb a:hover {\n  background-position: right center; \/* change the direction of the change here *\/\n}\n\n<\/style>\n\n<div style=\"text-align:left;\" id=\"uc_gradient_button_elementor_193547bb\">\n  <a href=\"#pricing\"  class=\"gradient_button\">Elegir mi bicicleta<\/a>\n<\/div>\n<!-- end Gradient Button -->\t\t\t\t<\/div>\n\t\t\t\t<\/div>\n\t\t\t\t\t<\/div>\n\t\t<\/div>\n\t\t\t\t<div class=\"elementor-column elementor-col-50 elementor-top-column elementor-element elementor-element-37594775\" data-id=\"37594775\" data-element_type=\"column\" data-e-type=\"column\">\n\t\t\t<div class=\"elementor-widget-wrap elementor-element-populated\">\n\t\t\t\t\t\t<div class=\"elementor-element elementor-element-bb52df6 elementor-arrows-position-inside elementor-pagination-position-outside elementor-widget elementor-widget-image-carousel\" data-id=\"bb52df6\" data-element_type=\"widget\" data-e-type=\"widget\" data-settings=\"{&quot;slides_to_show&quot;:&quot;1&quot;,&quot;autoplay_speed&quot;:3000,&quot;navigation&quot;:&quot;both&quot;,&quot;autoplay&quot;:&quot;yes&quot;,&quot;pause_on_hover&quot;:&quot;yes&quot;,&quot;pause_on_interaction&quot;:&quot;yes&quot;,&quot;infinite&quot;:&quot;yes&quot;,&quot;effect&quot;:&quot;slide&quot;,&quot;speed&quot;:500}\" data-widget_type=\"image-carousel.default\">\n\t\t\t\t<div class=\"elementor-widget-container\">\n\t\t\t\t\t\t\t<div class=\"elementor-image-carousel-wrapper swiper\" role=\"region\" aria-roledescription=\"carousel\" aria-label=\"Carrousel d\u2019images\" dir=\"ltr\">\n\t\t\t<div class=\"elementor-image-carousel swiper-wrapper\" aria-live=\"off\">\n\t\t\t\t\t\t\t\t<div class=\"swiper-slide\" role=\"group\" aria-roledescription=\"slide\" aria-label=\"1 sur 6\"><figure class=\"swiper-slide-inner\"><img decoding=\"async\" class=\"swiper-slide-image\" src=\"https:\/\/lacyclerie-leon.fr\/wp-content\/uploads\/2026\/01\/Buzz-8-Peach-fuzz-Pack-Nomad-768x517.png\" alt=\"Buzz est le nouveau Cargo \u00e9lectrique compact de la marque O2feel\" \/><\/figure><\/div><div class=\"swiper-slide\" role=\"group\" aria-roledescription=\"slide\" aria-label=\"2 sur 6\"><figure class=\"swiper-slide-inner\"><img decoding=\"async\" class=\"swiper-slide-image\" src=\"https:\/\/lacyclerie-leon.fr\/wp-content\/uploads\/2023\/01\/Amplitude-AM-Boost-4.1-Gris-Anthracite-768x517.png\" alt=\"VTT \u00e9lectrique\" \/><\/figure><\/div><div class=\"swiper-slide\" role=\"group\" aria-roledescription=\"slide\" aria-label=\"3 sur 6\"><figure class=\"swiper-slide-inner\"><img decoding=\"async\" class=\"swiper-slide-image\" src=\"https:\/\/lacyclerie-leon.fr\/wp-content\/uploads\/2026\/01\/Duma-4.1-Pastel-Green-768x517.png\" alt=\"Duma le nouveau VAE urbain performant et abordable\" \/><\/figure><\/div><div class=\"swiper-slide\" role=\"group\" aria-roledescription=\"slide\" aria-label=\"4 sur 6\"><figure class=\"swiper-slide-inner\"><img decoding=\"async\" class=\"swiper-slide-image\" src=\"https:\/\/lacyclerie-leon.fr\/wp-content\/uploads\/2026\/01\/Vern-7.2-Bronze-768x517.png\" alt=\"Vern vous acompagnera partout avec confort et style. Le VAE treking parfait pour explorer.\" \/><\/figure><\/div><div class=\"swiper-slide\" role=\"group\" aria-roledescription=\"slide\" aria-label=\"5 sur 6\"><figure class=\"swiper-slide-inner\"><img decoding=\"async\" class=\"swiper-slide-image\" src=\"https:\/\/lacyclerie-leon.fr\/wp-content\/uploads\/2026\/01\/Duma-5.1-Adventure-MeteorGrey-768x517.png\" alt=\"Duma, puissant, fiable et \u00e9l\u00e9gant. Duma incarne la mobilit\u00e9 urbaine contemporaine.\" \/><\/figure><\/div><div class=\"swiper-slide\" role=\"group\" aria-roledescription=\"slide\" aria-label=\"6 sur 6\"><figure class=\"swiper-slide-inner\"><img decoding=\"async\" class=\"swiper-slide-image\" src=\"https:\/\/lacyclerie-leon.fr\/wp-content\/uploads\/2023\/01\/Logos-4-ans-garantie-FR-White.png\" alt=\"Profitez de 4 ans de garanti avec vos v\u00e9los \u00e9lectriques O2feel\" \/><\/figure><\/div>\t\t\t<\/div>\n\t\t\t\t\t\t\t\t\t\t\t\t<div class=\"elementor-swiper-button elementor-swiper-button-prev\" role=\"button\" tabindex=\"0\">\n\t\t\t\t\t\t<i aria-hidden=\"true\" class=\"eicon-chevron-left\"><\/i>\t\t\t\t\t<\/div>\n\t\t\t\t\t<div class=\"elementor-swiper-button elementor-swiper-button-next\" role=\"button\" tabindex=\"0\">\n\t\t\t\t\t\t<i aria-hidden=\"true\" class=\"eicon-chevron-right\"><\/i>\t\t\t\t\t<\/div>\n\t\t\t\t\n\t\t\t\t\t\t\t\t\t<div class=\"swiper-pagination\"><\/div>\n\t\t\t\t\t\t\t\t\t<\/div>\n\t\t\t\t\t\t<\/div>\n\t\t\t\t<\/div>\n\t\t\t\t<div class=\"elementor-element elementor-element-2e8f970 elementor-widget elementor-widget-heading\" data-id=\"2e8f970\" data-element_type=\"widget\" data-e-type=\"widget\" data-widget_type=\"heading.default\">\n\t\t\t\t<div class=\"elementor-widget-container\">\n\t\t\t\t\t<h2 class=\"elementor-heading-title elementor-size-small\"><br> 02feel gARANTIE votre BATTERIE 4 ans ! <\/h2>\t\t\t\t<\/div>\n\t\t\t\t<\/div>\n\t\t\t\t\t<\/div>\n\t\t<\/div>\n\t\t\t\t\t<\/div>\n\t\t<\/section>\n\t\t\t\t<section class=\"elementor-section elementor-top-section elementor-element elementor-element-3a1c3ca5 elementor-section-boxed elementor-section-height-default elementor-section-height-default\" data-id=\"3a1c3ca5\" data-element_type=\"section\" data-e-type=\"section\">\n\t\t\t\t\t\t<div class=\"elementor-container elementor-column-gap-default\">\n\t\t\t\t\t<div class=\"elementor-column elementor-col-100 elementor-top-column elementor-element elementor-element-1047a00c\" data-id=\"1047a00c\" data-element_type=\"column\" data-e-type=\"column\">\n\t\t\t<div class=\"elementor-widget-wrap elementor-element-populated\">\n\t\t\t\t\t\t<div class=\"elementor-element elementor-element-9300d54 elementor-widget elementor-widget-heading\" data-id=\"9300d54\" data-element_type=\"widget\" data-e-type=\"widget\" data-widget_type=\"heading.default\">\n\t\t\t\t<div class=\"elementor-widget-container\">\n\t\t\t\t\t<h2 class=\"elementor-heading-title elementor-size-large\">Modelos o2feel VAE disponibles en la tienda <\/h2>\t\t\t\t<\/div>\n\t\t\t\t<\/div>\n\t\t\t\t<div class=\"elementor-element elementor-element-2f98079 elementor-invisible elementor-widget elementor-widget-heading\" data-id=\"2f98079\" data-element_type=\"widget\" data-e-type=\"widget\" data-settings=\"{&quot;_animation&quot;:&quot;zoomIn&quot;}\" data-widget_type=\"heading.default\">\n\t\t\t\t<div class=\"elementor-widget-container\">\n\t\t\t\t\t<h3 class=\"elementor-heading-title elementor-size-large\">Nouvelle livraison des Duma \u00e0 partir d'avril 2026, pensez \u00e0 r\u00e9server !<\/h3>\t\t\t\t<\/div>\n\t\t\t\t<\/div>\n\t\t\t\t<section class=\"elementor-section elementor-inner-section elementor-element elementor-element-654d7fd7 elementor-section-content-middle elementor-section-boxed elementor-section-height-default elementor-section-height-default\" data-id=\"654d7fd7\" data-element_type=\"section\" data-e-type=\"section\">\n\t\t\t\t\t\t<div class=\"elementor-container elementor-column-gap-default\">\n\t\t\t\t\t<div class=\"elementor-column elementor-col-33 elementor-inner-column elementor-element elementor-element-1283fb1c\" data-id=\"1283fb1c\" data-element_type=\"column\" data-e-type=\"column\" data-settings=\"{&quot;background_background&quot;:&quot;classic&quot;}\">\n\t\t\t<div class=\"elementor-widget-wrap elementor-element-populated\">\n\t\t\t\t\t\t<div class=\"elementor-element elementor-element-ab40ea4 elementor-widget elementor-widget-heading\" data-id=\"ab40ea4\" data-element_type=\"widget\" data-e-type=\"widget\" data-widget_type=\"heading.default\">\n\t\t\t\t<div class=\"elementor-widget-container\">\n\t\t\t\t\t<h2 class=\"elementor-heading-title elementor-size-large\">Duma 5 adventure<\/h2>\t\t\t\t<\/div>\n\t\t\t\t<\/div>\n\t\t\t\t<div class=\"elementor-element elementor-element-aace9d6 elementor-invisible elementor-widget elementor-widget-heading\" data-id=\"aace9d6\" data-element_type=\"widget\" data-e-type=\"widget\" data-settings=\"{&quot;_animation&quot;:&quot;zoomIn&quot;}\" data-widget_type=\"heading.default\">\n\t\t\t\t<div class=\"elementor-widget-container\">\n\t\t\t\t\t<p class=\"elementor-heading-title elementor-size-large\">2499\u20ac<\/p>\t\t\t\t<\/div>\n\t\t\t\t<\/div>\n\t\t\t\t<div class=\"elementor-element elementor-element-c703a56 elementor-widget-divider--view-line elementor-widget elementor-widget-divider\" data-id=\"c703a56\" data-element_type=\"widget\" data-e-type=\"widget\" data-widget_type=\"divider.default\">\n\t\t\t\t<div class=\"elementor-widget-container\">\n\t\t\t\t\t\t\t<div class=\"elementor-divider\">\n\t\t\t<span class=\"elementor-divider-separator\">\n\t\t\t\t\t\t<\/span>\n\t\t<\/div>\n\t\t\t\t\t\t<\/div>\n\t\t\t\t<\/div>\n\t\t\t\t<div class=\"elementor-element elementor-element-fc429e0 elementor-widget elementor-widget-text-editor\" data-id=\"fc429e0\" data-element_type=\"widget\" data-e-type=\"widget\" data-widget_type=\"text-editor.default\">\n\t\t\t\t<div class=\"elementor-widget-container\">\n\t\t\t\t\t\t\t\t\t<p>Le DUMA en version trekking pour vous porter partout !<\/p><p>Taille S, M, L<\/p>\t\t\t\t\t\t\t\t<\/div>\n\t\t\t\t<\/div>\n\t\t\t\t<div class=\"elementor-element elementor-element-808b808 elementor-widget elementor-widget-image\" data-id=\"808b808\" data-element_type=\"widget\" data-e-type=\"widget\" data-widget_type=\"image.default\">\n\t\t\t\t<div class=\"elementor-widget-container\">\n\t\t\t\t\t\t\t\t\t\t\t\t\t\t\t<img fetchpriority=\"high\" decoding=\"async\" width=\"1024\" height=\"689\" src=\"https:\/\/lacyclerie-leon.fr\/wp-content\/uploads\/2026\/01\/Duma-5.1-Adventure-MeteorGrey-1024x689.png\" class=\"elementor-animation-grow attachment-large size-large wp-image-4601\" alt=\"Duma, puissant, fiable et \u00e9l\u00e9gant. Duma incarne la mobilit\u00e9 urbaine contemporaine.\" srcset=\"https:\/\/lacyclerie-leon.fr\/wp-content\/uploads\/2026\/01\/Duma-5.1-Adventure-MeteorGrey-1024x689.png 1024w, https:\/\/lacyclerie-leon.fr\/wp-content\/uploads\/2026\/01\/Duma-5.1-Adventure-MeteorGrey-300x202.png 300w, https:\/\/lacyclerie-leon.fr\/wp-content\/uploads\/2026\/01\/Duma-5.1-Adventure-MeteorGrey-768x517.png 768w, https:\/\/lacyclerie-leon.fr\/wp-content\/uploads\/2026\/01\/Duma-5.1-Adventure-MeteorGrey-1536x1033.png 1536w, https:\/\/lacyclerie-leon.fr\/wp-content\/uploads\/2026\/01\/Duma-5.1-Adventure-MeteorGrey-scaled.png 2048w, https:\/\/lacyclerie-leon.fr\/wp-content\/uploads\/2026\/01\/Duma-5.1-Adventure-MeteorGrey-18x12.png 18w, https:\/\/lacyclerie-leon.fr\/wp-content\/uploads\/2026\/01\/Duma-5.1-Adventure-MeteorGrey-600x404.png 600w\" sizes=\"(max-width: 1024px) 100vw, 1024px\" \/>\t\t\t\t\t\t\t\t\t\t\t\t\t\t\t<\/div>\n\t\t\t\t<\/div>\n\t\t\t\t<div class=\"elementor-element elementor-element-23a9202a elementor-align-start elementor-mobile-align-start elementor-icon-list--layout-traditional elementor-list-item-link-full_width elementor-widget elementor-widget-icon-list\" data-id=\"23a9202a\" data-element_type=\"widget\" data-e-type=\"widget\" data-widget_type=\"icon-list.default\">\n\t\t\t\t<div class=\"elementor-widget-container\">\n\t\t\t\t\t\t\t<ul class=\"elementor-icon-list-items\">\n\t\t\t\t\t\t\t<li class=\"elementor-icon-list-item\">\n\t\t\t\t\t\t\t\t\t\t\t<span class=\"elementor-icon-list-icon\">\n\t\t\t\t\t\t\t<i aria-hidden=\"true\" class=\"fas fa-check\"><\/i>\t\t\t\t\t\t<\/span>\n\t\t\t\t\t\t\t\t\t\t<span class=\"elementor-icon-list-text\">Moteur central Ananda M60 (70Nm)<\/span>\n\t\t\t\t\t\t\t\t\t<\/li>\n\t\t\t\t\t\t\t\t<li class=\"elementor-icon-list-item\">\n\t\t\t\t\t\t\t\t\t\t\t<span class=\"elementor-icon-list-icon\">\n\t\t\t\t\t\t\t<i aria-hidden=\"true\" class=\"fas fa-check\"><\/i>\t\t\t\t\t\t<\/span>\n\t\t\t\t\t\t\t\t\t\t<span class=\"elementor-icon-list-text\">Batterie 730Wh (J'usqu'\u00e0 240 km)<\/span>\n\t\t\t\t\t\t\t\t\t<\/li>\n\t\t\t\t\t\t\t\t<li class=\"elementor-icon-list-item\">\n\t\t\t\t\t\t\t\t\t\t\t<span class=\"elementor-icon-list-icon\">\n\t\t\t\t\t\t\t<i aria-hidden=\"true\" class=\"fas fa-check\"><\/i>\t\t\t\t\t\t<\/span>\n\t\t\t\t\t\t\t\t\t\t<span class=\"elementor-icon-list-text\">Transmission Deore 10v<\/span>\n\t\t\t\t\t\t\t\t\t<\/li>\n\t\t\t\t\t\t\t\t<li class=\"elementor-icon-list-item\">\n\t\t\t\t\t\t\t\t\t\t\t<span class=\"elementor-icon-list-icon\">\n\t\t\t\t\t\t\t<i aria-hidden=\"true\" class=\"fas fa-check\"><\/i>\t\t\t\t\t\t<\/span>\n\t\t\t\t\t\t\t\t\t\t<span class=\"elementor-icon-list-text\">Fourche RST suspendu<\/span>\n\t\t\t\t\t\t\t\t\t<\/li>\n\t\t\t\t\t\t<\/ul>\n\t\t\t\t\t\t<\/div>\n\t\t\t\t<\/div>\n\t\t\t\t<div class=\"elementor-element elementor-element-e36caa8 elementor-widget elementor-widget-ucaddon_gradient_button\" data-id=\"e36caa8\" data-element_type=\"widget\" data-e-type=\"widget\" data-widget_type=\"ucaddon_gradient_button.default\">\n\t\t\t\t<div class=\"elementor-widget-container\">\n\t\t\t\t\t\n<!-- start Gradient Button -->\n<style>\/* widget: Gradient Button *\/\n\n#uc_gradient_button_elementor_e36caa8 a {\n  display:inline-block;\n  text-align: center;\n  transition: 0.5s;\n  background-size: 200% auto;\n  color: white;\n \/* text-shadow: 0px 0px 10px rgba(0,0,0,0.2);*\/\n  box-shadow: 0 5px 20px rgba(0,0,0,0.15);\n  border-radius: 100px;\n   background-image: linear-gradient(to right, #FBB800 0%, #fda085 51%, #FBB800 100%);\n  text-decoration:none\n }\n\n\n#uc_gradient_button_elementor_e36caa8 a:hover {\n  background-position: right center; \/* change the direction of the change here *\/\n}\n\n<\/style>\n\n<div style=\"text-align:center;\" id=\"uc_gradient_button_elementor_e36caa8\">\n  <a href=\"#commander\"  class=\"gradient_button\">Reservar una prueba de conducci\u00f3n<\/a>\n<\/div>\n<!-- end Gradient Button -->\t\t\t\t<\/div>\n\t\t\t\t<\/div>\n\t\t\t\t\t<\/div>\n\t\t<\/div>\n\t\t\t\t<div class=\"elementor-column elementor-col-33 elementor-inner-column elementor-element elementor-element-2a08fd89\" data-id=\"2a08fd89\" data-element_type=\"column\" data-e-type=\"column\" data-settings=\"{&quot;background_background&quot;:&quot;classic&quot;}\">\n\t\t\t<div class=\"elementor-widget-wrap elementor-element-populated\">\n\t\t\t\t\t\t<div class=\"elementor-element elementor-element-5dd78330 elementor-widget elementor-widget-heading\" data-id=\"5dd78330\" data-element_type=\"widget\" data-e-type=\"widget\" data-widget_type=\"heading.default\">\n\t\t\t\t<div class=\"elementor-widget-container\">\n\t\t\t\t\t<h2 class=\"elementor-heading-title elementor-size-large\">DUMA 4<\/h2>\t\t\t\t<\/div>\n\t\t\t\t<\/div>\n\t\t\t\t<div class=\"elementor-element elementor-element-4bedcf67 elementor-invisible elementor-widget elementor-widget-heading\" data-id=\"4bedcf67\" data-element_type=\"widget\" data-e-type=\"widget\" data-settings=\"{&quot;_animation&quot;:&quot;zoomIn&quot;}\" data-widget_type=\"heading.default\">\n\t\t\t\t<div class=\"elementor-widget-container\">\n\t\t\t\t\t<p class=\"elementor-heading-title elementor-size-large\">2099\u20ac<\/p>\t\t\t\t<\/div>\n\t\t\t\t<\/div>\n\t\t\t\t<div class=\"elementor-element elementor-element-6b734465 elementor-widget-divider--view-line elementor-widget elementor-widget-divider\" data-id=\"6b734465\" data-element_type=\"widget\" data-e-type=\"widget\" data-widget_type=\"divider.default\">\n\t\t\t\t<div class=\"elementor-widget-container\">\n\t\t\t\t\t\t\t<div class=\"elementor-divider\">\n\t\t\t<span class=\"elementor-divider-separator\">\n\t\t\t\t\t\t<\/span>\n\t\t<\/div>\n\t\t\t\t\t\t<\/div>\n\t\t\t\t<\/div>\n\t\t\t\t<div class=\"elementor-element elementor-element-856643e elementor-widget elementor-widget-text-editor\" data-id=\"856643e\" data-element_type=\"widget\" data-e-type=\"widget\" data-widget_type=\"text-editor.default\">\n\t\t\t\t<div class=\"elementor-widget-container\">\n\t\t\t\t\t\t\t\t\t<p class=\"elementor-heading-title elementor-size-default\">L&rsquo;\u00e9lectrique du quotidien, taill\u00e9 pour durer. Fiable, \u00e9l\u00e8guant, abordable.\u00a0<\/p><p>\u00a0<\/p><p>Taille S, M, L<\/p>\t\t\t\t\t\t\t\t<\/div>\n\t\t\t\t<\/div>\n\t\t\t\t<div class=\"elementor-element elementor-element-bdcf059 elementor-widget elementor-widget-image\" data-id=\"bdcf059\" data-element_type=\"widget\" data-e-type=\"widget\" data-widget_type=\"image.default\">\n\t\t\t\t<div class=\"elementor-widget-container\">\n\t\t\t\t\t\t\t\t\t\t\t\t\t\t\t<img decoding=\"async\" width=\"1024\" height=\"689\" src=\"https:\/\/lacyclerie-leon.fr\/wp-content\/uploads\/2026\/01\/Duma-4.1-Pastel-Green-1024x689.png\" class=\"elementor-animation-grow attachment-large size-large wp-image-4600\" alt=\"Duma le nouveau VAE urbain performant et abordable\" srcset=\"https:\/\/lacyclerie-leon.fr\/wp-content\/uploads\/2026\/01\/Duma-4.1-Pastel-Green-1024x689.png 1024w, https:\/\/lacyclerie-leon.fr\/wp-content\/uploads\/2026\/01\/Duma-4.1-Pastel-Green-300x202.png 300w, https:\/\/lacyclerie-leon.fr\/wp-content\/uploads\/2026\/01\/Duma-4.1-Pastel-Green-768x517.png 768w, https:\/\/lacyclerie-leon.fr\/wp-content\/uploads\/2026\/01\/Duma-4.1-Pastel-Green-1536x1033.png 1536w, https:\/\/lacyclerie-leon.fr\/wp-content\/uploads\/2026\/01\/Duma-4.1-Pastel-Green-scaled.png 2048w, https:\/\/lacyclerie-leon.fr\/wp-content\/uploads\/2026\/01\/Duma-4.1-Pastel-Green-18x12.png 18w, https:\/\/lacyclerie-leon.fr\/wp-content\/uploads\/2026\/01\/Duma-4.1-Pastel-Green-600x404.png 600w\" sizes=\"(max-width: 1024px) 100vw, 1024px\" \/>\t\t\t\t\t\t\t\t\t\t\t\t\t\t\t<\/div>\n\t\t\t\t<\/div>\n\t\t\t\t<div class=\"elementor-element elementor-element-1ec51725 elementor-align-start elementor-icon-list--layout-traditional elementor-list-item-link-full_width elementor-widget elementor-widget-icon-list\" data-id=\"1ec51725\" data-element_type=\"widget\" data-e-type=\"widget\" data-widget_type=\"icon-list.default\">\n\t\t\t\t<div class=\"elementor-widget-container\">\n\t\t\t\t\t\t\t<ul class=\"elementor-icon-list-items\">\n\t\t\t\t\t\t\t<li class=\"elementor-icon-list-item\">\n\t\t\t\t\t\t\t\t\t\t\t<span class=\"elementor-icon-list-icon\">\n\t\t\t\t\t\t\t<i aria-hidden=\"true\" class=\"fas fa-check\"><\/i>\t\t\t\t\t\t<\/span>\n\t\t\t\t\t\t\t\t\t\t<span class=\"elementor-icon-list-text\">Moteur central Ananda M60 (70Nm)<\/span>\n\t\t\t\t\t\t\t\t\t<\/li>\n\t\t\t\t\t\t\t\t<li class=\"elementor-icon-list-item\">\n\t\t\t\t\t\t\t\t\t\t\t<span class=\"elementor-icon-list-icon\">\n\t\t\t\t\t\t\t<i aria-hidden=\"true\" class=\"fas fa-check\"><\/i>\t\t\t\t\t\t<\/span>\n\t\t\t\t\t\t\t\t\t\t<span class=\"elementor-icon-list-text\">Batterie 730 Wh (Jusqu'\u00e0 240 km)<\/span>\n\t\t\t\t\t\t\t\t\t<\/li>\n\t\t\t\t\t\t\t\t<li class=\"elementor-icon-list-item\">\n\t\t\t\t\t\t\t\t\t\t\t<span class=\"elementor-icon-list-icon\">\n\t\t\t\t\t\t\t<i aria-hidden=\"true\" class=\"fas fa-check\"><\/i>\t\t\t\t\t\t<\/span>\n\t\t\t\t\t\t\t\t\t\t<span class=\"elementor-icon-list-text\">Transmission \u00e0 cha\u00eene 8v<\/span>\n\t\t\t\t\t\t\t\t\t<\/li>\n\t\t\t\t\t\t\t\t<li class=\"elementor-icon-list-item\">\n\t\t\t\t\t\t\t\t\t\t\t<span class=\"elementor-icon-list-icon\">\n\t\t\t\t\t\t\t<i aria-hidden=\"true\" class=\"fas fa-check\"><\/i>\t\t\t\t\t\t<\/span>\n\t\t\t\t\t\t\t\t\t\t<span class=\"elementor-icon-list-text\">Frenos de disco hidr\u00e1ulicos<\/span>\n\t\t\t\t\t\t\t\t\t<\/li>\n\t\t\t\t\t\t<\/ul>\n\t\t\t\t\t\t<\/div>\n\t\t\t\t<\/div>\n\t\t\t\t<div class=\"elementor-element elementor-element-a3bd27a elementor-widget elementor-widget-ucaddon_gradient_button\" data-id=\"a3bd27a\" data-element_type=\"widget\" data-e-type=\"widget\" data-widget_type=\"ucaddon_gradient_button.default\">\n\t\t\t\t<div class=\"elementor-widget-container\">\n\t\t\t\t\t\n<!-- start Gradient Button -->\n<style>\/* widget: Gradient Button *\/\n\n#uc_gradient_button_elementor_a3bd27a a {\n  display:inline-block;\n  text-align: center;\n  transition: 0.5s;\n  background-size: 200% auto;\n  color: white;\n \/* text-shadow: 0px 0px 10px rgba(0,0,0,0.2);*\/\n  box-shadow: 0 5px 20px rgba(0,0,0,0.15);\n  border-radius: 100px;\n   background-image: linear-gradient(to right, #FBB800 0%, #fda085 51%, #FBB800 100%);\n  text-decoration:none\n }\n\n\n#uc_gradient_button_elementor_a3bd27a a:hover {\n  background-position: right center; \/* change the direction of the change here *\/\n}\n\n<\/style>\n\n<div style=\"text-align:center;\" id=\"uc_gradient_button_elementor_a3bd27a\">\n  <a href=\"#commander\"  class=\"gradient_button\">Reservar una prueba de conducci\u00f3n<\/a>\n<\/div>\n<!-- end Gradient Button -->\t\t\t\t<\/div>\n\t\t\t\t<\/div>\n\t\t\t\t\t<\/div>\n\t\t<\/div>\n\t\t\t\t<div class=\"elementor-column elementor-col-33 elementor-inner-column elementor-element elementor-element-5a14160d\" data-id=\"5a14160d\" data-element_type=\"column\" data-e-type=\"column\" data-settings=\"{&quot;background_background&quot;:&quot;classic&quot;}\">\n\t\t\t<div class=\"elementor-widget-wrap elementor-element-populated\">\n\t\t\t\t\t\t<div class=\"elementor-element elementor-element-12aff787 elementor-widget elementor-widget-heading\" data-id=\"12aff787\" data-element_type=\"widget\" data-e-type=\"widget\" data-widget_type=\"heading.default\">\n\t\t\t\t<div class=\"elementor-widget-container\">\n\t\t\t\t\t<h2 class=\"elementor-heading-title elementor-size-large\">Buzz 8 <\/h2>\t\t\t\t<\/div>\n\t\t\t\t<\/div>\n\t\t\t\t<div class=\"elementor-element elementor-element-6068c1ae elementor-invisible elementor-widget elementor-widget-heading\" data-id=\"6068c1ae\" data-element_type=\"widget\" data-e-type=\"widget\" data-settings=\"{&quot;_animation&quot;:&quot;zoomIn&quot;}\" data-widget_type=\"heading.default\">\n\t\t\t\t<div class=\"elementor-widget-container\">\n\t\t\t\t\t<p class=\"elementor-heading-title elementor-size-large\">4299\u20ac<\/p>\t\t\t\t<\/div>\n\t\t\t\t<\/div>\n\t\t\t\t<div class=\"elementor-element elementor-element-19b2eaa6 elementor-widget-divider--view-line elementor-widget elementor-widget-divider\" data-id=\"19b2eaa6\" data-element_type=\"widget\" data-e-type=\"widget\" data-widget_type=\"divider.default\">\n\t\t\t\t<div class=\"elementor-widget-container\">\n\t\t\t\t\t\t\t<div class=\"elementor-divider\">\n\t\t\t<span class=\"elementor-divider-separator\">\n\t\t\t\t\t\t<\/span>\n\t\t<\/div>\n\t\t\t\t\t\t<\/div>\n\t\t\t\t<\/div>\n\t\t\t\t<div class=\"elementor-element elementor-element-1c6a617 elementor-widget elementor-widget-text-editor\" data-id=\"1c6a617\" data-element_type=\"widget\" data-e-type=\"widget\" data-widget_type=\"text-editor.default\">\n\t\t\t\t<div class=\"elementor-widget-container\">\n\t\t\t\t\t\t\t\t\t<p>Voyagez l\u00e9ger, chargez lourd, roulez confort \u2013 Version courroie<\/p><p>Taille unique<\/p>\t\t\t\t\t\t\t\t<\/div>\n\t\t\t\t<\/div>\n\t\t\t\t<div class=\"elementor-element elementor-element-81016ed elementor-widget elementor-widget-image\" data-id=\"81016ed\" data-element_type=\"widget\" data-e-type=\"widget\" data-widget_type=\"image.default\">\n\t\t\t\t<div class=\"elementor-widget-container\">\n\t\t\t\t\t\t\t\t\t\t\t\t\t\t\t<img decoding=\"async\" width=\"1024\" height=\"689\" src=\"https:\/\/lacyclerie-leon.fr\/wp-content\/uploads\/2026\/01\/Buzz-8-Peach-fuzz-Pack-Nomad-1024x689.png\" class=\"elementor-animation-grow attachment-large size-large wp-image-4599\" alt=\"Buzz est le nouveau Cargo \u00e9lectrique compact de la marque O2feel\" srcset=\"https:\/\/lacyclerie-leon.fr\/wp-content\/uploads\/2026\/01\/Buzz-8-Peach-fuzz-Pack-Nomad-1024x689.png 1024w, https:\/\/lacyclerie-leon.fr\/wp-content\/uploads\/2026\/01\/Buzz-8-Peach-fuzz-Pack-Nomad-300x202.png 300w, https:\/\/lacyclerie-leon.fr\/wp-content\/uploads\/2026\/01\/Buzz-8-Peach-fuzz-Pack-Nomad-768x517.png 768w, https:\/\/lacyclerie-leon.fr\/wp-content\/uploads\/2026\/01\/Buzz-8-Peach-fuzz-Pack-Nomad-1536x1033.png 1536w, https:\/\/lacyclerie-leon.fr\/wp-content\/uploads\/2026\/01\/Buzz-8-Peach-fuzz-Pack-Nomad-scaled.png 2048w, https:\/\/lacyclerie-leon.fr\/wp-content\/uploads\/2026\/01\/Buzz-8-Peach-fuzz-Pack-Nomad-18x12.png 18w, https:\/\/lacyclerie-leon.fr\/wp-content\/uploads\/2026\/01\/Buzz-8-Peach-fuzz-Pack-Nomad-600x404.png 600w\" sizes=\"(max-width: 1024px) 100vw, 1024px\" \/>\t\t\t\t\t\t\t\t\t\t\t\t\t\t\t<\/div>\n\t\t\t\t<\/div>\n\t\t\t\t<div class=\"elementor-element elementor-element-3ef6f7bf elementor-align-start elementor-icon-list--layout-traditional elementor-list-item-link-full_width elementor-widget elementor-widget-icon-list\" data-id=\"3ef6f7bf\" data-element_type=\"widget\" data-e-type=\"widget\" data-widget_type=\"icon-list.default\">\n\t\t\t\t<div class=\"elementor-widget-container\">\n\t\t\t\t\t\t\t<ul class=\"elementor-icon-list-items\">\n\t\t\t\t\t\t\t<li class=\"elementor-icon-list-item\">\n\t\t\t\t\t\t\t\t\t\t\t<span class=\"elementor-icon-list-icon\">\n\t\t\t\t\t\t\t<i aria-hidden=\"true\" class=\"fas fa-check\"><\/i>\t\t\t\t\t\t<\/span>\n\t\t\t\t\t\t\t\t\t\t<span class=\"elementor-icon-list-text\">Motor central Shimano E6100<\/span>\n\t\t\t\t\t\t\t\t\t<\/li>\n\t\t\t\t\t\t\t\t<li class=\"elementor-icon-list-item\">\n\t\t\t\t\t\t\t\t\t\t\t<span class=\"elementor-icon-list-icon\">\n\t\t\t\t\t\t\t<i aria-hidden=\"true\" class=\"fas fa-check\"><\/i>\t\t\t\t\t\t<\/span>\n\t\t\t\t\t\t\t\t\t\t<span class=\"elementor-icon-list-text\">Batterie 540Wh (Jusqu'\u00e0 160 km)<\/span>\n\t\t\t\t\t\t\t\t\t<\/li>\n\t\t\t\t\t\t\t\t<li class=\"elementor-icon-list-item\">\n\t\t\t\t\t\t\t\t\t\t\t<span class=\"elementor-icon-list-icon\">\n\t\t\t\t\t\t\t<i aria-hidden=\"true\" class=\"fas fa-check\"><\/i>\t\t\t\t\t\t<\/span>\n\t\t\t\t\t\t\t\t\t\t<span class=\"elementor-icon-list-text\">Neum\u00e1tico Marathon + MTB<\/span>\n\t\t\t\t\t\t\t\t\t<\/li>\n\t\t\t\t\t\t\t\t<li class=\"elementor-icon-list-item\">\n\t\t\t\t\t\t\t\t\t\t\t<span class=\"elementor-icon-list-icon\">\n\t\t\t\t\t\t\t<i aria-hidden=\"true\" class=\"fas fa-check\"><\/i>\t\t\t\t\t\t<\/span>\n\t\t\t\t\t\t\t\t\t\t<span class=\"elementor-icon-list-text\">Frenos de disco hidr\u00e1ulicos<\/span>\n\t\t\t\t\t\t\t\t\t<\/li>\n\t\t\t\t\t\t<\/ul>\n\t\t\t\t\t\t<\/div>\n\t\t\t\t<\/div>\n\t\t\t\t<div class=\"elementor-element elementor-element-96b6617 elementor-widget elementor-widget-ucaddon_gradient_button\" data-id=\"96b6617\" data-element_type=\"widget\" data-e-type=\"widget\" data-widget_type=\"ucaddon_gradient_button.default\">\n\t\t\t\t<div class=\"elementor-widget-container\">\n\t\t\t\t\t\n<!-- start Gradient Button -->\n<style>\/* widget: Gradient Button *\/\n\n#uc_gradient_button_elementor_96b6617 a {\n  display:inline-block;\n  text-align: center;\n  transition: 0.5s;\n  background-size: 200% auto;\n  color: white;\n \/* text-shadow: 0px 0px 10px rgba(0,0,0,0.2);*\/\n  box-shadow: 0 5px 20px rgba(0,0,0,0.15);\n  border-radius: 100px;\n   background-image: linear-gradient(to right, #FBB800 0%, #fda085 51%, #FBB800 100%);\n  text-decoration:none\n }\n\n\n#uc_gradient_button_elementor_96b6617 a:hover {\n  background-position: right center; \/* change the direction of the change here *\/\n}\n\n<\/style>\n\n<div style=\"text-align:center;\" id=\"uc_gradient_button_elementor_96b6617\">\n  <a href=\"#commander\"  class=\"gradient_button\">Reservar una prueba de conducci\u00f3n<\/a>\n<\/div>\n<!-- end Gradient Button -->\t\t\t\t<\/div>\n\t\t\t\t<\/div>\n\t\t\t\t\t<\/div>\n\t\t<\/div>\n\t\t\t\t\t<\/div>\n\t\t<\/section>\n\t\t\t\t<div class=\"elementor-element elementor-element-33971dcd elementor-widget elementor-widget-menu-anchor\" data-id=\"33971dcd\" data-element_type=\"widget\" data-e-type=\"widget\" data-widget_type=\"menu-anchor.default\">\n\t\t\t\t<div class=\"elementor-widget-container\">\n\t\t\t\t\t\t\t<div class=\"elementor-menu-anchor\" id=\"pricing\"><\/div>\n\t\t\t\t\t\t<\/div>\n\t\t\t\t<\/div>\n\t\t\t\t<div class=\"elementor-element elementor-element-06c5d26 elementor-widget elementor-widget-heading\" data-id=\"06c5d26\" data-element_type=\"widget\" data-e-type=\"widget\" data-widget_type=\"heading.default\">\n\t\t\t\t<div class=\"elementor-widget-container\">\n\t\t\t\t\t<h3 class=\"elementor-heading-title elementor-size-large\">Gamme sport VTTAE en promo !! (Derniers mod\u00e8les disponibles)<\/h3>\t\t\t\t<\/div>\n\t\t\t\t<\/div>\n\t\t\t\t<section class=\"elementor-section elementor-inner-section elementor-element elementor-element-8161528 elementor-section-content-middle elementor-section-boxed elementor-section-height-default elementor-section-height-default\" data-id=\"8161528\" data-element_type=\"section\" data-e-type=\"section\">\n\t\t\t\t\t\t<div class=\"elementor-container elementor-column-gap-default\">\n\t\t\t\t\t<div class=\"elementor-column elementor-col-50 elementor-inner-column elementor-element elementor-element-938df79\" data-id=\"938df79\" data-element_type=\"column\" data-e-type=\"column\" data-settings=\"{&quot;background_background&quot;:&quot;classic&quot;}\">\n\t\t\t<div class=\"elementor-widget-wrap elementor-element-populated\">\n\t\t\t\t\t\t<div class=\"elementor-element elementor-element-d29b186 elementor-widget elementor-widget-heading\" data-id=\"d29b186\" data-element_type=\"widget\" data-e-type=\"widget\" data-widget_type=\"heading.default\">\n\t\t\t\t<div class=\"elementor-widget-container\">\n\t\t\t\t\t<h2 class=\"elementor-heading-title elementor-size-large\">Karma XC Boost 4<\/h2>\t\t\t\t<\/div>\n\t\t\t\t<\/div>\n\t\t\t\t<div class=\"elementor-element elementor-element-9a9dec5 elementor-widget elementor-widget-heading\" data-id=\"9a9dec5\" data-element_type=\"widget\" data-e-type=\"widget\" data-widget_type=\"heading.default\">\n\t\t\t\t<div class=\"elementor-widget-container\">\n\t\t\t\t\t<p class=\"elementor-heading-title elementor-size-large\">2499\u20ac<\/p>\t\t\t\t<\/div>\n\t\t\t\t<\/div>\n\t\t\t\t<div class=\"elementor-element elementor-element-b9c1cba elementor-invisible elementor-widget elementor-widget-heading\" data-id=\"b9c1cba\" data-element_type=\"widget\" data-e-type=\"widget\" data-settings=\"{&quot;_animation&quot;:&quot;zoomIn&quot;}\" data-widget_type=\"heading.default\">\n\t\t\t\t<div class=\"elementor-widget-container\">\n\t\t\t\t\t<p class=\"elementor-heading-title elementor-size-large\">1999\u20ac<\/p>\t\t\t\t<\/div>\n\t\t\t\t<\/div>\n\t\t\t\t<div class=\"elementor-element elementor-element-b683cd4 elementor-widget-divider--view-line elementor-widget elementor-widget-divider\" data-id=\"b683cd4\" data-element_type=\"widget\" data-e-type=\"widget\" data-widget_type=\"divider.default\">\n\t\t\t\t<div class=\"elementor-widget-container\">\n\t\t\t\t\t\t\t<div class=\"elementor-divider\">\n\t\t\t<span class=\"elementor-divider-separator\">\n\t\t\t\t\t\t<\/span>\n\t\t<\/div>\n\t\t\t\t\t\t<\/div>\n\t\t\t\t<\/div>\n\t\t\t\t<div class=\"elementor-element elementor-element-b9db6c6 elementor-widget elementor-widget-text-editor\" data-id=\"b9db6c6\" data-element_type=\"widget\" data-e-type=\"widget\" data-widget_type=\"text-editor.default\">\n\t\t\t\t<div class=\"elementor-widget-container\">\n\t\t\t\t\t\t\t\t\t<p>Pura aventura... Todoterrenos semirr\u00edgidos\u00a0<\/p><p>taille S, M et L<\/p>\t\t\t\t\t\t\t\t<\/div>\n\t\t\t\t<\/div>\n\t\t\t\t<div class=\"elementor-element elementor-element-e87aaa5 elementor-widget elementor-widget-image\" data-id=\"e87aaa5\" data-element_type=\"widget\" data-e-type=\"widget\" data-widget_type=\"image.default\">\n\t\t\t\t<div class=\"elementor-widget-container\">\n\t\t\t\t\t\t\t\t\t\t\t\t\t\t\t<img loading=\"lazy\" decoding=\"async\" width=\"1024\" height=\"689\" src=\"https:\/\/lacyclerie-leon.fr\/wp-content\/uploads\/2023\/01\/MY22-KarmaXCBoost4.1-Vert-Olive-Brillant-v5-1024x689.png\" class=\"elementor-animation-grow attachment-large size-large wp-image-2922\" alt=\"VTT \u00e9lectrique vert\" srcset=\"https:\/\/lacyclerie-leon.fr\/wp-content\/uploads\/2023\/01\/MY22-KarmaXCBoost4.1-Vert-Olive-Brillant-v5-1024x689.png 1024w, https:\/\/lacyclerie-leon.fr\/wp-content\/uploads\/2023\/01\/MY22-KarmaXCBoost4.1-Vert-Olive-Brillant-v5-300x202.png 300w, https:\/\/lacyclerie-leon.fr\/wp-content\/uploads\/2023\/01\/MY22-KarmaXCBoost4.1-Vert-Olive-Brillant-v5-768x517.png 768w, https:\/\/lacyclerie-leon.fr\/wp-content\/uploads\/2023\/01\/MY22-KarmaXCBoost4.1-Vert-Olive-Brillant-v5-1536x1033.png 1536w, https:\/\/lacyclerie-leon.fr\/wp-content\/uploads\/2023\/01\/MY22-KarmaXCBoost4.1-Vert-Olive-Brillant-v5.png 2048w\" sizes=\"(max-width: 1024px) 100vw, 1024px\" \/>\t\t\t\t\t\t\t\t\t\t\t\t\t\t\t<\/div>\n\t\t\t\t<\/div>\n\t\t\t\t<div class=\"elementor-element elementor-element-a3394b8 elementor-align-start elementor-mobile-align-start elementor-icon-list--layout-traditional elementor-list-item-link-full_width elementor-widget elementor-widget-icon-list\" data-id=\"a3394b8\" data-element_type=\"widget\" data-e-type=\"widget\" data-widget_type=\"icon-list.default\">\n\t\t\t\t<div class=\"elementor-widget-container\">\n\t\t\t\t\t\t\t<ul class=\"elementor-icon-list-items\">\n\t\t\t\t\t\t\t<li class=\"elementor-icon-list-item\">\n\t\t\t\t\t\t\t\t\t\t\t<span class=\"elementor-icon-list-icon\">\n\t\t\t\t\t\t\t<i aria-hidden=\"true\" class=\"fas fa-check\"><\/i>\t\t\t\t\t\t<\/span>\n\t\t\t\t\t\t\t\t\t\t<span class=\"elementor-icon-list-text\">Motor central Shimano E7000 (60 Nm)<\/span>\n\t\t\t\t\t\t\t\t\t<\/li>\n\t\t\t\t\t\t\t\t<li class=\"elementor-icon-list-item\">\n\t\t\t\t\t\t\t\t\t\t\t<span class=\"elementor-icon-list-icon\">\n\t\t\t\t\t\t\t<i aria-hidden=\"true\" class=\"fas fa-check\"><\/i>\t\t\t\t\t\t<\/span>\n\t\t\t\t\t\t\t\t\t\t<span class=\"elementor-icon-list-text\">Batterie 432Wh ou 720Wh (90 km auto)<\/span>\n\t\t\t\t\t\t\t\t\t<\/li>\n\t\t\t\t\t\t\t\t<li class=\"elementor-icon-list-item\">\n\t\t\t\t\t\t\t\t\t\t\t<span class=\"elementor-icon-list-icon\">\n\t\t\t\t\t\t\t<i aria-hidden=\"true\" class=\"fas fa-check\"><\/i>\t\t\t\t\t\t<\/span>\n\t\t\t\t\t\t\t\t\t\t<span class=\"elementor-icon-list-text\">Transmisi\u00f3n Shimano Deore de 10 velocidades<\/span>\n\t\t\t\t\t\t\t\t\t<\/li>\n\t\t\t\t\t\t\t\t<li class=\"elementor-icon-list-item\">\n\t\t\t\t\t\t\t\t\t\t\t<span class=\"elementor-icon-list-icon\">\n\t\t\t\t\t\t\t<i aria-hidden=\"true\" class=\"fas fa-check\"><\/i>\t\t\t\t\t\t<\/span>\n\t\t\t\t\t\t\t\t\t\t<span class=\"elementor-icon-list-text\">Frenos hidr\u00e1ulicos Shimano MT400<\/span>\n\t\t\t\t\t\t\t\t\t<\/li>\n\t\t\t\t\t\t<\/ul>\n\t\t\t\t\t\t<\/div>\n\t\t\t\t<\/div>\n\t\t\t\t<div class=\"elementor-element elementor-element-4724f3c elementor-widget elementor-widget-ucaddon_gradient_button\" data-id=\"4724f3c\" data-element_type=\"widget\" data-e-type=\"widget\" data-widget_type=\"ucaddon_gradient_button.default\">\n\t\t\t\t<div class=\"elementor-widget-container\">\n\t\t\t\t\t\n<!-- start Gradient Button -->\n<style>\/* widget: Gradient Button *\/\n\n#uc_gradient_button_elementor_4724f3c a {\n  display:inline-block;\n  text-align: center;\n  transition: 0.5s;\n  background-size: 200% auto;\n  color: white;\n \/* text-shadow: 0px 0px 10px rgba(0,0,0,0.2);*\/\n  box-shadow: 0 5px 20px rgba(0,0,0,0.15);\n  border-radius: 100px;\n   background-image: linear-gradient(to right, #FBB800 0%, #fda085 51%, #FBB800 100%);\n  text-decoration:none\n }\n\n\n#uc_gradient_button_elementor_4724f3c a:hover {\n  background-position: right center; \/* change the direction of the change here *\/\n}\n\n<\/style>\n\n<div style=\"text-align:center;\" id=\"uc_gradient_button_elementor_4724f3c\">\n  <a href=\"#commander\"  class=\"gradient_button\">Reservar una prueba de conducci\u00f3n<\/a>\n<\/div>\n<!-- end Gradient Button -->\t\t\t\t<\/div>\n\t\t\t\t<\/div>\n\t\t\t\t\t<\/div>\n\t\t<\/div>\n\t\t\t\t<div class=\"elementor-column elementor-col-50 elementor-inner-column elementor-element elementor-element-75d2dd9\" data-id=\"75d2dd9\" data-element_type=\"column\" data-e-type=\"column\" data-settings=\"{&quot;background_background&quot;:&quot;classic&quot;}\">\n\t\t\t<div class=\"elementor-widget-wrap elementor-element-populated\">\n\t\t\t\t\t\t<div class=\"elementor-element elementor-element-c887799 elementor-widget elementor-widget-heading\" data-id=\"c887799\" data-element_type=\"widget\" data-e-type=\"widget\" data-widget_type=\"heading.default\">\n\t\t\t\t<div class=\"elementor-widget-container\">\n\t\t\t\t\t<h2 class=\"elementor-heading-title elementor-size-large\">Amplitude AM POWer 4  <\/h2>\t\t\t\t<\/div>\n\t\t\t\t<\/div>\n\t\t\t\t<div class=\"elementor-element elementor-element-210485f elementor-widget elementor-widget-heading\" data-id=\"210485f\" data-element_type=\"widget\" data-e-type=\"widget\" data-widget_type=\"heading.default\">\n\t\t\t\t<div class=\"elementor-widget-container\">\n\t\t\t\t\t<p class=\"elementor-heading-title elementor-size-large\">3499\u20ac<\/p>\t\t\t\t<\/div>\n\t\t\t\t<\/div>\n\t\t\t\t<div class=\"elementor-element elementor-element-658caf4 elementor-invisible elementor-widget elementor-widget-heading\" data-id=\"658caf4\" data-element_type=\"widget\" data-e-type=\"widget\" data-settings=\"{&quot;_animation&quot;:&quot;zoomIn&quot;}\" data-widget_type=\"heading.default\">\n\t\t\t\t<div class=\"elementor-widget-container\">\n\t\t\t\t\t<p class=\"elementor-heading-title elementor-size-large\">2499\u20ac<\/p>\t\t\t\t<\/div>\n\t\t\t\t<\/div>\n\t\t\t\t<div class=\"elementor-element elementor-element-4685278 elementor-widget-divider--view-line elementor-widget elementor-widget-divider\" data-id=\"4685278\" data-element_type=\"widget\" data-e-type=\"widget\" data-widget_type=\"divider.default\">\n\t\t\t\t<div class=\"elementor-widget-container\">\n\t\t\t\t\t\t\t<div class=\"elementor-divider\">\n\t\t\t<span class=\"elementor-divider-separator\">\n\t\t\t\t\t\t<\/span>\n\t\t<\/div>\n\t\t\t\t\t\t<\/div>\n\t\t\t\t<\/div>\n\t\t\t\t<div class=\"elementor-element elementor-element-930e95f elementor-widget elementor-widget-text-editor\" data-id=\"930e95f\" data-element_type=\"widget\" data-e-type=\"widget\" data-widget_type=\"text-editor.default\">\n\t\t\t\t<div class=\"elementor-widget-container\">\n\t\t\t\t\t\t\t\t\t<p>La b\u00eate&#8230; ! VTTAE Tout suspendu !<\/p><p>Taille S,M et L<\/p>\t\t\t\t\t\t\t\t<\/div>\n\t\t\t\t<\/div>\n\t\t\t\t<div class=\"elementor-element elementor-element-834e3c0 elementor-widget elementor-widget-image\" data-id=\"834e3c0\" data-element_type=\"widget\" data-e-type=\"widget\" data-widget_type=\"image.default\">\n\t\t\t\t<div class=\"elementor-widget-container\">\n\t\t\t\t\t\t\t\t\t\t\t\t\t\t\t<img loading=\"lazy\" decoding=\"async\" width=\"1024\" height=\"683\" src=\"https:\/\/lacyclerie-leon.fr\/wp-content\/uploads\/2023\/01\/amplitude-am-power-71-o2feel-1024x683.jpg\" class=\"elementor-animation-grow attachment-large size-large wp-image-2948\" alt=\"\" srcset=\"https:\/\/lacyclerie-leon.fr\/wp-content\/uploads\/2023\/01\/amplitude-am-power-71-o2feel-1024x683.jpg 1024w, https:\/\/lacyclerie-leon.fr\/wp-content\/uploads\/2023\/01\/amplitude-am-power-71-o2feel-300x200.jpg 300w, https:\/\/lacyclerie-leon.fr\/wp-content\/uploads\/2023\/01\/amplitude-am-power-71-o2feel-768x512.jpg 768w, https:\/\/lacyclerie-leon.fr\/wp-content\/uploads\/2023\/01\/amplitude-am-power-71-o2feel.jpg 1200w\" sizes=\"(max-width: 1024px) 100vw, 1024px\" \/>\t\t\t\t\t\t\t\t\t\t\t\t\t\t\t<\/div>\n\t\t\t\t<\/div>\n\t\t\t\t<div class=\"elementor-element elementor-element-b609634 elementor-align-start elementor-icon-list--layout-traditional elementor-list-item-link-full_width elementor-widget elementor-widget-icon-list\" data-id=\"b609634\" data-element_type=\"widget\" data-e-type=\"widget\" data-widget_type=\"icon-list.default\">\n\t\t\t\t<div class=\"elementor-widget-container\">\n\t\t\t\t\t\t\t<ul class=\"elementor-icon-list-items\">\n\t\t\t\t\t\t\t<li class=\"elementor-icon-list-item\">\n\t\t\t\t\t\t\t\t\t\t\t<span class=\"elementor-icon-list-icon\">\n\t\t\t\t\t\t\t<i aria-hidden=\"true\" class=\"fas fa-check\"><\/i>\t\t\t\t\t\t<\/span>\n\t\t\t\t\t\t\t\t\t\t<span class=\"elementor-icon-list-text\">Motor central Shimano E7000 (60 Nm)<\/span>\n\t\t\t\t\t\t\t\t\t<\/li>\n\t\t\t\t\t\t\t\t<li class=\"elementor-icon-list-item\">\n\t\t\t\t\t\t\t\t\t\t\t<span class=\"elementor-icon-list-icon\">\n\t\t\t\t\t\t\t<i aria-hidden=\"true\" class=\"fas fa-check\"><\/i>\t\t\t\t\t\t<\/span>\n\t\t\t\t\t\t\t\t\t\t<span class=\"elementor-icon-list-text\"><span style=\"font-family: Roboto, sans-serif;font-size: 15px;font-style: normal;font-weight: 300\">Batterie 432Wh ou 720Wh (90 km auto)<\/span><\/span>\n\t\t\t\t\t\t\t\t\t<\/li>\n\t\t\t\t\t\t\t\t<li class=\"elementor-icon-list-item\">\n\t\t\t\t\t\t\t\t\t\t\t<span class=\"elementor-icon-list-icon\">\n\t\t\t\t\t\t\t<i aria-hidden=\"true\" class=\"fas fa-check\"><\/i>\t\t\t\t\t\t<\/span>\n\t\t\t\t\t\t\t\t\t\t<span class=\"elementor-icon-list-text\"><span style=\"font-family: Roboto, sans-serif;font-size: 15px;font-style: normal;font-weight: 300\">Transmisi\u00f3n Shimano Deore de 10 velocidades<\/span><\/span>\n\t\t\t\t\t\t\t\t\t<\/li>\n\t\t\t\t\t\t\t\t<li class=\"elementor-icon-list-item\">\n\t\t\t\t\t\t\t\t\t\t\t<span class=\"elementor-icon-list-icon\">\n\t\t\t\t\t\t\t<i aria-hidden=\"true\" class=\"fas fa-check\"><\/i>\t\t\t\t\t\t<\/span>\n\t\t\t\t\t\t\t\t\t\t<span class=\"elementor-icon-list-text\">Fourche RST-Vibes 140mm de d\u00e9battement<\/span>\n\t\t\t\t\t\t\t\t\t<\/li>\n\t\t\t\t\t\t<\/ul>\n\t\t\t\t\t\t<\/div>\n\t\t\t\t<\/div>\n\t\t\t\t<div class=\"elementor-element elementor-element-8218d48 elementor-widget elementor-widget-ucaddon_gradient_button\" data-id=\"8218d48\" data-element_type=\"widget\" data-e-type=\"widget\" data-widget_type=\"ucaddon_gradient_button.default\">\n\t\t\t\t<div class=\"elementor-widget-container\">\n\t\t\t\t\t\n<!-- start Gradient Button -->\n<style>\/* widget: Gradient Button *\/\n\n#uc_gradient_button_elementor_8218d48 a {\n  display:inline-block;\n  text-align: center;\n  transition: 0.5s;\n  background-size: 200% auto;\n  color: white;\n \/* text-shadow: 0px 0px 10px rgba(0,0,0,0.2);*\/\n  box-shadow: 0 5px 20px rgba(0,0,0,0.15);\n  border-radius: 100px;\n   background-image: linear-gradient(to right, #FBB800 0%, #fda085 51%, #FBB800 100%);\n  text-decoration:none\n }\n\n\n#uc_gradient_button_elementor_8218d48 a:hover {\n  background-position: right center; \/* change the direction of the change here *\/\n}\n\n<\/style>\n\n<div style=\"text-align:center;\" id=\"uc_gradient_button_elementor_8218d48\">\n  <a href=\"#commander\"  class=\"gradient_button\">Reservar una prueba de conducci\u00f3n<\/a>\n<\/div>\n<!-- end Gradient Button -->\t\t\t\t<\/div>\n\t\t\t\t<\/div>\n\t\t\t\t\t<\/div>\n\t\t<\/div>\n\t\t\t\t\t<\/div>\n\t\t<\/section>\n\t\t\t\t<div class=\"elementor-element elementor-element-6676180 elementor-widget elementor-widget-menu-anchor\" data-id=\"6676180\" data-element_type=\"widget\" data-e-type=\"widget\" data-widget_type=\"menu-anchor.default\">\n\t\t\t\t<div class=\"elementor-widget-container\">\n\t\t\t\t\t\t\t<div class=\"elementor-menu-anchor\" id=\"commander\"><\/div>\n\t\t\t\t\t\t<\/div>\n\t\t\t\t<\/div>\n\t\t\t\t\t<\/div>\n\t\t<\/div>\n\t\t\t\t\t<\/div>\n\t\t<\/section>\n\t\t\t\t<section class=\"elementor-section elementor-top-section elementor-element elementor-element-1e72a515 elementor-section-content-middle elementor-reverse-mobile elementor-section-boxed elementor-section-height-default elementor-section-height-default\" data-id=\"1e72a515\" data-element_type=\"section\" data-e-type=\"section\">\n\t\t\t\t\t\t<div class=\"elementor-container elementor-column-gap-no\">\n\t\t\t\t\t<div class=\"elementor-column elementor-col-50 elementor-top-column elementor-element elementor-element-155ee04c\" data-id=\"155ee04c\" data-element_type=\"column\" data-e-type=\"column\">\n\t\t\t<div class=\"elementor-widget-wrap elementor-element-populated\">\n\t\t\t\t\t\t<div class=\"elementor-element elementor-element-c1e46a6 elementor-widget elementor-widget-heading\" data-id=\"c1e46a6\" data-element_type=\"widget\" data-e-type=\"widget\" data-widget_type=\"heading.default\">\n\t\t\t\t<div class=\"elementor-widget-container\">\n\t\t\t\t\t<h2 class=\"elementor-heading-title elementor-size-large\">3 bonnes raisons de choisir La Cyclerie pour l'achat de son v\u00e9lo : <\/h2>\t\t\t\t<\/div>\n\t\t\t\t<\/div>\n\t\t\t\t<div class=\"elementor-element elementor-element-172abb06 elementor-widget elementor-widget-text-editor\" data-id=\"172abb06\" data-element_type=\"widget\" data-e-type=\"widget\" data-widget_type=\"text-editor.default\">\n\t\t\t\t<div class=\"elementor-widget-container\">\n\t\t\t\t\t\t\t\t\t<p>En plus de connaitre parfaitement O2feel \u00e0 qui nous faisons confiance depuis plus de 5 ans, nous vous assurons toute l&rsquo;ann\u00e9e l&rsquo;entretien et la possibilit\u00e9 d&rsquo;essayer votre futur v\u00e9lo \u00e9lectrique. Profitez \u00e9galement avec l&rsquo;achat de votre v\u00e9lo de :<\/p><ul><li>La r\u00e9vision des 1000km offerte\u00a0<\/li><li>D&rsquo;un cadenas articul\u00e9 Auvray offert\u00a0<\/li><li>Des meilleurs conseils pour faire le bon choix\u00a0<\/li><\/ul>\t\t\t\t\t\t\t\t<\/div>\n\t\t\t\t<\/div>\n\t\t\t\t<div class=\"elementor-element elementor-element-516ce9ca elementor-widget elementor-widget-text-editor\" data-id=\"516ce9ca\" data-element_type=\"widget\" data-e-type=\"widget\" data-widget_type=\"text-editor.default\">\n\t\t\t\t<div class=\"elementor-widget-container\">\n\t\t\t\t\t\t\t\t\t<p>Appelez nous au 0670469000 pendant les horaires d&rsquo;ouverture pour prendre rendez-vous !\u00a0<\/p>\t\t\t\t\t\t\t\t<\/div>\n\t\t\t\t<\/div>\n\t\t\t\t\t<\/div>\n\t\t<\/div>\n\t\t\t\t<div class=\"elementor-column elementor-col-50 elementor-top-column elementor-element elementor-element-726bc3b9\" data-id=\"726bc3b9\" data-element_type=\"column\" data-e-type=\"column\">\n\t\t\t<div class=\"elementor-widget-wrap elementor-element-populated\">\n\t\t\t\t\t\t<div class=\"elementor-element elementor-element-78d1df89 elementor-widget elementor-widget-image\" data-id=\"78d1df89\" data-element_type=\"widget\" data-e-type=\"widget\" data-widget_type=\"image.default\">\n\t\t\t\t<div class=\"elementor-widget-container\">\n\t\t\t\t\t\t\t\t\t\t\t\t\t\t\t<img loading=\"lazy\" decoding=\"async\" width=\"500\" height=\"500\" src=\"https:\/\/lacyclerie-leon.fr\/wp-content\/uploads\/2023\/01\/antivol_articule_auvray_city.jpg\" class=\"attachment-full size-full wp-image-2959\" alt=\"\" srcset=\"https:\/\/lacyclerie-leon.fr\/wp-content\/uploads\/2023\/01\/antivol_articule_auvray_city.jpg 500w, https:\/\/lacyclerie-leon.fr\/wp-content\/uploads\/2023\/01\/antivol_articule_auvray_city-300x300.jpg 300w, https:\/\/lacyclerie-leon.fr\/wp-content\/uploads\/2023\/01\/antivol_articule_auvray_city-150x150.jpg 150w\" sizes=\"(max-width: 500px) 100vw, 500px\" \/>\t\t\t\t\t\t\t\t\t\t\t\t\t\t\t<\/div>\n\t\t\t\t<\/div>\n\t\t\t\t\t<\/div>\n\t\t<\/div>\n\t\t\t\t\t<\/div>\n\t\t<\/section>\n\t\t\t\t<section class=\"elementor-section elementor-top-section elementor-element elementor-element-21133ba elementor-section-boxed elementor-section-height-default elementor-section-height-default\" data-id=\"21133ba\" data-element_type=\"section\" data-e-type=\"section\">\n\t\t\t\t\t\t<div class=\"elementor-container elementor-column-gap-default\">\n\t\t\t\t\t<div class=\"elementor-column elementor-col-100 elementor-top-column elementor-element elementor-element-3b5b833\" data-id=\"3b5b833\" data-element_type=\"column\" data-e-type=\"column\">\n\t\t\t<div class=\"elementor-widget-wrap elementor-element-populated\">\n\t\t\t\t\t\t<div class=\"elementor-element elementor-element-f2248db elementor-widget elementor-widget-heading\" data-id=\"f2248db\" data-element_type=\"widget\" data-e-type=\"widget\" data-widget_type=\"heading.default\">\n\t\t\t\t<div class=\"elementor-widget-container\">\n\t\t\t\t\t<h2 class=\"elementor-heading-title elementor-size-large\">Quelles sont Les nouveaut\u00e9s de la nouvelle gamme O2feel 2026? <\/h2>\t\t\t\t<\/div>\n\t\t\t\t<\/div>\n\t\t\t\t<div class=\"elementor-element elementor-element-e1e8bd9 elementor-widget elementor-widget-text-editor\" data-id=\"e1e8bd9\" data-element_type=\"widget\" data-e-type=\"widget\" data-widget_type=\"text-editor.default\">\n\t\t\t\t<div class=\"elementor-widget-container\">\n\t\t\t\t\t\t\t\t\t<p>2026 est marqu\u00e9e par l&rsquo;av\u00e8nement du DUMA, le nouveau VAE, fer de lance de la marque O2feel pour cette ann\u00e9e. Il se d\u00e9clinera en 3 versions, urbaine \u00e0 chaine ou courroie et trekking. Il est pens\u00e9 pour convenir \u00e0 tous les publics en \u00e9tant polyvalent, fiable, \u00e9l\u00e9gant et abordable.\u00a0 \u00a0O2feel reste engag\u00e9 \u00e0 fournir des v\u00e9los performants et maintient sa garantie de batterie de 4 ans ou 40000 km, ce qui t\u00e9moigne de la fiabilit\u00e9 de ses v\u00e9los. La marque trouve donc le compromis parfait entre prix et performance sans compromettre la qualit\u00e9 de ses produits avec le DUMA\u00a0<\/p><p>Dans cette nouvelle collection, tous les v\u00e9los de la gamme sont \u00e9quip\u00e9s d&rsquo;une batterie int\u00e9gr\u00e9e dans le cadre en 730Wh et d&rsquo;un moteur de 70Nw. Cette avanc\u00e9e permet une meilleure autonomie et plus de puissance, offrant ainsi plus d&rsquo;agilit\u00e9 et de confort de conduite, m\u00eame pour les mod\u00e8les d&rsquo;entr\u00e9e de gamme.<\/p><p>Sur les autres mod\u00e8les de la marque, les motorisations centrales Shimano, r\u00e9put\u00e9es pour leur \u00e9conomie d&rsquo;\u00e9lectricit\u00e9 et leurs performances,\u00a0 \u00e9quiperont les v\u00e9los pour une autonomie de plus de 100 km, m\u00eame avec la batterie de base. Nous noterons la d\u00e9mocratisation du nouveau moteur Shimano EP6 sur les gammes VERN.\u00a0<\/p><p>Siempre atento a la calidad del equipamiento ofrecido, O2feel ha posicionado sus bicicletas firmemente en el segmento premium, tanto por la elecci\u00f3n de los componentes como por su dise\u00f1o y ergonom\u00eda.<\/p>\t\t\t\t\t\t\t\t<\/div>\n\t\t\t\t<\/div>\n\t\t\t\t\t<\/div>\n\t\t<\/div>\n\t\t\t\t\t<\/div>\n\t\t<\/section>\n\t\t\t\t<section class=\"elementor-section elementor-top-section elementor-element elementor-element-23fbb520 elementor-section-boxed elementor-section-height-default elementor-section-height-default\" data-id=\"23fbb520\" data-element_type=\"section\" data-e-type=\"section\">\n\t\t\t\t\t\t<div class=\"elementor-container elementor-column-gap-wider\">\n\t\t\t\t\t<div class=\"elementor-column elementor-col-50 elementor-top-column elementor-element elementor-element-198ec7a7\" data-id=\"198ec7a7\" data-element_type=\"column\" data-e-type=\"column\">\n\t\t\t<div class=\"elementor-widget-wrap elementor-element-populated\">\n\t\t\t\t\t\t<div class=\"elementor-element elementor-element-1539ff5b elementor-view-framed elementor-position-inline-start elementor-shape-circle elementor-mobile-position-block-start elementor-widget elementor-widget-icon-box\" data-id=\"1539ff5b\" data-element_type=\"widget\" data-e-type=\"widget\" data-widget_type=\"icon-box.default\">\n\t\t\t\t<div class=\"elementor-widget-container\">\n\t\t\t\t\t\t\t<div class=\"elementor-icon-box-wrapper\">\n\n\t\t\t\t\t\t<div class=\"elementor-icon-box-icon\">\n\t\t\t\t<span  class=\"elementor-icon\">\n\t\t\t\t<i aria-hidden=\"true\" class=\"fas fa-medal\"><\/i>\t\t\t\t<\/span>\n\t\t\t<\/div>\n\t\t\t\n\t\t\t\t\t\t<div class=\"elementor-icon-box-content\">\n\n\t\t\t\t\t\t\t\t\t<h3 class=\"elementor-icon-box-title\">\n\t\t\t\t\t\t<span  >\n\t\t\t\t\t\t\tCalidad francesa\t\t\t\t\t\t<\/span>\n\t\t\t\t\t<\/h3>\n\t\t\t\t\n\t\t\t\t\t\t\t\t\t<p class=\"elementor-icon-box-description\">\n\t\t\t\t\t\tO2Feel c'est plus de 15 ans d'expertise dans le v\u00e9lo \u00e9lectrique.  Le concepteur et cr\u00e9ateur fran\u00e7ais d\u00e9veloppe ses propres technologies en partenariat avec Shimano pour concevoir les v\u00e9los \u00e9lectriques d'aujourd'hui et de demain. Une expertise qui en fait une des marques les plus fiables et durables du march\u00e9. \t\t\t\t\t<\/p>\n\t\t\t\t\n\t\t\t<\/div>\n\t\t\t\n\t\t<\/div>\n\t\t\t\t\t\t<\/div>\n\t\t\t\t<\/div>\n\t\t\t\t<div class=\"elementor-element elementor-element-5246e1a8 elementor-widget elementor-widget-spacer\" data-id=\"5246e1a8\" data-element_type=\"widget\" data-e-type=\"widget\" data-widget_type=\"spacer.default\">\n\t\t\t\t<div class=\"elementor-widget-container\">\n\t\t\t\t\t\t\t<div class=\"elementor-spacer\">\n\t\t\t<div class=\"elementor-spacer-inner\"><\/div>\n\t\t<\/div>\n\t\t\t\t\t\t<\/div>\n\t\t\t\t<\/div>\n\t\t\t\t<div class=\"elementor-element elementor-element-7f917c11 elementor-view-framed elementor-position-inline-start elementor-shape-circle elementor-mobile-position-block-start elementor-widget elementor-widget-icon-box\" data-id=\"7f917c11\" data-element_type=\"widget\" data-e-type=\"widget\" data-widget_type=\"icon-box.default\">\n\t\t\t\t<div class=\"elementor-widget-container\">\n\t\t\t\t\t\t\t<div class=\"elementor-icon-box-wrapper\">\n\n\t\t\t\t\t\t<div class=\"elementor-icon-box-icon\">\n\t\t\t\t<span  class=\"elementor-icon\">\n\t\t\t\t<i aria-hidden=\"true\" class=\"far fa-credit-card\"><\/i>\t\t\t\t<\/span>\n\t\t\t<\/div>\n\t\t\t\n\t\t\t\t\t\t<div class=\"elementor-icon-box-content\">\n\n\t\t\t\t\t\t\t\t\t<h3 class=\"elementor-icon-box-title\">\n\t\t\t\t\t\t<span  >\n\t\t\t\t\t\t\tprecio justo y servicio extra\t\t\t\t\t\t<\/span>\n\t\t\t\t\t<\/h3>\n\t\t\t\t\n\t\t\t\t\t\t\t\t\t<p class=\"elementor-icon-box-description\">\n\t\t\t\t\t\tAproveche el precio de Internet y ahorre en gastos de env\u00edo. Como ventaja a\u00f1adida, nuestros mec\u00e1nicos profesionales realizar\u00e1n el montaje completo y el ajuste de su bicicleta. Venga a recoger su bicicleta directamente a nuestra tienda de L\u00e9on, en las Landas. \t\t\t\t\t<\/p>\n\t\t\t\t\n\t\t\t<\/div>\n\t\t\t\n\t\t<\/div>\n\t\t\t\t\t\t<\/div>\n\t\t\t\t<\/div>\n\t\t\t\t\t<\/div>\n\t\t<\/div>\n\t\t\t\t<div class=\"elementor-column elementor-col-50 elementor-top-column elementor-element elementor-element-2f92338a\" data-id=\"2f92338a\" data-element_type=\"column\" data-e-type=\"column\">\n\t\t\t<div class=\"elementor-widget-wrap elementor-element-populated\">\n\t\t\t\t\t\t<div class=\"elementor-element elementor-element-4b23301e elementor-view-framed elementor-position-inline-start elementor-shape-circle elementor-mobile-position-block-start elementor-widget elementor-widget-icon-box\" data-id=\"4b23301e\" data-element_type=\"widget\" data-e-type=\"widget\" data-widget_type=\"icon-box.default\">\n\t\t\t\t<div class=\"elementor-widget-container\">\n\t\t\t\t\t\t\t<div class=\"elementor-icon-box-wrapper\">\n\n\t\t\t\t\t\t<div class=\"elementor-icon-box-icon\">\n\t\t\t\t<span  class=\"elementor-icon\">\n\t\t\t\t<i aria-hidden=\"true\" class=\"fas fa-biking\"><\/i>\t\t\t\t<\/span>\n\t\t\t<\/div>\n\t\t\t\n\t\t\t\t\t\t<div class=\"elementor-icon-box-content\">\n\n\t\t\t\t\t\t\t\t\t<h3 class=\"elementor-icon-box-title\">\n\t\t\t\t\t\t<span  >\n\t\t\t\t\t\t\tUna bicicleta que se adapta a tu perfil\t\t\t\t\t\t<\/span>\n\t\t\t\t\t<\/h3>\n\t\t\t\t\n\t\t\t\t\t\t\t\t\t<p class=\"elementor-icon-box-description\">\n\t\t\t\t\t\tEn O2Feel seguro que encuentras la bicicleta el\u00e9ctrica que se adapta a tus necesidades y a tu presupuesto. Descubre las diferentes gamas de la marca en el cat\u00e1logo y deja que nuestros asesores te ayuden a identificar la bicicleta que mejor se adapta a ti. Tambi\u00e9n puedes acceder a toda una lista de accesorios y personalizar tu bicicleta el\u00e9ctrica. \t\t\t\t\t<\/p>\n\t\t\t\t\n\t\t\t<\/div>\n\t\t\t\n\t\t<\/div>\n\t\t\t\t\t\t<\/div>\n\t\t\t\t<\/div>\n\t\t\t\t<div class=\"elementor-element elementor-element-54cec493 elementor-widget elementor-widget-spacer\" data-id=\"54cec493\" data-element_type=\"widget\" data-e-type=\"widget\" data-widget_type=\"spacer.default\">\n\t\t\t\t<div class=\"elementor-widget-container\">\n\t\t\t\t\t\t\t<div class=\"elementor-spacer\">\n\t\t\t<div class=\"elementor-spacer-inner\"><\/div>\n\t\t<\/div>\n\t\t\t\t\t\t<\/div>\n\t\t\t\t<\/div>\n\t\t\t\t<div class=\"elementor-element elementor-element-23bd10e0 elementor-view-framed elementor-position-inline-start elementor-shape-circle elementor-mobile-position-block-start elementor-widget elementor-widget-icon-box\" data-id=\"23bd10e0\" data-element_type=\"widget\" data-e-type=\"widget\" data-widget_type=\"icon-box.default\">\n\t\t\t\t<div class=\"elementor-widget-container\">\n\t\t\t\t\t\t\t<div class=\"elementor-icon-box-wrapper\">\n\n\t\t\t\t\t\t<div class=\"elementor-icon-box-icon\">\n\t\t\t\t<span  class=\"elementor-icon\">\n\t\t\t\t<i aria-hidden=\"true\" class=\"far fa-calendar-times\"><\/i>\t\t\t\t<\/span>\n\t\t\t<\/div>\n\t\t\t\n\t\t\t\t\t\t<div class=\"elementor-icon-box-content\">\n\n\t\t\t\t\t\t\t\t\t<h3 class=\"elementor-icon-box-title\">\n\t\t\t\t\t\t<span  >\n\t\t\t\t\t\t\tPlazos de entrega reducidos \t\t\t\t\t\t<\/span>\n\t\t\t\t\t<\/h3>\n\t\t\t\t\n\t\t\t\t\t\t\t\t\t<p class=\"elementor-icon-box-description\">\n\t\t\t\t\t\tPor lo general, podemos suministrarle una bicicleta el\u00e9ctrica en L\u00e9on totalmente revisada en el plazo de 1 semana a partir de la realizaci\u00f3n del pedido. Puede contar con nosotros para garantizarle los plazos de entrega m\u00e1s cortos posibles. <br>Sin embargo, algunos modelos sufren retrasos m\u00e1s largos. \t\t\t\t\t<\/p>\n\t\t\t\t\n\t\t\t<\/div>\n\t\t\t\n\t\t<\/div>\n\t\t\t\t\t\t<\/div>\n\t\t\t\t<\/div>\n\t\t\t\t\t<\/div>\n\t\t<\/div>\n\t\t\t\t\t<\/div>\n\t\t<\/section>\n\t\t\t\t<section class=\"elementor-section elementor-top-section elementor-element elementor-element-573df318 elementor-section-boxed elementor-section-height-default elementor-section-height-default\" data-id=\"573df318\" data-element_type=\"section\" data-e-type=\"section\">\n\t\t\t\t\t\t<div class=\"elementor-container elementor-column-gap-wide\">\n\t\t\t\t\t<div class=\"elementor-column elementor-col-100 elementor-top-column elementor-element elementor-element-49c3bb1d\" data-id=\"49c3bb1d\" data-element_type=\"column\" data-e-type=\"column\">\n\t\t\t<div class=\"elementor-widget-wrap elementor-element-populated\">\n\t\t\t\t\t\t<div class=\"elementor-element elementor-element-6c5e53d8 elementor-widget elementor-widget-heading\" data-id=\"6c5e53d8\" data-element_type=\"widget\" data-e-type=\"widget\" data-widget_type=\"heading.default\">\n\t\t\t\t<div class=\"elementor-widget-container\">\n\t\t\t\t\t<h3 class=\"elementor-heading-title elementor-size-large\">Todo lo que necesitas saber para comprar tu bicicleta con asistencia el\u00e9ctrica O2Feel<\/h3>\t\t\t\t<\/div>\n\t\t\t\t<\/div>\n\t\t\t\t<div class=\"elementor-element elementor-element-6a4bcf58 elementor-hidden-mobile elementor-widget elementor-widget-spacer\" data-id=\"6a4bcf58\" data-element_type=\"widget\" data-e-type=\"widget\" data-widget_type=\"spacer.default\">\n\t\t\t\t<div class=\"elementor-widget-container\">\n\t\t\t\t\t\t\t<div class=\"elementor-spacer\">\n\t\t\t<div class=\"elementor-spacer-inner\"><\/div>\n\t\t<\/div>\n\t\t\t\t\t\t<\/div>\n\t\t\t\t<\/div>\n\t\t\t\t<div class=\"elementor-element elementor-element-7bf4691b elementor-widget elementor-widget-toggle\" data-id=\"7bf4691b\" data-element_type=\"widget\" data-e-type=\"widget\" data-widget_type=\"toggle.default\">\n\t\t\t\t<div class=\"elementor-widget-container\">\n\t\t\t\t\t\t\t<div class=\"elementor-toggle\">\n\t\t\t\t\t\t\t<div class=\"elementor-toggle-item\">\n\t\t\t\t\t<div id=\"elementor-tab-title-2071\" class=\"elementor-tab-title\" data-tab=\"1\" role=\"button\" aria-controls=\"elementor-tab-content-2071\" aria-expanded=\"false\">\n\t\t\t\t\t\t\t\t\t\t\t\t<span class=\"elementor-toggle-icon elementor-toggle-icon-left\" aria-hidden=\"true\">\n\t\t\t\t\t\t\t\t\t\t\t\t\t\t\t<span class=\"elementor-toggle-icon-closed\"><i class=\"fas fa-caret-right\"><\/i><\/span>\n\t\t\t\t\t\t\t\t<span class=\"elementor-toggle-icon-opened\"><i class=\"elementor-toggle-icon-opened fas fa-caret-up\"><\/i><\/span>\n\t\t\t\t\t\t\t\t\t\t\t\t\t<\/span>\n\t\t\t\t\t\t\t\t\t\t\t\t<a class=\"elementor-toggle-title\" tabindex=\"0\">\u00bfPor qu\u00e9 comprar su bicicleta el\u00e9ctrica en Cyclerie en las Landas? <\/a>\n\t\t\t\t\t<\/div>\n\n\t\t\t\t\t<div id=\"elementor-tab-content-2071\" class=\"elementor-tab-content elementor-clearfix\" data-tab=\"1\" role=\"region\" aria-labelledby=\"elementor-tab-title-2071\"><p>Porque conocemos nuestras bicicletas a la perfecci\u00f3n, podemos ayudarte a encontrar la bicicleta el\u00e9ctrica que mejor se adapte a tus necesidades. Adem\u00e1s de ofrecerte una serie de servicios como asesoramiento, montaje, etc., tambi\u00e9n puedes contar con nosotros para el mantenimiento de tus bicicletas O2feel durante todo el a\u00f1o.\u00a0<\/p><\/div>\n\t\t\t\t<\/div>\n\t\t\t\t\t\t\t<div class=\"elementor-toggle-item\">\n\t\t\t\t\t<div id=\"elementor-tab-title-2072\" class=\"elementor-tab-title\" data-tab=\"2\" role=\"button\" aria-controls=\"elementor-tab-content-2072\" aria-expanded=\"false\">\n\t\t\t\t\t\t\t\t\t\t\t\t<span class=\"elementor-toggle-icon elementor-toggle-icon-left\" aria-hidden=\"true\">\n\t\t\t\t\t\t\t\t\t\t\t\t\t\t\t<span class=\"elementor-toggle-icon-closed\"><i class=\"fas fa-caret-right\"><\/i><\/span>\n\t\t\t\t\t\t\t\t<span class=\"elementor-toggle-icon-opened\"><i class=\"elementor-toggle-icon-opened fas fa-caret-up\"><\/i><\/span>\n\t\t\t\t\t\t\t\t\t\t\t\t\t<\/span>\n\t\t\t\t\t\t\t\t\t\t\t\t<a class=\"elementor-toggle-title\" tabindex=\"0\">\u00bfExiste una garant\u00eda para las bicicletas O2feel? <\/a>\n\t\t\t\t\t<\/div>\n\n\t\t\t\t\t<div id=\"elementor-tab-content-2072\" class=\"elementor-tab-content elementor-clearfix\" data-tab=\"2\" role=\"region\" aria-labelledby=\"elementor-tab-title-2072\"><p>Tout \u00e0 fait, vous b\u00e9n\u00e9ficiez de 5 ans de garantie sur le v\u00e9lo dont 2 ans sur les composants \u00e9lectriques (moteur, contr\u00f4ler etc). S&rsquo;ajoute une garanti suppl\u00e9mentaire de 2 ans, que seul O2feel propose en France. La garantie fonctionne sur les d\u00e9fauts de fabrication et de mati\u00e8re. Toute mauvaise utilisation de votre part, qui pourrait entra\u00eener la d\u00e9t\u00e9rioration du cycle, ne pourra \u00eatre pris en charge. A ce propos, pensez \u00e0 bien\u00a0enregistrer votre v\u00e9lo \u00e9lectrique en ligne afin d&rsquo;activer la garantie suppl\u00e9mentaire.<\/p><\/div>\n\t\t\t\t<\/div>\n\t\t\t\t\t\t\t<div class=\"elementor-toggle-item\">\n\t\t\t\t\t<div id=\"elementor-tab-title-2073\" class=\"elementor-tab-title\" data-tab=\"3\" role=\"button\" aria-controls=\"elementor-tab-content-2073\" aria-expanded=\"false\">\n\t\t\t\t\t\t\t\t\t\t\t\t<span class=\"elementor-toggle-icon elementor-toggle-icon-left\" aria-hidden=\"true\">\n\t\t\t\t\t\t\t\t\t\t\t\t\t\t\t<span class=\"elementor-toggle-icon-closed\"><i class=\"fas fa-caret-right\"><\/i><\/span>\n\t\t\t\t\t\t\t\t<span class=\"elementor-toggle-icon-opened\"><i class=\"elementor-toggle-icon-opened fas fa-caret-up\"><\/i><\/span>\n\t\t\t\t\t\t\t\t\t\t\t\t\t<\/span>\n\t\t\t\t\t\t\t\t\t\t\t\t<a class=\"elementor-toggle-title\" tabindex=\"0\">\u00bfQu\u00e9 tipo de motorizaci\u00f3n me conviene m\u00e1s?<\/a>\n\t\t\t\t\t<\/div>\n\n\t\t\t\t\t<div id=\"elementor-tab-content-2073\" class=\"elementor-tab-content elementor-clearfix\" data-tab=\"3\" role=\"region\" aria-labelledby=\"elementor-tab-title-2073\"><p>En funci\u00f3n del uso previsto, del tipo de cuerpo y del terreno de su zona, necesitar\u00e1 el sistema de propulsi\u00f3n adecuado.<\/p><ol><li>Los motores de origen (motores en la rueda delantera o trasera) son ideales para quienes no quieren hacer esfuerzos y se dejan llevar por la asistencia.\u00a0<\/li><li style=\"font-size: 14px;\">Los motores STEPS E5000 de Shimano, instalados en las bielas, son perfectos para quienes desean mantener el lado deportivo de una bicicleta el\u00e9ctrica. Cuanto mayor sea la frecuencia de pedaleo, m\u00e1s proporcional ser\u00e1 la asistencia a tu esfuerzo. Los motores E6100, E7000 y E8000 completan la gama para los que buscan m\u00e1s potencia que el E5000.\u00a0<\/li><li>Los motores Shimano EP8, la \u00faltima generaci\u00f3n de motores Shimano, \u00a1tienen una potencia nominal de 85 Nm! Dise\u00f1ados para las condiciones m\u00e1s exigentes, \u00a1te ayudar\u00e1n a superar tus l\u00edmites!<\/li><\/ol><\/div>\n\t\t\t\t<\/div>\n\t\t\t\t\t\t\t<div class=\"elementor-toggle-item\">\n\t\t\t\t\t<div id=\"elementor-tab-title-2074\" class=\"elementor-tab-title\" data-tab=\"4\" role=\"button\" aria-controls=\"elementor-tab-content-2074\" aria-expanded=\"false\">\n\t\t\t\t\t\t\t\t\t\t\t\t<span class=\"elementor-toggle-icon elementor-toggle-icon-left\" aria-hidden=\"true\">\n\t\t\t\t\t\t\t\t\t\t\t\t\t\t\t<span class=\"elementor-toggle-icon-closed\"><i class=\"fas fa-caret-right\"><\/i><\/span>\n\t\t\t\t\t\t\t\t<span class=\"elementor-toggle-icon-opened\"><i class=\"elementor-toggle-icon-opened fas fa-caret-up\"><\/i><\/span>\n\t\t\t\t\t\t\t\t\t\t\t\t\t<\/span>\n\t\t\t\t\t\t\t\t\t\t\t\t<a class=\"elementor-toggle-title\" tabindex=\"0\">\u00bfCu\u00e1nto duran las pilas? <\/a>\n\t\t\t\t\t<\/div>\n\n\t\t\t\t\t<div id=\"elementor-tab-content-2074\" class=\"elementor-tab-content elementor-clearfix\" data-tab=\"4\" role=\"region\" aria-labelledby=\"elementor-tab-title-2074\"><p>Todas las bicicletas O2feel est\u00e1n equipadas con bater\u00edas desarrolladas internamente por la propia marca, una exclusividad europea.  Equipadas con celdas de litio NMC de \"alto rendimiento\". Tienen una garant\u00eda de 2 a\u00f1os, si sigues las buenas pr\u00e1cticas de almacenamiento de la bater\u00eda proporcionadas en el folleto con tu bicicleta. Puedes realizar hasta 500 ciclos de carga\/descarga a 100% (es decir, unos 1000 ciclos a 50% de descarga), aunque es aconsejable evitar las descargas profundas. Es importante tener en cuenta que la capacidad energ\u00e9tica de tu bater\u00eda disminuir\u00e1 innegablemente con el paso de los a\u00f1os.<\/p><\/div>\n\t\t\t\t<\/div>\n\t\t\t\t\t\t\t<div class=\"elementor-toggle-item\">\n\t\t\t\t\t<div id=\"elementor-tab-title-2075\" class=\"elementor-tab-title\" data-tab=\"5\" role=\"button\" aria-controls=\"elementor-tab-content-2075\" aria-expanded=\"false\">\n\t\t\t\t\t\t\t\t\t\t\t\t<span class=\"elementor-toggle-icon elementor-toggle-icon-left\" aria-hidden=\"true\">\n\t\t\t\t\t\t\t\t\t\t\t\t\t\t\t<span class=\"elementor-toggle-icon-closed\"><i class=\"fas fa-caret-right\"><\/i><\/span>\n\t\t\t\t\t\t\t\t<span class=\"elementor-toggle-icon-opened\"><i class=\"elementor-toggle-icon-opened fas fa-caret-up\"><\/i><\/span>\n\t\t\t\t\t\t\t\t\t\t\t\t\t<\/span>\n\t\t\t\t\t\t\t\t\t\t\t\t<a class=\"elementor-toggle-title\" tabindex=\"0\">\u00bfC\u00f3mo mantengo mi bicicleta el\u00e9ctrica? <\/a>\n\t\t\t\t\t<\/div>\n\n\t\t\t\t\t<div id=\"elementor-tab-content-2075\" class=\"elementor-tab-content elementor-clearfix\" data-tab=\"5\" role=\"region\" aria-labelledby=\"elementor-tab-title-2075\"><p>El mantenimiento regular de tu bicicleta el\u00e9ctrica es la mejor manera de garantizar su longevidad, por lo que te recomendamos que :<\/p><ol><li>Compruebe la tensi\u00f3n y la lubricaci\u00f3n de la cadena. No debe estar floja ni seca, de lo contrario corre el riesgo de descarrilar y da\u00f1ar el cambio trasero.<\/li><li>Comprueba la presi\u00f3n de los neum\u00e1ticos, que debe ser como m\u00ednimo de 3,5 bares para un uso suave y de 4 bares para un uso m\u00e1s deportivo.<\/li><li>Apriete regularmente los frenos delanteros y traseros, lo que tambi\u00e9n le ayudar\u00e1 a detectar cualquier deformaci\u00f3n de las ruedas.<\/li><li>Aseg\u00farate de que todos los tornillos y tuercas de tu bicicleta el\u00e9ctrica (tuercas de la rueda delantera y trasera, tornillos del guardabarros, potencia, etc.) est\u00e9n bien apretados.<\/li><\/ol><p>Por supuesto, si lo desea, podemos realizar estas comprobaciones por usted.\u00a0<\/p><p>La parte el\u00e9ctrica de tu moto no requiere ning\u00fan mantenimiento. No olvide leer la gu\u00eda de buenas pr\u00e1cticas suministrada con su compra. Esto preservar\u00e1 su bater\u00eda en caso de inmovilizaci\u00f3n prolongada.\u00a0<\/p><\/div>\n\t\t\t\t<\/div>\n\t\t\t\t\t\t\t<div class=\"elementor-toggle-item\">\n\t\t\t\t\t<div id=\"elementor-tab-title-2076\" class=\"elementor-tab-title\" data-tab=\"6\" role=\"button\" aria-controls=\"elementor-tab-content-2076\" aria-expanded=\"false\">\n\t\t\t\t\t\t\t\t\t\t\t\t<span class=\"elementor-toggle-icon elementor-toggle-icon-left\" aria-hidden=\"true\">\n\t\t\t\t\t\t\t\t\t\t\t\t\t\t\t<span class=\"elementor-toggle-icon-closed\"><i class=\"fas fa-caret-right\"><\/i><\/span>\n\t\t\t\t\t\t\t\t<span class=\"elementor-toggle-icon-opened\"><i class=\"elementor-toggle-icon-opened fas fa-caret-up\"><\/i><\/span>\n\t\t\t\t\t\t\t\t\t\t\t\t\t<\/span>\n\t\t\t\t\t\t\t\t\t\t\t\t<a class=\"elementor-toggle-title\" tabindex=\"0\">\u00bfTe ocupas del mantenimiento de la bicicleta? \u00bfIncluso en invierno? <\/a>\n\t\t\t\t\t<\/div>\n\n\t\t\t\t\t<div id=\"elementor-tab-content-2076\" class=\"elementor-tab-content elementor-clearfix\" data-tab=\"6\" role=\"region\" aria-labelledby=\"elementor-tab-title-2076\"><p>A riesgo de repetirnos, ofrecemos un servicio de reparaci\u00f3n y mantenimiento de bicicletas incluso en invierno (con algunas excepciones, por supuesto). No dude en ponerse en contacto con nosotros para concertar una cita en las Landas. Tambi\u00e9n puede encontrarnos permanentemente en la tienda de L\u00e9on. Puedes consultar nuestros horarios de apertura en nuestra p\u00e1gina de Google Maps.\u00a0<\/p><\/div>\n\t\t\t\t<\/div>\n\t\t\t\t\t\t\t\t<\/div>\n\t\t\t\t\t\t<\/div>\n\t\t\t\t<\/div>\n\t\t\t\t<div class=\"elementor-element elementor-element-59531f3 elementor-widget elementor-widget-text-editor\" data-id=\"59531f3\" data-element_type=\"widget\" data-e-type=\"widget\" data-widget_type=\"text-editor.default\">\n\t\t\t\t<div class=\"elementor-widget-container\">\n\t\t\t\t\t\t\t\t\t<p>La Cyclerie L\u00e9on forma parte de la lista de distribuidores O2feel autorizados, visite el sitio web de la marca <a href=\"https:\/\/www.o2feel.com\" target=\"_blank\" rel=\"noopener\">aqu\u00ed.<\/a><\/p>\t\t\t\t\t\t\t\t<\/div>\n\t\t\t\t<\/div>\n\t\t\t\t\t<\/div>\n\t\t<\/div>\n\t\t\t\t\t<\/div>\n\t\t<\/section>\n\t\t\t\t<section class=\"elementor-section elementor-top-section elementor-element elementor-element-7a161913 elementor-section-boxed elementor-section-height-default elementor-section-height-default\" data-id=\"7a161913\" data-element_type=\"section\" data-e-type=\"section\" data-settings=\"{&quot;background_background&quot;:&quot;classic&quot;}\">\n\t\t\t\t\t\t<div class=\"elementor-container elementor-column-gap-wider\">\n\t\t\t\t\t<div class=\"elementor-column elementor-col-100 elementor-top-column elementor-element elementor-element-2e8eaadf\" data-id=\"2e8eaadf\" data-element_type=\"column\" data-e-type=\"column\">\n\t\t\t<div class=\"elementor-widget-wrap elementor-element-populated\">\n\t\t\t\t\t\t<div class=\"elementor-element elementor-element-3b324588 elementor-widget elementor-widget-heading\" data-id=\"3b324588\" data-element_type=\"widget\" data-e-type=\"widget\" data-widget_type=\"heading.default\">\n\t\t\t\t<div class=\"elementor-widget-container\">\n\t\t\t\t\t<h3 class=\"elementor-heading-title elementor-size-large\">Seguro que hay una bicicleta O2feel para ti. <\/h3>\t\t\t\t<\/div>\n\t\t\t\t<\/div>\n\t\t\t\t<div class=\"elementor-element elementor-element-547fcba elementor-widget elementor-widget-text-editor\" data-id=\"547fcba\" data-element_type=\"widget\" data-e-type=\"widget\" data-widget_type=\"text-editor.default\">\n\t\t\t\t<div class=\"elementor-widget-container\">\n\t\t\t\t\t\t\t\t\t<p>Le <strong>conexi\u00f3n humana<\/strong> es importante para nosotros, as\u00ed que <strong>por encargo<\/strong>Puede encontrarnos en L\u00e9on, en las Landas, en el n\u00famero 27 de la Place du docteur Dufau, o en el tel\u00e9fono 06 70 46 90 00. Tambi\u00e9n ofrecemos un servicio de entrega a domicilio y de mantenimiento de bicicletas en un radio de 50 km de L\u00e9on.\u00a0<\/p><p>Ven a probar nuestras bicicletas el\u00e9ctricas antes de comprarlas. Te descontaremos el precio del medio d\u00eda de prueba del precio del alquiler si compras la bici, o simplemente puedes pasear por la tienda para hacerte una idea de la calidad de las bicis. Vea nuestras <a href=\"https:\/\/lacyclerie-leon.fr\/es\/velos-et-tarifs\/\">tarifas de alquiler aqu\u00ed.<\/a><a style=\"font-size: 17px;\" href=\"https:\/\/lacyclerie-leon.fr\/es\/velos-et-tarifs\/\">\u00a0<\/a><\/p><p>Ps: No tenemos todos los modelos en stock en la tienda.\u00a0<\/p>\t\t\t\t\t\t\t\t<\/div>\n\t\t\t\t<\/div>\n\t\t\t\t<div class=\"elementor-element elementor-element-afba872 elementor-invisible elementor-widget elementor-widget-ucaddon_gradient_button\" data-id=\"afba872\" data-element_type=\"widget\" data-e-type=\"widget\" data-settings=\"{&quot;_animation&quot;:&quot;zoomIn&quot;}\" data-widget_type=\"ucaddon_gradient_button.default\">\n\t\t\t\t<div class=\"elementor-widget-container\">\n\t\t\t\t\t\n<!-- start Gradient Button -->\n<style>\/* widget: Gradient Button *\/\n\n#uc_gradient_button_elementor_afba872 a {\n  display:inline-block;\n  text-align: center;\n  transition: 0.5s;\n  background-size: 200% auto;\n  color: white;\n \/* text-shadow: 0px 0px 10px rgba(0,0,0,0.2);*\/\n  box-shadow: 0 5px 20px rgba(0,0,0,0.15);\n  border-radius: 100px;\n   background-image: linear-gradient(to right, #FBB800 0%, #fda085 51%, #FBB800 100%);\n  text-decoration:none\n }\n\n\n#uc_gradient_button_elementor_afba872 a:hover {\n  background-position: right center; \/* change the direction of the change here *\/\n}\n\n<\/style>\n\n<div style=\"text-align:center;\" id=\"uc_gradient_button_elementor_afba872\">\n  <a href=\"https:\/\/lacyclerie-leon.fr\/wp-content\/uploads\/2025\/01\/O2Feel_DealerBook2025_V240924.pdf\"  class=\"gradient_button\">Catalogue 2025 02feel<\/a>\n<\/div>\n<!-- end Gradient Button -->\t\t\t\t<\/div>\n\t\t\t\t<\/div>\n\t\t\t\t<div class=\"elementor-element elementor-element-713f7204 elementor-widget elementor-widget-spacer\" data-id=\"713f7204\" data-element_type=\"widget\" data-e-type=\"widget\" data-widget_type=\"spacer.default\">\n\t\t\t\t<div class=\"elementor-widget-container\">\n\t\t\t\t\t\t\t<div class=\"elementor-spacer\">\n\t\t\t<div class=\"elementor-spacer-inner\"><\/div>\n\t\t<\/div>\n\t\t\t\t\t\t<\/div>\n\t\t\t\t<\/div>\n\t\t\t\t\t<\/div>\n\t\t<\/div>\n\t\t\t\t\t<\/div>\n\t\t<\/section>\n\t\t\t\t<section class=\"elementor-section elementor-top-section elementor-element elementor-element-3be1828 elementor-section-boxed elementor-section-height-default elementor-section-height-default\" data-id=\"3be1828\" data-element_type=\"section\" data-e-type=\"section\">\n\t\t\t\t\t\t<div class=\"elementor-container elementor-column-gap-default\">\n\t\t\t\t\t<div class=\"elementor-column elementor-col-50 elementor-top-column elementor-element elementor-element-cfeb677\" data-id=\"cfeb677\" data-element_type=\"column\" data-e-type=\"column\">\n\t\t\t<div class=\"elementor-widget-wrap elementor-element-populated\">\n\t\t\t\t\t\t<div class=\"elementor-element elementor-element-f199a51 elementor-widget elementor-widget-image\" data-id=\"f199a51\" data-element_type=\"widget\" data-e-type=\"widget\" data-widget_type=\"image.default\">\n\t\t\t\t<div class=\"elementor-widget-container\">\n\t\t\t\t\t\t\t\t\t\t\t\t\t\t\t<img loading=\"lazy\" decoding=\"async\" width=\"300\" height=\"300\" src=\"https:\/\/lacyclerie-leon.fr\/wp-content\/uploads\/2019\/02\/logo_lacyclerie-rvb-01-300x300.png\" class=\"attachment-medium size-medium wp-image-404\" alt=\"logo location de v\u00e9lo \u00e0 L\u00e9on, La Cyclerie.\" srcset=\"https:\/\/lacyclerie-leon.fr\/wp-content\/uploads\/2019\/02\/logo_lacyclerie-rvb-01-300x300.png 300w, https:\/\/lacyclerie-leon.fr\/wp-content\/uploads\/2019\/02\/logo_lacyclerie-rvb-01-100x100.png 100w, https:\/\/lacyclerie-leon.fr\/wp-content\/uploads\/2019\/02\/logo_lacyclerie-rvb-01-150x150.png 150w, https:\/\/lacyclerie-leon.fr\/wp-content\/uploads\/2019\/02\/elementor\/thumbs\/logo_lacyclerie-rvb-01-pe8ktcknqhh7ptbtfor6qsjt2on7qg0svehmvdbcck.png 250w, https:\/\/lacyclerie-leon.fr\/wp-content\/uploads\/2019\/02\/logo_lacyclerie-rvb-01.png 591w\" sizes=\"(max-width: 300px) 100vw, 300px\" \/>\t\t\t\t\t\t\t\t\t\t\t\t\t\t\t<\/div>\n\t\t\t\t<\/div>\n\t\t\t\t\t<\/div>\n\t\t<\/div>\n\t\t\t\t<div class=\"elementor-column elementor-col-50 elementor-top-column elementor-element elementor-element-a3047a6\" data-id=\"a3047a6\" data-element_type=\"column\" data-e-type=\"column\">\n\t\t\t<div class=\"elementor-widget-wrap elementor-element-populated\">\n\t\t\t\t\t\t<div class=\"elementor-element elementor-element-7eee410 elementor-widget elementor-widget-image\" data-id=\"7eee410\" data-element_type=\"widget\" data-e-type=\"widget\" data-widget_type=\"image.default\">\n\t\t\t\t<div class=\"elementor-widget-container\">\n\t\t\t\t\t\t\t\t\t\t\t\t\t\t\t<img loading=\"lazy\" decoding=\"async\" width=\"1024\" height=\"526\" src=\"https:\/\/lacyclerie-leon.fr\/wp-content\/uploads\/2023\/01\/O2Feel_Logo-B-1024x526.png\" class=\"attachment-large size-large wp-image-2953\" alt=\"\" srcset=\"https:\/\/lacyclerie-leon.fr\/wp-content\/uploads\/2023\/01\/O2Feel_Logo-B-1024x526.png 1024w, https:\/\/lacyclerie-leon.fr\/wp-content\/uploads\/2023\/01\/O2Feel_Logo-B-300x154.png 300w, https:\/\/lacyclerie-leon.fr\/wp-content\/uploads\/2023\/01\/O2Feel_Logo-B-768x394.png 768w, https:\/\/lacyclerie-leon.fr\/wp-content\/uploads\/2023\/01\/O2Feel_Logo-B-1536x788.png 1536w, https:\/\/lacyclerie-leon.fr\/wp-content\/uploads\/2023\/01\/O2Feel_Logo-B.png 2048w\" sizes=\"(max-width: 1024px) 100vw, 1024px\" \/>\t\t\t\t\t\t\t\t\t\t\t\t\t\t\t<\/div>\n\t\t\t\t<\/div>\n\t\t\t\t\t<\/div>\n\t\t<\/div>\n\t\t\t\t\t<\/div>\n\t\t<\/section>\n\t\t\t\t<\/div>","protected":false},"excerpt":{"rendered":"<p>Choisissez la qualit\u00e9 fran\u00e7aise pour votre v\u00e9lo \u00e0 assistance \u00e9lectrique avec O2feel ! Choisir mon v\u00e9lo 02feel gARANTIE votre BATTERIE 4 ans ! Les mod\u00e8les de VAE o2feel disponible en magasin Nouvelle livraison des Duma \u00e0 partir d&rsquo;avril 2026, pensez \u00e0 r\u00e9server ! Duma 5 adventure 2499\u20ac Le DUMA en version trekking pour vous porter [&hellip;]<\/p>\n","protected":false},"author":2,"featured_media":0,"parent":0,"menu_order":0,"comment_status":"closed","ping_status":"closed","template":"","meta":{"_monsterinsights_skip_tracking":false,"_monsterinsights_sitenote_active":false,"_monsterinsights_sitenote_note":"","_monsterinsights_sitenote_category":0,"footnotes":""},"class_list":["post-1270","page","type-page","status-publish","hentry","entry","owp-thumbs-layout-horizontal","owp-btn-normal","owp-tabs-layout-horizontal","has-no-thumbnails","has-product-nav"],"yoast_head":"<!-- This site is optimized with the Yoast SEO plugin v27.5 - https:\/\/yoast.com\/product\/yoast-seo-wordpress\/ -->\n<title>VAE O2feel 2021 : La Cyclerie revendeur officiel O2feel dans les Landes<\/title>\n<meta name=\"description\" content=\"Essayez et faites vous conseiller pour choisir le v\u00e9lo \u00e0 assistance \u00e9lectrique 02feel de vos r\u00eaves. Livraison et mise en service possible.\" \/>\n<meta name=\"robots\" content=\"index, follow, max-snippet:-1, max-image-preview:large, max-video-preview:-1\" \/>\n<link rel=\"canonical\" href=\"https:\/\/lacyclerie-leon.fr\/es\/o2feel-landes-vae\/\" \/>\n<meta property=\"og:locale\" content=\"es_ES\" \/>\n<meta property=\"og:type\" content=\"article\" \/>\n<meta property=\"og:title\" content=\"VAE O2feel 2021 : La Cyclerie revendeur officiel O2feel dans les Landes\" \/>\n<meta property=\"og:description\" content=\"Essayez et faites vous conseiller pour choisir le v\u00e9lo \u00e0 assistance \u00e9lectrique 02feel de vos r\u00eaves. Livraison et mise en service possible.\" \/>\n<meta property=\"og:url\" content=\"https:\/\/lacyclerie-leon.fr\/es\/o2feel-landes-vae\/\" \/>\n<meta property=\"article:publisher\" content=\"https:\/\/www.facebook.com\/lacyclerieleon\" \/>\n<meta property=\"article:modified_time\" content=\"2026-01-24T18:04:01+00:00\" \/>\n<meta property=\"og:image\" content=\"https:\/\/lacyclerie-leon.fr\/wp-content\/uploads\/2026\/01\/Buzz-8-Peach-fuzz-Pack-Nomad-768x517.png\" \/>\n<meta name=\"twitter:card\" content=\"summary_large_image\" \/>\n<meta name=\"twitter:label1\" content=\"Tiempo de lectura\" \/>\n\t<meta name=\"twitter:data1\" content=\"11 minutos\" \/>\n<script type=\"application\/ld+json\" class=\"yoast-schema-graph\">{\"@context\":\"https:\\\/\\\/schema.org\",\"@graph\":[{\"@type\":\"WebPage\",\"@id\":\"https:\\\/\\\/lacyclerie-leon.fr\\\/o2feel-landes-vae\\\/\",\"url\":\"https:\\\/\\\/lacyclerie-leon.fr\\\/o2feel-landes-vae\\\/\",\"name\":\"VAE O2feel 2021 : La Cyclerie revendeur officiel O2feel dans les Landes\",\"isPartOf\":{\"@id\":\"https:\\\/\\\/lacyclerie-leon.fr\\\/#website\"},\"primaryImageOfPage\":{\"@id\":\"https:\\\/\\\/lacyclerie-leon.fr\\\/o2feel-landes-vae\\\/#primaryimage\"},\"image\":{\"@id\":\"https:\\\/\\\/lacyclerie-leon.fr\\\/o2feel-landes-vae\\\/#primaryimage\"},\"thumbnailUrl\":\"https:\\\/\\\/lacyclerie-leon.fr\\\/wp-content\\\/uploads\\\/2026\\\/01\\\/Buzz-8-Peach-fuzz-Pack-Nomad-768x517.png\",\"datePublished\":\"2019-09-28T10:03:52+00:00\",\"dateModified\":\"2026-01-24T18:04:01+00:00\",\"description\":\"Essayez et faites vous conseiller pour choisir le v\u00e9lo \u00e0 assistance \u00e9lectrique 02feel de vos r\u00eaves. Livraison et mise en service possible.\",\"breadcrumb\":{\"@id\":\"https:\\\/\\\/lacyclerie-leon.fr\\\/o2feel-landes-vae\\\/#breadcrumb\"},\"inLanguage\":\"es\",\"potentialAction\":[{\"@type\":\"ReadAction\",\"target\":[\"https:\\\/\\\/lacyclerie-leon.fr\\\/o2feel-landes-vae\\\/\"]}]},{\"@type\":\"ImageObject\",\"inLanguage\":\"es\",\"@id\":\"https:\\\/\\\/lacyclerie-leon.fr\\\/o2feel-landes-vae\\\/#primaryimage\",\"url\":\"https:\\\/\\\/lacyclerie-leon.fr\\\/wp-content\\\/uploads\\\/2026\\\/01\\\/Buzz-8-Peach-fuzz-Pack-Nomad-768x517.png\",\"contentUrl\":\"https:\\\/\\\/lacyclerie-leon.fr\\\/wp-content\\\/uploads\\\/2026\\\/01\\\/Buzz-8-Peach-fuzz-Pack-Nomad-768x517.png\"},{\"@type\":\"BreadcrumbList\",\"@id\":\"https:\\\/\\\/lacyclerie-leon.fr\\\/o2feel-landes-vae\\\/#breadcrumb\",\"itemListElement\":[{\"@type\":\"ListItem\",\"position\":1,\"name\":\"Accueil\",\"item\":\"https:\\\/\\\/lacyclerie-leon.fr\\\/\"},{\"@type\":\"ListItem\",\"position\":2,\"name\":\"O2feel landes VAE\"}]},{\"@type\":\"WebSite\",\"@id\":\"https:\\\/\\\/lacyclerie-leon.fr\\\/#website\",\"url\":\"https:\\\/\\\/lacyclerie-leon.fr\\\/\",\"name\":\"\",\"description\":\"\",\"potentialAction\":[{\"@type\":\"SearchAction\",\"target\":{\"@type\":\"EntryPoint\",\"urlTemplate\":\"https:\\\/\\\/lacyclerie-leon.fr\\\/?s={search_term_string}\"},\"query-input\":{\"@type\":\"PropertyValueSpecification\",\"valueRequired\":true,\"valueName\":\"search_term_string\"}}],\"inLanguage\":\"es\"}]}<\/script>\n<!-- \/ Yoast SEO plugin. -->","yoast_head_json":{"title":"VAE O2feel 2021 : La Cyclerie revendeur officiel O2feel dans les Landes","description":"Essayez et faites vous conseiller pour choisir le v\u00e9lo \u00e0 assistance \u00e9lectrique 02feel de vos r\u00eaves. Livraison et mise en service possible.","robots":{"index":"index","follow":"follow","max-snippet":"max-snippet:-1","max-image-preview":"max-image-preview:large","max-video-preview":"max-video-preview:-1"},"canonical":"https:\/\/lacyclerie-leon.fr\/es\/o2feel-landes-vae\/","og_locale":"es_ES","og_type":"article","og_title":"VAE O2feel 2021 : La Cyclerie revendeur officiel O2feel dans les Landes","og_description":"Essayez et faites vous conseiller pour choisir le v\u00e9lo \u00e0 assistance \u00e9lectrique 02feel de vos r\u00eaves. Livraison et mise en service possible.","og_url":"https:\/\/lacyclerie-leon.fr\/es\/o2feel-landes-vae\/","article_publisher":"https:\/\/www.facebook.com\/lacyclerieleon","article_modified_time":"2026-01-24T18:04:01+00:00","og_image":[{"url":"https:\/\/lacyclerie-leon.fr\/wp-content\/uploads\/2026\/01\/Buzz-8-Peach-fuzz-Pack-Nomad-768x517.png","type":"","width":"","height":""}],"twitter_card":"summary_large_image","twitter_misc":{"Tiempo de lectura":"11 minutos"},"schema":{"@context":"https:\/\/schema.org","@graph":[{"@type":"WebPage","@id":"https:\/\/lacyclerie-leon.fr\/o2feel-landes-vae\/","url":"https:\/\/lacyclerie-leon.fr\/o2feel-landes-vae\/","name":"VAE O2feel 2021 : La Cyclerie revendeur officiel O2feel dans les Landes","isPartOf":{"@id":"https:\/\/lacyclerie-leon.fr\/#website"},"primaryImageOfPage":{"@id":"https:\/\/lacyclerie-leon.fr\/o2feel-landes-vae\/#primaryimage"},"image":{"@id":"https:\/\/lacyclerie-leon.fr\/o2feel-landes-vae\/#primaryimage"},"thumbnailUrl":"https:\/\/lacyclerie-leon.fr\/wp-content\/uploads\/2026\/01\/Buzz-8-Peach-fuzz-Pack-Nomad-768x517.png","datePublished":"2019-09-28T10:03:52+00:00","dateModified":"2026-01-24T18:04:01+00:00","description":"Essayez et faites vous conseiller pour choisir le v\u00e9lo \u00e0 assistance \u00e9lectrique 02feel de vos r\u00eaves. Livraison et mise en service possible.","breadcrumb":{"@id":"https:\/\/lacyclerie-leon.fr\/o2feel-landes-vae\/#breadcrumb"},"inLanguage":"es","potentialAction":[{"@type":"ReadAction","target":["https:\/\/lacyclerie-leon.fr\/o2feel-landes-vae\/"]}]},{"@type":"ImageObject","inLanguage":"es","@id":"https:\/\/lacyclerie-leon.fr\/o2feel-landes-vae\/#primaryimage","url":"https:\/\/lacyclerie-leon.fr\/wp-content\/uploads\/2026\/01\/Buzz-8-Peach-fuzz-Pack-Nomad-768x517.png","contentUrl":"https:\/\/lacyclerie-leon.fr\/wp-content\/uploads\/2026\/01\/Buzz-8-Peach-fuzz-Pack-Nomad-768x517.png"},{"@type":"BreadcrumbList","@id":"https:\/\/lacyclerie-leon.fr\/o2feel-landes-vae\/#breadcrumb","itemListElement":[{"@type":"ListItem","position":1,"name":"Accueil","item":"https:\/\/lacyclerie-leon.fr\/"},{"@type":"ListItem","position":2,"name":"O2feel landes VAE"}]},{"@type":"WebSite","@id":"https:\/\/lacyclerie-leon.fr\/#website","url":"https:\/\/lacyclerie-leon.fr\/","name":"","description":"","potentialAction":[{"@type":"SearchAction","target":{"@type":"EntryPoint","urlTemplate":"https:\/\/lacyclerie-leon.fr\/?s={search_term_string}"},"query-input":{"@type":"PropertyValueSpecification","valueRequired":true,"valueName":"search_term_string"}}],"inLanguage":"es"}]}},"_links":{"self":[{"href":"https:\/\/lacyclerie-leon.fr\/es\/wp-json\/wp\/v2\/pages\/1270","targetHints":{"allow":["GET"]}}],"collection":[{"href":"https:\/\/lacyclerie-leon.fr\/es\/wp-json\/wp\/v2\/pages"}],"about":[{"href":"https:\/\/lacyclerie-leon.fr\/es\/wp-json\/wp\/v2\/types\/page"}],"author":[{"embeddable":true,"href":"https:\/\/lacyclerie-leon.fr\/es\/wp-json\/wp\/v2\/users\/2"}],"replies":[{"embeddable":true,"href":"https:\/\/lacyclerie-leon.fr\/es\/wp-json\/wp\/v2\/comments?post=1270"}],"version-history":[{"count":106,"href":"https:\/\/lacyclerie-leon.fr\/es\/wp-json\/wp\/v2\/pages\/1270\/revisions"}],"predecessor-version":[{"id":4607,"href":"https:\/\/lacyclerie-leon.fr\/es\/wp-json\/wp\/v2\/pages\/1270\/revisions\/4607"}],"wp:attachment":[{"href":"https:\/\/lacyclerie-leon.fr\/es\/wp-json\/wp\/v2\/media?parent=1270"}],"curies":[{"name":"wp","href":"https:\/\/api.w.org\/{rel}","templated":true}]}}