{"id":2646,"date":"2022-03-08T17:07:50","date_gmt":"2022-03-08T16:07:50","guid":{"rendered":"https:\/\/lacyclerie-leon.fr\/?page_id=2646"},"modified":"2024-06-06T23:07:12","modified_gmt":"2024-06-06T21:07:12","slug":"livraison-de-velo","status":"publish","type":"page","link":"https:\/\/lacyclerie-leon.fr\/es\/livraison-de-velo\/","title":{"rendered":"Livraison de v\u00e9lo"},"content":{"rendered":"<div data-elementor-type=\"wp-page\" data-elementor-id=\"2646\" class=\"elementor elementor-2646\" data-elementor-post-type=\"page\">\n\t\t\t\t\t\t<section class=\"elementor-section elementor-top-section elementor-element elementor-element-30e77ab elementor-section-boxed elementor-section-height-default elementor-section-height-default\" data-id=\"30e77ab\" data-element_type=\"section\" data-e-type=\"section\" data-settings=\"{&quot;background_background&quot;:&quot;classic&quot;,&quot;shape_divider_bottom&quot;:&quot;curve&quot;,&quot;shape_divider_bottom_negative&quot;:&quot;yes&quot;}\">\n\t\t\t\t\t\t\t<div class=\"elementor-background-overlay\"><\/div>\n\t\t\t\t\t\t<div class=\"elementor-shape elementor-shape-bottom\" aria-hidden=\"true\" data-negative=\"true\">\n\t\t\t<svg xmlns=\"http:\/\/www.w3.org\/2000\/svg\" viewbox=\"0 0 1000 100\" preserveaspectratio=\"none\">\n\t<path class=\"elementor-shape-fill\" d=\"M500,97C126.7,96.3,0.8,19.8,0,0v100l1000,0V1C1000,19.4,873.3,97.8,500,97z\"\/>\n<\/svg>\t\t<\/div>\n\t\t\t\t\t<div class=\"elementor-container elementor-column-gap-default\">\n\t\t\t\t\t<div class=\"elementor-column elementor-col-100 elementor-top-column elementor-element elementor-element-5e7893c\" data-id=\"5e7893c\" data-element_type=\"column\" data-e-type=\"column\">\n\t\t\t<div class=\"elementor-widget-wrap elementor-element-populated\">\n\t\t\t\t\t\t<div class=\"elementor-element elementor-element-d3314e6 elementor-widget elementor-widget-heading\" data-id=\"d3314e6\" data-element_type=\"widget\" data-e-type=\"widget\" data-widget_type=\"heading.default\">\n\t\t\t\t<div class=\"elementor-widget-container\">\n\t\t\t\t\t<h1 class=\"elementor-heading-title elementor-size-default\">Entrega de bicicletas a domicilio<\/h1>\t\t\t\t<\/div>\n\t\t\t\t<\/div>\n\t\t\t\t<div class=\"elementor-element elementor-element-5d5c266 elementor-widget-divider--view-line elementor-widget elementor-widget-divider\" data-id=\"5d5c266\" data-element_type=\"widget\" data-e-type=\"widget\" data-widget_type=\"divider.default\">\n\t\t\t\t<div class=\"elementor-widget-container\">\n\t\t\t\t\t\t\t<div class=\"elementor-divider\">\n\t\t\t<span class=\"elementor-divider-separator\">\n\t\t\t\t\t\t<\/span>\n\t\t<\/div>\n\t\t\t\t\t\t<\/div>\n\t\t\t\t<\/div>\n\t\t\t\t<div class=\"elementor-element elementor-element-ea1c4fa elementor-widget elementor-widget-text-editor\" data-id=\"ea1c4fa\" data-element_type=\"widget\" data-e-type=\"widget\" data-widget_type=\"text-editor.default\">\n\t\t\t\t<div class=\"elementor-widget-container\">\n\t\t\t\t\t\t\t\t\t<p>Para que disfrutes al m\u00e1ximo de tus vacaciones, te llevamos las bicis a casa de forma gratuita. M\u00e1s informaci\u00f3n sobre nuestro servicio de entrega de bicicletas aqu\u00ed.\u00a0<\/p>\t\t\t\t\t\t\t\t<\/div>\n\t\t\t\t<\/div>\n\t\t\t\t\t<\/div>\n\t\t<\/div>\n\t\t\t\t\t<\/div>\n\t\t<\/section>\n\t\t\t\t<section class=\"elementor-section elementor-top-section elementor-element elementor-element-ca59c8b elementor-section-boxed elementor-section-height-default elementor-section-height-default\" data-id=\"ca59c8b\" data-element_type=\"section\" data-e-type=\"section\">\n\t\t\t\t\t\t<div class=\"elementor-container elementor-column-gap-default\">\n\t\t\t\t\t<div class=\"elementor-column elementor-col-100 elementor-top-column elementor-element elementor-element-0912476\" data-id=\"0912476\" data-element_type=\"column\" data-e-type=\"column\">\n\t\t\t<div class=\"elementor-widget-wrap elementor-element-populated\">\n\t\t\t\t\t\t<div class=\"elementor-element elementor-element-1b39210 elementor-widget elementor-widget-heading\" data-id=\"1b39210\" data-element_type=\"widget\" data-e-type=\"widget\" data-widget_type=\"heading.default\">\n\t\t\t\t<div class=\"elementor-widget-container\">\n\t\t\t\t\t<h2 class=\"elementor-heading-title elementor-size-default\">Entrega de bicicletas: \u00bfqui\u00e9n, cu\u00e1ndo, d\u00f3nde, qu\u00e9 y c\u00f3mo?<\/h2>\t\t\t\t<\/div>\n\t\t\t\t<\/div>\n\t\t\t\t<div class=\"elementor-element elementor-element-ccfd1e1 elementor-widget elementor-widget-text-editor\" data-id=\"ccfd1e1\" data-element_type=\"widget\" data-e-type=\"widget\" data-widget_type=\"text-editor.default\">\n\t\t\t\t<div class=\"elementor-widget-container\">\n\t\t\t\t\t\t\t\t\t<p>Estamos encantados de ofrecerle un servicio gratuito de entrega a domicilio, pero lamentablemente no podemos entregar a todo el mundo. S\u00ed, mientras no se haya inventado el teletransporte (afortunadamente para nosotros, porque usted ya no ir\u00eda en bicicleta...), los problemas log\u00edsticos nos obligan a imponer restricciones para que usted pueda beneficiarse de este servicio. A continuaci\u00f3n encontrar\u00e1 todas las respuestas a sus preguntas sobre la entrega.\u00a0<\/p>\t\t\t\t\t\t\t\t<\/div>\n\t\t\t\t<\/div>\n\t\t\t\t\t<\/div>\n\t\t<\/div>\n\t\t\t\t\t<\/div>\n\t\t<\/section>\n\t\t\t\t<section class=\"elementor-section elementor-top-section elementor-element elementor-element-431f3f6 elementor-section-boxed elementor-section-height-default elementor-section-height-default\" data-id=\"431f3f6\" data-element_type=\"section\" data-e-type=\"section\">\n\t\t\t\t\t\t<div class=\"elementor-container elementor-column-gap-default\">\n\t\t\t\t\t<div class=\"elementor-column elementor-col-100 elementor-top-column elementor-element elementor-element-6dc4137\" data-id=\"6dc4137\" data-element_type=\"column\" data-e-type=\"column\">\n\t\t\t<div class=\"elementor-widget-wrap elementor-element-populated\">\n\t\t\t\t\t\t<div class=\"elementor-element elementor-element-9687f00 elementor-widget elementor-widget-spacer\" data-id=\"9687f00\" data-element_type=\"widget\" data-e-type=\"widget\" data-widget_type=\"spacer.default\">\n\t\t\t\t<div class=\"elementor-widget-container\">\n\t\t\t\t\t\t\t<div class=\"elementor-spacer\">\n\t\t\t<div class=\"elementor-spacer-inner\"><\/div>\n\t\t<\/div>\n\t\t\t\t\t\t<\/div>\n\t\t\t\t<\/div>\n\t\t\t\t<div class=\"elementor-element elementor-element-f2e7378 elementor-widget elementor-widget-toggle\" data-id=\"f2e7378\" data-element_type=\"widget\" data-e-type=\"widget\" data-widget_type=\"toggle.default\">\n\t\t\t\t<div class=\"elementor-widget-container\">\n\t\t\t\t\t\t\t<div class=\"elementor-toggle\">\n\t\t\t\t\t\t\t<div class=\"elementor-toggle-item\">\n\t\t\t\t\t<h3 id=\"elementor-tab-title-2541\" class=\"elementor-tab-title\" data-tab=\"1\" role=\"button\" aria-controls=\"elementor-tab-content-2541\" aria-expanded=\"false\">\n\t\t\t\t\t\t\t\t\t\t\t\t<span class=\"elementor-toggle-icon elementor-toggle-icon-left\" aria-hidden=\"true\">\n\t\t\t\t\t\t\t\t\t\t\t\t\t\t\t<span class=\"elementor-toggle-icon-closed\"><i class=\"fas fa-biking\"><\/i><\/span>\n\t\t\t\t\t\t\t\t<span class=\"elementor-toggle-icon-opened\"><i class=\"elementor-toggle-icon-opened fas fa-biking\"><\/i><\/span>\n\t\t\t\t\t\t\t\t\t\t\t\t\t<\/span>\n\t\t\t\t\t\t\t\t\t\t\t\t<a class=\"elementor-toggle-title\" tabindex=\"0\">Quiero que me lleven las bicis a casa. \u00bfPor cu\u00e1nto tiempo tengo que alquilarlas? <\/a>\n\t\t\t\t\t<\/h3>\n\n\t\t\t\t\t<div id=\"elementor-tab-content-2541\" class=\"elementor-tab-content elementor-clearfix\" data-tab=\"1\" role=\"region\" aria-labelledby=\"elementor-tab-title-2541\"><p>S\u00f3lo entregamos bicicletas despu\u00e9s de 3 d\u00edas consecutivos de alquiler. Se requiere un m\u00ednimo de dos bicicletas.\u00a0<\/p><\/div>\n\t\t\t\t<\/div>\n\t\t\t\t\t\t\t<div class=\"elementor-toggle-item\">\n\t\t\t\t\t<h3 id=\"elementor-tab-title-2542\" class=\"elementor-tab-title\" data-tab=\"2\" role=\"button\" aria-controls=\"elementor-tab-content-2542\" aria-expanded=\"false\">\n\t\t\t\t\t\t\t\t\t\t\t\t<span class=\"elementor-toggle-icon elementor-toggle-icon-left\" aria-hidden=\"true\">\n\t\t\t\t\t\t\t\t\t\t\t\t\t\t\t<span class=\"elementor-toggle-icon-closed\"><i class=\"fas fa-biking\"><\/i><\/span>\n\t\t\t\t\t\t\t\t<span class=\"elementor-toggle-icon-opened\"><i class=\"elementor-toggle-icon-opened fas fa-biking\"><\/i><\/span>\n\t\t\t\t\t\t\t\t\t\t\t\t\t<\/span>\n\t\t\t\t\t\t\t\t\t\t\t\t<a class=\"elementor-toggle-title\" tabindex=\"0\">\u00bfD\u00f3nde hacen las entregas? <\/a>\n\t\t\t\t\t<\/h3>\n\n\t\t\t\t\t<div id=\"elementor-tab-content-2542\" class=\"elementor-tab-content elementor-clearfix\" data-tab=\"2\" role=\"region\" aria-labelledby=\"elementor-tab-title-2542\"><p>Entregamos en Moliets-et-Maa, Vielle-St-Girons, St-Michel d'escalus y Linxe.<\/p><p>Para las entregas en el municipio de L\u00e9on, podemos realizar entregas excepto en julio y agosto, ya que la demanda es demasiado elevada. No vivir\u00e1 tan lejos de la tienda durante sus vacaciones, as\u00ed que tendr\u00e1 que desplazarse hasta nosotros.<\/p><p>Continuamos nuestras entregas en el distrito de Laguens (<a href=\"https:\/\/campingpetitjean-leon.fr\/#titre\" target=\"_blank\" rel=\"noopener\">camping Petit Jean<\/a>La calidad natural del aire de Gat, <a href=\"http:\/\/lemanoirdeleon.fr\" target=\"_blank\" rel=\"noopener\">Mansi\u00f3n L\u00e9on<\/a> etc) que est\u00e1 muy apartado. No dudes en preguntarnos a trav\u00e9s de la pesta\u00f1a \"comentarios\" de tu reserva.\u00a0<\/p><\/div>\n\t\t\t\t<\/div>\n\t\t\t\t\t\t\t<div class=\"elementor-toggle-item\">\n\t\t\t\t\t<h3 id=\"elementor-tab-title-2543\" class=\"elementor-tab-title\" data-tab=\"3\" role=\"button\" aria-controls=\"elementor-tab-content-2543\" aria-expanded=\"false\">\n\t\t\t\t\t\t\t\t\t\t\t\t<span class=\"elementor-toggle-icon elementor-toggle-icon-left\" aria-hidden=\"true\">\n\t\t\t\t\t\t\t\t\t\t\t\t\t\t\t<span class=\"elementor-toggle-icon-closed\"><i class=\"fas fa-biking\"><\/i><\/span>\n\t\t\t\t\t\t\t\t<span class=\"elementor-toggle-icon-opened\"><i class=\"elementor-toggle-icon-opened fas fa-biking\"><\/i><\/span>\n\t\t\t\t\t\t\t\t\t\t\t\t\t<\/span>\n\t\t\t\t\t\t\t\t\t\t\t\t<a class=\"elementor-toggle-title\" tabindex=\"0\">Cumplo los requisitos anteriores. \u00bfC\u00f3mo solicito la entrega a domicilio de mis bicicletas? <\/a>\n\t\t\t\t\t<\/h3>\n\n\t\t\t\t\t<div id=\"elementor-tab-content-2543\" class=\"elementor-tab-content elementor-clearfix\" data-tab=\"3\" role=\"region\" aria-labelledby=\"elementor-tab-title-2543\"><p>Tout ce passe en ligne. D&rsquo;abord nous vous invitons \u00e0 compl\u00e9ter le panier de votre r\u00e9servation. Au moment de le valider, cochez la case \u00ab\u00a0Livraison sur site\u00a0\u00bb. Pensez \u00e0 rajouter l&rsquo;adresse de livraison.<\/p>\n<p>Nos pondremos en contacto con usted poco antes de su llegada (1 o 2 d\u00edas antes) para fijar una hora de encuentro.&nbsp;<\/p><\/div>\n\t\t\t\t<\/div>\n\t\t\t\t\t\t\t<div class=\"elementor-toggle-item\">\n\t\t\t\t\t<h3 id=\"elementor-tab-title-2544\" class=\"elementor-tab-title\" data-tab=\"4\" role=\"button\" aria-controls=\"elementor-tab-content-2544\" aria-expanded=\"false\">\n\t\t\t\t\t\t\t\t\t\t\t\t<span class=\"elementor-toggle-icon elementor-toggle-icon-left\" aria-hidden=\"true\">\n\t\t\t\t\t\t\t\t\t\t\t\t\t\t\t<span class=\"elementor-toggle-icon-closed\"><i class=\"fas fa-biking\"><\/i><\/span>\n\t\t\t\t\t\t\t\t<span class=\"elementor-toggle-icon-opened\"><i class=\"elementor-toggle-icon-opened fas fa-biking\"><\/i><\/span>\n\t\t\t\t\t\t\t\t\t\t\t\t\t<\/span>\n\t\t\t\t\t\t\t\t\t\t\t\t<a class=\"elementor-toggle-title\" tabindex=\"0\">He reservado mis bicicletas con diferentes fechas de salida. Me las pueden entregar varias veces? <\/a>\n\t\t\t\t\t<\/h3>\n\n\t\t\t\t\t<div id=\"elementor-tab-content-2544\" class=\"elementor-tab-content elementor-clearfix\" data-tab=\"4\" role=\"region\" aria-labelledby=\"elementor-tab-title-2544\"><p>Esto no es posible. En verano, la demanda es enorme y queremos que el mayor n\u00famero posible de familias se beneficie de nuestros servicios. No obstante, recogeremos todas las bicicletas si las fechas coinciden.\u00a0<\/p><\/div>\n\t\t\t\t<\/div>\n\t\t\t\t\t\t\t<div class=\"elementor-toggle-item\">\n\t\t\t\t\t<h3 id=\"elementor-tab-title-2545\" class=\"elementor-tab-title\" data-tab=\"5\" role=\"button\" aria-controls=\"elementor-tab-content-2545\" aria-expanded=\"false\">\n\t\t\t\t\t\t\t\t\t\t\t\t<span class=\"elementor-toggle-icon elementor-toggle-icon-left\" aria-hidden=\"true\">\n\t\t\t\t\t\t\t\t\t\t\t\t\t\t\t<span class=\"elementor-toggle-icon-closed\"><i class=\"fas fa-biking\"><\/i><\/span>\n\t\t\t\t\t\t\t\t<span class=\"elementor-toggle-icon-opened\"><i class=\"elementor-toggle-icon-opened fas fa-biking\"><\/i><\/span>\n\t\t\t\t\t\t\t\t\t\t\t\t\t<\/span>\n\t\t\t\t\t\t\t\t\t\t\t\t<a class=\"elementor-toggle-title\" tabindex=\"0\">He podido validar la entrega de la moto, \u00bfqu\u00e9 necesito ahora? <\/a>\n\t\t\t\t\t<\/h3>\n\n\t\t\t\t\t<div id=\"elementor-tab-content-2545\" class=\"elementor-tab-content elementor-clearfix\" data-tab=\"5\" role=\"region\" aria-labelledby=\"elementor-tab-title-2545\"><p>Muy buenas noticias. Gracias por su reserva.&nbsp;<\/p>\n<p>Como se ha explicado anteriormente, nos pondremos en contacto con usted para acordar una fecha de entrega. En el lugar, le pediremos que complete el pago (s\u00f3lo se paga un dep\u00f3sito 10% en l\u00ednea) ya sea en efectivo, cheque o vale de vacaciones ANCV. No se aceptan tarjetas de cr\u00e9dito. Tambi\u00e9n le pediremos un dep\u00f3sito (ya sea un documento de identidad o una copia o un cheque de dep\u00f3sito) que le devolveremos al final de su estancia.&nbsp;<\/p>\n<p>Al final de su estancia, acordaremos una hora para recoger sus bicicletas.&nbsp;<\/p><\/div>\n\t\t\t\t<\/div>\n\t\t\t\t\t\t\t\t<\/div>\n\t\t\t\t\t\t<\/div>\n\t\t\t\t<\/div>\n\t\t\t\t<div class=\"elementor-element elementor-element-33946e0 elementor-widget elementor-widget-gallery\" data-id=\"33946e0\" data-element_type=\"widget\" data-e-type=\"widget\" data-settings=\"{&quot;lazyload&quot;:&quot;yes&quot;,&quot;gallery_layout&quot;:&quot;grid&quot;,&quot;columns&quot;:4,&quot;columns_tablet&quot;:2,&quot;columns_mobile&quot;:1,&quot;gap&quot;:{&quot;unit&quot;:&quot;px&quot;,&quot;size&quot;:10,&quot;sizes&quot;:[]},&quot;gap_tablet&quot;:{&quot;unit&quot;:&quot;px&quot;,&quot;size&quot;:10,&quot;sizes&quot;:[]},&quot;gap_mobile&quot;:{&quot;unit&quot;:&quot;px&quot;,&quot;size&quot;:10,&quot;sizes&quot;:[]},&quot;link_to&quot;:&quot;file&quot;,&quot;aspect_ratio&quot;:&quot;3:2&quot;,&quot;overlay_background&quot;:&quot;yes&quot;,&quot;content_hover_animation&quot;:&quot;fade-in&quot;}\" data-widget_type=\"gallery.default\">\n\t\t\t\t<div class=\"elementor-widget-container\">\n\t\t\t\t\t\t\t<div class=\"elementor-gallery__container\">\n\t\t\t\t\t\t\t<a class=\"e-gallery-item elementor-gallery-item elementor-animated-content\" href=\"https:\/\/lacyclerie-leon.fr\/wp-content\/uploads\/2020\/04\/Balade-v\u00e9lo-sur-la-V\u00e9lodyss\u00e9e\u00e0-L\u00e9on-1.jpg\" data-elementor-open-lightbox=\"yes\" data-elementor-lightbox-slideshow=\"33946e0\" data-elementor-lightbox-title=\"Balade v\u00e9lo \u00e0 Moliets sur la V\u00e9lodyss\u00e9e\" data-elementor-lightbox-description=\"Couple en promenade v\u00e9lo sur la V\u00e9lodyss\u00e9e entre L\u00e9on et Moliets\" data-e-action-hash=\"#elementor-action%3Aaction%3Dlightbox%26settings%3DeyJpZCI6MTcyNiwidXJsIjoiaHR0cHM6XC9cL2xhY3ljbGVyaWUtbGVvbi5mclwvd3AtY29udGVudFwvdXBsb2Fkc1wvMjAyMFwvMDRcL0JhbGFkZS12XHUwMGU5bG8tc3VyLWxhLVZcdTAwZTlsb2R5c3NcdTAwZTllXHUwMGUwLUxcdTAwZTlvbi0xLmpwZyIsInNsaWRlc2hvdyI6IjMzOTQ2ZTAifQ%3D%3D\">\n\t\t\t\t\t<div class=\"e-gallery-image elementor-gallery-item__image\" data-thumbnail=\"https:\/\/lacyclerie-leon.fr\/wp-content\/uploads\/2020\/04\/Balade-v\u00e9lo-sur-la-V\u00e9lodyss\u00e9e\u00e0-L\u00e9on-1-244x300.jpg\" data-width=\"244\" data-height=\"300\" aria-label=\"En bicicleta por la V\u00e9lodyss\u00e9e en L\u00e9on\" role=\"img\" ><\/div>\n\t\t\t\t\t\t\t\t\t\t\t<div class=\"elementor-gallery-item__overlay\"><\/div>\n\t\t\t\t\t\t\t\t\t\t\t\t\t\t<\/a>\n\t\t\t\t\t\t\t<a class=\"e-gallery-item elementor-gallery-item elementor-animated-content\" href=\"https:\/\/lacyclerie-leon.fr\/wp-content\/uploads\/2020\/03\/20190616_220714-scaled-e1584735762618.jpg\" data-elementor-open-lightbox=\"yes\" data-elementor-lightbox-slideshow=\"33946e0\" data-elementor-lightbox-title=\"Couch\u00e9 de soleil \u00e0 L\u00e9on\" data-elementor-lightbox-description=\"Louer un v\u00e9lo \u00e0 L\u00e9on, la solution pour vos vacance dans les Landes.  \" data-e-action-hash=\"#elementor-action%3Aaction%3Dlightbox%26settings%3DeyJpZCI6MTUxOSwidXJsIjoiaHR0cHM6XC9cL2xhY3ljbGVyaWUtbGVvbi5mclwvd3AtY29udGVudFwvdXBsb2Fkc1wvMjAyMFwvMDNcLzIwMTkwNjE2XzIyMDcxNC1zY2FsZWQtZTE1ODQ3MzU3NjI2MTguanBnIiwic2xpZGVzaG93IjoiMzM5NDZlMCJ9\">\n\t\t\t\t\t<div class=\"e-gallery-image elementor-gallery-item__image\" data-thumbnail=\"https:\/\/lacyclerie-leon.fr\/wp-content\/uploads\/2020\/03\/20190616_220714-300x169.jpg\" data-width=\"300\" data-height=\"169\" aria-label=\"Alquiler de bicicletas en L\u00e9on - Lac de le\u00f3n\" role=\"img\" ><\/div>\n\t\t\t\t\t\t\t\t\t\t\t<div class=\"elementor-gallery-item__overlay\"><\/div>\n\t\t\t\t\t\t\t\t\t\t\t\t\t\t<\/a>\n\t\t\t\t\t\t\t<a class=\"e-gallery-item elementor-gallery-item elementor-animated-content\" href=\"https:\/\/lacyclerie-leon.fr\/wp-content\/uploads\/2021\/11\/Capture-decran-2021-11-09-a-22.08.06.png\" data-elementor-open-lightbox=\"yes\" data-elementor-lightbox-slideshow=\"33946e0\" data-elementor-lightbox-title=\"sortie v\u00e9lo en \u00e9t\u00e9 \u00e0 L\u00e9on\" data-elementor-lightbox-description=\"V\u00e9lo \u00e9lectrique O2feel au lac de L\u00e9on. \" data-e-action-hash=\"#elementor-action%3Aaction%3Dlightbox%26settings%3DeyJpZCI6MjU5MywidXJsIjoiaHR0cHM6XC9cL2xhY3ljbGVyaWUtbGVvbi5mclwvd3AtY29udGVudFwvdXBsb2Fkc1wvMjAyMVwvMTFcL0NhcHR1cmUtZGVjcmFuLTIwMjEtMTEtMDktYS0yMi4wOC4wNi5wbmciLCJzbGlkZXNob3ciOiIzMzk0NmUwIn0%3D\">\n\t\t\t\t\t<div class=\"e-gallery-image elementor-gallery-item__image\" data-thumbnail=\"https:\/\/lacyclerie-leon.fr\/wp-content\/uploads\/2021\/11\/Capture-decran-2021-11-09-a-22.08.06-300x270.png\" data-width=\"300\" data-height=\"270\" aria-label=\"\" role=\"img\" ><\/div>\n\t\t\t\t\t\t\t\t\t\t\t<div class=\"elementor-gallery-item__overlay\"><\/div>\n\t\t\t\t\t\t\t\t\t\t\t\t\t\t<\/a>\n\t\t\t\t\t\t\t<a class=\"e-gallery-item elementor-gallery-item elementor-animated-content\" href=\"https:\/\/lacyclerie-leon.fr\/wp-content\/uploads\/2021\/02\/Capture-d\u2019\u00e9cran-2021-02-07-\u00e0-19.34.59.png\" data-elementor-open-lightbox=\"yes\" data-elementor-lightbox-slideshow=\"33946e0\" data-elementor-lightbox-title=\"Fatbike \u00e0 Moliets\" data-elementor-lightbox-description=\"balade en fatbike sur la plage Moliets\" data-e-action-hash=\"#elementor-action%3Aaction%3Dlightbox%26settings%3DeyJpZCI6MjIyMCwidXJsIjoiaHR0cHM6XC9cL2xhY3ljbGVyaWUtbGVvbi5mclwvd3AtY29udGVudFwvdXBsb2Fkc1wvMjAyMVwvMDJcL0NhcHR1cmUtZFx1MjAxOVx1MDBlOWNyYW4tMjAyMS0wMi0wNy1cdTAwZTAtMTkuMzQuNTkucG5nIiwic2xpZGVzaG93IjoiMzM5NDZlMCJ9\">\n\t\t\t\t\t<div class=\"e-gallery-image elementor-gallery-item__image\" data-thumbnail=\"https:\/\/lacyclerie-leon.fr\/wp-content\/uploads\/2021\/02\/Capture-d\u2019\u00e9cran-2021-02-07-\u00e0-19.34.59-297x300.png\" data-width=\"297\" data-height=\"300\" aria-label=\"fatbike en Moliets\" role=\"img\" ><\/div>\n\t\t\t\t\t\t\t\t\t\t\t<div class=\"elementor-gallery-item__overlay\"><\/div>\n\t\t\t\t\t\t\t\t\t\t\t\t\t\t<\/a>\n\t\t\t\t\t<\/div>\n\t\t\t\t\t<\/div>\n\t\t\t\t<\/div>\n\t\t\t\t<section class=\"elementor-section elementor-inner-section elementor-element elementor-element-744ae8b elementor-section-boxed elementor-section-height-default elementor-section-height-default\" data-id=\"744ae8b\" data-element_type=\"section\" data-e-type=\"section\">\n\t\t\t\t\t\t<div class=\"elementor-container elementor-column-gap-default\">\n\t\t\t\t\t<div class=\"elementor-column elementor-col-50 elementor-inner-column elementor-element elementor-element-de891fb\" data-id=\"de891fb\" data-element_type=\"column\" data-e-type=\"column\">\n\t\t\t<div class=\"elementor-widget-wrap elementor-element-populated\">\n\t\t\t\t\t\t<div class=\"elementor-element elementor-element-294f454 elementor-widget elementor-widget-ucaddon_gradient_button\" data-id=\"294f454\" data-element_type=\"widget\" data-e-type=\"widget\" data-widget_type=\"ucaddon_gradient_button.default\">\n\t\t\t\t<div class=\"elementor-widget-container\">\n\t\t\t\t\t\n<!-- start Gradient Button -->\n<style>\/* widget: Gradient Button *\/\n\n#uc_gradient_button_elementor_294f454 a {\n  display:inline-block;\n  text-align: center;\n  transition: 0.5s;\n  background-size: 200% auto;\n  color: white;\n \/* text-shadow: 0px 0px 10px rgba(0,0,0,0.2);*\/\n  box-shadow: 0 5px 20px rgba(0,0,0,0.15);\n  border-radius: 100px;\n   background-image: linear-gradient(to right, #FBB800 0%, #fda085 51%, #FBB800 100%);\n  text-decoration:none\n }\n\n\n#uc_gradient_button_elementor_294f454 a:hover {\n  background-position: right center; \/* change the direction of the change here *\/\n}\n\n<\/style>\n\n<div style=\"text-align:center;\" id=\"uc_gradient_button_elementor_294f454\">\n  <a href=\"https:\/\/lacyclerie-leon.fr\/es\/je-reserve\/\"  class=\"gradient_button\">Me reservo<\/a>\n<\/div>\n<!-- end Gradient Button -->\t\t\t\t<\/div>\n\t\t\t\t<\/div>\n\t\t\t\t\t<\/div>\n\t\t<\/div>\n\t\t\t\t<div class=\"elementor-column elementor-col-50 elementor-inner-column elementor-element elementor-element-7669b1c\" data-id=\"7669b1c\" data-element_type=\"column\" data-e-type=\"column\">\n\t\t\t<div class=\"elementor-widget-wrap elementor-element-populated\">\n\t\t\t\t\t\t<div class=\"elementor-element elementor-element-440d648 elementor-widget elementor-widget-ucaddon_gradient_button\" data-id=\"440d648\" data-element_type=\"widget\" data-e-type=\"widget\" data-widget_type=\"ucaddon_gradient_button.default\">\n\t\t\t\t<div class=\"elementor-widget-container\">\n\t\t\t\t\t\n<!-- start Gradient Button -->\n<style>\/* widget: Gradient Button *\/\n\n#uc_gradient_button_elementor_440d648 a {\n  display:inline-block;\n  text-align: center;\n  transition: 0.5s;\n  background-size: 200% auto;\n  color: white;\n \/* text-shadow: 0px 0px 10px rgba(0,0,0,0.2);*\/\n  box-shadow: 0 5px 20px rgba(0,0,0,0.15);\n  border-radius: 100px;\n   background-image: linear-gradient(to right, #FBB800 0%, #fda085 51%, #FBB800 100%);\n  text-decoration:none\n }\n\n\n#uc_gradient_button_elementor_440d648 a:hover {\n  background-position: right center; \/* change the direction of the change here *\/\n}\n\n<\/style>\n\n<div style=\"text-align:center;\" id=\"uc_gradient_button_elementor_440d648\">\n  <a href=\"https:\/\/lacyclerie-leon.fr\/es\/velos-et-tarifs\/\"  class=\"gradient_button\">Tarifas y bicicletas<\/a>\n<\/div>\n<!-- end Gradient Button -->\t\t\t\t<\/div>\n\t\t\t\t<\/div>\n\t\t\t\t\t<\/div>\n\t\t<\/div>\n\t\t\t\t\t<\/div>\n\t\t<\/section>\n\t\t\t\t\t<\/div>\n\t\t<\/div>\n\t\t\t\t\t<\/div>\n\t\t<\/section>\n\t\t\t\t<\/div>","protected":false},"excerpt":{"rendered":"<p>Livraison de v\u00e9lo \u00e0 domicile Pour vous faire profiter de vos vacances \u00e0 fond, nous vous livrons vos v\u00e9los \u00e0 domicile gratuitement ! Ici vous trouverez tout sur nos modalit\u00e9s de livraison de v\u00e9los.\u00a0 La livraison de v\u00e9los, qui, quand, o\u00f9, quoi, comment ? Nous sommes tr\u00e8s heureux de vous faire profiter d&rsquo;un service de [&hellip;]<\/p>\n","protected":false},"author":2,"featured_media":0,"parent":0,"menu_order":0,"comment_status":"closed","ping_status":"closed","template":"","meta":{"_monsterinsights_skip_tracking":false,"_monsterinsights_sitenote_active":false,"_monsterinsights_sitenote_note":"","_monsterinsights_sitenote_category":0,"footnotes":""},"class_list":["post-2646","page","type-page","status-publish","hentry","entry","owp-thumbs-layout-horizontal","owp-btn-normal","owp-tabs-layout-horizontal","has-no-thumbnails","has-product-nav"],"yoast_head":"<!-- This site is optimized with the Yoast SEO plugin v27.5 - https:\/\/yoast.com\/product\/yoast-seo-wordpress\/ -->\n<title>Livraison de v\u00e9lo \u00e0 domicile -<\/title>\n<meta name=\"description\" content=\"La Cyclerie vous livre vos v\u00e9los directement sur votre lieu de vacances gratuitement ! Livraison de v\u00e9lo possible \u00e0 Moliets, Vielle et autres.\" \/>\n<meta name=\"robots\" content=\"index, follow, max-snippet:-1, max-image-preview:large, max-video-preview:-1\" \/>\n<link rel=\"canonical\" href=\"https:\/\/lacyclerie-leon.fr\/es\/livraison-de-velo\/\" \/>\n<meta property=\"og:locale\" content=\"es_ES\" \/>\n<meta property=\"og:type\" content=\"article\" \/>\n<meta property=\"og:title\" content=\"Livraison de v\u00e9lo \u00e0 domicile -\" \/>\n<meta property=\"og:description\" content=\"La Cyclerie vous livre vos v\u00e9los directement sur votre lieu de vacances gratuitement ! Livraison de v\u00e9lo possible \u00e0 Moliets, Vielle et autres.\" \/>\n<meta property=\"og:url\" content=\"https:\/\/lacyclerie-leon.fr\/es\/livraison-de-velo\/\" \/>\n<meta property=\"article:publisher\" content=\"https:\/\/www.facebook.com\/lacyclerieleon\" \/>\n<meta property=\"article:modified_time\" content=\"2024-06-06T21:07:12+00:00\" \/>\n<meta name=\"twitter:card\" content=\"summary_large_image\" \/>\n<meta name=\"twitter:label1\" content=\"Tiempo de lectura\" \/>\n\t<meta name=\"twitter:data1\" content=\"3 minutos\" \/>\n<script type=\"application\/ld+json\" class=\"yoast-schema-graph\">{\"@context\":\"https:\\\/\\\/schema.org\",\"@graph\":[{\"@type\":\"WebPage\",\"@id\":\"https:\\\/\\\/lacyclerie-leon.fr\\\/livraison-de-velo\\\/\",\"url\":\"https:\\\/\\\/lacyclerie-leon.fr\\\/livraison-de-velo\\\/\",\"name\":\"Livraison de v\u00e9lo \u00e0 domicile -\",\"isPartOf\":{\"@id\":\"https:\\\/\\\/lacyclerie-leon.fr\\\/#website\"},\"datePublished\":\"2022-03-08T16:07:50+00:00\",\"dateModified\":\"2024-06-06T21:07:12+00:00\",\"description\":\"La Cyclerie vous livre vos v\u00e9los directement sur votre lieu de vacances gratuitement ! Livraison de v\u00e9lo possible \u00e0 Moliets, Vielle et autres.\",\"breadcrumb\":{\"@id\":\"https:\\\/\\\/lacyclerie-leon.fr\\\/livraison-de-velo\\\/#breadcrumb\"},\"inLanguage\":\"es\",\"potentialAction\":[{\"@type\":\"ReadAction\",\"target\":[\"https:\\\/\\\/lacyclerie-leon.fr\\\/livraison-de-velo\\\/\"]}]},{\"@type\":\"BreadcrumbList\",\"@id\":\"https:\\\/\\\/lacyclerie-leon.fr\\\/livraison-de-velo\\\/#breadcrumb\",\"itemListElement\":[{\"@type\":\"ListItem\",\"position\":1,\"name\":\"Accueil\",\"item\":\"https:\\\/\\\/lacyclerie-leon.fr\\\/\"},{\"@type\":\"ListItem\",\"position\":2,\"name\":\"Livraison de v\u00e9lo\"}]},{\"@type\":\"WebSite\",\"@id\":\"https:\\\/\\\/lacyclerie-leon.fr\\\/#website\",\"url\":\"https:\\\/\\\/lacyclerie-leon.fr\\\/\",\"name\":\"\",\"description\":\"\",\"potentialAction\":[{\"@type\":\"SearchAction\",\"target\":{\"@type\":\"EntryPoint\",\"urlTemplate\":\"https:\\\/\\\/lacyclerie-leon.fr\\\/?s={search_term_string}\"},\"query-input\":{\"@type\":\"PropertyValueSpecification\",\"valueRequired\":true,\"valueName\":\"search_term_string\"}}],\"inLanguage\":\"es\"}]}<\/script>\n<!-- \/ Yoast SEO plugin. -->","yoast_head_json":{"title":"Livraison de v\u00e9lo \u00e0 domicile -","description":"La Cyclerie vous livre vos v\u00e9los directement sur votre lieu de vacances gratuitement ! Livraison de v\u00e9lo possible \u00e0 Moliets, Vielle et autres.","robots":{"index":"index","follow":"follow","max-snippet":"max-snippet:-1","max-image-preview":"max-image-preview:large","max-video-preview":"max-video-preview:-1"},"canonical":"https:\/\/lacyclerie-leon.fr\/es\/livraison-de-velo\/","og_locale":"es_ES","og_type":"article","og_title":"Livraison de v\u00e9lo \u00e0 domicile -","og_description":"La Cyclerie vous livre vos v\u00e9los directement sur votre lieu de vacances gratuitement ! Livraison de v\u00e9lo possible \u00e0 Moliets, Vielle et autres.","og_url":"https:\/\/lacyclerie-leon.fr\/es\/livraison-de-velo\/","article_publisher":"https:\/\/www.facebook.com\/lacyclerieleon","article_modified_time":"2024-06-06T21:07:12+00:00","twitter_card":"summary_large_image","twitter_misc":{"Tiempo de lectura":"3 minutos"},"schema":{"@context":"https:\/\/schema.org","@graph":[{"@type":"WebPage","@id":"https:\/\/lacyclerie-leon.fr\/livraison-de-velo\/","url":"https:\/\/lacyclerie-leon.fr\/livraison-de-velo\/","name":"Livraison de v\u00e9lo \u00e0 domicile -","isPartOf":{"@id":"https:\/\/lacyclerie-leon.fr\/#website"},"datePublished":"2022-03-08T16:07:50+00:00","dateModified":"2024-06-06T21:07:12+00:00","description":"La Cyclerie vous livre vos v\u00e9los directement sur votre lieu de vacances gratuitement ! Livraison de v\u00e9lo possible \u00e0 Moliets, Vielle et autres.","breadcrumb":{"@id":"https:\/\/lacyclerie-leon.fr\/livraison-de-velo\/#breadcrumb"},"inLanguage":"es","potentialAction":[{"@type":"ReadAction","target":["https:\/\/lacyclerie-leon.fr\/livraison-de-velo\/"]}]},{"@type":"BreadcrumbList","@id":"https:\/\/lacyclerie-leon.fr\/livraison-de-velo\/#breadcrumb","itemListElement":[{"@type":"ListItem","position":1,"name":"Accueil","item":"https:\/\/lacyclerie-leon.fr\/"},{"@type":"ListItem","position":2,"name":"Livraison de v\u00e9lo"}]},{"@type":"WebSite","@id":"https:\/\/lacyclerie-leon.fr\/#website","url":"https:\/\/lacyclerie-leon.fr\/","name":"","description":"","potentialAction":[{"@type":"SearchAction","target":{"@type":"EntryPoint","urlTemplate":"https:\/\/lacyclerie-leon.fr\/?s={search_term_string}"},"query-input":{"@type":"PropertyValueSpecification","valueRequired":true,"valueName":"search_term_string"}}],"inLanguage":"es"}]}},"_links":{"self":[{"href":"https:\/\/lacyclerie-leon.fr\/es\/wp-json\/wp\/v2\/pages\/2646","targetHints":{"allow":["GET"]}}],"collection":[{"href":"https:\/\/lacyclerie-leon.fr\/es\/wp-json\/wp\/v2\/pages"}],"about":[{"href":"https:\/\/lacyclerie-leon.fr\/es\/wp-json\/wp\/v2\/types\/page"}],"author":[{"embeddable":true,"href":"https:\/\/lacyclerie-leon.fr\/es\/wp-json\/wp\/v2\/users\/2"}],"replies":[{"embeddable":true,"href":"https:\/\/lacyclerie-leon.fr\/es\/wp-json\/wp\/v2\/comments?post=2646"}],"version-history":[{"count":27,"href":"https:\/\/lacyclerie-leon.fr\/es\/wp-json\/wp\/v2\/pages\/2646\/revisions"}],"predecessor-version":[{"id":3662,"href":"https:\/\/lacyclerie-leon.fr\/es\/wp-json\/wp\/v2\/pages\/2646\/revisions\/3662"}],"wp:attachment":[{"href":"https:\/\/lacyclerie-leon.fr\/es\/wp-json\/wp\/v2\/media?parent=2646"}],"curies":[{"name":"wp","href":"https:\/\/api.w.org\/{rel}","templated":true}]}}